{"id":114,"date":"2024-08-16T15:54:36","date_gmt":"2024-08-16T18:54:36","guid":{"rendered":"https:\/\/redeicm.org.br\/saobenedito\/ensino-fundamental-anos-iniciais\/"},"modified":"2026-08-28T11:28:43","modified_gmt":"2026-08-28T14:28:43","slug":"ensino-fundamental-anos-iniciais","status":"publish","type":"page","link":"https:\/\/redeicm.org.br\/saobenedito\/ensino-fundamental-anos-iniciais\/","title":{"rendered":"Ensino Fundamental \u2013 Anos Iniciais"},"content":{"rendered":"\t\t<div data-elementor-type=\"wp-page\" data-elementor-id=\"114\" class=\"elementor elementor-114\" data-elementor-post-type=\"page\">\n\t\t\t\t<div class=\"elementor-element elementor-element-7868209 e-flex e-con-boxed e-con e-parent\" data-id=\"7868209\" data-element_type=\"container\" data-e-type=\"container\" data-settings=\"{&quot;background_background&quot;:&quot;classic&quot;,&quot;animation&quot;:&quot;none&quot;}\">\n\t\t\t\t\t<div class=\"e-con-inner\">\n\t\t<div class=\"elementor-element elementor-element-bdd59c5 e-con-full e-flex e-con e-child\" data-id=\"bdd59c5\" data-element_type=\"container\" data-e-type=\"container\">\n\t\t\t\t<div class=\"elementor-element elementor-element-93983c0 elementor-invisible elementor-widget elementor-widget-heading\" data-id=\"93983c0\" data-element_type=\"widget\" data-e-type=\"widget\" data-settings=\"{&quot;_animation&quot;:&quot;fadeInUp&quot;}\" data-widget_type=\"heading.default\">\n\t\t\t\t<div class=\"elementor-widget-container\">\n\t\t\t\t\t<h2 class=\"elementor-heading-title elementor-size-default\">Anos Iniciais<\/h2>\t\t\t\t<\/div>\n\t\t\t\t<\/div>\n\t\t\t\t<div class=\"elementor-element elementor-element-cd6fd7b e-transform elementor-widget elementor-widget-text-editor\" data-id=\"cd6fd7b\" data-element_type=\"widget\" data-e-type=\"widget\" data-settings=\"{&quot;_transform_translateY_effect&quot;:{&quot;unit&quot;:&quot;px&quot;,&quot;size&quot;:&quot;-12&quot;,&quot;sizes&quot;:[]},&quot;_transform_translateX_effect&quot;:{&quot;unit&quot;:&quot;px&quot;,&quot;size&quot;:&quot;&quot;,&quot;sizes&quot;:[]},&quot;_transform_translateX_effect_tablet&quot;:{&quot;unit&quot;:&quot;px&quot;,&quot;size&quot;:&quot;&quot;,&quot;sizes&quot;:[]},&quot;_transform_translateX_effect_mobile&quot;:{&quot;unit&quot;:&quot;px&quot;,&quot;size&quot;:&quot;&quot;,&quot;sizes&quot;:[]},&quot;_transform_translateY_effect_tablet&quot;:{&quot;unit&quot;:&quot;px&quot;,&quot;size&quot;:&quot;&quot;,&quot;sizes&quot;:[]},&quot;_transform_translateY_effect_mobile&quot;:{&quot;unit&quot;:&quot;px&quot;,&quot;size&quot;:&quot;&quot;,&quot;sizes&quot;:[]}}\" data-widget_type=\"text-editor.default\">\n\t\t\t\t<div class=\"elementor-widget-container\">\n\t\t\t\t\t\t\t\t\t<p class=\"PDq2pG_selectionAnchorContainer\" data-start=\"38\" data-end=\"365\">Nos Anos Iniciais do Ensino Fundamental, a Escola S\u00e3o Benedito desenvolve um processo formativo integral, ampliando a socializa\u00e7\u00e3o e a constru\u00e7\u00e3o do conhecimento. A aprendizagem acontece de forma significativa, estimulando a curiosidade, a investiga\u00e7\u00e3o, a comunica\u00e7\u00e3o, a coopera\u00e7\u00e3o e o desenvolvimento progressivo da autonomia.<\/p><p data-start=\"367\" data-end=\"804\">Nessa etapa, os estudantes s\u00e3o incentivados a aprender por meio de diferentes experi\u00eancias, estabelecendo rela\u00e7\u00f5es entre os conhecimentos, a ci\u00eancia, a tecnologia e o mundo que os cerca. Em espa\u00e7os l\u00fadicos e inovadores, fortalecem habilidades cognitivas e socioemocionais, aprendendo a conviver, cooperar, comunicar-se e atuar de forma consciente e respons\u00e1vel.<\/p>\t\t\t\t\t\t\t\t<\/div>\n\t\t\t\t<\/div>\n\t\t\t\t<\/div>\n\t\t<div class=\"elementor-element elementor-element-3913245 e-con-full e-flex e-con e-child\" data-id=\"3913245\" data-element_type=\"container\" data-e-type=\"container\">\n\t\t\t\t<div class=\"elementor-element elementor-element-9713d40 e-transform elementor-widget elementor-widget-image\" data-id=\"9713d40\" data-element_type=\"widget\" data-e-type=\"widget\" data-settings=\"{&quot;_transform_translateY_effect&quot;:{&quot;unit&quot;:&quot;px&quot;,&quot;size&quot;:&quot;0&quot;,&quot;sizes&quot;:[]},&quot;_transform_translateX_effect&quot;:{&quot;unit&quot;:&quot;px&quot;,&quot;size&quot;:&quot;&quot;,&quot;sizes&quot;:[]},&quot;_transform_translateX_effect_tablet&quot;:{&quot;unit&quot;:&quot;px&quot;,&quot;size&quot;:&quot;&quot;,&quot;sizes&quot;:[]},&quot;_transform_translateX_effect_mobile&quot;:{&quot;unit&quot;:&quot;px&quot;,&quot;size&quot;:&quot;&quot;,&quot;sizes&quot;:[]},&quot;_transform_translateY_effect_tablet&quot;:{&quot;unit&quot;:&quot;px&quot;,&quot;size&quot;:&quot;&quot;,&quot;sizes&quot;:[]},&quot;_transform_translateY_effect_mobile&quot;:{&quot;unit&quot;:&quot;px&quot;,&quot;size&quot;:&quot;&quot;,&quot;sizes&quot;:[]}}\" data-widget_type=\"image.default\">\n\t\t\t\t<div class=\"elementor-widget-container\">\n\t\t\t\t\t\t\t\t\t\t\t\t\t\t\t<img fetchpriority=\"high\" decoding=\"async\" width=\"2560\" height=\"1707\" src=\"https:\/\/redeicm.org.br\/saobenedito\/wp-content\/uploads\/sites\/21\/2026\/08\/photonova-scaled.jpg\" class=\"attachment-full size-full wp-image-7146\" alt=\"\" srcset=\"https:\/\/redeicm.org.br\/saobenedito\/wp-content\/uploads\/sites\/21\/2026\/08\/photonova-scaled.jpg 2560w, https:\/\/redeicm.org.br\/saobenedito\/wp-content\/uploads\/sites\/21\/2026\/08\/photonova-300x200.jpg 300w, https:\/\/redeicm.org.br\/saobenedito\/wp-content\/uploads\/sites\/21\/2026\/08\/photonova-1024x683.jpg 1024w, https:\/\/redeicm.org.br\/saobenedito\/wp-content\/uploads\/sites\/21\/2026\/08\/photonova-768x512.jpg 768w, https:\/\/redeicm.org.br\/saobenedito\/wp-content\/uploads\/sites\/21\/2026\/08\/photonova-1536x1024.jpg 1536w, https:\/\/redeicm.org.br\/saobenedito\/wp-content\/uploads\/sites\/21\/2026\/08\/photonova-2048x1365.jpg 2048w\" sizes=\"(max-width: 2560px) 100vw, 2560px\" \/>\t\t\t\t\t\t\t\t\t\t\t\t\t\t\t<\/div>\n\t\t\t\t<\/div>\n\t\t\t\t<\/div>\n\t\t\t\t\t<\/div>\n\t\t\t\t<\/div>\n\t\t<div class=\"elementor-element elementor-element-36d8c37 e-flex e-con-boxed elementor-invisible e-con e-parent\" data-id=\"36d8c37\" data-element_type=\"container\" data-e-type=\"container\" data-settings=\"{&quot;animation&quot;:&quot;slideInDown&quot;}\">\n\t\t\t\t\t<div class=\"e-con-inner\">\n\t\t\t\t<div class=\"elementor-element elementor-element-dfaba95 elementor-widget elementor-widget-image\" data-id=\"dfaba95\" data-element_type=\"widget\" data-e-type=\"widget\" data-widget_type=\"image.default\">\n\t\t\t\t<div class=\"elementor-widget-container\">\n\t\t\t\t\t\t\t\t\t\t\t\t\t\t\t<img decoding=\"async\" src=\"https:\/\/www.redeicm.org.br\/saobenedito\/wp-content\/uploads\/sites\/17\/2019\/06\/educa%C3%A7%C3%A3o-infantil.png\" title=\"\" alt=\"\" loading=\"lazy\" \/>\t\t\t\t\t\t\t\t\t\t\t\t\t\t\t<\/div>\n\t\t\t\t<\/div>\n\t\t\t\t<div class=\"elementor-element elementor-element-2c79909 elementor-invisible elementor-widget elementor-widget-heading\" data-id=\"2c79909\" data-element_type=\"widget\" data-e-type=\"widget\" data-settings=\"{&quot;_animation&quot;:&quot;fadeInUp&quot;}\" data-widget_type=\"heading.default\">\n\t\t\t\t<div class=\"elementor-widget-container\">\n\t\t\t\t\t<h2 class=\"elementor-heading-title elementor-size-default\">Diferenciais<\/h2>\t\t\t\t<\/div>\n\t\t\t\t<\/div>\n\t\t\t\t\t<\/div>\n\t\t\t\t<\/div>\n\t\t<div class=\"elementor-element elementor-element-6891d0a e-flex e-con-boxed e-con e-parent\" data-id=\"6891d0a\" data-element_type=\"container\" data-e-type=\"container\" data-settings=\"{&quot;animation&quot;:&quot;none&quot;}\">\n\t\t\t\t\t<div class=\"e-con-inner\">\n\t\t<div class=\"elementor-element elementor-element-4a703af e-con-full e-flex e-con e-child\" data-id=\"4a703af\" data-element_type=\"container\" data-e-type=\"container\">\n\t\t<div class=\"elementor-element elementor-element-199e75d e-grid e-con-full e-con e-child\" data-id=\"199e75d\" data-element_type=\"container\" data-e-type=\"container\">\n\t\t\t\t<div class=\"elementor-element elementor-element-43255de elementor-flip-box--direction-right elementor-flip-box--effect-flip elementor-invisible elementor-widget elementor-widget-flip-box\" data-id=\"43255de\" data-element_type=\"widget\" data-e-type=\"widget\" data-settings=\"{&quot;_animation&quot;:&quot;fadeInUp&quot;}\" data-widget_type=\"flip-box.default\">\n\t\t\t\t<div class=\"elementor-widget-container\">\n\t\t\t\t\t\t\t<div class=\"elementor-flip-box\" tabindex=\"0\">\n\t\t\t<div class=\"elementor-flip-box__layer elementor-flip-box__front\">\n\t\t\t\t<div class=\"elementor-flip-box__layer__overlay\">\n\t\t\t\t\t<div class=\"elementor-flip-box__layer__inner\">\n\t\t\t\t\t\t\t\t\t\t\t\t\t<div class=\"elementor-icon-wrapper elementor-view-default\">\n\t\t\t\t\t\t\t\t<div class=\"elementor-icon\">\n\t\t\t\t\t\t\t\t\t<svg aria-hidden=\"true\" class=\"e-font-icon-svg e-fas-user-friends\" viewBox=\"0 0 640 512\" xmlns=\"http:\/\/www.w3.org\/2000\/svg\"><path d=\"M192 256c61.9 0 112-50.1 112-112S253.9 32 192 32 80 82.1 80 144s50.1 112 112 112zm76.8 32h-8.3c-20.8 10-43.9 16-68.5 16s-47.6-6-68.5-16h-8.3C51.6 288 0 339.6 0 403.2V432c0 26.5 21.5 48 48 48h288c26.5 0 48-21.5 48-48v-28.8c0-63.6-51.6-115.2-115.2-115.2zM480 256c53 0 96-43 96-96s-43-96-96-96-96 43-96 96 43 96 96 96zm48 32h-3.8c-13.9 4.8-28.6 8-44.2 8s-30.3-3.2-44.2-8H432c-20.4 0-39.2 5.9-55.7 15.4 24.4 26.3 39.7 61.2 39.7 99.8v38.4c0 2.2-.5 4.3-.6 6.4H592c26.5 0 48-21.5 48-48 0-61.9-50.1-112-112-112z\"><\/path><\/svg>\t\t\t\t\t\t\t\t<\/div>\n\t\t\t\t\t\t\t<\/div>\n\t\t\t\t\t\t\n\t\t\t\t\t\t\t\t\t\t\t\t\t<h3 class=\"elementor-flip-box__layer__title\">\n\t\t\t\t\t\t\t\tCoopera\u00e7\u00e3o e consci\u00eancia coletiva\t\t\t\t\t\t\t<\/h3>\n\t\t\t\t\t\t\n\t\t\t\t\t\t\t\t\t\t\t<\/div>\n\t\t\t\t<\/div>\n\t\t\t<\/div>\n\t\t\t<div class=\"elementor-flip-box__layer elementor-flip-box__back\">\n\t\t\t<div class=\"elementor-flip-box__layer__overlay\">\n\t\t\t\t<div class=\"elementor-flip-box__layer__inner\">\n\t\t\t\t\t\n\t\t\t\t\t\t\t\t\t\t\t<div class=\"elementor-flip-box__layer__description\">\n\t\t\t\t\t\t\tO desenvolvimento das compet\u00eancias socioemocionais favorece o trabalho em equipe, o di\u00e1logo e a constru\u00e7\u00e3o de rela\u00e7\u00f5es pautadas na \u00e9tica, no respeito \u00e0s diferen\u00e7as e na solidariedade. Por meio da conviv\u00eancia e da coopera\u00e7\u00e3o, os estudantes fortalecem sua participa\u00e7\u00e3o e seu protagonismo.\t\t\t\t\t\t<\/div>\n\t\t\t\t\t\n\t\t\t\t\t\t\t\t<\/div>\n\t\t<\/div>\n\t\t<\/div>\n\t\t<\/div>\n\t\t\t\t\t\t<\/div>\n\t\t\t\t<\/div>\n\t\t\t\t<div class=\"elementor-element elementor-element-58fe598 elementor-flip-box--direction-right elementor-flip-box--effect-flip elementor-invisible elementor-widget elementor-widget-flip-box\" data-id=\"58fe598\" data-element_type=\"widget\" data-e-type=\"widget\" data-settings=\"{&quot;_animation&quot;:&quot;fadeInUp&quot;}\" data-widget_type=\"flip-box.default\">\n\t\t\t\t<div class=\"elementor-widget-container\">\n\t\t\t\t\t\t\t<div class=\"elementor-flip-box\" tabindex=\"0\">\n\t\t\t<div class=\"elementor-flip-box__layer elementor-flip-box__front\">\n\t\t\t\t<div class=\"elementor-flip-box__layer__overlay\">\n\t\t\t\t\t<div class=\"elementor-flip-box__layer__inner\">\n\t\t\t\t\t\t\t\t\t\t\t\t\t<div class=\"elementor-icon-wrapper elementor-view-default\">\n\t\t\t\t\t\t\t\t<div class=\"elementor-icon\">\n\t\t\t\t\t\t\t\t\t<svg aria-hidden=\"true\" class=\"e-font-icon-svg e-fas-lightbulb\" viewBox=\"0 0 352 512\" xmlns=\"http:\/\/www.w3.org\/2000\/svg\"><path d=\"M96.06 454.35c.01 6.29 1.87 12.45 5.36 17.69l17.09 25.69a31.99 31.99 0 0 0 26.64 14.28h61.71a31.99 31.99 0 0 0 26.64-14.28l17.09-25.69a31.989 31.989 0 0 0 5.36-17.69l.04-38.35H96.01l.05 38.35zM0 176c0 44.37 16.45 84.85 43.56 115.78 16.52 18.85 42.36 58.23 52.21 91.45.04.26.07.52.11.78h160.24c.04-.26.07-.51.11-.78 9.85-33.22 35.69-72.6 52.21-91.45C335.55 260.85 352 220.37 352 176 352 78.61 272.91-.3 175.45 0 73.44.31 0 82.97 0 176zm176-80c-44.11 0-80 35.89-80 80 0 8.84-7.16 16-16 16s-16-7.16-16-16c0-61.76 50.24-112 112-112 8.84 0 16 7.16 16 16s-7.16 16-16 16z\"><\/path><\/svg>\t\t\t\t\t\t\t\t<\/div>\n\t\t\t\t\t\t\t<\/div>\n\t\t\t\t\t\t\n\t\t\t\t\t\t\t\t\t\t\t\t\t<h3 class=\"elementor-flip-box__layer__title\">\n\t\t\t\t\t\t\t\tInicia\u00e7\u00e3o cient\u00edfica e aprendizagem investigativa\t\t\t\t\t\t\t<\/h3>\n\t\t\t\t\t\t\n\t\t\t\t\t\t\t\t\t\t\t<\/div>\n\t\t\t\t<\/div>\n\t\t\t<\/div>\n\t\t\t<div class=\"elementor-flip-box__layer elementor-flip-box__back\">\n\t\t\t<div class=\"elementor-flip-box__layer__overlay\">\n\t\t\t\t<div class=\"elementor-flip-box__layer__inner\">\n\t\t\t\t\t\n\t\t\t\t\t\t\t\t\t\t\t<div class=\"elementor-flip-box__layer__description\">\n\t\t\t\t\t\t\tA curiosidade se transforma em oportunidade de aprender. A integra\u00e7\u00e3o entre ci\u00eancia e tecnologia estimula o olhar investigativo, a capacidade de estabelecer rela\u00e7\u00f5es e a constru\u00e7\u00e3o de conhecimentos, incentivando o estudante a aprender a aprender ao longo da vida.\t\t\t\t\t\t<\/div>\n\t\t\t\t\t\n\t\t\t\t\t\t\t\t<\/div>\n\t\t<\/div>\n\t\t<\/div>\n\t\t<\/div>\n\t\t\t\t\t\t<\/div>\n\t\t\t\t<\/div>\n\t\t\t\t<div class=\"elementor-element elementor-element-0e73613 elementor-flip-box--direction-right elementor-flip-box--effect-flip elementor-invisible elementor-widget elementor-widget-flip-box\" data-id=\"0e73613\" data-element_type=\"widget\" data-e-type=\"widget\" data-settings=\"{&quot;_animation&quot;:&quot;fadeInUp&quot;}\" data-widget_type=\"flip-box.default\">\n\t\t\t\t<div class=\"elementor-widget-container\">\n\t\t\t\t\t\t\t<div class=\"elementor-flip-box\" tabindex=\"0\">\n\t\t\t<div class=\"elementor-flip-box__layer elementor-flip-box__front\">\n\t\t\t\t<div class=\"elementor-flip-box__layer__overlay\">\n\t\t\t\t\t<div class=\"elementor-flip-box__layer__inner\">\n\t\t\t\t\t\t\t\t\t\t\t\t\t<div class=\"elementor-icon-wrapper elementor-view-default\">\n\t\t\t\t\t\t\t\t<div class=\"elementor-icon\">\n\t\t\t\t\t\t\t\t\t<svg aria-hidden=\"true\" class=\"e-font-icon-svg e-fas-paint-brush\" viewBox=\"0 0 512 512\" xmlns=\"http:\/\/www.w3.org\/2000\/svg\"><path d=\"M167.02 309.34c-40.12 2.58-76.53 17.86-97.19 72.3-2.35 6.21-8 9.98-14.59 9.98-11.11 0-45.46-27.67-55.25-34.35C0 439.62 37.93 512 128 512c75.86 0 128-43.77 128-120.19 0-3.11-.65-6.08-.97-9.13l-88.01-73.34zM457.89 0c-15.16 0-29.37 6.71-40.21 16.45C213.27 199.05 192 203.34 192 257.09c0 13.7 3.25 26.76 8.73 38.7l63.82 53.18c7.21 1.8 14.64 3.03 22.39 3.03 62.11 0 98.11-45.47 211.16-256.46 7.38-14.35 13.9-29.85 13.9-45.99C512 20.64 486 0 457.89 0z\"><\/path><\/svg>\t\t\t\t\t\t\t\t<\/div>\n\t\t\t\t\t\t\t<\/div>\n\t\t\t\t\t\t\n\t\t\t\t\t\t\t\t\t\t\t\t\t<h3 class=\"elementor-flip-box__layer__title\">\n\t\t\t\t\t\t\t\tEspa\u00e7os l\u00fadicos e inovadores\t\t\t\t\t\t\t<\/h3>\n\t\t\t\t\t\t\n\t\t\t\t\t\t\t\t\t\t\t<\/div>\n\t\t\t\t<\/div>\n\t\t\t<\/div>\n\t\t\t<div class=\"elementor-flip-box__layer elementor-flip-box__back\">\n\t\t\t<div class=\"elementor-flip-box__layer__overlay\">\n\t\t\t\t<div class=\"elementor-flip-box__layer__inner\">\n\t\t\t\t\t\n\t\t\t\t\t\t\t\t\t\t\t<div class=\"elementor-flip-box__layer__description\">\n\t\t\t\t\t\t\tOs espa\u00e7os de aprendizagem s\u00e3o pensados para promover experi\u00eancias alegres, interativas e significativas. Ludicidade, criatividade, autonomia e intera\u00e7\u00e3o fazem parte das pr\u00e1ticas que estimulam os estudantes a pensar, argumentar, experimentar e aprender.\t\t\t\t\t\t<\/div>\n\t\t\t\t\t\n\t\t\t\t\t\t\t\t<\/div>\n\t\t<\/div>\n\t\t<\/div>\n\t\t<\/div>\n\t\t\t\t\t\t<\/div>\n\t\t\t\t<\/div>\n\t\t\t\t<div class=\"elementor-element elementor-element-fc69545 elementor-flip-box--direction-right elementor-flip-box--effect-flip elementor-invisible elementor-widget elementor-widget-flip-box\" data-id=\"fc69545\" data-element_type=\"widget\" data-e-type=\"widget\" data-settings=\"{&quot;_animation&quot;:&quot;fadeInUp&quot;}\" data-widget_type=\"flip-box.default\">\n\t\t\t\t<div class=\"elementor-widget-container\">\n\t\t\t\t\t\t\t<div class=\"elementor-flip-box\" tabindex=\"0\">\n\t\t\t<div class=\"elementor-flip-box__layer elementor-flip-box__front\">\n\t\t\t\t<div class=\"elementor-flip-box__layer__overlay\">\n\t\t\t\t\t<div class=\"elementor-flip-box__layer__inner\">\n\t\t\t\t\t\t\t\t\t\t\t\t\t<div class=\"elementor-icon-wrapper elementor-view-default\">\n\t\t\t\t\t\t\t\t<div class=\"elementor-icon\">\n\t\t\t\t\t\t\t\t\t<svg aria-hidden=\"true\" class=\"e-font-icon-svg e-fas-book-reader\" viewBox=\"0 0 512 512\" xmlns=\"http:\/\/www.w3.org\/2000\/svg\"><path d=\"M352 96c0-53.02-42.98-96-96-96s-96 42.98-96 96 42.98 96 96 96 96-42.98 96-96zM233.59 241.1c-59.33-36.32-155.43-46.3-203.79-49.05C13.55 191.13 0 203.51 0 219.14v222.8c0 14.33 11.59 26.28 26.49 27.05 43.66 2.29 131.99 10.68 193.04 41.43 9.37 4.72 20.48-1.71 20.48-11.87V252.56c-.01-4.67-2.32-8.95-6.42-11.46zm248.61-49.05c-48.35 2.74-144.46 12.73-203.78 49.05-4.1 2.51-6.41 6.96-6.41 11.63v245.79c0 10.19 11.14 16.63 20.54 11.9 61.04-30.72 149.32-39.11 192.97-41.4 14.9-.78 26.49-12.73 26.49-27.06V219.14c-.01-15.63-13.56-28.01-29.81-27.09z\"><\/path><\/svg>\t\t\t\t\t\t\t\t<\/div>\n\t\t\t\t\t\t\t<\/div>\n\t\t\t\t\t\t\n\t\t\t\t\t\t\t\t\t\t\t\t\t<h3 class=\"elementor-flip-box__layer__title\">\n\t\t\t\t\t\t\t\tCompet\u00eancia comunicativa\t\t\t\t\t\t\t<\/h3>\n\t\t\t\t\t\t\n\t\t\t\t\t\t\t\t\t\t\t<\/div>\n\t\t\t\t<\/div>\n\t\t\t<\/div>\n\t\t\t<div class=\"elementor-flip-box__layer elementor-flip-box__back\">\n\t\t\t<div class=\"elementor-flip-box__layer__overlay\">\n\t\t\t\t<div class=\"elementor-flip-box__layer__inner\">\n\t\t\t\t\t\n\t\t\t\t\t\t\t\t\t\t\t<div class=\"elementor-flip-box__layer__description\">\n\t\t\t\t\t\t\tA comunica\u00e7\u00e3o \u00e9 desenvolvida por meio da leitura, da compreens\u00e3o, da express\u00e3o e do contato com diferentes linguagens e manifesta\u00e7\u00f5es culturais. Essas experi\u00eancias favorecem a autoria e a criticidade, ampliando a capacidade do estudante de compreender e comunicar suas ideias.\t\t\t\t\t\t<\/div>\n\t\t\t\t\t\n\t\t\t\t\t\t\t\t<\/div>\n\t\t<\/div>\n\t\t<\/div>\n\t\t<\/div>\n\t\t\t\t\t\t<\/div>\n\t\t\t\t<\/div>\n\t\t\t\t<div class=\"elementor-element elementor-element-8c379b3 elementor-flip-box--direction-right elementor-flip-box--effect-flip elementor-invisible elementor-widget elementor-widget-flip-box\" data-id=\"8c379b3\" data-element_type=\"widget\" data-e-type=\"widget\" data-settings=\"{&quot;_animation&quot;:&quot;fadeInUp&quot;}\" data-widget_type=\"flip-box.default\">\n\t\t\t\t<div class=\"elementor-widget-container\">\n\t\t\t\t\t\t\t<div class=\"elementor-flip-box\" tabindex=\"0\">\n\t\t\t<div class=\"elementor-flip-box__layer elementor-flip-box__front\">\n\t\t\t\t<div class=\"elementor-flip-box__layer__overlay\">\n\t\t\t\t\t<div class=\"elementor-flip-box__layer__inner\">\n\t\t\t\t\t\t\t\t\t\t\t\t\t<div class=\"elementor-icon-wrapper elementor-view-default\">\n\t\t\t\t\t\t\t\t<div class=\"elementor-icon\">\n\t\t\t\t\t\t\t\t\t<svg aria-hidden=\"true\" class=\"e-font-icon-svg e-fas-recycle\" viewBox=\"0 0 512 512\" xmlns=\"http:\/\/www.w3.org\/2000\/svg\"><path d=\"M184.561 261.903c3.232 13.997-12.123 24.635-24.068 17.168l-40.736-25.455-50.867 81.402C55.606 356.273 70.96 384 96.012 384H148c6.627 0 12 5.373 12 12v40c0 6.627-5.373 12-12 12H96.115c-75.334 0-121.302-83.048-81.408-146.88l50.822-81.388-40.725-25.448c-12.081-7.547-8.966-25.961 4.879-29.158l110.237-25.45c8.611-1.988 17.201 3.381 19.189 11.99l25.452 110.237zm98.561-182.915l41.289 66.076-40.74 25.457c-12.051 7.528-9 25.953 4.879 29.158l110.237 25.45c8.672 1.999 17.215-3.438 19.189-11.99l25.45-110.237c3.197-13.844-11.99-24.719-24.068-17.168l-40.687 25.424-41.263-66.082c-37.521-60.033-125.209-60.171-162.816 0l-17.963 28.766c-3.51 5.62-1.8 13.021 3.82 16.533l33.919 21.195c5.62 3.512 13.024 1.803 16.536-3.817l17.961-28.743c12.712-20.341 41.973-19.676 54.257-.022zM497.288 301.12l-27.515-44.065c-3.511-5.623-10.916-7.334-16.538-3.821l-33.861 21.159c-5.62 3.512-7.33 10.915-3.818 16.536l27.564 44.112c13.257 21.211-2.057 48.96-27.136 48.96H320V336.02c0-14.213-17.242-21.383-27.313-11.313l-80 79.981c-6.249 6.248-6.249 16.379 0 22.627l80 79.989C302.689 517.308 320 510.3 320 495.989V448h95.88c75.274 0 121.335-82.997 81.408-146.88z\"><\/path><\/svg>\t\t\t\t\t\t\t\t<\/div>\n\t\t\t\t\t\t\t<\/div>\n\t\t\t\t\t\t\n\t\t\t\t\t\t\t\t\t\t\t\t\t<h3 class=\"elementor-flip-box__layer__title\">\n\t\t\t\t\t\t\t\tConsci\u00eancia ecol\u00f3gica\t\t\t\t\t\t\t<\/h3>\n\t\t\t\t\t\t\n\t\t\t\t\t\t\t\t\t\t\t<\/div>\n\t\t\t\t<\/div>\n\t\t\t<\/div>\n\t\t\t<div class=\"elementor-flip-box__layer elementor-flip-box__back\">\n\t\t\t<div class=\"elementor-flip-box__layer__overlay\">\n\t\t\t\t<div class=\"elementor-flip-box__layer__inner\">\n\t\t\t\t\t\n\t\t\t\t\t\t\t\t\t\t\t<div class=\"elementor-flip-box__layer__description\">\n\t\t\t\t\t\t\tO cuidado consigo, com o outro e com o ambiente integra o processo educativo. Os estudantes s\u00e3o incentivados a desenvolver h\u00e1bitos saud\u00e1veis e sustent\u00e1veis, compreendendo sua responsabilidade na preserva\u00e7\u00e3o do meio ambiente e na constru\u00e7\u00e3o de uma melhor qualidade de vida para todos.\t\t\t\t\t\t<\/div>\n\t\t\t\t\t\n\t\t\t\t\t\t\t\t<\/div>\n\t\t<\/div>\n\t\t<\/div>\n\t\t<\/div>\n\t\t\t\t\t\t<\/div>\n\t\t\t\t<\/div>\n\t\t\t\t<div class=\"elementor-element elementor-element-7bcc04a elementor-flip-box--direction-right elementor-flip-box--effect-flip elementor-invisible elementor-widget elementor-widget-flip-box\" data-id=\"7bcc04a\" data-element_type=\"widget\" data-e-type=\"widget\" data-settings=\"{&quot;_animation&quot;:&quot;fadeInUp&quot;}\" data-widget_type=\"flip-box.default\">\n\t\t\t\t<div class=\"elementor-widget-container\">\n\t\t\t\t\t\t\t<div class=\"elementor-flip-box\" tabindex=\"0\">\n\t\t\t<div class=\"elementor-flip-box__layer elementor-flip-box__front\">\n\t\t\t\t<div class=\"elementor-flip-box__layer__overlay\">\n\t\t\t\t\t<div class=\"elementor-flip-box__layer__inner\">\n\t\t\t\t\t\t\t\t\t\t\t\t\t<div class=\"elementor-icon-wrapper elementor-view-default\">\n\t\t\t\t\t\t\t\t<div class=\"elementor-icon\">\n\t\t\t\t\t\t\t\t\t<svg aria-hidden=\"true\" class=\"e-font-icon-svg e-far-money-bill-alt\" viewBox=\"0 0 640 512\" xmlns=\"http:\/\/www.w3.org\/2000\/svg\"><path d=\"M320 144c-53.02 0-96 50.14-96 112 0 61.85 42.98 112 96 112 53 0 96-50.13 96-112 0-61.86-42.98-112-96-112zm40 168c0 4.42-3.58 8-8 8h-64c-4.42 0-8-3.58-8-8v-16c0-4.42 3.58-8 8-8h16v-55.44l-.47.31a7.992 7.992 0 0 1-11.09-2.22l-8.88-13.31a7.992 7.992 0 0 1 2.22-11.09l15.33-10.22a23.99 23.99 0 0 1 13.31-4.03H328c4.42 0 8 3.58 8 8v88h16c4.42 0 8 3.58 8 8v16zM608 64H32C14.33 64 0 78.33 0 96v320c0 17.67 14.33 32 32 32h576c17.67 0 32-14.33 32-32V96c0-17.67-14.33-32-32-32zm-16 272c-35.35 0-64 28.65-64 64H112c0-35.35-28.65-64-64-64V176c35.35 0 64-28.65 64-64h416c0 35.35 28.65 64 64 64v160z\"><\/path><\/svg>\t\t\t\t\t\t\t\t<\/div>\n\t\t\t\t\t\t\t<\/div>\n\t\t\t\t\t\t\n\t\t\t\t\t\t\t\t\t\t\t\t\t<h3 class=\"elementor-flip-box__layer__title\">\n\t\t\t\t\t\t\t\tEduca\u00e7\u00e3o financeira\t\t\t\t\t\t\t<\/h3>\n\t\t\t\t\t\t\n\t\t\t\t\t\t\t\t\t\t\t<\/div>\n\t\t\t\t<\/div>\n\t\t\t<\/div>\n\t\t\t<div class=\"elementor-flip-box__layer elementor-flip-box__back\">\n\t\t\t<div class=\"elementor-flip-box__layer__overlay\">\n\t\t\t\t<div class=\"elementor-flip-box__layer__inner\">\n\t\t\t\t\t\n\t\t\t\t\t\t\t\t\t\t\t<div class=\"elementor-flip-box__layer__description\">\n\t\t\t\t\t\t\tA Educa\u00e7\u00e3o Financeira contribui para o desenvolvimento da organiza\u00e7\u00e3o, da responsabilidade e do consumo consciente. Desde os Anos Iniciais, os estudantes s\u00e3o estimulados a compreender a rela\u00e7\u00e3o entre pre\u00e7o e valor, a administra\u00e7\u00e3o de recursos e a import\u00e2ncia de escolhas respons\u00e1veis e sustent\u00e1veis.\t\t\t\t\t\t<\/div>\n\t\t\t\t\t\n\t\t\t\t\t\t\t\t<\/div>\n\t\t<\/div>\n\t\t<\/div>\n\t\t<\/div>\n\t\t\t\t\t\t<\/div>\n\t\t\t\t<\/div>\n\t\t\t\t<\/div>\n\t\t\t\t<\/div>\n\t\t\t\t\t<\/div>\n\t\t\t\t<\/div>\n\t\t<div class=\"elementor-element elementor-element-fb14000 e-flex e-con-boxed e-con e-parent\" data-id=\"fb14000\" data-element_type=\"container\" data-e-type=\"container\" data-settings=\"{&quot;animation&quot;:&quot;none&quot;}\">\n\t\t\t\t\t<div class=\"e-con-inner\">\n\t\t<div class=\"elementor-element elementor-element-082ad96 e-con-full e-flex e-con e-child\" data-id=\"082ad96\" data-element_type=\"container\" data-e-type=\"container\">\n\t\t<div class=\"elementor-element elementor-element-0750efe e-con-full e-transform e-flex e-con e-child\" data-id=\"0750efe\" data-element_type=\"container\" data-e-type=\"container\" data-settings=\"{&quot;_transform_translateY_effect&quot;:{&quot;unit&quot;:&quot;px&quot;,&quot;size&quot;:&quot;35&quot;,&quot;sizes&quot;:[]},&quot;_transform_translateX_effect&quot;:{&quot;unit&quot;:&quot;px&quot;,&quot;size&quot;:&quot;&quot;,&quot;sizes&quot;:[]},&quot;_transform_translateX_effect_tablet&quot;:{&quot;unit&quot;:&quot;px&quot;,&quot;size&quot;:&quot;&quot;,&quot;sizes&quot;:[]},&quot;_transform_translateX_effect_mobile&quot;:{&quot;unit&quot;:&quot;px&quot;,&quot;size&quot;:&quot;&quot;,&quot;sizes&quot;:[]},&quot;_transform_translateY_effect_tablet&quot;:{&quot;unit&quot;:&quot;px&quot;,&quot;size&quot;:&quot;&quot;,&quot;sizes&quot;:[]},&quot;_transform_translateY_effect_mobile&quot;:{&quot;unit&quot;:&quot;px&quot;,&quot;size&quot;:&quot;&quot;,&quot;sizes&quot;:[]}}\">\n\t\t\t\t<div class=\"elementor-element elementor-element-4c22ecb elementor-widget elementor-widget-heading\" data-id=\"4c22ecb\" data-element_type=\"widget\" data-e-type=\"widget\" data-widget_type=\"heading.default\">\n\t\t\t\t<div class=\"elementor-widget-container\">\n\t\t\t\t\t<h2 class=\"elementor-heading-title elementor-size-default\">Nossa Galeria:<\/h2>\t\t\t\t<\/div>\n\t\t\t\t<\/div>\n\t\t\t\t<div class=\"elementor-element elementor-element-4dc2335 elementor-arrows-position-outside elementor-invisible elementor-widget elementor-widget-image-carousel\" data-id=\"4dc2335\" data-element_type=\"widget\" data-e-type=\"widget\" data-settings=\"{&quot;slides_to_show&quot;:&quot;2&quot;,&quot;_animation&quot;:&quot;fadeInUp&quot;,&quot;navigation&quot;:&quot;arrows&quot;,&quot;autoplay&quot;:&quot;yes&quot;,&quot;pause_on_hover&quot;:&quot;yes&quot;,&quot;pause_on_interaction&quot;:&quot;yes&quot;,&quot;autoplay_speed&quot;:5000,&quot;infinite&quot;:&quot;yes&quot;,&quot;speed&quot;:500}\" data-widget_type=\"image-carousel.default\">\n\t\t\t\t<div class=\"elementor-widget-container\">\n\t\t\t\t\t\t\t<div class=\"elementor-image-carousel-wrapper swiper\" role=\"region\" aria-roledescription=\"carousel\" aria-label=\"Carrossel de imagens\" dir=\"ltr\">\n\t\t\t<div class=\"elementor-image-carousel swiper-wrapper\" aria-live=\"off\">\n\t\t\t\t\t\t\t\t<div class=\"swiper-slide\" role=\"group\" aria-roledescription=\"slide\" aria-label=\"1 de 3\"><figure class=\"swiper-slide-inner\"><img decoding=\"async\" class=\"swiper-slide-image\" src=\"https:\/\/redeicm.org.br\/saobenedito\/wp-content\/uploads\/sites\/21\/2026\/08\/gelery-1-scaled.jpg\" alt=\"gelery\" \/><\/figure><\/div><div class=\"swiper-slide\" role=\"group\" aria-roledescription=\"slide\" aria-label=\"2 de 3\"><figure class=\"swiper-slide-inner\"><img decoding=\"async\" class=\"swiper-slide-image\" src=\"https:\/\/redeicm.org.br\/saobenedito\/wp-content\/uploads\/sites\/21\/2026\/08\/cozi-1-scaled.jpg\" alt=\"cozi\" \/><\/figure><\/div><div class=\"swiper-slide\" role=\"group\" aria-roledescription=\"slide\" aria-label=\"3 de 3\"><figure class=\"swiper-slide-inner\"><img decoding=\"async\" class=\"swiper-slide-image\" src=\"https:\/\/redeicm.org.br\/saobenedito\/wp-content\/uploads\/sites\/21\/2026\/08\/fotofgaleria.png\" alt=\"fotofgaleria\" \/><\/figure><\/div>\t\t\t<\/div>\n\t\t\t\t\t\t\t\t\t\t\t\t<div class=\"elementor-swiper-button elementor-swiper-button-prev\" role=\"button\" tabindex=\"0\">\n\t\t\t\t\t\t<svg aria-hidden=\"true\" class=\"e-font-icon-svg e-fas-chevron-left\" viewBox=\"0 0 320 512\" xmlns=\"http:\/\/www.w3.org\/2000\/svg\"><path d=\"M34.52 239.03L228.87 44.69c9.37-9.37 24.57-9.37 33.94 0l22.67 22.67c9.36 9.36 9.37 24.52.04 33.9L131.49 256l154.02 154.75c9.34 9.38 9.32 24.54-.04 33.9l-22.67 22.67c-9.37 9.37-24.57 9.37-33.94 0L34.52 272.97c-9.37-9.37-9.37-24.57 0-33.94z\"><\/path><\/svg>\t\t\t\t\t<\/div>\n\t\t\t\t\t<div class=\"elementor-swiper-button elementor-swiper-button-next\" role=\"button\" tabindex=\"0\">\n\t\t\t\t\t\t<svg aria-hidden=\"true\" class=\"e-font-icon-svg e-fas-chevron-right\" viewBox=\"0 0 320 512\" xmlns=\"http:\/\/www.w3.org\/2000\/svg\"><path d=\"M285.476 272.971L91.132 467.314c-9.373 9.373-24.569 9.373-33.941 0l-22.667-22.667c-9.357-9.357-9.375-24.522-.04-33.901L188.505 256 34.484 101.255c-9.335-9.379-9.317-24.544.04-33.901l22.667-22.667c9.373-9.373 24.569-9.373 33.941 0L285.475 239.03c9.373 9.372 9.373 24.568.001 33.941z\"><\/path><\/svg>\t\t\t\t\t<\/div>\n\t\t\t\t\n\t\t\t\t\t\t\t\t\t<\/div>\n\t\t\t\t\t\t<\/div>\n\t\t\t\t<\/div>\n\t\t\t\t<\/div>\n\t\t\t\t<\/div>\n\t\t\t\t\t<\/div>\n\t\t\t\t<\/div>\n\t\t<div class=\"elementor-element elementor-element-0d75717 e-flex e-con-boxed e-con e-parent\" data-id=\"0d75717\" data-element_type=\"container\" data-e-type=\"container\">\n\t\t\t\t\t<div class=\"e-con-inner\">\n\t\t\t\t\t<\/div>\n\t\t\t\t<\/div>\n\t\t<div class=\"elementor-element elementor-element-137e077 e-flex e-con-boxed e-con e-parent\" data-id=\"137e077\" data-element_type=\"container\" data-e-type=\"container\" data-settings=\"{&quot;background_background&quot;:&quot;classic&quot;,&quot;animation&quot;:&quot;none&quot;}\">\n\t\t\t\t\t<div class=\"e-con-inner\">\n\t\t<div class=\"elementor-element elementor-element-2e68524 e-con-full e-flex e-con e-child\" data-id=\"2e68524\" data-element_type=\"container\" data-e-type=\"container\">\n\t\t\t\t<div class=\"elementor-element elementor-element-148cbfc e-transform elementor-widget elementor-widget-image\" data-id=\"148cbfc\" data-element_type=\"widget\" data-e-type=\"widget\" data-settings=\"{&quot;_transform_translateY_effect&quot;:{&quot;unit&quot;:&quot;px&quot;,&quot;size&quot;:&quot;0&quot;,&quot;sizes&quot;:[]},&quot;_transform_translateX_effect&quot;:{&quot;unit&quot;:&quot;px&quot;,&quot;size&quot;:&quot;&quot;,&quot;sizes&quot;:[]},&quot;_transform_translateX_effect_tablet&quot;:{&quot;unit&quot;:&quot;px&quot;,&quot;size&quot;:&quot;&quot;,&quot;sizes&quot;:[]},&quot;_transform_translateX_effect_mobile&quot;:{&quot;unit&quot;:&quot;px&quot;,&quot;size&quot;:&quot;&quot;,&quot;sizes&quot;:[]},&quot;_transform_translateY_effect_tablet&quot;:{&quot;unit&quot;:&quot;px&quot;,&quot;size&quot;:&quot;&quot;,&quot;sizes&quot;:[]},&quot;_transform_translateY_effect_mobile&quot;:{&quot;unit&quot;:&quot;px&quot;,&quot;size&quot;:&quot;&quot;,&quot;sizes&quot;:[]}}\" data-widget_type=\"image.default\">\n\t\t\t\t<div class=\"elementor-widget-container\">\n\t\t\t\t\t\t\t\t\t\t\t\t\t\t\t<img decoding=\"async\" width=\"1536\" height=\"1024\" src=\"https:\/\/redeicm.org.br\/saobenedito\/wp-content\/uploads\/sites\/21\/2026\/08\/neww.png\" class=\"attachment-full size-full wp-image-7171\" alt=\"\" srcset=\"https:\/\/redeicm.org.br\/saobenedito\/wp-content\/uploads\/sites\/21\/2026\/08\/neww.png 1536w, https:\/\/redeicm.org.br\/saobenedito\/wp-content\/uploads\/sites\/21\/2026\/08\/neww-300x200.png 300w, https:\/\/redeicm.org.br\/saobenedito\/wp-content\/uploads\/sites\/21\/2026\/08\/neww-1024x683.png 1024w, https:\/\/redeicm.org.br\/saobenedito\/wp-content\/uploads\/sites\/21\/2026\/08\/neww-768x512.png 768w\" sizes=\"(max-width: 1536px) 100vw, 1536px\" \/>\t\t\t\t\t\t\t\t\t\t\t\t\t\t\t<\/div>\n\t\t\t\t<\/div>\n\t\t\t\t<\/div>\n\t\t<div class=\"elementor-element elementor-element-130f9ed e-con-full e-flex e-con e-child\" data-id=\"130f9ed\" data-element_type=\"container\" data-e-type=\"container\">\n\t\t\t\t<div class=\"elementor-element elementor-element-f24d1fa elementor-invisible elementor-widget elementor-widget-heading\" data-id=\"f24d1fa\" data-element_type=\"widget\" data-e-type=\"widget\" data-settings=\"{&quot;_animation&quot;:&quot;fadeInUp&quot;}\" data-widget_type=\"heading.default\">\n\t\t\t\t<div class=\"elementor-widget-container\">\n\t\t\t\t\t<h2 class=\"elementor-heading-title elementor-size-default\">Hor\u00e1rios<\/h2>\t\t\t\t<\/div>\n\t\t\t\t<\/div>\n\t\t\t\t<div class=\"elementor-element elementor-element-66dd1e8 e-transform elementor-widget elementor-widget-text-editor\" data-id=\"66dd1e8\" data-element_type=\"widget\" data-e-type=\"widget\" data-settings=\"{&quot;_transform_translateY_effect&quot;:{&quot;unit&quot;:&quot;px&quot;,&quot;size&quot;:&quot;-12&quot;,&quot;sizes&quot;:[]},&quot;_transform_translateX_effect&quot;:{&quot;unit&quot;:&quot;px&quot;,&quot;size&quot;:&quot;&quot;,&quot;sizes&quot;:[]},&quot;_transform_translateX_effect_tablet&quot;:{&quot;unit&quot;:&quot;px&quot;,&quot;size&quot;:&quot;&quot;,&quot;sizes&quot;:[]},&quot;_transform_translateX_effect_mobile&quot;:{&quot;unit&quot;:&quot;px&quot;,&quot;size&quot;:&quot;&quot;,&quot;sizes&quot;:[]},&quot;_transform_translateY_effect_tablet&quot;:{&quot;unit&quot;:&quot;px&quot;,&quot;size&quot;:&quot;&quot;,&quot;sizes&quot;:[]},&quot;_transform_translateY_effect_mobile&quot;:{&quot;unit&quot;:&quot;px&quot;,&quot;size&quot;:&quot;&quot;,&quot;sizes&quot;:[]}}\" data-widget_type=\"text-editor.default\">\n\t\t\t\t<div class=\"elementor-widget-container\">\n\t\t\t\t\t\t\t\t\t<p class=\"PDq2pG_selectionAnchorContainer\" data-start=\"38\" data-end=\"365\"><span style=\"color: #d84531\"><strong>1\u00ba ao 4\u00ba Ano:<\/strong><\/span> <br \/>Das 13h30min \u00e0s 17h30min<\/p><p class=\"PDq2pG_selectionAnchorContainer\" data-start=\"38\" data-end=\"365\"><span style=\"color: #d84531\"><strong>5\u00ba Ano:<\/strong><\/span> <br \/>Das 07h30min \u00e0s 11h50min<\/p><p class=\"PDq2pG_selectionAnchorContainer\" data-start=\"38\" data-end=\"365\"><span style=\"color: #d84531\"><strong>Turno Extracurricular (1\u00ba ao 4\u00ba Ano)<\/strong>:<\/span><br \/>Das 07h30min \u00e0s 13h30min<\/p><p data-start=\"38\" data-end=\"365\"><span style=\"color: #d84531\"><strong>Turno Estendido:<\/strong><\/span><br \/>Das 17h45min \u00e0s 19h<\/p>\t\t\t\t\t\t\t\t<\/div>\n\t\t\t\t<\/div>\n\t\t\t\t<\/div>\n\t\t\t\t\t<\/div>\n\t\t\t\t<\/div>\n\t\t\t\t<\/div>\n\t\t","protected":false},"excerpt":{"rendered":"<p>Anos Iniciais Nos Anos Iniciais do Ensino Fundamental, a Escola S\u00e3o Benedito desenvolve um processo formativo integral, ampliando a socializa\u00e7\u00e3o e a constru\u00e7\u00e3o do conhecimento. A aprendizagem acontece de forma significativa, estimulando a curiosidade, a investiga\u00e7\u00e3o, a comunica\u00e7\u00e3o, a coopera\u00e7\u00e3o e o desenvolvimento progressivo da autonomia. Nessa etapa, os estudantes s\u00e3o incentivados a aprender por [&hellip;]<\/p>\n","protected":false},"author":1,"featured_media":117,"parent":0,"menu_order":0,"comment_status":"closed","ping_status":"closed","template":"","meta":{"_acf_changed":false,"footnotes":""},"class_list":["post-114","page","type-page","status-publish","has-post-thumbnail","hentry"],"acf":[],"yoast_head":"<!-- This site is optimized with the Yoast SEO plugin v27.8 - https:\/\/yoast.com\/product\/yoast-seo-wordpress\/ -->\n<title>Ensino Fundamental \u2013 Anos Iniciais - Escola S\u00e3o Benedito | Rede ICM de educa\u00e7\u00e3o<\/title>\n<meta name=\"robots\" content=\"index, follow, max-snippet:-1, max-image-preview:large, max-video-preview:-1\" \/>\n<link rel=\"canonical\" href=\"https:\/\/redeicm.org.br\/saobenedito\/ensino-fundamental-anos-iniciais\/\" \/>\n<meta property=\"og:locale\" content=\"pt_BR\" \/>\n<meta property=\"og:type\" content=\"article\" \/>\n<meta property=\"og:title\" content=\"Ensino Fundamental \u2013 Anos Iniciais - Escola S\u00e3o Benedito | Rede ICM de educa\u00e7\u00e3o\" \/>\n<meta property=\"og:description\" content=\"Anos Iniciais Nos Anos Iniciais do Ensino Fundamental, a Escola S\u00e3o Benedito desenvolve um processo formativo integral, ampliando a socializa\u00e7\u00e3o e a constru\u00e7\u00e3o do conhecimento. A aprendizagem acontece de forma significativa, estimulando a curiosidade, a investiga\u00e7\u00e3o, a comunica\u00e7\u00e3o, a coopera\u00e7\u00e3o e o desenvolvimento progressivo da autonomia. Nessa etapa, os estudantes s\u00e3o incentivados a aprender por [&hellip;]\" \/>\n<meta property=\"og:url\" content=\"https:\/\/redeicm.org.br\/saobenedito\/ensino-fundamental-anos-iniciais\/\" \/>\n<meta property=\"og:site_name\" content=\"Escola S\u00e3o Benedito | Rede ICM de educa\u00e7\u00e3o\" \/>\n<meta property=\"article:modified_time\" content=\"2026-08-28T14:28:43+00:00\" \/>\n<meta property=\"og:image\" content=\"https:\/\/redeicm.org.br\/saobenedito\/wp-content\/uploads\/sites\/21\/2024\/08\/banner-ensino-fundamental-iniciais.jpg\" \/>\n\t<meta property=\"og:image:width\" content=\"1440\" \/>\n\t<meta property=\"og:image:height\" content=\"400\" \/>\n\t<meta property=\"og:image:type\" content=\"image\/jpeg\" \/>\n<meta name=\"twitter:card\" content=\"summary_large_image\" \/>\n<meta name=\"twitter:label1\" content=\"Est. tempo de leitura\" \/>\n\t<meta name=\"twitter:data1\" content=\"5 minutos\" \/>\n<script type=\"application\/ld+json\" class=\"yoast-schema-graph\">{\"@context\":\"https:\\\/\\\/schema.org\",\"@graph\":[{\"@type\":\"WebPage\",\"@id\":\"https:\\\/\\\/redeicm.org.br\\\/saobenedito\\\/ensino-fundamental-anos-iniciais\\\/\",\"url\":\"https:\\\/\\\/redeicm.org.br\\\/saobenedito\\\/ensino-fundamental-anos-iniciais\\\/\",\"name\":\"Ensino Fundamental \u2013 Anos Iniciais - Escola S\u00e3o Benedito | Rede ICM de educa\u00e7\u00e3o\",\"isPartOf\":{\"@id\":\"https:\\\/\\\/redeicm.org.br\\\/saobenedito\\\/#website\"},\"primaryImageOfPage\":{\"@id\":\"https:\\\/\\\/redeicm.org.br\\\/saobenedito\\\/ensino-fundamental-anos-iniciais\\\/#primaryimage\"},\"image\":{\"@id\":\"https:\\\/\\\/redeicm.org.br\\\/saobenedito\\\/ensino-fundamental-anos-iniciais\\\/#primaryimage\"},\"thumbnailUrl\":\"https:\\\/\\\/redeicm.org.br\\\/saobenedito\\\/wp-content\\\/uploads\\\/sites\\\/21\\\/2024\\\/08\\\/banner-ensino-fundamental-iniciais.jpg\",\"datePublished\":\"2024-08-16T18:54:36+00:00\",\"dateModified\":\"2026-08-28T14:28:43+00:00\",\"breadcrumb\":{\"@id\":\"https:\\\/\\\/redeicm.org.br\\\/saobenedito\\\/ensino-fundamental-anos-iniciais\\\/#breadcrumb\"},\"inLanguage\":\"pt-BR\",\"potentialAction\":[{\"@type\":\"ReadAction\",\"target\":[\"https:\\\/\\\/redeicm.org.br\\\/saobenedito\\\/ensino-fundamental-anos-iniciais\\\/\"]}]},{\"@type\":\"ImageObject\",\"inLanguage\":\"pt-BR\",\"@id\":\"https:\\\/\\\/redeicm.org.br\\\/saobenedito\\\/ensino-fundamental-anos-iniciais\\\/#primaryimage\",\"url\":\"https:\\\/\\\/redeicm.org.br\\\/saobenedito\\\/wp-content\\\/uploads\\\/sites\\\/21\\\/2024\\\/08\\\/banner-ensino-fundamental-iniciais.jpg\",\"contentUrl\":\"https:\\\/\\\/redeicm.org.br\\\/saobenedito\\\/wp-content\\\/uploads\\\/sites\\\/21\\\/2024\\\/08\\\/banner-ensino-fundamental-iniciais.jpg\",\"width\":1440,\"height\":400},{\"@type\":\"BreadcrumbList\",\"@id\":\"https:\\\/\\\/redeicm.org.br\\\/saobenedito\\\/ensino-fundamental-anos-iniciais\\\/#breadcrumb\",\"itemListElement\":[{\"@type\":\"ListItem\",\"position\":1,\"name\":\"In\u00edcio\",\"item\":\"https:\\\/\\\/redeicm.org.br\\\/saobenedito\\\/\"},{\"@type\":\"ListItem\",\"position\":2,\"name\":\"Ensino Fundamental \u2013 Anos Iniciais\"}]},{\"@type\":\"WebSite\",\"@id\":\"https:\\\/\\\/redeicm.org.br\\\/saobenedito\\\/#website\",\"url\":\"https:\\\/\\\/redeicm.org.br\\\/saobenedito\\\/\",\"name\":\"Escola S\u00e3o Benedito | Rede ICM de educa\u00e7\u00e3o\",\"description\":\"\",\"publisher\":{\"@id\":\"https:\\\/\\\/redeicm.org.br\\\/saobenedito\\\/#organization\"},\"potentialAction\":[{\"@type\":\"SearchAction\",\"target\":{\"@type\":\"EntryPoint\",\"urlTemplate\":\"https:\\\/\\\/redeicm.org.br\\\/saobenedito\\\/?s={search_term_string}\"},\"query-input\":{\"@type\":\"PropertyValueSpecification\",\"valueRequired\":true,\"valueName\":\"search_term_string\"}}],\"inLanguage\":\"pt-BR\"},{\"@type\":\"Organization\",\"@id\":\"https:\\\/\\\/redeicm.org.br\\\/saobenedito\\\/#organization\",\"name\":\"Escola S\u00e3o Benedito | Rede ICM de educa\u00e7\u00e3o\",\"url\":\"https:\\\/\\\/redeicm.org.br\\\/saobenedito\\\/\",\"logo\":{\"@type\":\"ImageObject\",\"inLanguage\":\"pt-BR\",\"@id\":\"https:\\\/\\\/redeicm.org.br\\\/saobenedito\\\/#\\\/schema\\\/logo\\\/image\\\/\",\"url\":\"https:\\\/\\\/redeicm.org.br\\\/saobenedito\\\/wp-content\\\/uploads\\\/sites\\\/21\\\/2024\\\/08\\\/logo-icm-sao-benedito.webp\",\"contentUrl\":\"https:\\\/\\\/redeicm.org.br\\\/saobenedito\\\/wp-content\\\/uploads\\\/sites\\\/21\\\/2024\\\/08\\\/logo-icm-sao-benedito.webp\",\"width\":1024,\"height\":369,\"caption\":\"Escola S\u00e3o Benedito | Rede ICM de educa\u00e7\u00e3o\"},\"image\":{\"@id\":\"https:\\\/\\\/redeicm.org.br\\\/saobenedito\\\/#\\\/schema\\\/logo\\\/image\\\/\"}}]}<\/script>\n<!-- \/ Yoast SEO plugin. -->","yoast_head_json":{"title":"Ensino Fundamental \u2013 Anos Iniciais - Escola S\u00e3o Benedito | Rede ICM de educa\u00e7\u00e3o","robots":{"index":"index","follow":"follow","max-snippet":"max-snippet:-1","max-image-preview":"max-image-preview:large","max-video-preview":"max-video-preview:-1"},"canonical":"https:\/\/redeicm.org.br\/saobenedito\/ensino-fundamental-anos-iniciais\/","og_locale":"pt_BR","og_type":"article","og_title":"Ensino Fundamental \u2013 Anos Iniciais - Escola S\u00e3o Benedito | Rede ICM de educa\u00e7\u00e3o","og_description":"Anos Iniciais Nos Anos Iniciais do Ensino Fundamental, a Escola S\u00e3o Benedito desenvolve um processo formativo integral, ampliando a socializa\u00e7\u00e3o e a constru\u00e7\u00e3o do conhecimento. A aprendizagem acontece de forma significativa, estimulando a curiosidade, a investiga\u00e7\u00e3o, a comunica\u00e7\u00e3o, a coopera\u00e7\u00e3o e o desenvolvimento progressivo da autonomia. Nessa etapa, os estudantes s\u00e3o incentivados a aprender por [&hellip;]","og_url":"https:\/\/redeicm.org.br\/saobenedito\/ensino-fundamental-anos-iniciais\/","og_site_name":"Escola S\u00e3o Benedito | Rede ICM de educa\u00e7\u00e3o","article_modified_time":"2026-08-28T14:28:43+00:00","og_image":[{"width":1440,"height":400,"url":"https:\/\/redeicm.org.br\/saobenedito\/wp-content\/uploads\/sites\/21\/2024\/08\/banner-ensino-fundamental-iniciais.jpg","type":"image\/jpeg"}],"twitter_card":"summary_large_image","twitter_misc":{"Est. tempo de leitura":"5 minutos"},"schema":{"@context":"https:\/\/schema.org","@graph":[{"@type":"WebPage","@id":"https:\/\/redeicm.org.br\/saobenedito\/ensino-fundamental-anos-iniciais\/","url":"https:\/\/redeicm.org.br\/saobenedito\/ensino-fundamental-anos-iniciais\/","name":"Ensino Fundamental \u2013 Anos Iniciais - Escola S\u00e3o Benedito | Rede ICM de educa\u00e7\u00e3o","isPartOf":{"@id":"https:\/\/redeicm.org.br\/saobenedito\/#website"},"primaryImageOfPage":{"@id":"https:\/\/redeicm.org.br\/saobenedito\/ensino-fundamental-anos-iniciais\/#primaryimage"},"image":{"@id":"https:\/\/redeicm.org.br\/saobenedito\/ensino-fundamental-anos-iniciais\/#primaryimage"},"thumbnailUrl":"https:\/\/redeicm.org.br\/saobenedito\/wp-content\/uploads\/sites\/21\/2024\/08\/banner-ensino-fundamental-iniciais.jpg","datePublished":"2024-08-16T18:54:36+00:00","dateModified":"2026-08-28T14:28:43+00:00","breadcrumb":{"@id":"https:\/\/redeicm.org.br\/saobenedito\/ensino-fundamental-anos-iniciais\/#breadcrumb"},"inLanguage":"pt-BR","potentialAction":[{"@type":"ReadAction","target":["https:\/\/redeicm.org.br\/saobenedito\/ensino-fundamental-anos-iniciais\/"]}]},{"@type":"ImageObject","inLanguage":"pt-BR","@id":"https:\/\/redeicm.org.br\/saobenedito\/ensino-fundamental-anos-iniciais\/#primaryimage","url":"https:\/\/redeicm.org.br\/saobenedito\/wp-content\/uploads\/sites\/21\/2024\/08\/banner-ensino-fundamental-iniciais.jpg","contentUrl":"https:\/\/redeicm.org.br\/saobenedito\/wp-content\/uploads\/sites\/21\/2024\/08\/banner-ensino-fundamental-iniciais.jpg","width":1440,"height":400},{"@type":"BreadcrumbList","@id":"https:\/\/redeicm.org.br\/saobenedito\/ensino-fundamental-anos-iniciais\/#breadcrumb","itemListElement":[{"@type":"ListItem","position":1,"name":"In\u00edcio","item":"https:\/\/redeicm.org.br\/saobenedito\/"},{"@type":"ListItem","position":2,"name":"Ensino Fundamental \u2013 Anos Iniciais"}]},{"@type":"WebSite","@id":"https:\/\/redeicm.org.br\/saobenedito\/#website","url":"https:\/\/redeicm.org.br\/saobenedito\/","name":"Escola S\u00e3o Benedito | Rede ICM de educa\u00e7\u00e3o","description":"","publisher":{"@id":"https:\/\/redeicm.org.br\/saobenedito\/#organization"},"potentialAction":[{"@type":"SearchAction","target":{"@type":"EntryPoint","urlTemplate":"https:\/\/redeicm.org.br\/saobenedito\/?s={search_term_string}"},"query-input":{"@type":"PropertyValueSpecification","valueRequired":true,"valueName":"search_term_string"}}],"inLanguage":"pt-BR"},{"@type":"Organization","@id":"https:\/\/redeicm.org.br\/saobenedito\/#organization","name":"Escola S\u00e3o Benedito | Rede ICM de educa\u00e7\u00e3o","url":"https:\/\/redeicm.org.br\/saobenedito\/","logo":{"@type":"ImageObject","inLanguage":"pt-BR","@id":"https:\/\/redeicm.org.br\/saobenedito\/#\/schema\/logo\/image\/","url":"https:\/\/redeicm.org.br\/saobenedito\/wp-content\/uploads\/sites\/21\/2024\/08\/logo-icm-sao-benedito.webp","contentUrl":"https:\/\/redeicm.org.br\/saobenedito\/wp-content\/uploads\/sites\/21\/2024\/08\/logo-icm-sao-benedito.webp","width":1024,"height":369,"caption":"Escola S\u00e3o Benedito | Rede ICM de educa\u00e7\u00e3o"},"image":{"@id":"https:\/\/redeicm.org.br\/saobenedito\/#\/schema\/logo\/image\/"}}]}},"_links":{"self":[{"href":"https:\/\/redeicm.org.br\/saobenedito\/wp-json\/wp\/v2\/pages\/114","targetHints":{"allow":["GET"]}}],"collection":[{"href":"https:\/\/redeicm.org.br\/saobenedito\/wp-json\/wp\/v2\/pages"}],"about":[{"href":"https:\/\/redeicm.org.br\/saobenedito\/wp-json\/wp\/v2\/types\/page"}],"author":[{"embeddable":true,"href":"https:\/\/redeicm.org.br\/saobenedito\/wp-json\/wp\/v2\/users\/1"}],"replies":[{"embeddable":true,"href":"https:\/\/redeicm.org.br\/saobenedito\/wp-json\/wp\/v2\/comments?post=114"}],"version-history":[{"count":31,"href":"https:\/\/redeicm.org.br\/saobenedito\/wp-json\/wp\/v2\/pages\/114\/revisions"}],"predecessor-version":[{"id":7181,"href":"https:\/\/redeicm.org.br\/saobenedito\/wp-json\/wp\/v2\/pages\/114\/revisions\/7181"}],"wp:featuredmedia":[{"embeddable":true,"href":"https:\/\/redeicm.org.br\/saobenedito\/wp-json\/wp\/v2\/media\/117"}],"wp:attachment":[{"href":"https:\/\/redeicm.org.br\/saobenedito\/wp-json\/wp\/v2\/media?parent=114"}],"curies":[{"name":"wp","href":"https:\/\/api.w.org\/{rel}","templated":true}]}}