{"id":844,"date":"2024-08-27T20:06:44","date_gmt":"2024-08-27T23:06:44","guid":{"rendered":"https:\/\/redeicm.org.br\/purissimo\/?page_id=844"},"modified":"2026-08-13T16:22:39","modified_gmt":"2026-08-13T19:22:39","slug":"edital","status":"publish","type":"page","link":"https:\/\/redeicm.org.br\/purissimo\/edital\/","title":{"rendered":"Edital Bolsas de Estudos"},"content":{"rendered":"\t\t<div data-elementor-type=\"wp-page\" data-elementor-id=\"844\" class=\"elementor elementor-844\" data-elementor-post-type=\"page\">\n\t\t\t\t<div class=\"elementor-element elementor-element-e672dbd e-flex e-con-boxed e-con e-parent\" data-id=\"e672dbd\" data-element_type=\"container\" data-e-type=\"container\" data-settings=\"{&quot;background_background&quot;:&quot;classic&quot;}\">\n\t\t\t\t\t<div class=\"e-con-inner\">\n\t\t\t\t<div class=\"elementor-element elementor-element-b5c7861 elementor-widget elementor-widget-heading\" data-id=\"b5c7861\" data-element_type=\"widget\" data-e-type=\"widget\" data-widget_type=\"heading.default\">\n\t\t\t\t<div class=\"elementor-widget-container\">\n\t\t\t\t\t<h1 class=\"elementor-heading-title elementor-size-default\">Edital<\/h1>\t\t\t\t<\/div>\n\t\t\t\t<\/div>\n\t\t\t\t\t<\/div>\n\t\t\t\t<\/div>\n\t\t<div class=\"elementor-element elementor-element-482fe99 e-flex e-con-boxed e-con e-parent\" data-id=\"482fe99\" data-element_type=\"container\" data-e-type=\"container\">\n\t\t\t\t\t<div class=\"e-con-inner\">\n\t\t\t\t<div class=\"elementor-element elementor-element-dbb2ccc elementor-invisible elementor-widget elementor-widget-text-editor\" data-id=\"dbb2ccc\" data-element_type=\"widget\" data-e-type=\"widget\" data-settings=\"{&quot;_animation&quot;:&quot;fadeInUp&quot;}\" data-widget_type=\"text-editor.default\">\n\t\t\t\t<div class=\"elementor-widget-container\">\n\t\t\t\t\t\t\t\t\t<p><strong>Edital de Bolsa de Estudo n\u00ba 01\/2027.<\/strong><\/p><p>O estabelecimento de ensino Col\u00e9gio Pur\u00edssimo Cora\u00e7\u00e3o de Maria, atendendo \u00e0s regulamenta\u00e7\u00f5es da Lei Complementar n\u00ba 187\/2021 e demais disposi\u00e7\u00f5es legais e crit\u00e9rios institucionais, publica o Edital de Bolsas de Estudo n\u00ba 01\/2027.<\/p><p>Na primeira etapa, os(as) estudantes que est\u00e3o cursando o ano letivo de 2026 na condi\u00e7\u00e3o de bolsistas participar\u00e3o do processo de renova\u00e7\u00e3o da Bolsa de Estudo, conforme estabelecido no Edital.<\/p><p>Na segunda etapa, estudantes do Col\u00e9gio e de outros estabelecimentos de ensino poder\u00e3o participar, desde que estejam enquadrados nos crit\u00e9rios legais e institucionais estabelecidos no Edital.<\/p><p>Para participar do processo de concess\u00e3o de Bolsa de Estudo, os(as) novos(as) candidatos(as) dever\u00e3o preencher o Requerimento de Vaga e Pr\u00e9-Inscri\u00e7\u00e3o e a Ficha Socioecon\u00f4mica, \u00e0 caneta azul, sem rasuras, pelo(a) respons\u00e1vel pelo(a) estudante (pessoa que assinar\u00e1 todos os documentos ao longo do processo), e encaminh\u00e1-los devidamente digitalizados para o e-mail\u00a0<strong>servicosocial.purissimo@<wbr \/>redeicm.org.br<\/strong>, no per\u00edodo de\u00a0<strong>13\/08\/2026 a 28\/08\/2026<\/strong>.<\/p><p><a href=\"https:\/\/drive.google.com\/file\/d\/1PlLK2tMM_j5OqrCbeVKy724kecpq6xGE\/view?usp=sharing\" target=\"_blank\" rel=\"noopener\">Clique aqui para baixar o Edital.<\/a><\/p><p><a href=\"https:\/\/drive.google.com\/file\/d\/1DSlVE5hSJWmWANaPkswHu4el32X9Pn30\/view?usp=sharing\" target=\"_blank\" rel=\"noopener\">Clique aqui para baixar a ficha Socioecon\u00f4mica<\/a><\/p><p><a href=\"https:\/\/drive.google.com\/file\/d\/168-cDPVbv8quUeh6w0jSRNzJk6h-Co6t\/view?usp=sharing\" target=\"_blank\" rel=\"noopener\">Clique aqui para baixar o Requerimento de Vaga e Pr\u00e9-Inscri\u00e7\u00e3o.<\/a><\/p><p>Para mais informa\u00e7\u00f5es enviar e-mail para Assistente Social: servicosocial.purissimo@redeicm.org.br<\/p>\t\t\t\t\t\t\t\t<\/div>\n\t\t\t\t<\/div>\n\t\t\t\t\t<\/div>\n\t\t\t\t<\/div>\n\t\t\t\t<\/div>\n\t\t","protected":false},"excerpt":{"rendered":"<p>Edital Edital de Bolsa de Estudo n\u00ba 01\/2027. O estabelecimento de ensino Col\u00e9gio Pur\u00edssimo Cora\u00e7\u00e3o de Maria, atendendo \u00e0s regulamenta\u00e7\u00f5es da Lei Complementar n\u00ba 187\/2021 e demais disposi\u00e7\u00f5es legais e crit\u00e9rios institucionais, publica o Edital de Bolsas de Estudo n\u00ba 01\/2027. Na primeira etapa, os(as) estudantes que est\u00e3o cursando o ano letivo de 2026 na [&hellip;]<\/p>\n","protected":false},"author":1,"featured_media":0,"parent":0,"menu_order":0,"comment_status":"closed","ping_status":"closed","template":"","meta":{"_acf_changed":false,"footnotes":""},"class_list":["post-844","page","type-page","status-publish","hentry"],"acf":[],"yoast_head":"<!-- This site is optimized with the Yoast SEO plugin v27.8 - https:\/\/yoast.com\/product\/yoast-seo-wordpress\/ -->\n<title>Edital Bolsas de Estudos - Col\u00e9gio Pur\u00edssimo Cora\u00e7\u00e3o de Maria | Rede ICM de educa\u00e7\u00e3o<\/title>\n<meta name=\"robots\" content=\"index, follow, max-snippet:-1, max-image-preview:large, max-video-preview:-1\" \/>\n<link rel=\"canonical\" href=\"https:\/\/redeicm.org.br\/purissimo\/edital\/\" \/>\n<meta property=\"og:locale\" content=\"pt_BR\" \/>\n<meta property=\"og:type\" content=\"article\" \/>\n<meta property=\"og:title\" content=\"Edital Bolsas de Estudos - Col\u00e9gio Pur\u00edssimo Cora\u00e7\u00e3o de Maria | Rede ICM de educa\u00e7\u00e3o\" \/>\n<meta property=\"og:description\" content=\"Edital Edital de Bolsa de Estudo n\u00ba 01\/2027. O estabelecimento de ensino Col\u00e9gio Pur\u00edssimo Cora\u00e7\u00e3o de Maria, atendendo \u00e0s regulamenta\u00e7\u00f5es da Lei Complementar n\u00ba 187\/2021 e demais disposi\u00e7\u00f5es legais e crit\u00e9rios institucionais, publica o Edital de Bolsas de Estudo n\u00ba 01\/2027. Na primeira etapa, os(as) estudantes que est\u00e3o cursando o ano letivo de 2026 na [&hellip;]\" \/>\n<meta property=\"og:url\" content=\"https:\/\/redeicm.org.br\/purissimo\/edital\/\" \/>\n<meta property=\"og:site_name\" content=\"Col\u00e9gio Pur\u00edssimo Cora\u00e7\u00e3o de Maria | Rede ICM de educa\u00e7\u00e3o\" \/>\n<meta property=\"article:modified_time\" content=\"2026-08-13T19:22:39+00:00\" \/>\n<meta name=\"twitter:card\" content=\"summary_large_image\" \/>\n<meta name=\"twitter:label1\" content=\"Est. tempo de leitura\" \/>\n\t<meta name=\"twitter:data1\" content=\"2 minutos\" \/>\n<script type=\"application\/ld+json\" class=\"yoast-schema-graph\">{\"@context\":\"https:\\\/\\\/schema.org\",\"@graph\":[{\"@type\":\"WebPage\",\"@id\":\"https:\\\/\\\/redeicm.org.br\\\/purissimo\\\/edital\\\/\",\"url\":\"https:\\\/\\\/redeicm.org.br\\\/purissimo\\\/edital\\\/\",\"name\":\"Edital Bolsas de Estudos - Col\u00e9gio Pur\u00edssimo Cora\u00e7\u00e3o de Maria | Rede ICM de educa\u00e7\u00e3o\",\"isPartOf\":{\"@id\":\"https:\\\/\\\/redeicm.org.br\\\/purissimo\\\/#website\"},\"datePublished\":\"2024-08-27T23:06:44+00:00\",\"dateModified\":\"2026-08-13T19:22:39+00:00\",\"breadcrumb\":{\"@id\":\"https:\\\/\\\/redeicm.org.br\\\/purissimo\\\/edital\\\/#breadcrumb\"},\"inLanguage\":\"pt-BR\",\"potentialAction\":[{\"@type\":\"ReadAction\",\"target\":[\"https:\\\/\\\/redeicm.org.br\\\/purissimo\\\/edital\\\/\"]}]},{\"@type\":\"BreadcrumbList\",\"@id\":\"https:\\\/\\\/redeicm.org.br\\\/purissimo\\\/edital\\\/#breadcrumb\",\"itemListElement\":[{\"@type\":\"ListItem\",\"position\":1,\"name\":\"In\u00edcio\",\"item\":\"https:\\\/\\\/redeicm.org.br\\\/purissimo\\\/\"},{\"@type\":\"ListItem\",\"position\":2,\"name\":\"Edital Bolsas de Estudos\"}]},{\"@type\":\"WebSite\",\"@id\":\"https:\\\/\\\/redeicm.org.br\\\/purissimo\\\/#website\",\"url\":\"https:\\\/\\\/redeicm.org.br\\\/purissimo\\\/\",\"name\":\"Col\u00e9gio Pur\u00edssimo Cora\u00e7\u00e3o de Maria | Rede ICM de educa\u00e7\u00e3o\",\"description\":\"\",\"publisher\":{\"@id\":\"https:\\\/\\\/redeicm.org.br\\\/purissimo\\\/#organization\"},\"potentialAction\":[{\"@type\":\"SearchAction\",\"target\":{\"@type\":\"EntryPoint\",\"urlTemplate\":\"https:\\\/\\\/redeicm.org.br\\\/purissimo\\\/?s={search_term_string}\"},\"query-input\":{\"@type\":\"PropertyValueSpecification\",\"valueRequired\":true,\"valueName\":\"search_term_string\"}}],\"inLanguage\":\"pt-BR\"},{\"@type\":\"Organization\",\"@id\":\"https:\\\/\\\/redeicm.org.br\\\/purissimo\\\/#organization\",\"name\":\"Col\u00e9gio Pur\u00edssimo Cora\u00e7\u00e3o de Maria | Rede ICM de educa\u00e7\u00e3o\",\"url\":\"https:\\\/\\\/redeicm.org.br\\\/purissimo\\\/\",\"logo\":{\"@type\":\"ImageObject\",\"inLanguage\":\"pt-BR\",\"@id\":\"https:\\\/\\\/redeicm.org.br\\\/purissimo\\\/#\\\/schema\\\/logo\\\/image\\\/\",\"url\":\"https:\\\/\\\/redeicm.org.br\\\/purissimo\\\/wp-content\\\/uploads\\\/sites\\\/20\\\/2024\\\/08\\\/ICM_Educacao_Purissimo-12-1024x450-1.webp\",\"contentUrl\":\"https:\\\/\\\/redeicm.org.br\\\/purissimo\\\/wp-content\\\/uploads\\\/sites\\\/20\\\/2024\\\/08\\\/ICM_Educacao_Purissimo-12-1024x450-1.webp\",\"width\":1024,\"height\":450,\"caption\":\"Col\u00e9gio Pur\u00edssimo Cora\u00e7\u00e3o de Maria | Rede ICM de educa\u00e7\u00e3o\"},\"image\":{\"@id\":\"https:\\\/\\\/redeicm.org.br\\\/purissimo\\\/#\\\/schema\\\/logo\\\/image\\\/\"}}]}<\/script>\n<!-- \/ Yoast SEO plugin. -->","yoast_head_json":{"title":"Edital Bolsas de Estudos - Col\u00e9gio Pur\u00edssimo Cora\u00e7\u00e3o de Maria | Rede ICM de educa\u00e7\u00e3o","robots":{"index":"index","follow":"follow","max-snippet":"max-snippet:-1","max-image-preview":"max-image-preview:large","max-video-preview":"max-video-preview:-1"},"canonical":"https:\/\/redeicm.org.br\/purissimo\/edital\/","og_locale":"pt_BR","og_type":"article","og_title":"Edital Bolsas de Estudos - Col\u00e9gio Pur\u00edssimo Cora\u00e7\u00e3o de Maria | Rede ICM de educa\u00e7\u00e3o","og_description":"Edital Edital de Bolsa de Estudo n\u00ba 01\/2027. O estabelecimento de ensino Col\u00e9gio Pur\u00edssimo Cora\u00e7\u00e3o de Maria, atendendo \u00e0s regulamenta\u00e7\u00f5es da Lei Complementar n\u00ba 187\/2021 e demais disposi\u00e7\u00f5es legais e crit\u00e9rios institucionais, publica o Edital de Bolsas de Estudo n\u00ba 01\/2027. Na primeira etapa, os(as) estudantes que est\u00e3o cursando o ano letivo de 2026 na [&hellip;]","og_url":"https:\/\/redeicm.org.br\/purissimo\/edital\/","og_site_name":"Col\u00e9gio Pur\u00edssimo Cora\u00e7\u00e3o de Maria | Rede ICM de educa\u00e7\u00e3o","article_modified_time":"2026-08-13T19:22:39+00:00","twitter_card":"summary_large_image","twitter_misc":{"Est. tempo de leitura":"2 minutos"},"schema":{"@context":"https:\/\/schema.org","@graph":[{"@type":"WebPage","@id":"https:\/\/redeicm.org.br\/purissimo\/edital\/","url":"https:\/\/redeicm.org.br\/purissimo\/edital\/","name":"Edital Bolsas de Estudos - Col\u00e9gio Pur\u00edssimo Cora\u00e7\u00e3o de Maria | Rede ICM de educa\u00e7\u00e3o","isPartOf":{"@id":"https:\/\/redeicm.org.br\/purissimo\/#website"},"datePublished":"2024-08-27T23:06:44+00:00","dateModified":"2026-08-13T19:22:39+00:00","breadcrumb":{"@id":"https:\/\/redeicm.org.br\/purissimo\/edital\/#breadcrumb"},"inLanguage":"pt-BR","potentialAction":[{"@type":"ReadAction","target":["https:\/\/redeicm.org.br\/purissimo\/edital\/"]}]},{"@type":"BreadcrumbList","@id":"https:\/\/redeicm.org.br\/purissimo\/edital\/#breadcrumb","itemListElement":[{"@type":"ListItem","position":1,"name":"In\u00edcio","item":"https:\/\/redeicm.org.br\/purissimo\/"},{"@type":"ListItem","position":2,"name":"Edital Bolsas de Estudos"}]},{"@type":"WebSite","@id":"https:\/\/redeicm.org.br\/purissimo\/#website","url":"https:\/\/redeicm.org.br\/purissimo\/","name":"Col\u00e9gio Pur\u00edssimo Cora\u00e7\u00e3o de Maria | Rede ICM de educa\u00e7\u00e3o","description":"","publisher":{"@id":"https:\/\/redeicm.org.br\/purissimo\/#organization"},"potentialAction":[{"@type":"SearchAction","target":{"@type":"EntryPoint","urlTemplate":"https:\/\/redeicm.org.br\/purissimo\/?s={search_term_string}"},"query-input":{"@type":"PropertyValueSpecification","valueRequired":true,"valueName":"search_term_string"}}],"inLanguage":"pt-BR"},{"@type":"Organization","@id":"https:\/\/redeicm.org.br\/purissimo\/#organization","name":"Col\u00e9gio Pur\u00edssimo Cora\u00e7\u00e3o de Maria | Rede ICM de educa\u00e7\u00e3o","url":"https:\/\/redeicm.org.br\/purissimo\/","logo":{"@type":"ImageObject","inLanguage":"pt-BR","@id":"https:\/\/redeicm.org.br\/purissimo\/#\/schema\/logo\/image\/","url":"https:\/\/redeicm.org.br\/purissimo\/wp-content\/uploads\/sites\/20\/2024\/08\/ICM_Educacao_Purissimo-12-1024x450-1.webp","contentUrl":"https:\/\/redeicm.org.br\/purissimo\/wp-content\/uploads\/sites\/20\/2024\/08\/ICM_Educacao_Purissimo-12-1024x450-1.webp","width":1024,"height":450,"caption":"Col\u00e9gio Pur\u00edssimo Cora\u00e7\u00e3o de Maria | Rede ICM de educa\u00e7\u00e3o"},"image":{"@id":"https:\/\/redeicm.org.br\/purissimo\/#\/schema\/logo\/image\/"}}]}},"_links":{"self":[{"href":"https:\/\/redeicm.org.br\/purissimo\/wp-json\/wp\/v2\/pages\/844","targetHints":{"allow":["GET"]}}],"collection":[{"href":"https:\/\/redeicm.org.br\/purissimo\/wp-json\/wp\/v2\/pages"}],"about":[{"href":"https:\/\/redeicm.org.br\/purissimo\/wp-json\/wp\/v2\/types\/page"}],"author":[{"embeddable":true,"href":"https:\/\/redeicm.org.br\/purissimo\/wp-json\/wp\/v2\/users\/1"}],"replies":[{"embeddable":true,"href":"https:\/\/redeicm.org.br\/purissimo\/wp-json\/wp\/v2\/comments?post=844"}],"version-history":[{"count":27,"href":"https:\/\/redeicm.org.br\/purissimo\/wp-json\/wp\/v2\/pages\/844\/revisions"}],"predecessor-version":[{"id":5652,"href":"https:\/\/redeicm.org.br\/purissimo\/wp-json\/wp\/v2\/pages\/844\/revisions\/5652"}],"wp:attachment":[{"href":"https:\/\/redeicm.org.br\/purissimo\/wp-json\/wp\/v2\/media?parent=844"}],"curies":[{"name":"wp","href":"https:\/\/api.w.org\/{rel}","templated":true}]}}