{"id":944,"date":"2025-03-17T15:38:10","date_gmt":"2025-03-17T18:38:10","guid":{"rendered":"https:\/\/redeicm.org.br\/providencia\/?page_id=944"},"modified":"2025-05-22T17:39:10","modified_gmt":"2025-05-22T20:39:10","slug":"transparencia","status":"publish","type":"page","link":"https:\/\/redeicm.org.br\/providencia\/transparencia\/","title":{"rendered":""},"content":{"rendered":"\t\t<div data-elementor-type=\"wp-page\" data-elementor-id=\"944\" class=\"elementor elementor-944\" data-elementor-post-type=\"page\">\n\t\t\t\t<div class=\"elementor-element elementor-element-037940b e-flex e-con-boxed e-con e-parent\" data-id=\"037940b\" data-element_type=\"container\" data-e-type=\"container\" data-settings=\"{&quot;background_background&quot;:&quot;classic&quot;}\">\n\t\t\t\t\t<div class=\"e-con-inner\">\n\t\t\t\t<div class=\"elementor-element elementor-element-662beb7 elementor-widget elementor-widget-heading\" data-id=\"662beb7\" data-element_type=\"widget\" data-e-type=\"widget\" data-widget_type=\"heading.default\">\n\t\t\t\t<div class=\"elementor-widget-container\">\n\t\t\t\t\t<h1 class=\"elementor-heading-title elementor-size-default\">Transpar\u00eancia<\/h1>\t\t\t\t<\/div>\n\t\t\t\t<\/div>\n\t\t\t\t\t<\/div>\n\t\t\t\t<\/div>\n\t\t<div class=\"elementor-element elementor-element-92f77ff e-flex e-con-boxed e-con e-parent\" data-id=\"92f77ff\" data-element_type=\"container\" data-e-type=\"container\">\n\t\t\t\t\t<div class=\"e-con-inner\">\n\t\t\t\t<div class=\"elementor-element elementor-element-14cb3af elementor-widget elementor-widget-heading\" data-id=\"14cb3af\" data-element_type=\"widget\" data-e-type=\"widget\" data-widget_type=\"heading.default\">\n\t\t\t\t<div class=\"elementor-widget-container\">\n\t\t\t\t\t<h2 class=\"elementor-heading-title elementor-size-default\">Parcerias com a administra\u00e7\u00e3o p\u00fablica:<\/h2>\t\t\t\t<\/div>\n\t\t\t\t<\/div>\n\t\t\t\t<div class=\"elementor-element elementor-element-ef870f4 elementor-widget elementor-widget-text-editor\" data-id=\"ef870f4\" data-element_type=\"widget\" data-e-type=\"widget\" data-widget_type=\"text-editor.default\">\n\t\t\t\t<div class=\"elementor-widget-container\">\n\t\t\t\t\t\t\t\t\t<ul><li><strong>SECRETARIA MUNICIPAL DE DESENVOLVIMENTO SOCIAL<\/strong><br \/><strong>N\u00ba Termo:<\/strong>\u00a0147\/2022<br \/><em>Consulte o termo de parceria no link a seguir &#8211;<\/em>\u00a0<a href=\"https:\/\/drive.google.com\/file\/d\/1JMB4w4cOmm4NsykhJdqDY0ukifUN8Y0Z\/view?usp=drive_link\" target=\"_blank\" rel=\"noopener\">Termo de Parceria<\/a><br \/><strong>Projeto:<\/strong>\u00a0<a href=\"https:\/\/drive.google.com\/file\/d\/1ZsdBj6CyjctN4B1Mx2alUDbWhDxdmlke\/view?usp=drive_link\" target=\"_blank\" rel=\"noopener\">Projeto Completo<\/a><br \/><strong>Situa\u00e7\u00e3o da Presta\u00e7\u00e3o de contas:<\/strong>\u00a0<a href=\"https:\/\/sgp.procempa.com.br\/detalheParceriaPortal\/2319\" target=\"_blank\" rel=\"noopener\">Presta\u00e7\u00e3o de Contas<\/a><\/li><\/ul>\t\t\t\t\t\t\t\t<\/div>\n\t\t\t\t<\/div>\n\t\t<div class=\"elementor-element elementor-element-53b14bc e-con-full e-flex e-con e-child\" data-id=\"53b14bc\" data-element_type=\"container\" data-e-type=\"container\">\n\t\t\t\t<div class=\"elementor-element elementor-element-3e5df07 elementor-widget elementor-widget-text-editor\" data-id=\"3e5df07\" data-element_type=\"widget\" data-e-type=\"widget\" data-widget_type=\"text-editor.default\">\n\t\t\t\t<div class=\"elementor-widget-container\">\n\t\t\t\t\t\t\t\t\t<p>CMDCA<\/p>\t\t\t\t\t\t\t\t<\/div>\n\t\t\t\t<\/div>\n\t\t\t\t<div class=\"elementor-element elementor-element-5b2fbfe elementor-widget__width-initial elementor-widget elementor-widget-text-editor\" data-id=\"5b2fbfe\" data-element_type=\"widget\" data-e-type=\"widget\" data-widget_type=\"text-editor.default\">\n\t\t\t\t<div class=\"elementor-widget-container\">\n\t\t\t\t\t\t\t\t\t<p><a class=\"download-button\" href=\"https:\/\/www.redeicm.org.br\/providencia\/transparencia\/%3Cbr%20\/%3E%3Cb%3EWarning%3C\/b%3E:%20%20Illegal%20string%20offset%20'url'%20in%20%3Cb%3E\/home\/icmsec2\/public_html\/wp-content\/themes\/Impreza9\/page-transparencia.php%3C\/b%3E%20on%20line%20%3Cb%3E48%3C\/b%3E%3Cbr%20\/%3Ehttp:\/\/4\" download=\"\">Baixar PDF<\/a><\/p>\t\t\t\t\t\t\t\t<\/div>\n\t\t\t\t<\/div>\n\t\t\t\t<\/div>\n\t\t\t\t\t<\/div>\n\t\t\t\t<\/div>\n\t\t\t\t<\/div>\n\t\t","protected":false},"excerpt":{"rendered":"<p>Transpar\u00eancia Parcerias com a administra\u00e7\u00e3o p\u00fablica: SECRETARIA MUNICIPAL DE DESENVOLVIMENTO SOCIALN\u00ba Termo:\u00a0147\/2022Consulte o termo de parceria no link a seguir &#8211;\u00a0Termo de ParceriaProjeto:\u00a0Projeto CompletoSitua\u00e7\u00e3o da Presta\u00e7\u00e3o de contas:\u00a0Presta\u00e7\u00e3o de Contas CMDCA Baixar PDF<\/p>\n","protected":false},"author":35,"featured_media":0,"parent":0,"menu_order":0,"comment_status":"closed","ping_status":"closed","template":"","meta":{"_acf_changed":false,"footnotes":""},"class_list":["post-944","page","type-page","status-publish","hentry"],"acf":[],"yoast_head":"<!-- This site is optimized with the Yoast SEO plugin v26.3 - https:\/\/yoast.com\/wordpress\/plugins\/seo\/ -->\n<title>- Instituto Provid\u00eancia | Rede ICM de Educa\u00e7\u00e3o e Assist\u00eancia Social<\/title>\n<meta name=\"robots\" content=\"index, follow, max-snippet:-1, max-image-preview:large, max-video-preview:-1\" \/>\n<link rel=\"canonical\" href=\"https:\/\/redeicm.org.br\/providencia\/transparencia\/\" \/>\n<meta property=\"og:locale\" content=\"pt_BR\" \/>\n<meta property=\"og:type\" content=\"article\" \/>\n<meta property=\"og:title\" content=\"- Instituto Provid\u00eancia | Rede ICM de Educa\u00e7\u00e3o e Assist\u00eancia Social\" \/>\n<meta property=\"og:description\" content=\"Transpar\u00eancia Parcerias com a administra\u00e7\u00e3o p\u00fablica: SECRETARIA MUNICIPAL DE DESENVOLVIMENTO SOCIALN\u00ba Termo:\u00a0147\/2022Consulte o termo de parceria no link a seguir &#8211;\u00a0Termo de ParceriaProjeto:\u00a0Projeto CompletoSitua\u00e7\u00e3o da Presta\u00e7\u00e3o de contas:\u00a0Presta\u00e7\u00e3o de Contas CMDCA Baixar PDF\" \/>\n<meta property=\"og:url\" content=\"https:\/\/redeicm.org.br\/providencia\/transparencia\/\" \/>\n<meta property=\"og:site_name\" content=\"Instituto Provid\u00eancia | Rede ICM de Educa\u00e7\u00e3o e Assist\u00eancia Social\" \/>\n<meta property=\"article:modified_time\" content=\"2025-05-22T20:39:10+00:00\" \/>\n<meta name=\"twitter:card\" content=\"summary_large_image\" \/>\n<meta name=\"twitter:label1\" content=\"Est. tempo de leitura\" \/>\n\t<meta name=\"twitter:data1\" content=\"1 minuto\" \/>\n<script type=\"application\/ld+json\" class=\"yoast-schema-graph\">{\"@context\":\"https:\/\/schema.org\",\"@graph\":[{\"@type\":\"WebPage\",\"@id\":\"https:\/\/redeicm.org.br\/providencia\/transparencia\/\",\"url\":\"https:\/\/redeicm.org.br\/providencia\/transparencia\/\",\"name\":\"- Instituto Provid\u00eancia | Rede ICM de Educa\u00e7\u00e3o e Assist\u00eancia Social\",\"isPartOf\":{\"@id\":\"https:\/\/redeicm.org.br\/providencia\/#website\"},\"datePublished\":\"2025-03-17T18:38:10+00:00\",\"dateModified\":\"2025-05-22T20:39:10+00:00\",\"inLanguage\":\"pt-BR\",\"potentialAction\":[{\"@type\":\"ReadAction\",\"target\":[\"https:\/\/redeicm.org.br\/providencia\/transparencia\/\"]}]},{\"@type\":\"WebSite\",\"@id\":\"https:\/\/redeicm.org.br\/providencia\/#website\",\"url\":\"https:\/\/redeicm.org.br\/providencia\/\",\"name\":\"Instituto Provid\u00eancia | Rede ICM de Educa\u00e7\u00e3o e Assist\u00eancia Social\",\"description\":\"\",\"publisher\":{\"@id\":\"https:\/\/redeicm.org.br\/providencia\/#organization\"},\"potentialAction\":[{\"@type\":\"SearchAction\",\"target\":{\"@type\":\"EntryPoint\",\"urlTemplate\":\"https:\/\/redeicm.org.br\/providencia\/?s={search_term_string}\"},\"query-input\":{\"@type\":\"PropertyValueSpecification\",\"valueRequired\":true,\"valueName\":\"search_term_string\"}}],\"inLanguage\":\"pt-BR\"},{\"@type\":\"Organization\",\"@id\":\"https:\/\/redeicm.org.br\/providencia\/#organization\",\"name\":\"Instituto Provid\u00eancia | Rede ICM de Educa\u00e7\u00e3o e Assist\u00eancia Social\",\"url\":\"https:\/\/redeicm.org.br\/providencia\/\",\"logo\":{\"@type\":\"ImageObject\",\"inLanguage\":\"pt-BR\",\"@id\":\"https:\/\/redeicm.org.br\/providencia\/#\/schema\/logo\/image\/\",\"url\":\"https:\/\/redeicm.org.br\/providencia\/wp-content\/uploads\/sites\/15\/2024\/08\/2024_Rede-ICM_Instituto-Providencia_assinatura_preferencial-1-scaled.png\",\"contentUrl\":\"https:\/\/redeicm.org.br\/providencia\/wp-content\/uploads\/sites\/15\/2024\/08\/2024_Rede-ICM_Instituto-Providencia_assinatura_preferencial-1-scaled.png\",\"width\":2560,\"height\":1003,\"caption\":\"Instituto Provid\u00eancia | Rede ICM de Educa\u00e7\u00e3o e Assist\u00eancia Social\"},\"image\":{\"@id\":\"https:\/\/redeicm.org.br\/providencia\/#\/schema\/logo\/image\/\"}}]}<\/script>\n<!-- \/ Yoast SEO plugin. -->","yoast_head_json":{"title":"- Instituto Provid\u00eancia | Rede ICM de Educa\u00e7\u00e3o e Assist\u00eancia Social","robots":{"index":"index","follow":"follow","max-snippet":"max-snippet:-1","max-image-preview":"max-image-preview:large","max-video-preview":"max-video-preview:-1"},"canonical":"https:\/\/redeicm.org.br\/providencia\/transparencia\/","og_locale":"pt_BR","og_type":"article","og_title":"- Instituto Provid\u00eancia | Rede ICM de Educa\u00e7\u00e3o e Assist\u00eancia Social","og_description":"Transpar\u00eancia Parcerias com a administra\u00e7\u00e3o p\u00fablica: SECRETARIA MUNICIPAL DE DESENVOLVIMENTO SOCIALN\u00ba Termo:\u00a0147\/2022Consulte o termo de parceria no link a seguir &#8211;\u00a0Termo de ParceriaProjeto:\u00a0Projeto CompletoSitua\u00e7\u00e3o da Presta\u00e7\u00e3o de contas:\u00a0Presta\u00e7\u00e3o de Contas CMDCA Baixar PDF","og_url":"https:\/\/redeicm.org.br\/providencia\/transparencia\/","og_site_name":"Instituto Provid\u00eancia | Rede ICM de Educa\u00e7\u00e3o e Assist\u00eancia Social","article_modified_time":"2025-05-22T20:39:10+00:00","twitter_card":"summary_large_image","twitter_misc":{"Est. tempo de leitura":"1 minuto"},"schema":{"@context":"https:\/\/schema.org","@graph":[{"@type":"WebPage","@id":"https:\/\/redeicm.org.br\/providencia\/transparencia\/","url":"https:\/\/redeicm.org.br\/providencia\/transparencia\/","name":"- Instituto Provid\u00eancia | Rede ICM de Educa\u00e7\u00e3o e Assist\u00eancia Social","isPartOf":{"@id":"https:\/\/redeicm.org.br\/providencia\/#website"},"datePublished":"2025-03-17T18:38:10+00:00","dateModified":"2025-05-22T20:39:10+00:00","inLanguage":"pt-BR","potentialAction":[{"@type":"ReadAction","target":["https:\/\/redeicm.org.br\/providencia\/transparencia\/"]}]},{"@type":"WebSite","@id":"https:\/\/redeicm.org.br\/providencia\/#website","url":"https:\/\/redeicm.org.br\/providencia\/","name":"Instituto Provid\u00eancia | Rede ICM de Educa\u00e7\u00e3o e Assist\u00eancia Social","description":"","publisher":{"@id":"https:\/\/redeicm.org.br\/providencia\/#organization"},"potentialAction":[{"@type":"SearchAction","target":{"@type":"EntryPoint","urlTemplate":"https:\/\/redeicm.org.br\/providencia\/?s={search_term_string}"},"query-input":{"@type":"PropertyValueSpecification","valueRequired":true,"valueName":"search_term_string"}}],"inLanguage":"pt-BR"},{"@type":"Organization","@id":"https:\/\/redeicm.org.br\/providencia\/#organization","name":"Instituto Provid\u00eancia | Rede ICM de Educa\u00e7\u00e3o e Assist\u00eancia Social","url":"https:\/\/redeicm.org.br\/providencia\/","logo":{"@type":"ImageObject","inLanguage":"pt-BR","@id":"https:\/\/redeicm.org.br\/providencia\/#\/schema\/logo\/image\/","url":"https:\/\/redeicm.org.br\/providencia\/wp-content\/uploads\/sites\/15\/2024\/08\/2024_Rede-ICM_Instituto-Providencia_assinatura_preferencial-1-scaled.png","contentUrl":"https:\/\/redeicm.org.br\/providencia\/wp-content\/uploads\/sites\/15\/2024\/08\/2024_Rede-ICM_Instituto-Providencia_assinatura_preferencial-1-scaled.png","width":2560,"height":1003,"caption":"Instituto Provid\u00eancia | Rede ICM de Educa\u00e7\u00e3o e Assist\u00eancia Social"},"image":{"@id":"https:\/\/redeicm.org.br\/providencia\/#\/schema\/logo\/image\/"}}]}},"_links":{"self":[{"href":"https:\/\/redeicm.org.br\/providencia\/wp-json\/wp\/v2\/pages\/944","targetHints":{"allow":["GET"]}}],"collection":[{"href":"https:\/\/redeicm.org.br\/providencia\/wp-json\/wp\/v2\/pages"}],"about":[{"href":"https:\/\/redeicm.org.br\/providencia\/wp-json\/wp\/v2\/types\/page"}],"author":[{"embeddable":true,"href":"https:\/\/redeicm.org.br\/providencia\/wp-json\/wp\/v2\/users\/35"}],"replies":[{"embeddable":true,"href":"https:\/\/redeicm.org.br\/providencia\/wp-json\/wp\/v2\/comments?post=944"}],"version-history":[{"count":3,"href":"https:\/\/redeicm.org.br\/providencia\/wp-json\/wp\/v2\/pages\/944\/revisions"}],"predecessor-version":[{"id":3142,"href":"https:\/\/redeicm.org.br\/providencia\/wp-json\/wp\/v2\/pages\/944\/revisions\/3142"}],"wp:attachment":[{"href":"https:\/\/redeicm.org.br\/providencia\/wp-json\/wp\/v2\/media?parent=944"}],"curies":[{"name":"wp","href":"https:\/\/api.w.org\/{rel}","templated":true}]}}