{"id":290,"date":"2024-08-08T11:41:57","date_gmt":"2024-08-08T14:41:57","guid":{"rendered":"https:\/\/redeicm.org.br\/pioxii\/?page_id=290"},"modified":"2026-08-21T17:07:42","modified_gmt":"2026-08-21T20:07:42","slug":"ensino-fundamental-anos-finais","status":"publish","type":"page","link":"https:\/\/redeicm.org.br\/pioxii\/ensino-fundamental-anos-finais\/","title":{"rendered":"Ensino Fundamental \u2013 Anos finais"},"content":{"rendered":"\t\t<div data-elementor-type=\"wp-page\" data-elementor-id=\"290\" class=\"elementor elementor-290\" data-elementor-post-type=\"page\">\n\t\t\t\t<div class=\"elementor-element elementor-element-35d4227 e-flex e-con-boxed e-con e-parent\" data-id=\"35d4227\" data-element_type=\"container\" data-e-type=\"container\" data-settings=\"{&quot;background_background&quot;:&quot;classic&quot;}\">\n\t\t\t\t\t<div class=\"e-con-inner\">\n\t\t\t\t\t<\/div>\n\t\t\t\t<\/div>\n\t\t<div class=\"elementor-element elementor-element-4a588c5 e-flex e-con-boxed e-con e-parent\" data-id=\"4a588c5\" data-element_type=\"container\" data-e-type=\"container\">\n\t\t\t\t\t<div class=\"e-con-inner\">\n\t\t\t\t<div class=\"elementor-element elementor-element-c015a02 elementor-widget elementor-widget-heading\" data-id=\"c015a02\" data-element_type=\"widget\" data-e-type=\"widget\" data-widget_type=\"heading.default\">\n\t\t\t\t<div class=\"elementor-widget-container\">\n\t\t\t\t\t<h1 class=\"elementor-heading-title elementor-size-default\">Ensino Fundamental \u2013 Anos finais<\/h1>\t\t\t\t<\/div>\n\t\t\t\t<\/div>\n\t\t\t\t\t<\/div>\n\t\t\t\t<\/div>\n\t\t<div class=\"elementor-element elementor-element-5234431 e-con-full e-flex e-con e-parent\" data-id=\"5234431\" data-element_type=\"container\" data-e-type=\"container\">\n\t\t<div class=\"elementor-element elementor-element-f178737 e-flex e-con-boxed e-con e-child\" data-id=\"f178737\" data-element_type=\"container\" data-e-type=\"container\">\n\t\t\t\t\t<div class=\"e-con-inner\">\n\t\t\t\t<div class=\"elementor-element elementor-element-5461cbe elementor-invisible elementor-widget elementor-widget-text-editor\" data-id=\"5461cbe\" data-element_type=\"widget\" data-e-type=\"widget\" data-settings=\"{&quot;_animation&quot;:&quot;fadeInUp&quot;}\" data-widget_type=\"text-editor.default\">\n\t\t\t\t<div class=\"elementor-widget-container\">\n\t\t\t\t\t\t\t\t\t<p><b>Do Conhecimento \u00e0 Autonomia: O desenvolvimento\u00a0 do Pensamento Cr\u00edtico e Protagonismo.<\/b><\/p><p><span style=\"font-weight: 400\">A crian\u00e7a inicia a transi\u00e7\u00e3o para a adolesc\u00eancia vivenciando transforma\u00e7\u00f5es profundas em diferentes dimens\u00f5es de seu desenvolvimento. Compreendemos que essa etapa exige muito mais do que a transmiss\u00e3o de conhecimentos: requer acolhimento, est\u00edmulo intelectual, acompanhamento pr\u00f3ximo e oportunidades para o desenvolvimento da maturidade emocional.\u00a0<\/span><\/p><p><span style=\"font-weight: 400\">Nos Anos Finais do Ensino Fundamental, nosso aluno amplia e aprofunda seus conhecimentos, desenvolve progressivamente a capacidade de an\u00e1lise, reflex\u00e3o e pensamento cr\u00edtico, ao mesmo tempo em que conquista <\/span><b>maior autonomia, responsabilidade e protagonismo <\/b><span style=\"font-weight: 400\">em seu processo de aprendizagem.<\/span><\/p><p><b>Pensamento Cr\u00edtico e cient\u00edfico<\/b><span style=\"font-weight: 400\">: Projetos interdisciplinares que estimulam a resolu\u00e7\u00e3o de problemas, a pesquisa e a argumenta\u00e7\u00e3o fundamentada.\u00a0<\/span><\/p><p><b>Socioemocional e Autoconhecimento:<\/b><span style=\"font-weight: 400\"> Atividades focadas na empatia, intelig\u00eancia emocional, trabalho em equipe, organiza\u00e7\u00e3o dos estudos e responsabilidade social.<\/span><\/p><p><b>Cultura Maker e Inova\u00e7\u00e3o &#8211; at\u00e9 o 8\u00ba ano: <\/b><span style=\"font-weight: 400\">\u00a0 Integra\u00e7\u00e3o de tecnologia com prop\u00f3sito, permitindo que o aluno crie, teste e construa solu\u00e7\u00f5es reais.\u00a0<\/span><\/p><p><b>Cidadania Global e Valores:<\/b><span style=\"font-weight: 400\"> Forma\u00e7\u00e3o \u00e9tica s\u00f3lida, estimulando o respeito \u00e0 diversidade e a consci\u00eancia socioambiental.<\/span><\/p><p><b>Autogest\u00e3o financeira:<\/b><span style=\"font-weight: 400\"> Por meio de projetos pr\u00e1ticos que aproximam a Matem\u00e1tica das situa\u00e7\u00f5es do cotidiano, desenvolvemos o planejamento, o autocontrole e a consci\u00eancia sobre as escolhas de consumo. Assim, o aprendizado financeiro torna-se uma ferramenta para a constru\u00e7\u00e3o da autonomia, da responsabilidade e de um Projeto de Vida consciente.<\/span><\/p><p>\u00a0<\/p><p><strong>MATERIAL DID\u00c1TICO<\/strong>\u00a0<\/p><ul><li><span style=\"--ys-xuq: none\"><strong>Sistema de Ensino ECOS da Editora SM<\/strong> &#8211; <span class=\"a_GcMg font-feature-liga-off font-feature-clig-off font-feature-calt-off text-decoration-none text-strikethrough-none\">Ci\u00eancias, Geografia, Hist\u00f3ria, Matem\u00e1tica, L\u00edngua Portuguesa e Ensino Religioso.<\/span><\/span><\/li><li><span class=\"a_GcMg font-feature-liga-off font-feature-clig-off font-feature-calt-off text-decoration-none text-strikethrough-none\"><strong>Bernoulli Sistema de Ensino<\/strong> &#8211; Programa Socioemocional &#8211; Cole\u00e7\u00e3o Eu no Mundo.\u00a0<\/span><\/li><li><strong>Programa Bil\u00edngue<\/strong> &#8211; <span class=\"a_GcMg font-feature-liga-off font-feature-clig-off font-feature-calt-off text-decoration-none text-strikethrough-none\">UDP Bilingual Program.<\/span><\/li><\/ul><p>\u00a0<\/p><p><b>PLATAFORMAS DIGITAIS<\/b><\/p><ul><li><strong>Aplicativo Rede ICM<\/strong>\u00a0\u2013 GVMobile\u00a0 \u2013 aplicativo de comunica\u00e7\u00e3o entre fam\u00edlia e escola.\u00a0<\/li><li><strong>Redigir &#8211; a partir do 8\u00baano<\/strong> &#8211; plataforma adaptativa voltada para a gest\u00e3o do ensino e da aprendizagem da escrita.\u00a0<\/li><li><strong>Matific &#8211; 6\u00ba ano\u00a0<\/strong> \u2013 plataforma com desafios matem\u00e1ticos.<\/li><li><strong>Google Sala de Aula &#8211;<\/strong> plataforma virtual que conecta professores e alunos, facilitando a cria\u00e7\u00e3o, distribui\u00e7\u00e3o e avalia\u00e7\u00e3o de atividades de forma digital.<\/li><\/ul><p>\u00a0<\/p><p><strong>Para mais informa\u00e7\u00f5es agende uma visita e um atendimento pedag\u00f3gico. Clique no banner abaixo.<\/strong><\/p><p>\u00a0<\/p>\t\t\t\t\t\t\t\t<\/div>\n\t\t\t\t<\/div>\n\t\t\t\t\t<\/div>\n\t\t\t\t<\/div>\n\t\t\t\t<\/div>\n\t\t<div class=\"elementor-element elementor-element-6928a9a e-flex e-con-boxed e-con e-parent\" data-id=\"6928a9a\" data-element_type=\"container\" data-e-type=\"container\">\n\t\t\t\t\t<div class=\"e-con-inner\">\n\t\t\t\t<div class=\"elementor-element elementor-element-c6e1b1d elementor-widget elementor-widget-gallery\" data-id=\"c6e1b1d\" data-element_type=\"widget\" data-e-type=\"widget\" data-settings=\"{&quot;lazyload&quot;:&quot;yes&quot;,&quot;gallery_layout&quot;:&quot;grid&quot;,&quot;columns&quot;:4,&quot;columns_tablet&quot;:2,&quot;columns_mobile&quot;:1,&quot;gap&quot;:{&quot;unit&quot;:&quot;px&quot;,&quot;size&quot;:10,&quot;sizes&quot;:[]},&quot;gap_tablet&quot;:{&quot;unit&quot;:&quot;px&quot;,&quot;size&quot;:10,&quot;sizes&quot;:[]},&quot;gap_mobile&quot;:{&quot;unit&quot;:&quot;px&quot;,&quot;size&quot;:10,&quot;sizes&quot;:[]},&quot;link_to&quot;:&quot;file&quot;,&quot;aspect_ratio&quot;:&quot;3:2&quot;,&quot;overlay_background&quot;:&quot;yes&quot;,&quot;content_hover_animation&quot;:&quot;fade-in&quot;}\" data-widget_type=\"gallery.default\">\n\t\t\t\t<div class=\"elementor-widget-container\">\n\t\t\t\t\t\t\t<div class=\"elementor-gallery__container\">\n\t\t\t\t\t\t\t<a class=\"e-gallery-item elementor-gallery-item elementor-animated-content\" href=\"https:\/\/redeicm.org.br\/pioxii\/wp-content\/uploads\/sites\/2\/2026\/08\/LE01-4252.jpg-scaled.jpg\" data-elementor-open-lightbox=\"yes\" data-elementor-lightbox-slideshow=\"c6e1b1d\" data-elementor-lightbox-title=\"P\u00e1tio de entrada\" data-e-action-hash=\"#elementor-action%3Aaction%3Dlightbox%26settings%3DeyJpZCI6NDAwNSwidXJsIjoiaHR0cHM6XC9cL3JlZGVpY20ub3JnLmJyXC9waW94aWlcL3dwLWNvbnRlbnRcL3VwbG9hZHNcL3NpdGVzXC8yXC8yMDI2XC8wOFwvTEUwMS00MjUyLmpwZy1zY2FsZWQuanBnIiwic2xpZGVzaG93IjoiYzZlMWIxZCJ9\">\n\t\t\t\t\t<div class=\"e-gallery-image elementor-gallery-item__image\" data-thumbnail=\"https:\/\/redeicm.org.br\/pioxii\/wp-content\/uploads\/sites\/2\/2026\/08\/LE01-4252.jpg-300x200.jpg\" data-width=\"300\" data-height=\"200\" aria-label=\"\" role=\"img\" ><\/div>\n\t\t\t\t\t\t\t\t\t\t\t<div class=\"elementor-gallery-item__overlay\"><\/div>\n\t\t\t\t\t\t\t\t\t\t\t\t\t\t<\/a>\n\t\t\t\t\t\t\t<a class=\"e-gallery-item elementor-gallery-item elementor-animated-content\" href=\"https:\/\/redeicm.org.br\/pioxii\/wp-content\/uploads\/sites\/2\/2026\/08\/LE01-4240.jpg-scaled.jpg\" data-elementor-open-lightbox=\"yes\" data-elementor-lightbox-slideshow=\"c6e1b1d\" data-elementor-lightbox-title=\"P\u00e1tio de entrada\" data-e-action-hash=\"#elementor-action%3Aaction%3Dlightbox%26settings%3DeyJpZCI6NDAwOSwidXJsIjoiaHR0cHM6XC9cL3JlZGVpY20ub3JnLmJyXC9waW94aWlcL3dwLWNvbnRlbnRcL3VwbG9hZHNcL3NpdGVzXC8yXC8yMDI2XC8wOFwvTEUwMS00MjQwLmpwZy1zY2FsZWQuanBnIiwic2xpZGVzaG93IjoiYzZlMWIxZCJ9\">\n\t\t\t\t\t<div class=\"e-gallery-image elementor-gallery-item__image\" data-thumbnail=\"https:\/\/redeicm.org.br\/pioxii\/wp-content\/uploads\/sites\/2\/2026\/08\/LE01-4240.jpg-300x200.jpg\" data-width=\"300\" data-height=\"200\" aria-label=\"\" role=\"img\" ><\/div>\n\t\t\t\t\t\t\t\t\t\t\t<div class=\"elementor-gallery-item__overlay\"><\/div>\n\t\t\t\t\t\t\t\t\t\t\t\t\t\t<\/a>\n\t\t\t\t\t\t\t<a class=\"e-gallery-item elementor-gallery-item elementor-animated-content\" href=\"https:\/\/redeicm.org.br\/pioxii\/wp-content\/uploads\/sites\/2\/2026\/08\/LE01-4596.jpg-scaled.jpg\" data-elementor-open-lightbox=\"yes\" data-elementor-lightbox-slideshow=\"c6e1b1d\" data-elementor-lightbox-title=\"Sala de Aula\" data-e-action-hash=\"#elementor-action%3Aaction%3Dlightbox%26settings%3DeyJpZCI6NDAyMSwidXJsIjoiaHR0cHM6XC9cL3JlZGVpY20ub3JnLmJyXC9waW94aWlcL3dwLWNvbnRlbnRcL3VwbG9hZHNcL3NpdGVzXC8yXC8yMDI2XC8wOFwvTEUwMS00NTk2LmpwZy1zY2FsZWQuanBnIiwic2xpZGVzaG93IjoiYzZlMWIxZCJ9\">\n\t\t\t\t\t<div class=\"e-gallery-image elementor-gallery-item__image\" data-thumbnail=\"https:\/\/redeicm.org.br\/pioxii\/wp-content\/uploads\/sites\/2\/2026\/08\/LE01-4596.jpg-300x200.jpg\" data-width=\"300\" data-height=\"200\" aria-label=\"\" role=\"img\" ><\/div>\n\t\t\t\t\t\t\t\t\t\t\t<div class=\"elementor-gallery-item__overlay\"><\/div>\n\t\t\t\t\t\t\t\t\t\t\t\t\t\t<\/a>\n\t\t\t\t\t\t\t<a class=\"e-gallery-item elementor-gallery-item elementor-animated-content\" href=\"https:\/\/redeicm.org.br\/pioxii\/wp-content\/uploads\/sites\/2\/2026\/08\/LE01-4600.jpg-scaled.jpg\" data-elementor-open-lightbox=\"yes\" data-elementor-lightbox-slideshow=\"c6e1b1d\" data-elementor-lightbox-title=\"Sala de Aula\" data-e-action-hash=\"#elementor-action%3Aaction%3Dlightbox%26settings%3DeyJpZCI6NDAyMiwidXJsIjoiaHR0cHM6XC9cL3JlZGVpY20ub3JnLmJyXC9waW94aWlcL3dwLWNvbnRlbnRcL3VwbG9hZHNcL3NpdGVzXC8yXC8yMDI2XC8wOFwvTEUwMS00NjAwLmpwZy1zY2FsZWQuanBnIiwic2xpZGVzaG93IjoiYzZlMWIxZCJ9\">\n\t\t\t\t\t<div class=\"e-gallery-image elementor-gallery-item__image\" data-thumbnail=\"https:\/\/redeicm.org.br\/pioxii\/wp-content\/uploads\/sites\/2\/2026\/08\/LE01-4600.jpg-300x200.jpg\" data-width=\"300\" data-height=\"200\" aria-label=\"\" role=\"img\" ><\/div>\n\t\t\t\t\t\t\t\t\t\t\t<div class=\"elementor-gallery-item__overlay\"><\/div>\n\t\t\t\t\t\t\t\t\t\t\t\t\t\t<\/a>\n\t\t\t\t\t\t\t<a class=\"e-gallery-item elementor-gallery-item elementor-animated-content\" href=\"https:\/\/redeicm.org.br\/pioxii\/wp-content\/uploads\/sites\/2\/2026\/08\/LE01-4257.jpg-scaled.jpg\" data-elementor-open-lightbox=\"yes\" data-elementor-lightbox-slideshow=\"c6e1b1d\" data-elementor-lightbox-title=\"Laborat\u00f3rio de Ci\u00eancias\" data-e-action-hash=\"#elementor-action%3Aaction%3Dlightbox%26settings%3DeyJpZCI6NDAxMCwidXJsIjoiaHR0cHM6XC9cL3JlZGVpY20ub3JnLmJyXC9waW94aWlcL3dwLWNvbnRlbnRcL3VwbG9hZHNcL3NpdGVzXC8yXC8yMDI2XC8wOFwvTEUwMS00MjU3LmpwZy1zY2FsZWQuanBnIiwic2xpZGVzaG93IjoiYzZlMWIxZCJ9\">\n\t\t\t\t\t<div class=\"e-gallery-image elementor-gallery-item__image\" data-thumbnail=\"https:\/\/redeicm.org.br\/pioxii\/wp-content\/uploads\/sites\/2\/2026\/08\/LE01-4257.jpg-300x200.jpg\" data-width=\"300\" data-height=\"200\" aria-label=\"\" role=\"img\" ><\/div>\n\t\t\t\t\t\t\t\t\t\t\t<div class=\"elementor-gallery-item__overlay\"><\/div>\n\t\t\t\t\t\t\t\t\t\t\t\t\t\t<\/a>\n\t\t\t\t\t\t\t<a class=\"e-gallery-item elementor-gallery-item elementor-animated-content\" href=\"https:\/\/redeicm.org.br\/pioxii\/wp-content\/uploads\/sites\/2\/2026\/08\/LE01-4256.jpg-scaled.jpg\" data-elementor-open-lightbox=\"yes\" data-elementor-lightbox-slideshow=\"c6e1b1d\" data-elementor-lightbox-title=\"Laborat\u00f3rio de Ci\u00eancias\" data-e-action-hash=\"#elementor-action%3Aaction%3Dlightbox%26settings%3DeyJpZCI6NDAxMSwidXJsIjoiaHR0cHM6XC9cL3JlZGVpY20ub3JnLmJyXC9waW94aWlcL3dwLWNvbnRlbnRcL3VwbG9hZHNcL3NpdGVzXC8yXC8yMDI2XC8wOFwvTEUwMS00MjU2LmpwZy1zY2FsZWQuanBnIiwic2xpZGVzaG93IjoiYzZlMWIxZCJ9\">\n\t\t\t\t\t<div class=\"e-gallery-image elementor-gallery-item__image\" data-thumbnail=\"https:\/\/redeicm.org.br\/pioxii\/wp-content\/uploads\/sites\/2\/2026\/08\/LE01-4256.jpg-300x200.jpg\" data-width=\"300\" data-height=\"200\" aria-label=\"\" role=\"img\" ><\/div>\n\t\t\t\t\t\t\t\t\t\t\t<div class=\"elementor-gallery-item__overlay\"><\/div>\n\t\t\t\t\t\t\t\t\t\t\t\t\t\t<\/a>\n\t\t\t\t\t\t\t<a class=\"e-gallery-item elementor-gallery-item elementor-animated-content\" href=\"https:\/\/redeicm.org.br\/pioxii\/wp-content\/uploads\/sites\/2\/2026\/08\/LE01-4307.jpg-scaled.jpg\" data-elementor-open-lightbox=\"yes\" data-elementor-lightbox-slideshow=\"c6e1b1d\" data-elementor-lightbox-title=\"Biblioteca\" data-e-action-hash=\"#elementor-action%3Aaction%3Dlightbox%26settings%3DeyJpZCI6NDAxMywidXJsIjoiaHR0cHM6XC9cL3JlZGVpY20ub3JnLmJyXC9waW94aWlcL3dwLWNvbnRlbnRcL3VwbG9hZHNcL3NpdGVzXC8yXC8yMDI2XC8wOFwvTEUwMS00MzA3LmpwZy1zY2FsZWQuanBnIiwic2xpZGVzaG93IjoiYzZlMWIxZCJ9\">\n\t\t\t\t\t<div class=\"e-gallery-image elementor-gallery-item__image\" data-thumbnail=\"https:\/\/redeicm.org.br\/pioxii\/wp-content\/uploads\/sites\/2\/2026\/08\/LE01-4307.jpg-300x200.jpg\" data-width=\"300\" data-height=\"200\" aria-label=\"\" role=\"img\" ><\/div>\n\t\t\t\t\t\t\t\t\t\t\t<div class=\"elementor-gallery-item__overlay\"><\/div>\n\t\t\t\t\t\t\t\t\t\t\t\t\t\t<\/a>\n\t\t\t\t\t\t\t<a class=\"e-gallery-item elementor-gallery-item elementor-animated-content\" href=\"https:\/\/redeicm.org.br\/pioxii\/wp-content\/uploads\/sites\/2\/2026\/08\/LE01-4327.jpg-scaled.jpg\" data-elementor-open-lightbox=\"yes\" data-elementor-lightbox-slideshow=\"c6e1b1d\" data-elementor-lightbox-title=\"Biblioteca\" data-e-action-hash=\"#elementor-action%3Aaction%3Dlightbox%26settings%3DeyJpZCI6NDAxNCwidXJsIjoiaHR0cHM6XC9cL3JlZGVpY20ub3JnLmJyXC9waW94aWlcL3dwLWNvbnRlbnRcL3VwbG9hZHNcL3NpdGVzXC8yXC8yMDI2XC8wOFwvTEUwMS00MzI3LmpwZy1zY2FsZWQuanBnIiwic2xpZGVzaG93IjoiYzZlMWIxZCJ9\">\n\t\t\t\t\t<div class=\"e-gallery-image elementor-gallery-item__image\" data-thumbnail=\"https:\/\/redeicm.org.br\/pioxii\/wp-content\/uploads\/sites\/2\/2026\/08\/LE01-4327.jpg-300x200.jpg\" data-width=\"300\" data-height=\"200\" aria-label=\"\" role=\"img\" ><\/div>\n\t\t\t\t\t\t\t\t\t\t\t<div class=\"elementor-gallery-item__overlay\"><\/div>\n\t\t\t\t\t\t\t\t\t\t\t\t\t\t<\/a>\n\t\t\t\t\t\t\t<a class=\"e-gallery-item elementor-gallery-item elementor-animated-content\" href=\"https:\/\/redeicm.org.br\/pioxii\/wp-content\/uploads\/sites\/2\/2026\/08\/LE01-4560.jpg-1-scaled.jpg\" data-elementor-open-lightbox=\"yes\" data-elementor-lightbox-slideshow=\"c6e1b1d\" data-elementor-lightbox-title=\"Sala de Pastoral\" data-e-action-hash=\"#elementor-action%3Aaction%3Dlightbox%26settings%3DeyJpZCI6NDAxOSwidXJsIjoiaHR0cHM6XC9cL3JlZGVpY20ub3JnLmJyXC9waW94aWlcL3dwLWNvbnRlbnRcL3VwbG9hZHNcL3NpdGVzXC8yXC8yMDI2XC8wOFwvTEUwMS00NTYwLmpwZy0xLXNjYWxlZC5qcGciLCJzbGlkZXNob3ciOiJjNmUxYjFkIn0%3D\">\n\t\t\t\t\t<div class=\"e-gallery-image elementor-gallery-item__image\" data-thumbnail=\"https:\/\/redeicm.org.br\/pioxii\/wp-content\/uploads\/sites\/2\/2026\/08\/LE01-4560.jpg-1-300x200.jpg\" data-width=\"300\" data-height=\"200\" aria-label=\"\" role=\"img\" ><\/div>\n\t\t\t\t\t\t\t\t\t\t\t<div class=\"elementor-gallery-item__overlay\"><\/div>\n\t\t\t\t\t\t\t\t\t\t\t\t\t\t<\/a>\n\t\t\t\t\t\t\t<a class=\"e-gallery-item elementor-gallery-item elementor-animated-content\" href=\"https:\/\/redeicm.org.br\/pioxii\/wp-content\/uploads\/sites\/2\/2026\/08\/LE01-4560.jpg-scaled.jpg\" data-elementor-open-lightbox=\"yes\" data-elementor-lightbox-slideshow=\"c6e1b1d\" data-elementor-lightbox-title=\"Sala de Pastoral\" data-e-action-hash=\"#elementor-action%3Aaction%3Dlightbox%26settings%3DeyJpZCI6NDAyMCwidXJsIjoiaHR0cHM6XC9cL3JlZGVpY20ub3JnLmJyXC9waW94aWlcL3dwLWNvbnRlbnRcL3VwbG9hZHNcL3NpdGVzXC8yXC8yMDI2XC8wOFwvTEUwMS00NTYwLmpwZy1zY2FsZWQuanBnIiwic2xpZGVzaG93IjoiYzZlMWIxZCJ9\">\n\t\t\t\t\t<div class=\"e-gallery-image elementor-gallery-item__image\" data-thumbnail=\"https:\/\/redeicm.org.br\/pioxii\/wp-content\/uploads\/sites\/2\/2026\/08\/LE01-4560.jpg-300x200.jpg\" data-width=\"300\" data-height=\"200\" aria-label=\"\" role=\"img\" ><\/div>\n\t\t\t\t\t\t\t\t\t\t\t<div class=\"elementor-gallery-item__overlay\"><\/div>\n\t\t\t\t\t\t\t\t\t\t\t\t\t\t<\/a>\n\t\t\t\t\t\t\t<a class=\"e-gallery-item elementor-gallery-item elementor-animated-content\" href=\"https:\/\/redeicm.org.br\/pioxii\/wp-content\/uploads\/sites\/2\/2026\/08\/LE01-4616.jpg-scaled.jpg\" data-elementor-open-lightbox=\"yes\" data-elementor-lightbox-slideshow=\"c6e1b1d\" data-elementor-lightbox-title=\"Sala de Arte\" data-e-action-hash=\"#elementor-action%3Aaction%3Dlightbox%26settings%3DeyJpZCI6NDAyMywidXJsIjoiaHR0cHM6XC9cL3JlZGVpY20ub3JnLmJyXC9waW94aWlcL3dwLWNvbnRlbnRcL3VwbG9hZHNcL3NpdGVzXC8yXC8yMDI2XC8wOFwvTEUwMS00NjE2LmpwZy1zY2FsZWQuanBnIiwic2xpZGVzaG93IjoiYzZlMWIxZCJ9\">\n\t\t\t\t\t<div class=\"e-gallery-image elementor-gallery-item__image\" data-thumbnail=\"https:\/\/redeicm.org.br\/pioxii\/wp-content\/uploads\/sites\/2\/2026\/08\/LE01-4616.jpg-300x200.jpg\" data-width=\"300\" data-height=\"200\" aria-label=\"\" role=\"img\" ><\/div>\n\t\t\t\t\t\t\t\t\t\t\t<div class=\"elementor-gallery-item__overlay\"><\/div>\n\t\t\t\t\t\t\t\t\t\t\t\t\t\t<\/a>\n\t\t\t\t\t\t\t<a class=\"e-gallery-item elementor-gallery-item elementor-animated-content\" href=\"https:\/\/redeicm.org.br\/pioxii\/wp-content\/uploads\/sites\/2\/2026\/08\/LE01-4270.jpg-scaled.jpg\" data-elementor-open-lightbox=\"yes\" data-elementor-lightbox-slideshow=\"c6e1b1d\" data-elementor-lightbox-title=\"Audit\u00f3rio\" data-e-action-hash=\"#elementor-action%3Aaction%3Dlightbox%26settings%3DeyJpZCI6NDAxMiwidXJsIjoiaHR0cHM6XC9cL3JlZGVpY20ub3JnLmJyXC9waW94aWlcL3dwLWNvbnRlbnRcL3VwbG9hZHNcL3NpdGVzXC8yXC8yMDI2XC8wOFwvTEUwMS00MjcwLmpwZy1zY2FsZWQuanBnIiwic2xpZGVzaG93IjoiYzZlMWIxZCJ9\">\n\t\t\t\t\t<div class=\"e-gallery-image elementor-gallery-item__image\" data-thumbnail=\"https:\/\/redeicm.org.br\/pioxii\/wp-content\/uploads\/sites\/2\/2026\/08\/LE01-4270.jpg-300x200.jpg\" data-width=\"300\" data-height=\"200\" aria-label=\"\" role=\"img\" ><\/div>\n\t\t\t\t\t\t\t\t\t\t\t<div class=\"elementor-gallery-item__overlay\"><\/div>\n\t\t\t\t\t\t\t\t\t\t\t\t\t\t<\/a>\n\t\t\t\t\t\t\t<a class=\"e-gallery-item elementor-gallery-item elementor-animated-content\" href=\"https:\/\/redeicm.org.br\/pioxii\/wp-content\/uploads\/sites\/2\/2026\/08\/LE01-4436.jpg-scaled.jpg\" data-elementor-open-lightbox=\"yes\" data-elementor-lightbox-slideshow=\"c6e1b1d\" data-elementor-lightbox-title=\"Quadra poliesportiva\" data-e-action-hash=\"#elementor-action%3Aaction%3Dlightbox%26settings%3DeyJpZCI6NDAxNSwidXJsIjoiaHR0cHM6XC9cL3JlZGVpY20ub3JnLmJyXC9waW94aWlcL3dwLWNvbnRlbnRcL3VwbG9hZHNcL3NpdGVzXC8yXC8yMDI2XC8wOFwvTEUwMS00NDM2LmpwZy1zY2FsZWQuanBnIiwic2xpZGVzaG93IjoiYzZlMWIxZCJ9\">\n\t\t\t\t\t<div class=\"e-gallery-image elementor-gallery-item__image\" data-thumbnail=\"https:\/\/redeicm.org.br\/pioxii\/wp-content\/uploads\/sites\/2\/2026\/08\/LE01-4436.jpg-300x200.jpg\" data-width=\"300\" data-height=\"200\" aria-label=\"\" role=\"img\" ><\/div>\n\t\t\t\t\t\t\t\t\t\t\t<div class=\"elementor-gallery-item__overlay\"><\/div>\n\t\t\t\t\t\t\t\t\t\t\t\t\t\t<\/a>\n\t\t\t\t\t\t\t<a class=\"e-gallery-item elementor-gallery-item elementor-animated-content\" href=\"https:\/\/redeicm.org.br\/pioxii\/wp-content\/uploads\/sites\/2\/2026\/08\/LE01-4463.jpg-1-scaled.jpg\" data-elementor-open-lightbox=\"yes\" data-elementor-lightbox-slideshow=\"c6e1b1d\" data-elementor-lightbox-title=\"Quadra poliesportiva - ECE\" data-e-action-hash=\"#elementor-action%3Aaction%3Dlightbox%26settings%3DeyJpZCI6NDAxNiwidXJsIjoiaHR0cHM6XC9cL3JlZGVpY20ub3JnLmJyXC9waW94aWlcL3dwLWNvbnRlbnRcL3VwbG9hZHNcL3NpdGVzXC8yXC8yMDI2XC8wOFwvTEUwMS00NDYzLmpwZy0xLXNjYWxlZC5qcGciLCJzbGlkZXNob3ciOiJjNmUxYjFkIn0%3D\">\n\t\t\t\t\t<div class=\"e-gallery-image elementor-gallery-item__image\" data-thumbnail=\"https:\/\/redeicm.org.br\/pioxii\/wp-content\/uploads\/sites\/2\/2026\/08\/LE01-4463.jpg-1-300x200.jpg\" data-width=\"300\" data-height=\"200\" aria-label=\"\" role=\"img\" ><\/div>\n\t\t\t\t\t\t\t\t\t\t\t<div class=\"elementor-gallery-item__overlay\"><\/div>\n\t\t\t\t\t\t\t\t\t\t\t\t\t\t<\/a>\n\t\t\t\t\t\t\t<a class=\"e-gallery-item elementor-gallery-item elementor-animated-content\" href=\"https:\/\/redeicm.org.br\/pioxii\/wp-content\/uploads\/sites\/2\/2026\/08\/LE01-4172.jpg-scaled.jpg\" data-elementor-open-lightbox=\"yes\" data-elementor-lightbox-slideshow=\"c6e1b1d\" data-elementor-lightbox-title=\"Espa\u00e7o Maker\" data-e-action-hash=\"#elementor-action%3Aaction%3Dlightbox%26settings%3DeyJpZCI6NDAwNiwidXJsIjoiaHR0cHM6XC9cL3JlZGVpY20ub3JnLmJyXC9waW94aWlcL3dwLWNvbnRlbnRcL3VwbG9hZHNcL3NpdGVzXC8yXC8yMDI2XC8wOFwvTEUwMS00MTcyLmpwZy1zY2FsZWQuanBnIiwic2xpZGVzaG93IjoiYzZlMWIxZCJ9\">\n\t\t\t\t\t<div class=\"e-gallery-image elementor-gallery-item__image\" data-thumbnail=\"https:\/\/redeicm.org.br\/pioxii\/wp-content\/uploads\/sites\/2\/2026\/08\/LE01-4172.jpg-300x200.jpg\" data-width=\"300\" data-height=\"200\" aria-label=\"\" role=\"img\" ><\/div>\n\t\t\t\t\t\t\t\t\t\t\t<div class=\"elementor-gallery-item__overlay\"><\/div>\n\t\t\t\t\t\t\t\t\t\t\t\t\t\t<\/a>\n\t\t\t\t\t\t\t<a class=\"e-gallery-item elementor-gallery-item elementor-animated-content\" href=\"https:\/\/redeicm.org.br\/pioxii\/wp-content\/uploads\/sites\/2\/2026\/08\/LE01-4168.jpg-1-scaled.jpg\" data-elementor-open-lightbox=\"yes\" data-elementor-lightbox-slideshow=\"c6e1b1d\" data-elementor-lightbox-title=\"Espa\u00e7o Maker\" data-e-action-hash=\"#elementor-action%3Aaction%3Dlightbox%26settings%3DeyJpZCI6NDAwNywidXJsIjoiaHR0cHM6XC9cL3JlZGVpY20ub3JnLmJyXC9waW94aWlcL3dwLWNvbnRlbnRcL3VwbG9hZHNcL3NpdGVzXC8yXC8yMDI2XC8wOFwvTEUwMS00MTY4LmpwZy0xLXNjYWxlZC5qcGciLCJzbGlkZXNob3ciOiJjNmUxYjFkIn0%3D\">\n\t\t\t\t\t<div class=\"e-gallery-image elementor-gallery-item__image\" data-thumbnail=\"https:\/\/redeicm.org.br\/pioxii\/wp-content\/uploads\/sites\/2\/2026\/08\/LE01-4168.jpg-1-300x200.jpg\" data-width=\"300\" data-height=\"200\" aria-label=\"\" role=\"img\" ><\/div>\n\t\t\t\t\t\t\t\t\t\t\t<div class=\"elementor-gallery-item__overlay\"><\/div>\n\t\t\t\t\t\t\t\t\t\t\t\t\t\t<\/a>\n\t\t\t\t\t\t\t<a class=\"e-gallery-item elementor-gallery-item elementor-animated-content\" href=\"https:\/\/redeicm.org.br\/pioxii\/wp-content\/uploads\/sites\/2\/2026\/08\/LE01-4203.jpg-scaled.jpg\" data-elementor-open-lightbox=\"yes\" data-elementor-lightbox-slideshow=\"c6e1b1d\" data-elementor-lightbox-title=\"Espa\u00e7o de Conviv\u00eancia\" data-e-action-hash=\"#elementor-action%3Aaction%3Dlightbox%26settings%3DeyJpZCI6NDAwOCwidXJsIjoiaHR0cHM6XC9cL3JlZGVpY20ub3JnLmJyXC9waW94aWlcL3dwLWNvbnRlbnRcL3VwbG9hZHNcL3NpdGVzXC8yXC8yMDI2XC8wOFwvTEUwMS00MjAzLmpwZy1zY2FsZWQuanBnIiwic2xpZGVzaG93IjoiYzZlMWIxZCJ9\">\n\t\t\t\t\t<div class=\"e-gallery-image elementor-gallery-item__image\" data-thumbnail=\"https:\/\/redeicm.org.br\/pioxii\/wp-content\/uploads\/sites\/2\/2026\/08\/LE01-4203.jpg-300x200.jpg\" data-width=\"300\" data-height=\"200\" aria-label=\"\" role=\"img\" ><\/div>\n\t\t\t\t\t\t\t\t\t\t\t<div class=\"elementor-gallery-item__overlay\"><\/div>\n\t\t\t\t\t\t\t\t\t\t\t\t\t\t<\/a>\n\t\t\t\t\t\t\t<a class=\"e-gallery-item elementor-gallery-item elementor-animated-content\" href=\"https:\/\/redeicm.org.br\/pioxii\/wp-content\/uploads\/sites\/2\/2026\/08\/LE01-4470.jpg-scaled.jpg\" data-elementor-open-lightbox=\"yes\" data-elementor-lightbox-slideshow=\"c6e1b1d\" data-elementor-lightbox-title=\"Piscina\" data-e-action-hash=\"#elementor-action%3Aaction%3Dlightbox%26settings%3DeyJpZCI6NDAxNywidXJsIjoiaHR0cHM6XC9cL3JlZGVpY20ub3JnLmJyXC9waW94aWlcL3dwLWNvbnRlbnRcL3VwbG9hZHNcL3NpdGVzXC8yXC8yMDI2XC8wOFwvTEUwMS00NDcwLmpwZy1zY2FsZWQuanBnIiwic2xpZGVzaG93IjoiYzZlMWIxZCJ9\">\n\t\t\t\t\t<div class=\"e-gallery-image elementor-gallery-item__image\" data-thumbnail=\"https:\/\/redeicm.org.br\/pioxii\/wp-content\/uploads\/sites\/2\/2026\/08\/LE01-4470.jpg-300x200.jpg\" data-width=\"300\" data-height=\"200\" aria-label=\"\" role=\"img\" ><\/div>\n\t\t\t\t\t\t\t\t\t\t\t<div class=\"elementor-gallery-item__overlay\"><\/div>\n\t\t\t\t\t\t\t\t\t\t\t\t\t\t<\/a>\n\t\t\t\t\t\t\t<a class=\"e-gallery-item elementor-gallery-item elementor-animated-content\" href=\"https:\/\/redeicm.org.br\/pioxii\/wp-content\/uploads\/sites\/2\/2026\/08\/LE01-4483.jpg-scaled.jpg\" data-elementor-open-lightbox=\"yes\" data-elementor-lightbox-slideshow=\"c6e1b1d\" data-elementor-lightbox-title=\"Sala de Jud\u00f4\" data-e-action-hash=\"#elementor-action%3Aaction%3Dlightbox%26settings%3DeyJpZCI6NDAxOCwidXJsIjoiaHR0cHM6XC9cL3JlZGVpY20ub3JnLmJyXC9waW94aWlcL3dwLWNvbnRlbnRcL3VwbG9hZHNcL3NpdGVzXC8yXC8yMDI2XC8wOFwvTEUwMS00NDgzLmpwZy1zY2FsZWQuanBnIiwic2xpZGVzaG93IjoiYzZlMWIxZCJ9\">\n\t\t\t\t\t<div class=\"e-gallery-image elementor-gallery-item__image\" data-thumbnail=\"https:\/\/redeicm.org.br\/pioxii\/wp-content\/uploads\/sites\/2\/2026\/08\/LE01-4483.jpg-300x200.jpg\" data-width=\"300\" data-height=\"200\" aria-label=\"\" role=\"img\" ><\/div>\n\t\t\t\t\t\t\t\t\t\t\t<div class=\"elementor-gallery-item__overlay\"><\/div>\n\t\t\t\t\t\t\t\t\t\t\t\t\t\t<\/a>\n\t\t\t\t\t\t\t<a class=\"e-gallery-item elementor-gallery-item elementor-animated-content\" href=\"https:\/\/redeicm.org.br\/pioxii\/wp-content\/uploads\/sites\/2\/2026\/08\/LE01-4448.jpg-scaled.jpg\" data-elementor-open-lightbox=\"yes\" data-elementor-lightbox-slideshow=\"c6e1b1d\" data-elementor-lightbox-title=\"Espe\u00e7o interativo ECE Pio XII\" data-e-action-hash=\"#elementor-action%3Aaction%3Dlightbox%26settings%3DeyJpZCI6Mzk4MSwidXJsIjoiaHR0cHM6XC9cL3JlZGVpY20ub3JnLmJyXC9waW94aWlcL3dwLWNvbnRlbnRcL3VwbG9hZHNcL3NpdGVzXC8yXC8yMDI2XC8wOFwvTEUwMS00NDQ4LmpwZy1zY2FsZWQuanBnIiwic2xpZGVzaG93IjoiYzZlMWIxZCJ9\">\n\t\t\t\t\t<div class=\"e-gallery-image elementor-gallery-item__image\" data-thumbnail=\"https:\/\/redeicm.org.br\/pioxii\/wp-content\/uploads\/sites\/2\/2026\/08\/LE01-4448.jpg-300x200.jpg\" data-width=\"300\" data-height=\"200\" aria-label=\"\" role=\"img\" ><\/div>\n\t\t\t\t\t\t\t\t\t\t\t<div class=\"elementor-gallery-item__overlay\"><\/div>\n\t\t\t\t\t\t\t\t\t\t\t\t\t\t<\/a>\n\t\t\t\t\t<\/div>\n\t\t\t\t\t<\/div>\n\t\t\t\t<\/div>\n\t\t\t\t\t<\/div>\n\t\t\t\t<\/div>\n\t\t\t\t<\/div>\n\t\t","protected":false},"excerpt":{"rendered":"<p>Do Conhecimento \u00e0 Autonomia: O desenvolvimento\u00a0 do Pensamento Cr\u00edtico e Protagonismo. A crian\u00e7a inicia a transi\u00e7\u00e3o para a adolesc\u00eancia vivenciando transforma\u00e7\u00f5es profundas em diferentes dimens\u00f5es de seu desenvolvimento. Compreendemos que essa etapa exige muito mais do que a transmiss\u00e3o de conhecimentos: requer acolhimento, est\u00edmulo intelectual, acompanhamento pr\u00f3ximo e oportunidades para o desenvolvimento da maturidade emocional. [&hellip;]<\/p>\n","protected":false},"author":1,"featured_media":4064,"parent":0,"menu_order":0,"comment_status":"closed","ping_status":"closed","template":"","meta":{"_acf_changed":false,"footnotes":""},"class_list":["post-290","page","type-page","status-publish","has-post-thumbnail","hentry"],"acf":[],"yoast_head":"<!-- This site is optimized with the Yoast SEO plugin v27.8 - https:\/\/yoast.com\/product\/yoast-seo-wordpress\/ -->\n<title>Ensino Fundamental \u2013 Anos finais - Escola Pio XII | Rede ICM de educa\u00e7\u00e3o<\/title>\n<meta name=\"robots\" content=\"index, follow, max-snippet:-1, max-image-preview:large, max-video-preview:-1\" \/>\n<link rel=\"canonical\" href=\"https:\/\/redeicm.org.br\/pioxii\/ensino-fundamental-anos-finais\/\" \/>\n<meta property=\"og:locale\" content=\"pt_BR\" \/>\n<meta property=\"og:type\" content=\"article\" \/>\n<meta property=\"og:title\" content=\"Ensino Fundamental \u2013 Anos finais - Escola Pio XII | Rede ICM de educa\u00e7\u00e3o\" \/>\n<meta property=\"og:description\" content=\"Do Conhecimento \u00e0 Autonomia: O desenvolvimento\u00a0 do Pensamento Cr\u00edtico e Protagonismo. A crian\u00e7a inicia a transi\u00e7\u00e3o para a adolesc\u00eancia vivenciando transforma\u00e7\u00f5es profundas em diferentes dimens\u00f5es de seu desenvolvimento. Compreendemos que essa etapa exige muito mais do que a transmiss\u00e3o de conhecimentos: requer acolhimento, est\u00edmulo intelectual, acompanhamento pr\u00f3ximo e oportunidades para o desenvolvimento da maturidade emocional. [&hellip;]\" \/>\n<meta property=\"og:url\" content=\"https:\/\/redeicm.org.br\/pioxii\/ensino-fundamental-anos-finais\/\" \/>\n<meta property=\"og:site_name\" content=\"Escola Pio XII | Rede ICM de educa\u00e7\u00e3o\" \/>\n<meta property=\"article:modified_time\" content=\"2026-08-21T20:07:42+00:00\" \/>\n<meta property=\"og:image\" content=\"https:\/\/redeicm.org.br\/pioxii\/wp-content\/uploads\/sites\/2\/2026\/08\/24-1024x293.png\" \/>\n\t<meta property=\"og:image:width\" content=\"1024\" \/>\n\t<meta property=\"og:image:height\" content=\"293\" \/>\n\t<meta property=\"og:image:type\" content=\"image\/png\" \/>\n<meta name=\"twitter:card\" content=\"summary_large_image\" \/>\n<meta name=\"twitter:label1\" content=\"Est. tempo de leitura\" \/>\n\t<meta name=\"twitter:data1\" content=\"2 minutos\" \/>\n<script type=\"application\/ld+json\" class=\"yoast-schema-graph\">{\"@context\":\"https:\\\/\\\/schema.org\",\"@graph\":[{\"@type\":\"WebPage\",\"@id\":\"https:\\\/\\\/redeicm.org.br\\\/pioxii\\\/ensino-fundamental-anos-finais\\\/\",\"url\":\"https:\\\/\\\/redeicm.org.br\\\/pioxii\\\/ensino-fundamental-anos-finais\\\/\",\"name\":\"Ensino Fundamental \u2013 Anos finais - Escola Pio XII | Rede ICM de educa\u00e7\u00e3o\",\"isPartOf\":{\"@id\":\"https:\\\/\\\/redeicm.org.br\\\/pioxii\\\/#website\"},\"primaryImageOfPage\":{\"@id\":\"https:\\\/\\\/redeicm.org.br\\\/pioxii\\\/ensino-fundamental-anos-finais\\\/#primaryimage\"},\"image\":{\"@id\":\"https:\\\/\\\/redeicm.org.br\\\/pioxii\\\/ensino-fundamental-anos-finais\\\/#primaryimage\"},\"thumbnailUrl\":\"https:\\\/\\\/redeicm.org.br\\\/pioxii\\\/wp-content\\\/uploads\\\/sites\\\/2\\\/2026\\\/08\\\/24.png\",\"datePublished\":\"2024-08-08T14:41:57+00:00\",\"dateModified\":\"2026-08-21T20:07:42+00:00\",\"breadcrumb\":{\"@id\":\"https:\\\/\\\/redeicm.org.br\\\/pioxii\\\/ensino-fundamental-anos-finais\\\/#breadcrumb\"},\"inLanguage\":\"pt-BR\",\"potentialAction\":[{\"@type\":\"ReadAction\",\"target\":[\"https:\\\/\\\/redeicm.org.br\\\/pioxii\\\/ensino-fundamental-anos-finais\\\/\"]}]},{\"@type\":\"ImageObject\",\"inLanguage\":\"pt-BR\",\"@id\":\"https:\\\/\\\/redeicm.org.br\\\/pioxii\\\/ensino-fundamental-anos-finais\\\/#primaryimage\",\"url\":\"https:\\\/\\\/redeicm.org.br\\\/pioxii\\\/wp-content\\\/uploads\\\/sites\\\/2\\\/2026\\\/08\\\/24.png\",\"contentUrl\":\"https:\\\/\\\/redeicm.org.br\\\/pioxii\\\/wp-content\\\/uploads\\\/sites\\\/2\\\/2026\\\/08\\\/24.png\",\"width\":1920,\"height\":550},{\"@type\":\"BreadcrumbList\",\"@id\":\"https:\\\/\\\/redeicm.org.br\\\/pioxii\\\/ensino-fundamental-anos-finais\\\/#breadcrumb\",\"itemListElement\":[{\"@type\":\"ListItem\",\"position\":1,\"name\":\"In\u00edcio\",\"item\":\"https:\\\/\\\/redeicm.org.br\\\/pioxii\\\/\"},{\"@type\":\"ListItem\",\"position\":2,\"name\":\"Ensino Fundamental \u2013 Anos finais\"}]},{\"@type\":\"WebSite\",\"@id\":\"https:\\\/\\\/redeicm.org.br\\\/pioxii\\\/#website\",\"url\":\"https:\\\/\\\/redeicm.org.br\\\/pioxii\\\/\",\"name\":\"Escola Pio XII | Rede ICM de educa\u00e7\u00e3o\",\"description\":\"\",\"publisher\":{\"@id\":\"https:\\\/\\\/redeicm.org.br\\\/pioxii\\\/#organization\"},\"potentialAction\":[{\"@type\":\"SearchAction\",\"target\":{\"@type\":\"EntryPoint\",\"urlTemplate\":\"https:\\\/\\\/redeicm.org.br\\\/pioxii\\\/?s={search_term_string}\"},\"query-input\":{\"@type\":\"PropertyValueSpecification\",\"valueRequired\":true,\"valueName\":\"search_term_string\"}}],\"inLanguage\":\"pt-BR\"},{\"@type\":\"Organization\",\"@id\":\"https:\\\/\\\/redeicm.org.br\\\/pioxii\\\/#organization\",\"name\":\"Escola Pio XII | Rede ICM de educa\u00e7\u00e3o\",\"url\":\"https:\\\/\\\/redeicm.org.br\\\/pioxii\\\/\",\"logo\":{\"@type\":\"ImageObject\",\"inLanguage\":\"pt-BR\",\"@id\":\"https:\\\/\\\/redeicm.org.br\\\/pioxii\\\/#\\\/schema\\\/logo\\\/image\\\/\",\"url\":\"https:\\\/\\\/redeicm.org.br\\\/pioxii\\\/wp-content\\\/uploads\\\/sites\\\/2\\\/2024\\\/07\\\/logo-pio-xii.png\",\"contentUrl\":\"https:\\\/\\\/redeicm.org.br\\\/pioxii\\\/wp-content\\\/uploads\\\/sites\\\/2\\\/2024\\\/07\\\/logo-pio-xii.png\",\"width\":184,\"height\":75,\"caption\":\"Escola Pio XII | Rede ICM de educa\u00e7\u00e3o\"},\"image\":{\"@id\":\"https:\\\/\\\/redeicm.org.br\\\/pioxii\\\/#\\\/schema\\\/logo\\\/image\\\/\"}}]}<\/script>\n<!-- \/ Yoast SEO plugin. -->","yoast_head_json":{"title":"Ensino Fundamental \u2013 Anos finais - Escola Pio XII | Rede ICM de educa\u00e7\u00e3o","robots":{"index":"index","follow":"follow","max-snippet":"max-snippet:-1","max-image-preview":"max-image-preview:large","max-video-preview":"max-video-preview:-1"},"canonical":"https:\/\/redeicm.org.br\/pioxii\/ensino-fundamental-anos-finais\/","og_locale":"pt_BR","og_type":"article","og_title":"Ensino Fundamental \u2013 Anos finais - Escola Pio XII | Rede ICM de educa\u00e7\u00e3o","og_description":"Do Conhecimento \u00e0 Autonomia: O desenvolvimento\u00a0 do Pensamento Cr\u00edtico e Protagonismo. A crian\u00e7a inicia a transi\u00e7\u00e3o para a adolesc\u00eancia vivenciando transforma\u00e7\u00f5es profundas em diferentes dimens\u00f5es de seu desenvolvimento. Compreendemos que essa etapa exige muito mais do que a transmiss\u00e3o de conhecimentos: requer acolhimento, est\u00edmulo intelectual, acompanhamento pr\u00f3ximo e oportunidades para o desenvolvimento da maturidade emocional. [&hellip;]","og_url":"https:\/\/redeicm.org.br\/pioxii\/ensino-fundamental-anos-finais\/","og_site_name":"Escola Pio XII | Rede ICM de educa\u00e7\u00e3o","article_modified_time":"2026-08-21T20:07:42+00:00","og_image":[{"width":1024,"height":293,"url":"https:\/\/redeicm.org.br\/pioxii\/wp-content\/uploads\/sites\/2\/2026\/08\/24-1024x293.png","type":"image\/png"}],"twitter_card":"summary_large_image","twitter_misc":{"Est. tempo de leitura":"2 minutos"},"schema":{"@context":"https:\/\/schema.org","@graph":[{"@type":"WebPage","@id":"https:\/\/redeicm.org.br\/pioxii\/ensino-fundamental-anos-finais\/","url":"https:\/\/redeicm.org.br\/pioxii\/ensino-fundamental-anos-finais\/","name":"Ensino Fundamental \u2013 Anos finais - Escola Pio XII | Rede ICM de educa\u00e7\u00e3o","isPartOf":{"@id":"https:\/\/redeicm.org.br\/pioxii\/#website"},"primaryImageOfPage":{"@id":"https:\/\/redeicm.org.br\/pioxii\/ensino-fundamental-anos-finais\/#primaryimage"},"image":{"@id":"https:\/\/redeicm.org.br\/pioxii\/ensino-fundamental-anos-finais\/#primaryimage"},"thumbnailUrl":"https:\/\/redeicm.org.br\/pioxii\/wp-content\/uploads\/sites\/2\/2026\/08\/24.png","datePublished":"2024-08-08T14:41:57+00:00","dateModified":"2026-08-21T20:07:42+00:00","breadcrumb":{"@id":"https:\/\/redeicm.org.br\/pioxii\/ensino-fundamental-anos-finais\/#breadcrumb"},"inLanguage":"pt-BR","potentialAction":[{"@type":"ReadAction","target":["https:\/\/redeicm.org.br\/pioxii\/ensino-fundamental-anos-finais\/"]}]},{"@type":"ImageObject","inLanguage":"pt-BR","@id":"https:\/\/redeicm.org.br\/pioxii\/ensino-fundamental-anos-finais\/#primaryimage","url":"https:\/\/redeicm.org.br\/pioxii\/wp-content\/uploads\/sites\/2\/2026\/08\/24.png","contentUrl":"https:\/\/redeicm.org.br\/pioxii\/wp-content\/uploads\/sites\/2\/2026\/08\/24.png","width":1920,"height":550},{"@type":"BreadcrumbList","@id":"https:\/\/redeicm.org.br\/pioxii\/ensino-fundamental-anos-finais\/#breadcrumb","itemListElement":[{"@type":"ListItem","position":1,"name":"In\u00edcio","item":"https:\/\/redeicm.org.br\/pioxii\/"},{"@type":"ListItem","position":2,"name":"Ensino Fundamental \u2013 Anos finais"}]},{"@type":"WebSite","@id":"https:\/\/redeicm.org.br\/pioxii\/#website","url":"https:\/\/redeicm.org.br\/pioxii\/","name":"Escola Pio XII | Rede ICM de educa\u00e7\u00e3o","description":"","publisher":{"@id":"https:\/\/redeicm.org.br\/pioxii\/#organization"},"potentialAction":[{"@type":"SearchAction","target":{"@type":"EntryPoint","urlTemplate":"https:\/\/redeicm.org.br\/pioxii\/?s={search_term_string}"},"query-input":{"@type":"PropertyValueSpecification","valueRequired":true,"valueName":"search_term_string"}}],"inLanguage":"pt-BR"},{"@type":"Organization","@id":"https:\/\/redeicm.org.br\/pioxii\/#organization","name":"Escola Pio XII | Rede ICM de educa\u00e7\u00e3o","url":"https:\/\/redeicm.org.br\/pioxii\/","logo":{"@type":"ImageObject","inLanguage":"pt-BR","@id":"https:\/\/redeicm.org.br\/pioxii\/#\/schema\/logo\/image\/","url":"https:\/\/redeicm.org.br\/pioxii\/wp-content\/uploads\/sites\/2\/2024\/07\/logo-pio-xii.png","contentUrl":"https:\/\/redeicm.org.br\/pioxii\/wp-content\/uploads\/sites\/2\/2024\/07\/logo-pio-xii.png","width":184,"height":75,"caption":"Escola Pio XII | Rede ICM de educa\u00e7\u00e3o"},"image":{"@id":"https:\/\/redeicm.org.br\/pioxii\/#\/schema\/logo\/image\/"}}]}},"_links":{"self":[{"href":"https:\/\/redeicm.org.br\/pioxii\/wp-json\/wp\/v2\/pages\/290","targetHints":{"allow":["GET"]}}],"collection":[{"href":"https:\/\/redeicm.org.br\/pioxii\/wp-json\/wp\/v2\/pages"}],"about":[{"href":"https:\/\/redeicm.org.br\/pioxii\/wp-json\/wp\/v2\/types\/page"}],"author":[{"embeddable":true,"href":"https:\/\/redeicm.org.br\/pioxii\/wp-json\/wp\/v2\/users\/1"}],"replies":[{"embeddable":true,"href":"https:\/\/redeicm.org.br\/pioxii\/wp-json\/wp\/v2\/comments?post=290"}],"version-history":[{"count":36,"href":"https:\/\/redeicm.org.br\/pioxii\/wp-json\/wp\/v2\/pages\/290\/revisions"}],"predecessor-version":[{"id":4065,"href":"https:\/\/redeicm.org.br\/pioxii\/wp-json\/wp\/v2\/pages\/290\/revisions\/4065"}],"wp:featuredmedia":[{"embeddable":true,"href":"https:\/\/redeicm.org.br\/pioxii\/wp-json\/wp\/v2\/media\/4064"}],"wp:attachment":[{"href":"https:\/\/redeicm.org.br\/pioxii\/wp-json\/wp\/v2\/media?parent=290"}],"curies":[{"name":"wp","href":"https:\/\/api.w.org\/{rel}","templated":true}]}}