{"id":288,"date":"2024-08-08T11:41:34","date_gmt":"2024-08-08T14:41:34","guid":{"rendered":"https:\/\/redeicm.org.br\/pioxii\/?page_id=288"},"modified":"2026-08-21T17:05:50","modified_gmt":"2026-08-21T20:05:50","slug":"ensino-fundamental-anos-iniciais","status":"publish","type":"page","link":"https:\/\/redeicm.org.br\/pioxii\/ensino-fundamental-anos-iniciais\/","title":{"rendered":"Ensino Fundamental \u2013 Anos Iniciais"},"content":{"rendered":"\t\t<div data-elementor-type=\"wp-page\" data-elementor-id=\"288\" class=\"elementor elementor-288\" data-elementor-post-type=\"page\">\n\t\t\t\t<div class=\"elementor-element elementor-element-35d4227 e-flex e-con-boxed e-con e-parent\" data-id=\"35d4227\" data-element_type=\"container\" data-e-type=\"container\" data-settings=\"{&quot;background_background&quot;:&quot;classic&quot;}\">\n\t\t\t\t\t<div class=\"e-con-inner\">\n\t\t\t\t\t<\/div>\n\t\t\t\t<\/div>\n\t\t<div class=\"elementor-element elementor-element-4a588c5 e-flex e-con-boxed e-con e-parent\" data-id=\"4a588c5\" data-element_type=\"container\" data-e-type=\"container\">\n\t\t\t\t\t<div class=\"e-con-inner\">\n\t\t\t\t<div class=\"elementor-element elementor-element-c015a02 elementor-widget elementor-widget-heading\" data-id=\"c015a02\" data-element_type=\"widget\" data-e-type=\"widget\" data-widget_type=\"heading.default\">\n\t\t\t\t<div class=\"elementor-widget-container\">\n\t\t\t\t\t<h1 class=\"elementor-heading-title elementor-size-default\">Ensino Fundamental \u2013 Anos Iniciais<\/h1>\t\t\t\t<\/div>\n\t\t\t\t<\/div>\n\t\t\t\t\t<\/div>\n\t\t\t\t<\/div>\n\t\t<div class=\"elementor-element elementor-element-5234431 e-con-full e-flex e-con e-parent\" data-id=\"5234431\" data-element_type=\"container\" data-e-type=\"container\">\n\t\t<div class=\"elementor-element elementor-element-f178737 e-flex e-con-boxed e-con e-child\" data-id=\"f178737\" data-element_type=\"container\" data-e-type=\"container\">\n\t\t\t\t\t<div class=\"e-con-inner\">\n\t\t\t\t<div class=\"elementor-element elementor-element-5461cbe elementor-invisible elementor-widget elementor-widget-text-editor\" data-id=\"5461cbe\" data-element_type=\"widget\" data-e-type=\"widget\" data-settings=\"{&quot;_animation&quot;:&quot;fadeInUp&quot;}\" data-widget_type=\"text-editor.default\">\n\t\t\t\t<div class=\"elementor-widget-container\">\n\t\t\t\t\t\t\t\t\t<h2 data-path-to-node=\"5,0\"><b data-path-to-node=\"5,0\" data-index-in-node=\"0\">Aprendizado com Protagonismo e Descoberta\u00a0<\/b><\/h2><p><span style=\"font-weight: 400\">Nos Anos Iniciais do Ensino Fundamental, a Escola Pio XII busca promover a forma\u00e7\u00e3o integral dos estudantes, desenvolvendo conhecimentos, habilidades, autonomia e valores.<\/span><\/p><p><span style=\"font-weight: 400\">Nossa pr\u00e1tica pedag\u00f3gica coloca o estudante como protagonista da aprendizagem, por meio de experi\u00eancias, projetos, intera\u00e7\u00f5es e propostas que tornam o aprendizado mais significativo.<\/span><\/p><p><span style=\"font-weight: 400\">Por meio de projetos, atividades e diferentes estrat\u00e9gias, buscamos tornar a aprendizagem din\u00e2mica, contextualizada e conectada \u00e0 realidade dos estudantes.<\/span><\/p><p><span style=\"font-weight: 400\">Para desenvolver esse trabalho, contamos com uma equipe de professores qualificada, que atua de forma integrada e busca aprimorar continuamente suas pr\u00e1ticas. O curr\u00edculo contempla diferentes \u00e1reas do conhecimento e componentes curriculares, garantindo aos estudantes uma forma\u00e7\u00e3o ampla e diversificada.<\/span><\/p><p><span style=\"font-weight: 400\">Al\u00e9m das aulas com a professora de refer\u00eancia, os estudantes participam de atividades com professores especializados de Educa\u00e7\u00e3o F\u00edsica, Ingl\u00eas, M\u00fasica e Inform\u00e1tica Educacional, ampliando suas experi\u00eancias e possibilidades de aprendizagem.<\/span><\/p><p><span style=\"font-weight: 400\">No cotidiano escolar, utilizamos o material did\u00e1tico SAS e plataformas digitais integradas ao curr\u00edculo, que contribuem para o desenvolvimento das habilidades e compet\u00eancias previstas para cada etapa. Tamb\u00e9m trabalhamos o desenvolvimento socioemocional por meio do Pleno, contribuindo para que os estudantes reconhe\u00e7am e expressem suas emo\u00e7\u00f5es, desenvolvam habilidades de conviv\u00eancia e aprendam a lidar com diferentes situa\u00e7\u00f5es do cotidiano.<\/span><\/p><p><strong>Processo avaliativo:<\/strong><\/p><p><span style=\"font-weight: 400\">A avalia\u00e7\u00e3o acontece de forma cont\u00ednua e processual. S\u00e3o utilizados diferentes instrumentos, como atividades, trabalhos, testes, avalia\u00e7\u00f5es, projetos, simulados e outras propostas pedag\u00f3gicas, permitindo que o professor acompanhe os avan\u00e7os e as necessidades de cada crian\u00e7a.<\/span><\/p><p><span style=\"font-weight: 400\">No 1\u00ba e no 2\u00ba ano, o acompanhamento \u00e9 registrado em parecer descritivo; do 3\u00ba ao 5\u00ba ano, por meio de boletim com notas, refletindo o percurso de aprendizagem desenvolvido ao longo do trimestre.<\/span><\/p><p><span style=\"font-weight: 400\">Na Escola Pio XII, acreditamos que educar vai al\u00e9m da constru\u00e7\u00e3o de conhecimentos. Nosso trabalho busca formar crian\u00e7as aut\u00f4nomas, respons\u00e1veis, cr\u00edticas, criativas e sens\u00edveis, preparadas para aprender, conviver e transformar o mundo ao seu redor.<\/span><\/p><p>\u00a0<\/p><p><strong>MATERIAL DID\u00c1TICO<\/strong><\/p><ul><li><strong>SAS Educa\u00e7\u00e3o<\/strong> &#8211; Lingua Portuguesa, Matem\u00e1tica, Ci\u00eancias, Hist\u00f3ria e Geografia.<\/li><li><span class=\"a_GcMg font-feature-liga-off font-feature-clig-off font-feature-calt-off text-decoration-none text-strikethrough-none\"><strong>Semear Juntos<\/strong> &#8211; Ensino Religioso.<\/span><\/li><li><span class=\"a_GcMg font-feature-liga-off font-feature-clig-off font-feature-calt-off text-decoration-none text-strikethrough-none\"><strong>UDP Bilingual Program<\/strong> &#8211; Programa Bil\u00edngue.\u00a0<\/span><\/li><li><strong>Pleno Educa\u00e7\u00e3o<\/strong> &#8211; Programa Socioemocional<\/li><\/ul><p>\u00a0<\/p><p><b>PLATAFORMAS DIGITAIS<\/b><\/p><ul><li><strong>Aplicativo Rede ICM<\/strong>\u00a0\u2013 GVMobile\u00a0 \u2013 aplicativo de comunica\u00e7\u00e3o entre fam\u00edlia e escola.\u00a0<\/li><li><strong>Programa Bil\u00edngue<\/strong>\u00a0\u2013 Highlights Library.<\/li><li><strong>EUREKA<\/strong>\u00a0\u2013 SAS Educa\u00e7\u00e3o \u2013 atividade adaptativa e gamificada.\u00a0<\/li><li><strong>Matific<\/strong> &#8211; plataforma com desafios matem\u00e1ticos.<\/li><\/ul><p>\u00a0<\/p><p><strong>Oficina de Rob\u00f3tica Maker Educacional<\/strong> \u00a0<\/p><p>Do 4\u00ba ao 8\u00ba ano, os estudantes podem participar das Oficinas de Rob\u00f3tica Maker Educacional, oferecidas no contraturno e com vagas limitadas. Nas oficinas, trabalhamos conhecimentos b\u00e1sicos de eletr\u00f4nica e rob\u00f3tica, desenvolvendo a criatividade, o pensamento l\u00f3gico e a capacidade de resolver problemas por meio da constru\u00e7\u00e3o de prot\u00f3tipos.<\/p><p>Com foco na sustentabilidade, os estudantes tamb\u00e9m s\u00e3o incentivados a utilizar materiais recicl\u00e1veis e reutiliz\u00e1veis em suas produ\u00e7\u00f5es, transformando ideias em solu\u00e7\u00f5es inovadoras e conscientes.\u00a0<\/p><p><strong>Para mais informa\u00e7\u00f5es agende uma visita e um atendimento pedag\u00f3gico. Clique no banner abaixo.<\/strong><\/p><p><span class=\"a_GcMg font-feature-liga-off font-feature-clig-off font-feature-calt-off text-decoration-none text-strikethrough-none\">\u00a0<\/span><\/p><p><span class=\"a_GcMg font-feature-liga-off font-feature-clig-off font-feature-calt-off text-decoration-none text-strikethrough-none\">\u00a0<\/span><\/p><p id=\"p-rc_4b71c1d6d03f98e7-200\" data-path-to-node=\"5,1\">\u00a0<\/p>\t\t\t\t\t\t\t\t<\/div>\n\t\t\t\t<\/div>\n\t\t\t\t\t<\/div>\n\t\t\t\t<\/div>\n\t\t\t\t<\/div>\n\t\t<div class=\"elementor-element elementor-element-3e38135 e-flex e-con-boxed e-con e-parent\" data-id=\"3e38135\" data-element_type=\"container\" data-e-type=\"container\">\n\t\t\t\t\t<div class=\"e-con-inner\">\n\t\t\t\t<div class=\"elementor-element elementor-element-31df70a elementor-widget elementor-widget-gallery\" data-id=\"31df70a\" data-element_type=\"widget\" data-e-type=\"widget\" data-settings=\"{&quot;lazyload&quot;:&quot;yes&quot;,&quot;gallery_layout&quot;:&quot;grid&quot;,&quot;columns&quot;:4,&quot;columns_tablet&quot;:2,&quot;columns_mobile&quot;:1,&quot;gap&quot;:{&quot;unit&quot;:&quot;px&quot;,&quot;size&quot;:10,&quot;sizes&quot;:[]},&quot;gap_tablet&quot;:{&quot;unit&quot;:&quot;px&quot;,&quot;size&quot;:10,&quot;sizes&quot;:[]},&quot;gap_mobile&quot;:{&quot;unit&quot;:&quot;px&quot;,&quot;size&quot;:10,&quot;sizes&quot;:[]},&quot;link_to&quot;:&quot;file&quot;,&quot;aspect_ratio&quot;:&quot;3:2&quot;,&quot;overlay_background&quot;:&quot;yes&quot;,&quot;content_hover_animation&quot;:&quot;fade-in&quot;}\" data-widget_type=\"gallery.default\">\n\t\t\t\t<div class=\"elementor-widget-container\">\n\t\t\t\t\t\t\t<div class=\"elementor-gallery__container\">\n\t\t\t\t\t\t\t<a class=\"e-gallery-item elementor-gallery-item elementor-animated-content\" href=\"https:\/\/redeicm.org.br\/pioxii\/wp-content\/uploads\/sites\/2\/2026\/08\/LE01-4217.jpg-scaled.jpg\" data-elementor-open-lightbox=\"yes\" data-elementor-lightbox-slideshow=\"31df70a\" data-elementor-lightbox-title=\"Sala de Aula\" data-e-action-hash=\"#elementor-action%3Aaction%3Dlightbox%26settings%3DeyJpZCI6Mzk4OSwidXJsIjoiaHR0cHM6XC9cL3JlZGVpY20ub3JnLmJyXC9waW94aWlcL3dwLWNvbnRlbnRcL3VwbG9hZHNcL3NpdGVzXC8yXC8yMDI2XC8wOFwvTEUwMS00MjE3LmpwZy1zY2FsZWQuanBnIiwic2xpZGVzaG93IjoiMzFkZjcwYSJ9\">\n\t\t\t\t\t<div class=\"e-gallery-image elementor-gallery-item__image\" data-thumbnail=\"https:\/\/redeicm.org.br\/pioxii\/wp-content\/uploads\/sites\/2\/2026\/08\/LE01-4217.jpg-300x200.jpg\" data-width=\"300\" data-height=\"200\" aria-label=\"\" role=\"img\" ><\/div>\n\t\t\t\t\t\t\t\t\t\t\t<div class=\"elementor-gallery-item__overlay\"><\/div>\n\t\t\t\t\t\t\t\t\t\t\t\t\t\t<\/a>\n\t\t\t\t\t\t\t<a class=\"e-gallery-item elementor-gallery-item elementor-animated-content\" href=\"https:\/\/redeicm.org.br\/pioxii\/wp-content\/uploads\/sites\/2\/2026\/08\/LE01-4584.jpg-scaled.jpg\" data-elementor-open-lightbox=\"yes\" data-elementor-lightbox-slideshow=\"31df70a\" data-elementor-lightbox-title=\"Sala de Aula\" data-e-action-hash=\"#elementor-action%3Aaction%3Dlightbox%26settings%3DeyJpZCI6Mzk3NywidXJsIjoiaHR0cHM6XC9cL3JlZGVpY20ub3JnLmJyXC9waW94aWlcL3dwLWNvbnRlbnRcL3VwbG9hZHNcL3NpdGVzXC8yXC8yMDI2XC8wOFwvTEUwMS00NTg0LmpwZy1zY2FsZWQuanBnIiwic2xpZGVzaG93IjoiMzFkZjcwYSJ9\">\n\t\t\t\t\t<div class=\"e-gallery-image elementor-gallery-item__image\" data-thumbnail=\"https:\/\/redeicm.org.br\/pioxii\/wp-content\/uploads\/sites\/2\/2026\/08\/LE01-4584.jpg-300x200.jpg\" data-width=\"300\" data-height=\"200\" aria-label=\"\" role=\"img\" ><\/div>\n\t\t\t\t\t\t\t\t\t\t\t<div class=\"elementor-gallery-item__overlay\"><\/div>\n\t\t\t\t\t\t\t\t\t\t\t\t\t\t<\/a>\n\t\t\t\t\t\t\t<a class=\"e-gallery-item elementor-gallery-item elementor-animated-content\" href=\"https:\/\/redeicm.org.br\/pioxii\/wp-content\/uploads\/sites\/2\/2026\/08\/LE01-4180.jpg-scaled.jpg\" data-elementor-open-lightbox=\"yes\" data-elementor-lightbox-slideshow=\"31df70a\" data-elementor-lightbox-title=\"Sala de Inform\u00e1tica Educacional\" data-e-action-hash=\"#elementor-action%3Aaction%3Dlightbox%26settings%3DeyJpZCI6Mzk5MSwidXJsIjoiaHR0cHM6XC9cL3JlZGVpY20ub3JnLmJyXC9waW94aWlcL3dwLWNvbnRlbnRcL3VwbG9hZHNcL3NpdGVzXC8yXC8yMDI2XC8wOFwvTEUwMS00MTgwLmpwZy1zY2FsZWQuanBnIiwic2xpZGVzaG93IjoiMzFkZjcwYSJ9\">\n\t\t\t\t\t<div class=\"e-gallery-image elementor-gallery-item__image\" data-thumbnail=\"https:\/\/redeicm.org.br\/pioxii\/wp-content\/uploads\/sites\/2\/2026\/08\/LE01-4180.jpg-300x200.jpg\" data-width=\"300\" data-height=\"200\" aria-label=\"\" role=\"img\" ><\/div>\n\t\t\t\t\t\t\t\t\t\t\t<div class=\"elementor-gallery-item__overlay\"><\/div>\n\t\t\t\t\t\t\t\t\t\t\t\t\t\t<\/a>\n\t\t\t\t\t\t\t<a class=\"e-gallery-item elementor-gallery-item elementor-animated-content\" href=\"https:\/\/redeicm.org.br\/pioxii\/wp-content\/uploads\/sites\/2\/2026\/08\/LE01-4568.jpg-scaled.jpg\" data-elementor-open-lightbox=\"yes\" data-elementor-lightbox-slideshow=\"31df70a\" data-elementor-lightbox-title=\"Sala de M\u00fasica\" data-e-action-hash=\"#elementor-action%3Aaction%3Dlightbox%26settings%3DeyJpZCI6Mzk3OCwidXJsIjoiaHR0cHM6XC9cL3JlZGVpY20ub3JnLmJyXC9waW94aWlcL3dwLWNvbnRlbnRcL3VwbG9hZHNcL3NpdGVzXC8yXC8yMDI2XC8wOFwvTEUwMS00NTY4LmpwZy1zY2FsZWQuanBnIiwic2xpZGVzaG93IjoiMzFkZjcwYSJ9\">\n\t\t\t\t\t<div class=\"e-gallery-image elementor-gallery-item__image\" data-thumbnail=\"https:\/\/redeicm.org.br\/pioxii\/wp-content\/uploads\/sites\/2\/2026\/08\/LE01-4568.jpg-300x200.jpg\" data-width=\"300\" data-height=\"200\" aria-label=\"\" role=\"img\" ><\/div>\n\t\t\t\t\t\t\t\t\t\t\t<div class=\"elementor-gallery-item__overlay\"><\/div>\n\t\t\t\t\t\t\t\t\t\t\t\t\t\t<\/a>\n\t\t\t\t\t\t\t<a class=\"e-gallery-item elementor-gallery-item elementor-animated-content\" href=\"https:\/\/redeicm.org.br\/pioxii\/wp-content\/uploads\/sites\/2\/2026\/08\/LE01-4428.jpg-scaled.jpg\" data-elementor-open-lightbox=\"yes\" data-elementor-lightbox-slideshow=\"31df70a\" data-elementor-lightbox-title=\"Quadra poliesportiva\" data-e-action-hash=\"#elementor-action%3Aaction%3Dlightbox%26settings%3DeyJpZCI6Mzk4MywidXJsIjoiaHR0cHM6XC9cL3JlZGVpY20ub3JnLmJyXC9waW94aWlcL3dwLWNvbnRlbnRcL3VwbG9hZHNcL3NpdGVzXC8yXC8yMDI2XC8wOFwvTEUwMS00NDI4LmpwZy1zY2FsZWQuanBnIiwic2xpZGVzaG93IjoiMzFkZjcwYSJ9\">\n\t\t\t\t\t<div class=\"e-gallery-image elementor-gallery-item__image\" data-thumbnail=\"https:\/\/redeicm.org.br\/pioxii\/wp-content\/uploads\/sites\/2\/2026\/08\/LE01-4428.jpg-300x200.jpg\" data-width=\"300\" data-height=\"200\" aria-label=\"\" role=\"img\" ><\/div>\n\t\t\t\t\t\t\t\t\t\t\t<div class=\"elementor-gallery-item__overlay\"><\/div>\n\t\t\t\t\t\t\t\t\t\t\t\t\t\t<\/a>\n\t\t\t\t\t\t\t<a class=\"e-gallery-item elementor-gallery-item elementor-animated-content\" href=\"https:\/\/redeicm.org.br\/pioxii\/wp-content\/uploads\/sites\/2\/2026\/08\/LE01-4309.jpg-scaled.jpg\" data-elementor-open-lightbox=\"yes\" data-elementor-lightbox-slideshow=\"31df70a\" data-elementor-lightbox-title=\"Biblioteca\" data-e-action-hash=\"#elementor-action%3Aaction%3Dlightbox%26settings%3DeyJpZCI6Mzk4NywidXJsIjoiaHR0cHM6XC9cL3JlZGVpY20ub3JnLmJyXC9waW94aWlcL3dwLWNvbnRlbnRcL3VwbG9hZHNcL3NpdGVzXC8yXC8yMDI2XC8wOFwvTEUwMS00MzA5LmpwZy1zY2FsZWQuanBnIiwic2xpZGVzaG93IjoiMzFkZjcwYSJ9\">\n\t\t\t\t\t<div class=\"e-gallery-image elementor-gallery-item__image\" data-thumbnail=\"https:\/\/redeicm.org.br\/pioxii\/wp-content\/uploads\/sites\/2\/2026\/08\/LE01-4309.jpg-300x200.jpg\" data-width=\"300\" data-height=\"200\" aria-label=\"\" role=\"img\" ><\/div>\n\t\t\t\t\t\t\t\t\t\t\t<div class=\"elementor-gallery-item__overlay\"><\/div>\n\t\t\t\t\t\t\t\t\t\t\t\t\t\t<\/a>\n\t\t\t\t\t\t\t<a class=\"e-gallery-item elementor-gallery-item elementor-animated-content\" href=\"https:\/\/redeicm.org.br\/pioxii\/wp-content\/uploads\/sites\/2\/2026\/08\/LE01-4297.jpg-scaled.jpg\" data-elementor-open-lightbox=\"yes\" data-elementor-lightbox-slideshow=\"31df70a\" data-elementor-lightbox-title=\"Biblioteca\" data-e-action-hash=\"#elementor-action%3Aaction%3Dlightbox%26settings%3DeyJpZCI6Mzk4OCwidXJsIjoiaHR0cHM6XC9cL3JlZGVpY20ub3JnLmJyXC9waW94aWlcL3dwLWNvbnRlbnRcL3VwbG9hZHNcL3NpdGVzXC8yXC8yMDI2XC8wOFwvTEUwMS00Mjk3LmpwZy1zY2FsZWQuanBnIiwic2xpZGVzaG93IjoiMzFkZjcwYSJ9\">\n\t\t\t\t\t<div class=\"e-gallery-image elementor-gallery-item__image\" data-thumbnail=\"https:\/\/redeicm.org.br\/pioxii\/wp-content\/uploads\/sites\/2\/2026\/08\/LE01-4297.jpg-300x200.jpg\" data-width=\"300\" data-height=\"200\" aria-label=\"\" role=\"img\" ><\/div>\n\t\t\t\t\t\t\t\t\t\t\t<div class=\"elementor-gallery-item__overlay\"><\/div>\n\t\t\t\t\t\t\t\t\t\t\t\t\t\t<\/a>\n\t\t\t\t\t\t\t<a class=\"e-gallery-item elementor-gallery-item elementor-animated-content\" href=\"https:\/\/redeicm.org.br\/pioxii\/wp-content\/uploads\/sites\/2\/2026\/08\/LE01-4159.jpg-scaled.jpg\" data-elementor-open-lightbox=\"yes\" data-elementor-lightbox-slideshow=\"31df70a\" data-elementor-lightbox-title=\"Laborat\u00f3rio de Ci\u00eancias  Infantil\" data-e-action-hash=\"#elementor-action%3Aaction%3Dlightbox%26settings%3DeyJpZCI6Mzk5MiwidXJsIjoiaHR0cHM6XC9cL3JlZGVpY20ub3JnLmJyXC9waW94aWlcL3dwLWNvbnRlbnRcL3VwbG9hZHNcL3NpdGVzXC8yXC8yMDI2XC8wOFwvTEUwMS00MTU5LmpwZy1zY2FsZWQuanBnIiwic2xpZGVzaG93IjoiMzFkZjcwYSJ9\">\n\t\t\t\t\t<div class=\"e-gallery-image elementor-gallery-item__image\" data-thumbnail=\"https:\/\/redeicm.org.br\/pioxii\/wp-content\/uploads\/sites\/2\/2026\/08\/LE01-4159.jpg-300x200.jpg\" data-width=\"300\" data-height=\"200\" aria-label=\"\" role=\"img\" ><\/div>\n\t\t\t\t\t\t\t\t\t\t\t<div class=\"elementor-gallery-item__overlay\"><\/div>\n\t\t\t\t\t\t\t\t\t\t\t\t\t\t<\/a>\n\t\t\t\t\t\t\t<a class=\"e-gallery-item elementor-gallery-item elementor-animated-content\" href=\"https:\/\/redeicm.org.br\/pioxii\/wp-content\/uploads\/sites\/2\/2026\/08\/LE01-4162.jpg-scaled.jpg\" data-elementor-open-lightbox=\"yes\" data-elementor-lightbox-slideshow=\"31df70a\" data-elementor-lightbox-title=\"Laborat\u00f3rio de Ci\u00eancias  Infantil\" data-e-action-hash=\"#elementor-action%3Aaction%3Dlightbox%26settings%3DeyJpZCI6Mzk5NiwidXJsIjoiaHR0cHM6XC9cL3JlZGVpY20ub3JnLmJyXC9waW94aWlcL3dwLWNvbnRlbnRcL3VwbG9hZHNcL3NpdGVzXC8yXC8yMDI2XC8wOFwvTEUwMS00MTYyLmpwZy1zY2FsZWQuanBnIiwic2xpZGVzaG93IjoiMzFkZjcwYSJ9\">\n\t\t\t\t\t<div class=\"e-gallery-image elementor-gallery-item__image\" data-thumbnail=\"https:\/\/redeicm.org.br\/pioxii\/wp-content\/uploads\/sites\/2\/2026\/08\/LE01-4162.jpg-300x200.jpg\" data-width=\"300\" data-height=\"200\" aria-label=\"\" role=\"img\" ><\/div>\n\t\t\t\t\t\t\t\t\t\t\t<div class=\"elementor-gallery-item__overlay\"><\/div>\n\t\t\t\t\t\t\t\t\t\t\t\t\t\t<\/a>\n\t\t\t\t\t\t\t<a class=\"e-gallery-item elementor-gallery-item elementor-animated-content\" href=\"https:\/\/redeicm.org.br\/pioxii\/wp-content\/uploads\/sites\/2\/2026\/08\/LE01-4168.jpg-scaled.jpg\" data-elementor-open-lightbox=\"yes\" data-elementor-lightbox-slideshow=\"31df70a\" data-elementor-lightbox-title=\"Espa\u00e7o Maker\" data-e-action-hash=\"#elementor-action%3Aaction%3Dlightbox%26settings%3DeyJpZCI6Mzk5NCwidXJsIjoiaHR0cHM6XC9cL3JlZGVpY20ub3JnLmJyXC9waW94aWlcL3dwLWNvbnRlbnRcL3VwbG9hZHNcL3NpdGVzXC8yXC8yMDI2XC8wOFwvTEUwMS00MTY4LmpwZy1zY2FsZWQuanBnIiwic2xpZGVzaG93IjoiMzFkZjcwYSJ9\">\n\t\t\t\t\t<div class=\"e-gallery-image elementor-gallery-item__image\" data-thumbnail=\"https:\/\/redeicm.org.br\/pioxii\/wp-content\/uploads\/sites\/2\/2026\/08\/LE01-4168.jpg-300x200.jpg\" data-width=\"300\" data-height=\"200\" aria-label=\"\" role=\"img\" ><\/div>\n\t\t\t\t\t\t\t\t\t\t\t<div class=\"elementor-gallery-item__overlay\"><\/div>\n\t\t\t\t\t\t\t\t\t\t\t\t\t\t<\/a>\n\t\t\t\t\t\t\t<a class=\"e-gallery-item elementor-gallery-item elementor-animated-content\" href=\"https:\/\/redeicm.org.br\/pioxii\/wp-content\/uploads\/sites\/2\/2026\/08\/LE01-4165.jpg-scaled.jpg\" data-elementor-open-lightbox=\"yes\" data-elementor-lightbox-slideshow=\"31df70a\" data-elementor-lightbox-title=\"Espa\u00e7o Maker\" data-e-action-hash=\"#elementor-action%3Aaction%3Dlightbox%26settings%3DeyJpZCI6Mzk5NSwidXJsIjoiaHR0cHM6XC9cL3JlZGVpY20ub3JnLmJyXC9waW94aWlcL3dwLWNvbnRlbnRcL3VwbG9hZHNcL3NpdGVzXC8yXC8yMDI2XC8wOFwvTEUwMS00MTY1LmpwZy1zY2FsZWQuanBnIiwic2xpZGVzaG93IjoiMzFkZjcwYSJ9\">\n\t\t\t\t\t<div class=\"e-gallery-image elementor-gallery-item__image\" data-thumbnail=\"https:\/\/redeicm.org.br\/pioxii\/wp-content\/uploads\/sites\/2\/2026\/08\/LE01-4165.jpg-300x200.jpg\" data-width=\"300\" data-height=\"200\" aria-label=\"\" role=\"img\" ><\/div>\n\t\t\t\t\t\t\t\t\t\t\t<div class=\"elementor-gallery-item__overlay\"><\/div>\n\t\t\t\t\t\t\t\t\t\t\t\t\t\t<\/a>\n\t\t\t\t\t\t\t<a class=\"e-gallery-item elementor-gallery-item elementor-animated-content\" href=\"https:\/\/redeicm.org.br\/pioxii\/wp-content\/uploads\/sites\/2\/2026\/08\/LE01-4156.jpg-scaled.jpg\" data-elementor-open-lightbox=\"yes\" data-elementor-lightbox-slideshow=\"31df70a\" data-elementor-lightbox-title=\"Capela\" data-e-action-hash=\"#elementor-action%3Aaction%3Dlightbox%26settings%3DeyJpZCI6Mzk5NywidXJsIjoiaHR0cHM6XC9cL3JlZGVpY20ub3JnLmJyXC9waW94aWlcL3dwLWNvbnRlbnRcL3VwbG9hZHNcL3NpdGVzXC8yXC8yMDI2XC8wOFwvTEUwMS00MTU2LmpwZy1zY2FsZWQuanBnIiwic2xpZGVzaG93IjoiMzFkZjcwYSJ9\">\n\t\t\t\t\t<div class=\"e-gallery-image elementor-gallery-item__image\" data-thumbnail=\"https:\/\/redeicm.org.br\/pioxii\/wp-content\/uploads\/sites\/2\/2026\/08\/LE01-4156.jpg-300x200.jpg\" data-width=\"300\" data-height=\"200\" aria-label=\"\" role=\"img\" ><\/div>\n\t\t\t\t\t\t\t\t\t\t\t<div class=\"elementor-gallery-item__overlay\"><\/div>\n\t\t\t\t\t\t\t\t\t\t\t\t\t\t<\/a>\n\t\t\t\t\t\t\t<a class=\"e-gallery-item elementor-gallery-item elementor-animated-content\" href=\"https:\/\/redeicm.org.br\/pioxii\/wp-content\/uploads\/sites\/2\/2026\/08\/LE01-4499.jpg-scaled.jpg\" data-elementor-open-lightbox=\"yes\" data-elementor-lightbox-slideshow=\"31df70a\" data-elementor-lightbox-title=\"Refeit\u00f3rio dos anos iniciais\" data-e-action-hash=\"#elementor-action%3Aaction%3Dlightbox%26settings%3DeyJpZCI6Mzk3OSwidXJsIjoiaHR0cHM6XC9cL3JlZGVpY20ub3JnLmJyXC9waW94aWlcL3dwLWNvbnRlbnRcL3VwbG9hZHNcL3NpdGVzXC8yXC8yMDI2XC8wOFwvTEUwMS00NDk5LmpwZy1zY2FsZWQuanBnIiwic2xpZGVzaG93IjoiMzFkZjcwYSJ9\">\n\t\t\t\t\t<div class=\"e-gallery-image elementor-gallery-item__image\" data-thumbnail=\"https:\/\/redeicm.org.br\/pioxii\/wp-content\/uploads\/sites\/2\/2026\/08\/LE01-4499.jpg-300x200.jpg\" data-width=\"300\" data-height=\"200\" aria-label=\"\" role=\"img\" ><\/div>\n\t\t\t\t\t\t\t\t\t\t\t<div class=\"elementor-gallery-item__overlay\"><\/div>\n\t\t\t\t\t\t\t\t\t\t\t\t\t\t<\/a>\n\t\t\t\t\t\t\t<a class=\"e-gallery-item elementor-gallery-item elementor-animated-content\" href=\"https:\/\/redeicm.org.br\/pioxii\/wp-content\/uploads\/sites\/2\/2026\/08\/LE01-4484.jpg-scaled.jpg\" data-elementor-open-lightbox=\"yes\" data-elementor-lightbox-slideshow=\"31df70a\" data-elementor-lightbox-title=\"Sala de Jud\u00f4\" data-e-action-hash=\"#elementor-action%3Aaction%3Dlightbox%26settings%3DeyJpZCI6Mzk4MCwidXJsIjoiaHR0cHM6XC9cL3JlZGVpY20ub3JnLmJyXC9waW94aWlcL3dwLWNvbnRlbnRcL3VwbG9hZHNcL3NpdGVzXC8yXC8yMDI2XC8wOFwvTEUwMS00NDg0LmpwZy1zY2FsZWQuanBnIiwic2xpZGVzaG93IjoiMzFkZjcwYSJ9\">\n\t\t\t\t\t<div class=\"e-gallery-image elementor-gallery-item__image\" data-thumbnail=\"https:\/\/redeicm.org.br\/pioxii\/wp-content\/uploads\/sites\/2\/2026\/08\/LE01-4484.jpg-300x200.jpg\" data-width=\"300\" data-height=\"200\" aria-label=\"\" role=\"img\" ><\/div>\n\t\t\t\t\t\t\t\t\t\t\t<div class=\"elementor-gallery-item__overlay\"><\/div>\n\t\t\t\t\t\t\t\t\t\t\t\t\t\t<\/a>\n\t\t\t\t\t\t\t<a class=\"e-gallery-item elementor-gallery-item elementor-animated-content\" href=\"https:\/\/redeicm.org.br\/pioxii\/wp-content\/uploads\/sites\/2\/2026\/08\/LE01-4448.jpg-scaled.jpg\" data-elementor-open-lightbox=\"yes\" data-elementor-lightbox-slideshow=\"31df70a\" data-elementor-lightbox-title=\"Espe\u00e7o interativo ECE Pio XII\" data-e-action-hash=\"#elementor-action%3Aaction%3Dlightbox%26settings%3DeyJpZCI6Mzk4MSwidXJsIjoiaHR0cHM6XC9cL3JlZGVpY20ub3JnLmJyXC9waW94aWlcL3dwLWNvbnRlbnRcL3VwbG9hZHNcL3NpdGVzXC8yXC8yMDI2XC8wOFwvTEUwMS00NDQ4LmpwZy1zY2FsZWQuanBnIiwic2xpZGVzaG93IjoiMzFkZjcwYSJ9\">\n\t\t\t\t\t<div class=\"e-gallery-image elementor-gallery-item__image\" data-thumbnail=\"https:\/\/redeicm.org.br\/pioxii\/wp-content\/uploads\/sites\/2\/2026\/08\/LE01-4448.jpg-300x200.jpg\" data-width=\"300\" data-height=\"200\" aria-label=\"\" role=\"img\" ><\/div>\n\t\t\t\t\t\t\t\t\t\t\t<div class=\"elementor-gallery-item__overlay\"><\/div>\n\t\t\t\t\t\t\t\t\t\t\t\t\t\t<\/a>\n\t\t\t\t\t\t\t<a class=\"e-gallery-item elementor-gallery-item elementor-animated-content\" href=\"https:\/\/redeicm.org.br\/pioxii\/wp-content\/uploads\/sites\/2\/2026\/08\/LE01-4468.jpg-scaled.jpg\" data-elementor-open-lightbox=\"yes\" data-elementor-lightbox-slideshow=\"31df70a\" data-elementor-lightbox-title=\"Piscina\" data-e-action-hash=\"#elementor-action%3Aaction%3Dlightbox%26settings%3DeyJpZCI6Mzk4MiwidXJsIjoiaHR0cHM6XC9cL3JlZGVpY20ub3JnLmJyXC9waW94aWlcL3dwLWNvbnRlbnRcL3VwbG9hZHNcL3NpdGVzXC8yXC8yMDI2XC8wOFwvTEUwMS00NDY4LmpwZy1zY2FsZWQuanBnIiwic2xpZGVzaG93IjoiMzFkZjcwYSJ9\">\n\t\t\t\t\t<div class=\"e-gallery-image elementor-gallery-item__image\" data-thumbnail=\"https:\/\/redeicm.org.br\/pioxii\/wp-content\/uploads\/sites\/2\/2026\/08\/LE01-4468.jpg-300x200.jpg\" data-width=\"300\" data-height=\"200\" aria-label=\"\" role=\"img\" ><\/div>\n\t\t\t\t\t\t\t\t\t\t\t<div class=\"elementor-gallery-item__overlay\"><\/div>\n\t\t\t\t\t\t\t\t\t\t\t\t\t\t<\/a>\n\t\t\t\t\t\t\t<a class=\"e-gallery-item elementor-gallery-item elementor-animated-content\" href=\"https:\/\/redeicm.org.br\/pioxii\/wp-content\/uploads\/sites\/2\/2026\/08\/LE01-4364.jpg-scaled.jpg\" data-elementor-open-lightbox=\"yes\" data-elementor-lightbox-slideshow=\"31df70a\" data-elementor-lightbox-title=\"Parquinho dos anos iniciais\" data-e-action-hash=\"#elementor-action%3Aaction%3Dlightbox%26settings%3DeyJpZCI6Mzk4NCwidXJsIjoiaHR0cHM6XC9cL3JlZGVpY20ub3JnLmJyXC9waW94aWlcL3dwLWNvbnRlbnRcL3VwbG9hZHNcL3NpdGVzXC8yXC8yMDI2XC8wOFwvTEUwMS00MzY0LmpwZy1zY2FsZWQuanBnIiwic2xpZGVzaG93IjoiMzFkZjcwYSJ9\">\n\t\t\t\t\t<div class=\"e-gallery-image elementor-gallery-item__image\" data-thumbnail=\"https:\/\/redeicm.org.br\/pioxii\/wp-content\/uploads\/sites\/2\/2026\/08\/LE01-4364.jpg-300x200.jpg\" data-width=\"300\" data-height=\"200\" aria-label=\"\" role=\"img\" ><\/div>\n\t\t\t\t\t\t\t\t\t\t\t<div class=\"elementor-gallery-item__overlay\"><\/div>\n\t\t\t\t\t\t\t\t\t\t\t\t\t\t<\/a>\n\t\t\t\t\t\t\t<a class=\"e-gallery-item elementor-gallery-item elementor-animated-content\" href=\"https:\/\/redeicm.org.br\/pioxii\/wp-content\/uploads\/sites\/2\/2026\/08\/LE01-4354.jpg-scaled.jpg\" data-elementor-open-lightbox=\"yes\" data-elementor-lightbox-slideshow=\"31df70a\" data-elementor-lightbox-title=\"Parquinho dos anos iniciais\" data-e-action-hash=\"#elementor-action%3Aaction%3Dlightbox%26settings%3DeyJpZCI6Mzk4NSwidXJsIjoiaHR0cHM6XC9cL3JlZGVpY20ub3JnLmJyXC9waW94aWlcL3dwLWNvbnRlbnRcL3VwbG9hZHNcL3NpdGVzXC8yXC8yMDI2XC8wOFwvTEUwMS00MzU0LmpwZy1zY2FsZWQuanBnIiwic2xpZGVzaG93IjoiMzFkZjcwYSJ9\">\n\t\t\t\t\t<div class=\"e-gallery-image elementor-gallery-item__image\" data-thumbnail=\"https:\/\/redeicm.org.br\/pioxii\/wp-content\/uploads\/sites\/2\/2026\/08\/LE01-4354.jpg-300x200.jpg\" data-width=\"300\" data-height=\"200\" aria-label=\"\" role=\"img\" ><\/div>\n\t\t\t\t\t\t\t\t\t\t\t<div class=\"elementor-gallery-item__overlay\"><\/div>\n\t\t\t\t\t\t\t\t\t\t\t\t\t\t<\/a>\n\t\t\t\t\t\t\t<a class=\"e-gallery-item elementor-gallery-item elementor-animated-content\" href=\"https:\/\/redeicm.org.br\/pioxii\/wp-content\/uploads\/sites\/2\/2026\/08\/LE01-4190.jpg-1-scaled.jpg\" data-elementor-open-lightbox=\"yes\" data-elementor-lightbox-slideshow=\"31df70a\" data-elementor-lightbox-title=\"Espa\u00e7o de Conviv\u00eancia\" data-e-action-hash=\"#elementor-action%3Aaction%3Dlightbox%26settings%3DeyJpZCI6Mzk5MCwidXJsIjoiaHR0cHM6XC9cL3JlZGVpY20ub3JnLmJyXC9waW94aWlcL3dwLWNvbnRlbnRcL3VwbG9hZHNcL3NpdGVzXC8yXC8yMDI2XC8wOFwvTEUwMS00MTkwLmpwZy0xLXNjYWxlZC5qcGciLCJzbGlkZXNob3ciOiIzMWRmNzBhIn0%3D\">\n\t\t\t\t\t<div class=\"e-gallery-image elementor-gallery-item__image\" data-thumbnail=\"https:\/\/redeicm.org.br\/pioxii\/wp-content\/uploads\/sites\/2\/2026\/08\/LE01-4190.jpg-1-300x200.jpg\" data-width=\"300\" data-height=\"200\" aria-label=\"\" role=\"img\" ><\/div>\n\t\t\t\t\t\t\t\t\t\t\t<div class=\"elementor-gallery-item__overlay\"><\/div>\n\t\t\t\t\t\t\t\t\t\t\t\t\t\t<\/a>\n\t\t\t\t\t\t\t<a class=\"e-gallery-item elementor-gallery-item elementor-animated-content\" href=\"https:\/\/redeicm.org.br\/pioxii\/wp-content\/uploads\/sites\/2\/2026\/08\/LE01-4345.jpg-scaled.jpg\" data-elementor-open-lightbox=\"yes\" data-elementor-lightbox-slideshow=\"31df70a\" data-elementor-lightbox-title=\"P\u00e1tio de Entrada Infantil ao 5\u00baano\" data-e-action-hash=\"#elementor-action%3Aaction%3Dlightbox%26settings%3DeyJpZCI6Mzk4NiwidXJsIjoiaHR0cHM6XC9cL3JlZGVpY20ub3JnLmJyXC9waW94aWlcL3dwLWNvbnRlbnRcL3VwbG9hZHNcL3NpdGVzXC8yXC8yMDI2XC8wOFwvTEUwMS00MzQ1LmpwZy1zY2FsZWQuanBnIiwic2xpZGVzaG93IjoiMzFkZjcwYSJ9\">\n\t\t\t\t\t<div class=\"e-gallery-image elementor-gallery-item__image\" data-thumbnail=\"https:\/\/redeicm.org.br\/pioxii\/wp-content\/uploads\/sites\/2\/2026\/08\/LE01-4345.jpg-300x200.jpg\" data-width=\"300\" data-height=\"200\" aria-label=\"\" role=\"img\" ><\/div>\n\t\t\t\t\t\t\t\t\t\t\t<div class=\"elementor-gallery-item__overlay\"><\/div>\n\t\t\t\t\t\t\t\t\t\t\t\t\t\t<\/a>\n\t\t\t\t\t<\/div>\n\t\t\t\t\t<\/div>\n\t\t\t\t<\/div>\n\t\t\t\t\t<\/div>\n\t\t\t\t<\/div>\n\t\t\t\t<\/div>\n\t\t","protected":false},"excerpt":{"rendered":"<p>Aprendizado com Protagonismo e Descoberta\u00a0 Nos Anos Iniciais do Ensino Fundamental, a Escola Pio XII busca promover a forma\u00e7\u00e3o integral dos estudantes, desenvolvendo conhecimentos, habilidades, autonomia e valores. Nossa pr\u00e1tica pedag\u00f3gica coloca o estudante como protagonista da aprendizagem, por meio de experi\u00eancias, projetos, intera\u00e7\u00f5es e propostas que tornam o aprendizado mais significativo. Por meio de [&hellip;]<\/p>\n","protected":false},"author":1,"featured_media":4062,"parent":0,"menu_order":0,"comment_status":"closed","ping_status":"closed","template":"","meta":{"_acf_changed":false,"footnotes":""},"class_list":["post-288","page","type-page","status-publish","has-post-thumbnail","hentry"],"acf":[],"yoast_head":"<!-- This site is optimized with the Yoast SEO plugin v27.8 - https:\/\/yoast.com\/product\/yoast-seo-wordpress\/ -->\n<title>Ensino Fundamental \u2013 Anos Iniciais - Escola Pio XII | Rede ICM de educa\u00e7\u00e3o<\/title>\n<meta name=\"robots\" content=\"index, follow, max-snippet:-1, max-image-preview:large, max-video-preview:-1\" \/>\n<link rel=\"canonical\" href=\"https:\/\/redeicm.org.br\/pioxii\/ensino-fundamental-anos-iniciais\/\" \/>\n<meta property=\"og:locale\" content=\"pt_BR\" \/>\n<meta property=\"og:type\" content=\"article\" \/>\n<meta property=\"og:title\" content=\"Ensino Fundamental \u2013 Anos Iniciais - Escola Pio XII | Rede ICM de educa\u00e7\u00e3o\" \/>\n<meta property=\"og:description\" content=\"Aprendizado com Protagonismo e Descoberta\u00a0 Nos Anos Iniciais do Ensino Fundamental, a Escola Pio XII busca promover a forma\u00e7\u00e3o integral dos estudantes, desenvolvendo conhecimentos, habilidades, autonomia e valores. Nossa pr\u00e1tica pedag\u00f3gica coloca o estudante como protagonista da aprendizagem, por meio de experi\u00eancias, projetos, intera\u00e7\u00f5es e propostas que tornam o aprendizado mais significativo. Por meio de [&hellip;]\" \/>\n<meta property=\"og:url\" content=\"https:\/\/redeicm.org.br\/pioxii\/ensino-fundamental-anos-iniciais\/\" \/>\n<meta property=\"og:site_name\" content=\"Escola Pio XII | Rede ICM de educa\u00e7\u00e3o\" \/>\n<meta property=\"article:modified_time\" content=\"2026-08-21T20:05:50+00:00\" \/>\n<meta property=\"og:image\" content=\"https:\/\/redeicm.org.br\/pioxii\/wp-content\/uploads\/sites\/2\/2026\/08\/23-1024x293.png\" \/>\n\t<meta property=\"og:image:width\" content=\"1024\" \/>\n\t<meta property=\"og:image:height\" content=\"293\" \/>\n\t<meta property=\"og:image:type\" content=\"image\/png\" \/>\n<meta name=\"twitter:card\" content=\"summary_large_image\" \/>\n<meta name=\"twitter:label1\" content=\"Est. tempo de leitura\" \/>\n\t<meta name=\"twitter:data1\" content=\"3 minutos\" \/>\n<script type=\"application\/ld+json\" class=\"yoast-schema-graph\">{\"@context\":\"https:\\\/\\\/schema.org\",\"@graph\":[{\"@type\":\"WebPage\",\"@id\":\"https:\\\/\\\/redeicm.org.br\\\/pioxii\\\/ensino-fundamental-anos-iniciais\\\/\",\"url\":\"https:\\\/\\\/redeicm.org.br\\\/pioxii\\\/ensino-fundamental-anos-iniciais\\\/\",\"name\":\"Ensino Fundamental \u2013 Anos Iniciais - Escola Pio XII | Rede ICM de educa\u00e7\u00e3o\",\"isPartOf\":{\"@id\":\"https:\\\/\\\/redeicm.org.br\\\/pioxii\\\/#website\"},\"primaryImageOfPage\":{\"@id\":\"https:\\\/\\\/redeicm.org.br\\\/pioxii\\\/ensino-fundamental-anos-iniciais\\\/#primaryimage\"},\"image\":{\"@id\":\"https:\\\/\\\/redeicm.org.br\\\/pioxii\\\/ensino-fundamental-anos-iniciais\\\/#primaryimage\"},\"thumbnailUrl\":\"https:\\\/\\\/redeicm.org.br\\\/pioxii\\\/wp-content\\\/uploads\\\/sites\\\/2\\\/2026\\\/08\\\/23.png\",\"datePublished\":\"2024-08-08T14:41:34+00:00\",\"dateModified\":\"2026-08-21T20:05:50+00:00\",\"breadcrumb\":{\"@id\":\"https:\\\/\\\/redeicm.org.br\\\/pioxii\\\/ensino-fundamental-anos-iniciais\\\/#breadcrumb\"},\"inLanguage\":\"pt-BR\",\"potentialAction\":[{\"@type\":\"ReadAction\",\"target\":[\"https:\\\/\\\/redeicm.org.br\\\/pioxii\\\/ensino-fundamental-anos-iniciais\\\/\"]}]},{\"@type\":\"ImageObject\",\"inLanguage\":\"pt-BR\",\"@id\":\"https:\\\/\\\/redeicm.org.br\\\/pioxii\\\/ensino-fundamental-anos-iniciais\\\/#primaryimage\",\"url\":\"https:\\\/\\\/redeicm.org.br\\\/pioxii\\\/wp-content\\\/uploads\\\/sites\\\/2\\\/2026\\\/08\\\/23.png\",\"contentUrl\":\"https:\\\/\\\/redeicm.org.br\\\/pioxii\\\/wp-content\\\/uploads\\\/sites\\\/2\\\/2026\\\/08\\\/23.png\",\"width\":1920,\"height\":550},{\"@type\":\"BreadcrumbList\",\"@id\":\"https:\\\/\\\/redeicm.org.br\\\/pioxii\\\/ensino-fundamental-anos-iniciais\\\/#breadcrumb\",\"itemListElement\":[{\"@type\":\"ListItem\",\"position\":1,\"name\":\"In\u00edcio\",\"item\":\"https:\\\/\\\/redeicm.org.br\\\/pioxii\\\/\"},{\"@type\":\"ListItem\",\"position\":2,\"name\":\"Ensino Fundamental \u2013 Anos Iniciais\"}]},{\"@type\":\"WebSite\",\"@id\":\"https:\\\/\\\/redeicm.org.br\\\/pioxii\\\/#website\",\"url\":\"https:\\\/\\\/redeicm.org.br\\\/pioxii\\\/\",\"name\":\"Escola Pio XII | Rede ICM de educa\u00e7\u00e3o\",\"description\":\"\",\"publisher\":{\"@id\":\"https:\\\/\\\/redeicm.org.br\\\/pioxii\\\/#organization\"},\"potentialAction\":[{\"@type\":\"SearchAction\",\"target\":{\"@type\":\"EntryPoint\",\"urlTemplate\":\"https:\\\/\\\/redeicm.org.br\\\/pioxii\\\/?s={search_term_string}\"},\"query-input\":{\"@type\":\"PropertyValueSpecification\",\"valueRequired\":true,\"valueName\":\"search_term_string\"}}],\"inLanguage\":\"pt-BR\"},{\"@type\":\"Organization\",\"@id\":\"https:\\\/\\\/redeicm.org.br\\\/pioxii\\\/#organization\",\"name\":\"Escola Pio XII | Rede ICM de educa\u00e7\u00e3o\",\"url\":\"https:\\\/\\\/redeicm.org.br\\\/pioxii\\\/\",\"logo\":{\"@type\":\"ImageObject\",\"inLanguage\":\"pt-BR\",\"@id\":\"https:\\\/\\\/redeicm.org.br\\\/pioxii\\\/#\\\/schema\\\/logo\\\/image\\\/\",\"url\":\"https:\\\/\\\/redeicm.org.br\\\/pioxii\\\/wp-content\\\/uploads\\\/sites\\\/2\\\/2024\\\/07\\\/logo-pio-xii.png\",\"contentUrl\":\"https:\\\/\\\/redeicm.org.br\\\/pioxii\\\/wp-content\\\/uploads\\\/sites\\\/2\\\/2024\\\/07\\\/logo-pio-xii.png\",\"width\":184,\"height\":75,\"caption\":\"Escola Pio XII | Rede ICM de educa\u00e7\u00e3o\"},\"image\":{\"@id\":\"https:\\\/\\\/redeicm.org.br\\\/pioxii\\\/#\\\/schema\\\/logo\\\/image\\\/\"}}]}<\/script>\n<!-- \/ Yoast SEO plugin. -->","yoast_head_json":{"title":"Ensino Fundamental \u2013 Anos Iniciais - Escola Pio XII | Rede ICM de educa\u00e7\u00e3o","robots":{"index":"index","follow":"follow","max-snippet":"max-snippet:-1","max-image-preview":"max-image-preview:large","max-video-preview":"max-video-preview:-1"},"canonical":"https:\/\/redeicm.org.br\/pioxii\/ensino-fundamental-anos-iniciais\/","og_locale":"pt_BR","og_type":"article","og_title":"Ensino Fundamental \u2013 Anos Iniciais - Escola Pio XII | Rede ICM de educa\u00e7\u00e3o","og_description":"Aprendizado com Protagonismo e Descoberta\u00a0 Nos Anos Iniciais do Ensino Fundamental, a Escola Pio XII busca promover a forma\u00e7\u00e3o integral dos estudantes, desenvolvendo conhecimentos, habilidades, autonomia e valores. Nossa pr\u00e1tica pedag\u00f3gica coloca o estudante como protagonista da aprendizagem, por meio de experi\u00eancias, projetos, intera\u00e7\u00f5es e propostas que tornam o aprendizado mais significativo. Por meio de [&hellip;]","og_url":"https:\/\/redeicm.org.br\/pioxii\/ensino-fundamental-anos-iniciais\/","og_site_name":"Escola Pio XII | Rede ICM de educa\u00e7\u00e3o","article_modified_time":"2026-08-21T20:05:50+00:00","og_image":[{"width":1024,"height":293,"url":"https:\/\/redeicm.org.br\/pioxii\/wp-content\/uploads\/sites\/2\/2026\/08\/23-1024x293.png","type":"image\/png"}],"twitter_card":"summary_large_image","twitter_misc":{"Est. tempo de leitura":"3 minutos"},"schema":{"@context":"https:\/\/schema.org","@graph":[{"@type":"WebPage","@id":"https:\/\/redeicm.org.br\/pioxii\/ensino-fundamental-anos-iniciais\/","url":"https:\/\/redeicm.org.br\/pioxii\/ensino-fundamental-anos-iniciais\/","name":"Ensino Fundamental \u2013 Anos Iniciais - Escola Pio XII | Rede ICM de educa\u00e7\u00e3o","isPartOf":{"@id":"https:\/\/redeicm.org.br\/pioxii\/#website"},"primaryImageOfPage":{"@id":"https:\/\/redeicm.org.br\/pioxii\/ensino-fundamental-anos-iniciais\/#primaryimage"},"image":{"@id":"https:\/\/redeicm.org.br\/pioxii\/ensino-fundamental-anos-iniciais\/#primaryimage"},"thumbnailUrl":"https:\/\/redeicm.org.br\/pioxii\/wp-content\/uploads\/sites\/2\/2026\/08\/23.png","datePublished":"2024-08-08T14:41:34+00:00","dateModified":"2026-08-21T20:05:50+00:00","breadcrumb":{"@id":"https:\/\/redeicm.org.br\/pioxii\/ensino-fundamental-anos-iniciais\/#breadcrumb"},"inLanguage":"pt-BR","potentialAction":[{"@type":"ReadAction","target":["https:\/\/redeicm.org.br\/pioxii\/ensino-fundamental-anos-iniciais\/"]}]},{"@type":"ImageObject","inLanguage":"pt-BR","@id":"https:\/\/redeicm.org.br\/pioxii\/ensino-fundamental-anos-iniciais\/#primaryimage","url":"https:\/\/redeicm.org.br\/pioxii\/wp-content\/uploads\/sites\/2\/2026\/08\/23.png","contentUrl":"https:\/\/redeicm.org.br\/pioxii\/wp-content\/uploads\/sites\/2\/2026\/08\/23.png","width":1920,"height":550},{"@type":"BreadcrumbList","@id":"https:\/\/redeicm.org.br\/pioxii\/ensino-fundamental-anos-iniciais\/#breadcrumb","itemListElement":[{"@type":"ListItem","position":1,"name":"In\u00edcio","item":"https:\/\/redeicm.org.br\/pioxii\/"},{"@type":"ListItem","position":2,"name":"Ensino Fundamental \u2013 Anos Iniciais"}]},{"@type":"WebSite","@id":"https:\/\/redeicm.org.br\/pioxii\/#website","url":"https:\/\/redeicm.org.br\/pioxii\/","name":"Escola Pio XII | Rede ICM de educa\u00e7\u00e3o","description":"","publisher":{"@id":"https:\/\/redeicm.org.br\/pioxii\/#organization"},"potentialAction":[{"@type":"SearchAction","target":{"@type":"EntryPoint","urlTemplate":"https:\/\/redeicm.org.br\/pioxii\/?s={search_term_string}"},"query-input":{"@type":"PropertyValueSpecification","valueRequired":true,"valueName":"search_term_string"}}],"inLanguage":"pt-BR"},{"@type":"Organization","@id":"https:\/\/redeicm.org.br\/pioxii\/#organization","name":"Escola Pio XII | Rede ICM de educa\u00e7\u00e3o","url":"https:\/\/redeicm.org.br\/pioxii\/","logo":{"@type":"ImageObject","inLanguage":"pt-BR","@id":"https:\/\/redeicm.org.br\/pioxii\/#\/schema\/logo\/image\/","url":"https:\/\/redeicm.org.br\/pioxii\/wp-content\/uploads\/sites\/2\/2024\/07\/logo-pio-xii.png","contentUrl":"https:\/\/redeicm.org.br\/pioxii\/wp-content\/uploads\/sites\/2\/2024\/07\/logo-pio-xii.png","width":184,"height":75,"caption":"Escola Pio XII | Rede ICM de educa\u00e7\u00e3o"},"image":{"@id":"https:\/\/redeicm.org.br\/pioxii\/#\/schema\/logo\/image\/"}}]}},"_links":{"self":[{"href":"https:\/\/redeicm.org.br\/pioxii\/wp-json\/wp\/v2\/pages\/288","targetHints":{"allow":["GET"]}}],"collection":[{"href":"https:\/\/redeicm.org.br\/pioxii\/wp-json\/wp\/v2\/pages"}],"about":[{"href":"https:\/\/redeicm.org.br\/pioxii\/wp-json\/wp\/v2\/types\/page"}],"author":[{"embeddable":true,"href":"https:\/\/redeicm.org.br\/pioxii\/wp-json\/wp\/v2\/users\/1"}],"replies":[{"embeddable":true,"href":"https:\/\/redeicm.org.br\/pioxii\/wp-json\/wp\/v2\/comments?post=288"}],"version-history":[{"count":41,"href":"https:\/\/redeicm.org.br\/pioxii\/wp-json\/wp\/v2\/pages\/288\/revisions"}],"predecessor-version":[{"id":4063,"href":"https:\/\/redeicm.org.br\/pioxii\/wp-json\/wp\/v2\/pages\/288\/revisions\/4063"}],"wp:featuredmedia":[{"embeddable":true,"href":"https:\/\/redeicm.org.br\/pioxii\/wp-json\/wp\/v2\/media\/4062"}],"wp:attachment":[{"href":"https:\/\/redeicm.org.br\/pioxii\/wp-json\/wp\/v2\/media?parent=288"}],"curies":[{"name":"wp","href":"https:\/\/api.w.org\/{rel}","templated":true}]}}