{"id":282,"date":"2024-08-08T11:36:47","date_gmt":"2024-08-08T14:36:47","guid":{"rendered":"https:\/\/redeicm.org.br\/pioxii\/?page_id=282"},"modified":"2026-08-21T17:03:47","modified_gmt":"2026-08-21T20:03:47","slug":"educacao-infantil","status":"publish","type":"page","link":"https:\/\/redeicm.org.br\/pioxii\/educacao-infantil\/","title":{"rendered":"Educa\u00e7\u00e3o Infantil"},"content":{"rendered":"\t\t<div data-elementor-type=\"wp-page\" data-elementor-id=\"282\" class=\"elementor elementor-282\" data-elementor-post-type=\"page\">\n\t\t\t\t<div class=\"elementor-element elementor-element-35d4227 e-flex e-con-boxed e-con e-parent\" data-id=\"35d4227\" data-element_type=\"container\" data-e-type=\"container\" data-settings=\"{&quot;background_background&quot;:&quot;classic&quot;}\">\n\t\t\t\t\t<div class=\"e-con-inner\">\n\t\t\t\t\t<\/div>\n\t\t\t\t<\/div>\n\t\t<div class=\"elementor-element elementor-element-4a588c5 e-flex e-con-boxed e-con e-parent\" data-id=\"4a588c5\" data-element_type=\"container\" data-e-type=\"container\">\n\t\t\t\t\t<div class=\"e-con-inner\">\n\t\t\t\t<div class=\"elementor-element elementor-element-c015a02 elementor-widget elementor-widget-heading\" data-id=\"c015a02\" data-element_type=\"widget\" data-e-type=\"widget\" data-widget_type=\"heading.default\">\n\t\t\t\t<div class=\"elementor-widget-container\">\n\t\t\t\t\t<h1 class=\"elementor-heading-title elementor-size-default\">Educa\u00e7\u00e3o Infantil<\/h1>\t\t\t\t<\/div>\n\t\t\t\t<\/div>\n\t\t\t\t\t<\/div>\n\t\t\t\t<\/div>\n\t\t<div class=\"elementor-element elementor-element-5234431 e-con-full e-flex e-con e-parent\" data-id=\"5234431\" data-element_type=\"container\" data-e-type=\"container\">\n\t\t<div class=\"elementor-element elementor-element-f178737 e-flex e-con-boxed e-con e-child\" data-id=\"f178737\" data-element_type=\"container\" data-e-type=\"container\">\n\t\t\t\t\t<div class=\"e-con-inner\">\n\t\t\t\t<div class=\"elementor-element elementor-element-5461cbe elementor-invisible elementor-widget elementor-widget-text-editor\" data-id=\"5461cbe\" data-element_type=\"widget\" data-e-type=\"widget\" data-settings=\"{&quot;_animation&quot;:&quot;fadeInUp&quot;}\" data-widget_type=\"text-editor.default\">\n\t\t\t\t<div class=\"elementor-widget-container\">\n\t\t\t\t\t\t\t\t\t<p><span style=\"font-weight: 400\">Na Escola Pio XII, a Educa\u00e7\u00e3o Infantil tem como base as brincadeiras e as intera\u00e7\u00f5es, respeitando o ritmo, as caracter\u00edsticas e a individualidade de cada crian\u00e7a. Os espa\u00e7os s\u00e3o organizados para favorecer o desenvolvimento e a aprendizagem, sempre com intencionalidade pedag\u00f3gica.\u00a0<\/span><\/p><p><span style=\"font-weight: 400\">Nossa proposta pedag\u00f3gica est\u00e1 fundamentada nos direitos de aprendizagem e desenvolvimento e nos Campos de Experi\u00eancia previstos pela Base Nacional Comum Curricular (BNCC). As crian\u00e7as participam ativamente desse processo, envolvendo-se em projetos e propostas que valorizam seus interesses, suas curiosidades, suas descobertas e suas diferentes formas de express\u00e3o. A escuta e a observa\u00e7\u00e3o atenta dos professores s\u00e3o essenciais para compreender e potencializar cada experi\u00eancia vivenciada pelas crian\u00e7as, fortalecendo tamb\u00e9m os valores crist\u00e3os e o cuidado com a cria\u00e7\u00e3o de Deus.<\/span><\/p><p><span style=\"font-weight: 400\">A equipe conta com a professora regente, auxiliar de turma e professores especializados, que atuam de forma integrada. A rotina tamb\u00e9m contempla aulas de M\u00fasica, Inform\u00e1tica Educacional, Sala de Leitura, Educa\u00e7\u00e3o F\u00edsica e Ingl\u00eas tr\u00eas vezes por semana, ampliando as experi\u00eancias e possibilidades de aprendizagem das crian\u00e7as.<\/span><\/p><p><span style=\"font-weight: 400\">Por meio de brincadeiras, experi\u00eancias, descobertas e viv\u00eancias, as crian\u00e7as desenvolvem a autonomia, a criatividade e diferentes formas de se expressar, relacionar-se e compreender o mundo.<\/span><\/p><p><strong>FAIXA ET\u00c1RIA POR ANO DE ESCOLARIDADE\u00a0<\/strong><\/p><ul><li>Maternal I &#8211; 2 anos completos at\u00e9 31\/03.<\/li><li>Maternal II &#8211; 3 anos completos at\u00e9 31\/03.<\/li><li>Pr\u00e9 I &#8211; 4 anos completos at\u00e9 31\/03.<\/li><li>Pr\u00e9 II &#8211; 5 anos completos at\u00e9 31\/03.\u00a0<\/li><li>1\u00ba ano &#8211; 6 anos completos at\u00e9 31\/03.\u00a0<\/li><\/ul><p>\u00a0<\/p><p><strong>HOR\u00c1RIO<\/strong><\/p><ul><li>Manh\u00e3 &#8211; 7h \u00e0s 11h30.<\/li><li>Tarde &#8211; 13h \u00e0s 17h30.<\/li><\/ul><p>\u00a0<\/p><p><strong>MATERIAL DID\u00c1TICO<\/strong><\/p><p><strong><span class=\"a_GcMg font-feature-liga-off font-feature-clig-off font-feature-calt-off text-decoration-none text-strikethrough-none\">Maternal II<\/span><\/strong><\/p><ul><li><span class=\"a_GcMg font-feature-liga-off font-feature-clig-off font-feature-calt-off text-decoration-none text-strikethrough-none\">SAS Educa\u00e7\u00e3o &#8211; Livro Cole\u00e7\u00e3o Explorar e Descobrir &#8211; Infantil 3.<\/span><\/li><\/ul><p><strong>Pr\u00e9 I\u00a0<\/strong><\/p><ul><li><span class=\"a_GcMg font-feature-liga-off font-feature-clig-off font-feature-calt-off text-decoration-none text-strikethrough-none\">SAS Educa\u00e7\u00e3o &#8211; Livro Cole\u00e7\u00e3o Explorar e Descobrir &#8211; Infantil 4.<\/span><\/li><\/ul><p><strong>Pr\u00e9 II<\/strong><\/p><ul><li><span class=\"a_GcMg font-feature-liga-off font-feature-clig-off font-feature-calt-off text-decoration-none text-strikethrough-none\">Livro Cole\u00e7\u00e3o Explorar e Descobrir &#8211; Infantil 5.<\/span><\/li><\/ul><p><strong>Programa Bil\u00edngue<\/strong>\u00a0<\/p><ul><li><span class=\"a_GcMg font-feature-liga-off font-feature-clig-off font-feature-calt-off text-decoration-none text-strikethrough-none\">UDP Bilingual Program.<\/span><\/li><\/ul><p>\u00a0<\/p><p><b>PLATAFORMAS DIGITAIS <\/b><\/p><ul><li><strong>Aplicativo Rede ICM<\/strong> &#8211; GVMobile\u00a0 &#8211; aplicativo de comunica\u00e7\u00e3o entre fam\u00edlia e escola.\u00a0<\/li><li>\u00a0<strong>Programa Bil\u00edngue<\/strong> &#8211; Highlights Library.<\/li><li><strong>Educacross<\/strong> &#8211; SAS Educa\u00e7\u00e3o &#8211; atividade adaptativa e gamificada.\u00a0<\/li><\/ul><p>\u00a0<\/p><p><strong>Para mais informa\u00e7\u00f5es agende uma visita e um atendimento pedag\u00f3gico. Clique no banner abaixo.<\/strong><\/p>\t\t\t\t\t\t\t\t<\/div>\n\t\t\t\t<\/div>\n\t\t\t\t\t<\/div>\n\t\t\t\t<\/div>\n\t\t\t\t<\/div>\n\t\t<div class=\"elementor-element elementor-element-ef151dd e-flex e-con-boxed e-con e-parent\" data-id=\"ef151dd\" data-element_type=\"container\" data-e-type=\"container\">\n\t\t\t\t\t<div class=\"e-con-inner\">\n\t\t\t\t<div class=\"elementor-element elementor-element-12843a1 elementor-widget elementor-widget-gallery\" data-id=\"12843a1\" data-element_type=\"widget\" data-e-type=\"widget\" data-settings=\"{&quot;lazyload&quot;:&quot;yes&quot;,&quot;gallery_layout&quot;:&quot;grid&quot;,&quot;columns&quot;:4,&quot;columns_tablet&quot;:2,&quot;columns_mobile&quot;:1,&quot;gap&quot;:{&quot;unit&quot;:&quot;px&quot;,&quot;size&quot;:10,&quot;sizes&quot;:[]},&quot;gap_tablet&quot;:{&quot;unit&quot;:&quot;px&quot;,&quot;size&quot;:10,&quot;sizes&quot;:[]},&quot;gap_mobile&quot;:{&quot;unit&quot;:&quot;px&quot;,&quot;size&quot;:10,&quot;sizes&quot;:[]},&quot;link_to&quot;:&quot;file&quot;,&quot;aspect_ratio&quot;:&quot;3:2&quot;,&quot;overlay_background&quot;:&quot;yes&quot;,&quot;content_hover_animation&quot;:&quot;fade-in&quot;}\" data-widget_type=\"gallery.default\">\n\t\t\t\t<div class=\"elementor-widget-container\">\n\t\t\t\t\t\t\t<div class=\"elementor-gallery__container\">\n\t\t\t\t\t\t\t<a class=\"e-gallery-item elementor-gallery-item elementor-animated-content\" href=\"https:\/\/redeicm.org.br\/pioxii\/wp-content\/uploads\/sites\/2\/2026\/08\/LE01-4344.jpg-scaled.jpg\" data-elementor-open-lightbox=\"yes\" data-elementor-lightbox-slideshow=\"12843a1\" data-elementor-lightbox-title=\"P\u00e1tio de Entrada Infantil ao 5\u00baano\" data-e-action-hash=\"#elementor-action%3Aaction%3Dlightbox%26settings%3DeyJpZCI6Mzk1MCwidXJsIjoiaHR0cHM6XC9cL3JlZGVpY20ub3JnLmJyXC9waW94aWlcL3dwLWNvbnRlbnRcL3VwbG9hZHNcL3NpdGVzXC8yXC8yMDI2XC8wOFwvTEUwMS00MzQ0LmpwZy1zY2FsZWQuanBnIiwic2xpZGVzaG93IjoiMTI4NDNhMSJ9\">\n\t\t\t\t\t<div class=\"e-gallery-image elementor-gallery-item__image\" data-thumbnail=\"https:\/\/redeicm.org.br\/pioxii\/wp-content\/uploads\/sites\/2\/2026\/08\/LE01-4344.jpg-300x200.jpg\" data-width=\"300\" data-height=\"200\" aria-label=\"\" role=\"img\" ><\/div>\n\t\t\t\t\t\t\t\t\t\t\t<div class=\"elementor-gallery-item__overlay\"><\/div>\n\t\t\t\t\t\t\t\t\t\t\t\t\t\t<\/a>\n\t\t\t\t\t\t\t<a class=\"e-gallery-item elementor-gallery-item elementor-animated-content\" href=\"https:\/\/redeicm.org.br\/pioxii\/wp-content\/uploads\/sites\/2\/2026\/08\/LE01-4205.jpg-scaled.jpg\" data-elementor-open-lightbox=\"yes\" data-elementor-lightbox-slideshow=\"12843a1\" data-elementor-lightbox-title=\"Sala de Aula\" data-e-action-hash=\"#elementor-action%3Aaction%3Dlightbox%26settings%3DeyJpZCI6Mzk1NCwidXJsIjoiaHR0cHM6XC9cL3JlZGVpY20ub3JnLmJyXC9waW94aWlcL3dwLWNvbnRlbnRcL3VwbG9hZHNcL3NpdGVzXC8yXC8yMDI2XC8wOFwvTEUwMS00MjA1LmpwZy1zY2FsZWQuanBnIiwic2xpZGVzaG93IjoiMTI4NDNhMSJ9\">\n\t\t\t\t\t<div class=\"e-gallery-image elementor-gallery-item__image\" data-thumbnail=\"https:\/\/redeicm.org.br\/pioxii\/wp-content\/uploads\/sites\/2\/2026\/08\/LE01-4205.jpg-300x200.jpg\" data-width=\"300\" data-height=\"200\" aria-label=\"\" role=\"img\" ><\/div>\n\t\t\t\t\t\t\t\t\t\t\t<div class=\"elementor-gallery-item__overlay\"><\/div>\n\t\t\t\t\t\t\t\t\t\t\t\t\t\t<\/a>\n\t\t\t\t\t\t\t<a class=\"e-gallery-item elementor-gallery-item elementor-animated-content\" href=\"https:\/\/redeicm.org.br\/pioxii\/wp-content\/uploads\/sites\/2\/2026\/08\/LE01-4550.jpg-scaled.jpg\" data-elementor-open-lightbox=\"yes\" data-elementor-lightbox-slideshow=\"12843a1\" data-elementor-lightbox-title=\"Sala de Aula\" data-e-action-hash=\"#elementor-action%3Aaction%3Dlightbox%26settings%3DeyJpZCI6MzkzOCwidXJsIjoiaHR0cHM6XC9cL3JlZGVpY20ub3JnLmJyXC9waW94aWlcL3dwLWNvbnRlbnRcL3VwbG9hZHNcL3NpdGVzXC8yXC8yMDI2XC8wOFwvTEUwMS00NTUwLmpwZy1zY2FsZWQuanBnIiwic2xpZGVzaG93IjoiMTI4NDNhMSJ9\">\n\t\t\t\t\t<div class=\"e-gallery-image elementor-gallery-item__image\" data-thumbnail=\"https:\/\/redeicm.org.br\/pioxii\/wp-content\/uploads\/sites\/2\/2026\/08\/LE01-4550.jpg-300x200.jpg\" data-width=\"300\" data-height=\"200\" aria-label=\"\" role=\"img\" ><\/div>\n\t\t\t\t\t\t\t\t\t\t\t<div class=\"elementor-gallery-item__overlay\"><\/div>\n\t\t\t\t\t\t\t\t\t\t\t\t\t\t<\/a>\n\t\t\t\t\t\t\t<a class=\"e-gallery-item elementor-gallery-item elementor-animated-content\" href=\"https:\/\/redeicm.org.br\/pioxii\/wp-content\/uploads\/sites\/2\/2026\/08\/LE01-4547.jpg-scaled.jpg\" data-elementor-open-lightbox=\"yes\" data-elementor-lightbox-slideshow=\"12843a1\" data-elementor-lightbox-title=\"Sala de Aula\" data-e-action-hash=\"#elementor-action%3Aaction%3Dlightbox%26settings%3DeyJpZCI6MzkzOSwidXJsIjoiaHR0cHM6XC9cL3JlZGVpY20ub3JnLmJyXC9waW94aWlcL3dwLWNvbnRlbnRcL3VwbG9hZHNcL3NpdGVzXC8yXC8yMDI2XC8wOFwvTEUwMS00NTQ3LmpwZy1zY2FsZWQuanBnIiwic2xpZGVzaG93IjoiMTI4NDNhMSJ9\">\n\t\t\t\t\t<div class=\"e-gallery-image elementor-gallery-item__image\" data-thumbnail=\"https:\/\/redeicm.org.br\/pioxii\/wp-content\/uploads\/sites\/2\/2026\/08\/LE01-4547.jpg-300x200.jpg\" data-width=\"300\" data-height=\"200\" aria-label=\"\" role=\"img\" ><\/div>\n\t\t\t\t\t\t\t\t\t\t\t<div class=\"elementor-gallery-item__overlay\"><\/div>\n\t\t\t\t\t\t\t\t\t\t\t\t\t\t<\/a>\n\t\t\t\t\t\t\t<a class=\"e-gallery-item elementor-gallery-item elementor-animated-content\" href=\"https:\/\/redeicm.org.br\/pioxii\/wp-content\/uploads\/sites\/2\/2026\/08\/LE01-4231.jpg-scaled.jpg\" data-elementor-open-lightbox=\"yes\" data-elementor-lightbox-slideshow=\"12843a1\" data-elementor-lightbox-title=\"Sala de Leitura\" data-e-action-hash=\"#elementor-action%3Aaction%3Dlightbox%26settings%3DeyJpZCI6Mzk1MiwidXJsIjoiaHR0cHM6XC9cL3JlZGVpY20ub3JnLmJyXC9waW94aWlcL3dwLWNvbnRlbnRcL3VwbG9hZHNcL3NpdGVzXC8yXC8yMDI2XC8wOFwvTEUwMS00MjMxLmpwZy1zY2FsZWQuanBnIiwic2xpZGVzaG93IjoiMTI4NDNhMSJ9\">\n\t\t\t\t\t<div class=\"e-gallery-image elementor-gallery-item__image\" data-thumbnail=\"https:\/\/redeicm.org.br\/pioxii\/wp-content\/uploads\/sites\/2\/2026\/08\/LE01-4231.jpg-300x200.jpg\" data-width=\"300\" data-height=\"200\" aria-label=\"\" role=\"img\" ><\/div>\n\t\t\t\t\t\t\t\t\t\t\t<div class=\"elementor-gallery-item__overlay\"><\/div>\n\t\t\t\t\t\t\t\t\t\t\t\t\t\t<\/a>\n\t\t\t\t\t\t\t<a class=\"e-gallery-item elementor-gallery-item elementor-animated-content\" href=\"https:\/\/redeicm.org.br\/pioxii\/wp-content\/uploads\/sites\/2\/2026\/08\/LE01-4544.jpg-scaled.jpg\" data-elementor-open-lightbox=\"yes\" data-elementor-lightbox-slideshow=\"12843a1\" data-elementor-lightbox-title=\"Brinquedoteca\" data-e-action-hash=\"#elementor-action%3Aaction%3Dlightbox%26settings%3DeyJpZCI6Mzk0MCwidXJsIjoiaHR0cHM6XC9cL3JlZGVpY20ub3JnLmJyXC9waW94aWlcL3dwLWNvbnRlbnRcL3VwbG9hZHNcL3NpdGVzXC8yXC8yMDI2XC8wOFwvTEUwMS00NTQ0LmpwZy1zY2FsZWQuanBnIiwic2xpZGVzaG93IjoiMTI4NDNhMSJ9\">\n\t\t\t\t\t<div class=\"e-gallery-image elementor-gallery-item__image\" data-thumbnail=\"https:\/\/redeicm.org.br\/pioxii\/wp-content\/uploads\/sites\/2\/2026\/08\/LE01-4544.jpg-300x200.jpg\" data-width=\"300\" data-height=\"200\" aria-label=\"\" role=\"img\" ><\/div>\n\t\t\t\t\t\t\t\t\t\t\t<div class=\"elementor-gallery-item__overlay\"><\/div>\n\t\t\t\t\t\t\t\t\t\t\t\t\t\t<\/a>\n\t\t\t\t\t\t\t<a class=\"e-gallery-item elementor-gallery-item elementor-animated-content\" href=\"https:\/\/redeicm.org.br\/pioxii\/wp-content\/uploads\/sites\/2\/2026\/08\/LE01-4538.jpg-scaled.jpg\" data-elementor-open-lightbox=\"yes\" data-elementor-lightbox-slideshow=\"12843a1\" data-elementor-lightbox-title=\"LE01-4538.jpg\" data-e-action-hash=\"#elementor-action%3Aaction%3Dlightbox%26settings%3DeyJpZCI6Mzk0NCwidXJsIjoiaHR0cHM6XC9cL3JlZGVpY20ub3JnLmJyXC9waW94aWlcL3dwLWNvbnRlbnRcL3VwbG9hZHNcL3NpdGVzXC8yXC8yMDI2XC8wOFwvTEUwMS00NTM4LmpwZy1zY2FsZWQuanBnIiwic2xpZGVzaG93IjoiMTI4NDNhMSJ9\">\n\t\t\t\t\t<div class=\"e-gallery-image elementor-gallery-item__image\" data-thumbnail=\"https:\/\/redeicm.org.br\/pioxii\/wp-content\/uploads\/sites\/2\/2026\/08\/LE01-4538.jpg-300x200.jpg\" data-width=\"300\" data-height=\"200\" aria-label=\"\" role=\"img\" ><\/div>\n\t\t\t\t\t\t\t\t\t\t\t<div class=\"elementor-gallery-item__overlay\"><\/div>\n\t\t\t\t\t\t\t\t\t\t\t\t\t\t<\/a>\n\t\t\t\t\t\t\t<a class=\"e-gallery-item elementor-gallery-item elementor-animated-content\" href=\"https:\/\/redeicm.org.br\/pioxii\/wp-content\/uploads\/sites\/2\/2026\/08\/LE01-4566.jpg-scaled.jpg\" data-elementor-open-lightbox=\"yes\" data-elementor-lightbox-slideshow=\"12843a1\" data-elementor-lightbox-title=\"Sala de M\u00fasica\" data-e-action-hash=\"#elementor-action%3Aaction%3Dlightbox%26settings%3DeyJpZCI6Mzk0MSwidXJsIjoiaHR0cHM6XC9cL3JlZGVpY20ub3JnLmJyXC9waW94aWlcL3dwLWNvbnRlbnRcL3VwbG9hZHNcL3NpdGVzXC8yXC8yMDI2XC8wOFwvTEUwMS00NTY2LmpwZy1zY2FsZWQuanBnIiwic2xpZGVzaG93IjoiMTI4NDNhMSJ9\">\n\t\t\t\t\t<div class=\"e-gallery-image elementor-gallery-item__image\" data-thumbnail=\"https:\/\/redeicm.org.br\/pioxii\/wp-content\/uploads\/sites\/2\/2026\/08\/LE01-4566.jpg-300x200.jpg\" data-width=\"300\" data-height=\"200\" aria-label=\"\" role=\"img\" ><\/div>\n\t\t\t\t\t\t\t\t\t\t\t<div class=\"elementor-gallery-item__overlay\"><\/div>\n\t\t\t\t\t\t\t\t\t\t\t\t\t\t<\/a>\n\t\t\t\t\t\t\t<a class=\"e-gallery-item elementor-gallery-item elementor-animated-content\" href=\"https:\/\/redeicm.org.br\/pioxii\/wp-content\/uploads\/sites\/2\/2026\/08\/GR01-0160.JPG.jpg\" data-elementor-open-lightbox=\"yes\" data-elementor-lightbox-slideshow=\"12843a1\" data-elementor-lightbox-title=\"Parquinho Infantil\" data-e-action-hash=\"#elementor-action%3Aaction%3Dlightbox%26settings%3DeyJpZCI6Mzk1NSwidXJsIjoiaHR0cHM6XC9cL3JlZGVpY20ub3JnLmJyXC9waW94aWlcL3dwLWNvbnRlbnRcL3VwbG9hZHNcL3NpdGVzXC8yXC8yMDI2XC8wOFwvR1IwMS0wMTYwLkpQRy5qcGciLCJzbGlkZXNob3ciOiIxMjg0M2ExIn0%3D\">\n\t\t\t\t\t<div class=\"e-gallery-image elementor-gallery-item__image\" data-thumbnail=\"https:\/\/redeicm.org.br\/pioxii\/wp-content\/uploads\/sites\/2\/2026\/08\/GR01-0160.JPG-300x200.jpg\" data-width=\"300\" data-height=\"200\" aria-label=\"\" role=\"img\" ><\/div>\n\t\t\t\t\t\t\t\t\t\t\t<div class=\"elementor-gallery-item__overlay\"><\/div>\n\t\t\t\t\t\t\t\t\t\t\t\t\t\t<\/a>\n\t\t\t\t\t\t\t<a class=\"e-gallery-item elementor-gallery-item elementor-animated-content\" href=\"https:\/\/redeicm.org.br\/pioxii\/wp-content\/uploads\/sites\/2\/2026\/08\/LE01-4374.jpg-scaled.jpg\" data-elementor-open-lightbox=\"yes\" data-elementor-lightbox-slideshow=\"12843a1\" data-elementor-lightbox-title=\"Parquinho Infantil\" data-e-action-hash=\"#elementor-action%3Aaction%3Dlightbox%26settings%3DeyJpZCI6Mzk0NiwidXJsIjoiaHR0cHM6XC9cL3JlZGVpY20ub3JnLmJyXC9waW94aWlcL3dwLWNvbnRlbnRcL3VwbG9hZHNcL3NpdGVzXC8yXC8yMDI2XC8wOFwvTEUwMS00Mzc0LmpwZy1zY2FsZWQuanBnIiwic2xpZGVzaG93IjoiMTI4NDNhMSJ9\">\n\t\t\t\t\t<div class=\"e-gallery-image elementor-gallery-item__image\" data-thumbnail=\"https:\/\/redeicm.org.br\/pioxii\/wp-content\/uploads\/sites\/2\/2026\/08\/LE01-4374.jpg-300x200.jpg\" data-width=\"300\" data-height=\"200\" aria-label=\"\" role=\"img\" ><\/div>\n\t\t\t\t\t\t\t\t\t\t\t<div class=\"elementor-gallery-item__overlay\"><\/div>\n\t\t\t\t\t\t\t\t\t\t\t\t\t\t<\/a>\n\t\t\t\t\t\t\t<a class=\"e-gallery-item elementor-gallery-item elementor-animated-content\" href=\"https:\/\/redeicm.org.br\/pioxii\/wp-content\/uploads\/sites\/2\/2026\/08\/LE01-4371.jpg-2-scaled.jpg\" data-elementor-open-lightbox=\"yes\" data-elementor-lightbox-slideshow=\"12843a1\" data-elementor-lightbox-title=\"Parquinho Infantil\" data-e-action-hash=\"#elementor-action%3Aaction%3Dlightbox%26settings%3DeyJpZCI6Mzk0NywidXJsIjoiaHR0cHM6XC9cL3JlZGVpY20ub3JnLmJyXC9waW94aWlcL3dwLWNvbnRlbnRcL3VwbG9hZHNcL3NpdGVzXC8yXC8yMDI2XC8wOFwvTEUwMS00MzcxLmpwZy0yLXNjYWxlZC5qcGciLCJzbGlkZXNob3ciOiIxMjg0M2ExIn0%3D\">\n\t\t\t\t\t<div class=\"e-gallery-image elementor-gallery-item__image\" data-thumbnail=\"https:\/\/redeicm.org.br\/pioxii\/wp-content\/uploads\/sites\/2\/2026\/08\/LE01-4371.jpg-2-300x200.jpg\" data-width=\"300\" data-height=\"200\" aria-label=\"\" role=\"img\" ><\/div>\n\t\t\t\t\t\t\t\t\t\t\t<div class=\"elementor-gallery-item__overlay\"><\/div>\n\t\t\t\t\t\t\t\t\t\t\t\t\t\t<\/a>\n\t\t\t\t\t\t\t<a class=\"e-gallery-item elementor-gallery-item elementor-animated-content\" href=\"https:\/\/redeicm.org.br\/pioxii\/wp-content\/uploads\/sites\/2\/2026\/08\/LE01-4244.jpg-scaled.jpg\" data-elementor-open-lightbox=\"yes\" data-elementor-lightbox-slideshow=\"12843a1\" data-elementor-lightbox-title=\"P\u00e1tio 1\u00ba piso\" data-e-action-hash=\"#elementor-action%3Aaction%3Dlightbox%26settings%3DeyJpZCI6Mzk1MSwidXJsIjoiaHR0cHM6XC9cL3JlZGVpY20ub3JnLmJyXC9waW94aWlcL3dwLWNvbnRlbnRcL3VwbG9hZHNcL3NpdGVzXC8yXC8yMDI2XC8wOFwvTEUwMS00MjQ0LmpwZy1zY2FsZWQuanBnIiwic2xpZGVzaG93IjoiMTI4NDNhMSJ9\">\n\t\t\t\t\t<div class=\"e-gallery-image elementor-gallery-item__image\" data-thumbnail=\"https:\/\/redeicm.org.br\/pioxii\/wp-content\/uploads\/sites\/2\/2026\/08\/LE01-4244.jpg-300x200.jpg\" data-width=\"300\" data-height=\"200\" aria-label=\"\" role=\"img\" ><\/div>\n\t\t\t\t\t\t\t\t\t\t\t<div class=\"elementor-gallery-item__overlay\"><\/div>\n\t\t\t\t\t\t\t\t\t\t\t\t\t\t<\/a>\n\t\t\t\t\t<\/div>\n\t\t\t\t\t<\/div>\n\t\t\t\t<\/div>\n\t\t\t\t\t<\/div>\n\t\t\t\t<\/div>\n\t\t\t\t<\/div>\n\t\t","protected":false},"excerpt":{"rendered":"<p>Na Escola Pio XII, a Educa\u00e7\u00e3o Infantil tem como base as brincadeiras e as intera\u00e7\u00f5es, respeitando o ritmo, as caracter\u00edsticas e a individualidade de cada crian\u00e7a. Os espa\u00e7os s\u00e3o organizados para favorecer o desenvolvimento e a aprendizagem, sempre com intencionalidade pedag\u00f3gica. Nossa proposta pedag\u00f3gica est\u00e1 fundamentada nos direitos de aprendizagem e desenvolvimento e nos Campos [&hellip;]<\/p>\n","protected":false},"author":1,"featured_media":4060,"parent":0,"menu_order":0,"comment_status":"closed","ping_status":"closed","template":"","meta":{"_acf_changed":false,"footnotes":""},"class_list":["post-282","page","type-page","status-publish","has-post-thumbnail","hentry"],"acf":[],"yoast_head":"<!-- This site is optimized with the Yoast SEO plugin v27.8 - https:\/\/yoast.com\/product\/yoast-seo-wordpress\/ -->\n<title>Educa\u00e7\u00e3o Infantil - Escola Pio XII | Rede ICM de educa\u00e7\u00e3o<\/title>\n<meta name=\"robots\" content=\"index, follow, max-snippet:-1, max-image-preview:large, max-video-preview:-1\" \/>\n<link rel=\"canonical\" href=\"https:\/\/redeicm.org.br\/pioxii\/educacao-infantil\/\" \/>\n<meta property=\"og:locale\" content=\"pt_BR\" \/>\n<meta property=\"og:type\" content=\"article\" \/>\n<meta property=\"og:title\" content=\"Educa\u00e7\u00e3o Infantil - Escola Pio XII | Rede ICM de educa\u00e7\u00e3o\" \/>\n<meta property=\"og:description\" content=\"Na Escola Pio XII, a Educa\u00e7\u00e3o Infantil tem como base as brincadeiras e as intera\u00e7\u00f5es, respeitando o ritmo, as caracter\u00edsticas e a individualidade de cada crian\u00e7a. Os espa\u00e7os s\u00e3o organizados para favorecer o desenvolvimento e a aprendizagem, sempre com intencionalidade pedag\u00f3gica. Nossa proposta pedag\u00f3gica est\u00e1 fundamentada nos direitos de aprendizagem e desenvolvimento e nos Campos [&hellip;]\" \/>\n<meta property=\"og:url\" content=\"https:\/\/redeicm.org.br\/pioxii\/educacao-infantil\/\" \/>\n<meta property=\"og:site_name\" content=\"Escola Pio XII | Rede ICM de educa\u00e7\u00e3o\" \/>\n<meta property=\"article:modified_time\" content=\"2026-08-21T20:03:47+00:00\" \/>\n<meta property=\"og:image\" content=\"https:\/\/redeicm.org.br\/pioxii\/wp-content\/uploads\/sites\/2\/2026\/08\/Banner-Site-Novo-3.png\" \/>\n\t<meta property=\"og:image:width\" content=\"1920\" \/>\n\t<meta property=\"og:image:height\" content=\"550\" \/>\n\t<meta property=\"og:image:type\" content=\"image\/png\" \/>\n<meta name=\"twitter:card\" content=\"summary_large_image\" \/>\n<meta name=\"twitter:label1\" content=\"Est. tempo de leitura\" \/>\n\t<meta name=\"twitter:data1\" content=\"2 minutos\" \/>\n<script type=\"application\/ld+json\" class=\"yoast-schema-graph\">{\"@context\":\"https:\\\/\\\/schema.org\",\"@graph\":[{\"@type\":\"WebPage\",\"@id\":\"https:\\\/\\\/redeicm.org.br\\\/pioxii\\\/educacao-infantil\\\/\",\"url\":\"https:\\\/\\\/redeicm.org.br\\\/pioxii\\\/educacao-infantil\\\/\",\"name\":\"Educa\u00e7\u00e3o Infantil - Escola Pio XII | Rede ICM de educa\u00e7\u00e3o\",\"isPartOf\":{\"@id\":\"https:\\\/\\\/redeicm.org.br\\\/pioxii\\\/#website\"},\"primaryImageOfPage\":{\"@id\":\"https:\\\/\\\/redeicm.org.br\\\/pioxii\\\/educacao-infantil\\\/#primaryimage\"},\"image\":{\"@id\":\"https:\\\/\\\/redeicm.org.br\\\/pioxii\\\/educacao-infantil\\\/#primaryimage\"},\"thumbnailUrl\":\"https:\\\/\\\/redeicm.org.br\\\/pioxii\\\/wp-content\\\/uploads\\\/sites\\\/2\\\/2026\\\/08\\\/Banner-Site-Novo-3.png\",\"datePublished\":\"2024-08-08T14:36:47+00:00\",\"dateModified\":\"2026-08-21T20:03:47+00:00\",\"breadcrumb\":{\"@id\":\"https:\\\/\\\/redeicm.org.br\\\/pioxii\\\/educacao-infantil\\\/#breadcrumb\"},\"inLanguage\":\"pt-BR\",\"potentialAction\":[{\"@type\":\"ReadAction\",\"target\":[\"https:\\\/\\\/redeicm.org.br\\\/pioxii\\\/educacao-infantil\\\/\"]}]},{\"@type\":\"ImageObject\",\"inLanguage\":\"pt-BR\",\"@id\":\"https:\\\/\\\/redeicm.org.br\\\/pioxii\\\/educacao-infantil\\\/#primaryimage\",\"url\":\"https:\\\/\\\/redeicm.org.br\\\/pioxii\\\/wp-content\\\/uploads\\\/sites\\\/2\\\/2026\\\/08\\\/Banner-Site-Novo-3.png\",\"contentUrl\":\"https:\\\/\\\/redeicm.org.br\\\/pioxii\\\/wp-content\\\/uploads\\\/sites\\\/2\\\/2026\\\/08\\\/Banner-Site-Novo-3.png\",\"width\":1920,\"height\":550},{\"@type\":\"BreadcrumbList\",\"@id\":\"https:\\\/\\\/redeicm.org.br\\\/pioxii\\\/educacao-infantil\\\/#breadcrumb\",\"itemListElement\":[{\"@type\":\"ListItem\",\"position\":1,\"name\":\"In\u00edcio\",\"item\":\"https:\\\/\\\/redeicm.org.br\\\/pioxii\\\/\"},{\"@type\":\"ListItem\",\"position\":2,\"name\":\"Educa\u00e7\u00e3o Infantil\"}]},{\"@type\":\"WebSite\",\"@id\":\"https:\\\/\\\/redeicm.org.br\\\/pioxii\\\/#website\",\"url\":\"https:\\\/\\\/redeicm.org.br\\\/pioxii\\\/\",\"name\":\"Escola Pio XII | Rede ICM de educa\u00e7\u00e3o\",\"description\":\"\",\"publisher\":{\"@id\":\"https:\\\/\\\/redeicm.org.br\\\/pioxii\\\/#organization\"},\"potentialAction\":[{\"@type\":\"SearchAction\",\"target\":{\"@type\":\"EntryPoint\",\"urlTemplate\":\"https:\\\/\\\/redeicm.org.br\\\/pioxii\\\/?s={search_term_string}\"},\"query-input\":{\"@type\":\"PropertyValueSpecification\",\"valueRequired\":true,\"valueName\":\"search_term_string\"}}],\"inLanguage\":\"pt-BR\"},{\"@type\":\"Organization\",\"@id\":\"https:\\\/\\\/redeicm.org.br\\\/pioxii\\\/#organization\",\"name\":\"Escola Pio XII | Rede ICM de educa\u00e7\u00e3o\",\"url\":\"https:\\\/\\\/redeicm.org.br\\\/pioxii\\\/\",\"logo\":{\"@type\":\"ImageObject\",\"inLanguage\":\"pt-BR\",\"@id\":\"https:\\\/\\\/redeicm.org.br\\\/pioxii\\\/#\\\/schema\\\/logo\\\/image\\\/\",\"url\":\"https:\\\/\\\/redeicm.org.br\\\/pioxii\\\/wp-content\\\/uploads\\\/sites\\\/2\\\/2024\\\/07\\\/logo-pio-xii.png\",\"contentUrl\":\"https:\\\/\\\/redeicm.org.br\\\/pioxii\\\/wp-content\\\/uploads\\\/sites\\\/2\\\/2024\\\/07\\\/logo-pio-xii.png\",\"width\":184,\"height\":75,\"caption\":\"Escola Pio XII | Rede ICM de educa\u00e7\u00e3o\"},\"image\":{\"@id\":\"https:\\\/\\\/redeicm.org.br\\\/pioxii\\\/#\\\/schema\\\/logo\\\/image\\\/\"}}]}<\/script>\n<!-- \/ Yoast SEO plugin. -->","yoast_head_json":{"title":"Educa\u00e7\u00e3o Infantil - Escola Pio XII | Rede ICM de educa\u00e7\u00e3o","robots":{"index":"index","follow":"follow","max-snippet":"max-snippet:-1","max-image-preview":"max-image-preview:large","max-video-preview":"max-video-preview:-1"},"canonical":"https:\/\/redeicm.org.br\/pioxii\/educacao-infantil\/","og_locale":"pt_BR","og_type":"article","og_title":"Educa\u00e7\u00e3o Infantil - Escola Pio XII | Rede ICM de educa\u00e7\u00e3o","og_description":"Na Escola Pio XII, a Educa\u00e7\u00e3o Infantil tem como base as brincadeiras e as intera\u00e7\u00f5es, respeitando o ritmo, as caracter\u00edsticas e a individualidade de cada crian\u00e7a. Os espa\u00e7os s\u00e3o organizados para favorecer o desenvolvimento e a aprendizagem, sempre com intencionalidade pedag\u00f3gica. Nossa proposta pedag\u00f3gica est\u00e1 fundamentada nos direitos de aprendizagem e desenvolvimento e nos Campos [&hellip;]","og_url":"https:\/\/redeicm.org.br\/pioxii\/educacao-infantil\/","og_site_name":"Escola Pio XII | Rede ICM de educa\u00e7\u00e3o","article_modified_time":"2026-08-21T20:03:47+00:00","og_image":[{"width":1920,"height":550,"url":"https:\/\/redeicm.org.br\/pioxii\/wp-content\/uploads\/sites\/2\/2026\/08\/Banner-Site-Novo-3.png","type":"image\/png"}],"twitter_card":"summary_large_image","twitter_misc":{"Est. tempo de leitura":"2 minutos"},"schema":{"@context":"https:\/\/schema.org","@graph":[{"@type":"WebPage","@id":"https:\/\/redeicm.org.br\/pioxii\/educacao-infantil\/","url":"https:\/\/redeicm.org.br\/pioxii\/educacao-infantil\/","name":"Educa\u00e7\u00e3o Infantil - Escola Pio XII | Rede ICM de educa\u00e7\u00e3o","isPartOf":{"@id":"https:\/\/redeicm.org.br\/pioxii\/#website"},"primaryImageOfPage":{"@id":"https:\/\/redeicm.org.br\/pioxii\/educacao-infantil\/#primaryimage"},"image":{"@id":"https:\/\/redeicm.org.br\/pioxii\/educacao-infantil\/#primaryimage"},"thumbnailUrl":"https:\/\/redeicm.org.br\/pioxii\/wp-content\/uploads\/sites\/2\/2026\/08\/Banner-Site-Novo-3.png","datePublished":"2024-08-08T14:36:47+00:00","dateModified":"2026-08-21T20:03:47+00:00","breadcrumb":{"@id":"https:\/\/redeicm.org.br\/pioxii\/educacao-infantil\/#breadcrumb"},"inLanguage":"pt-BR","potentialAction":[{"@type":"ReadAction","target":["https:\/\/redeicm.org.br\/pioxii\/educacao-infantil\/"]}]},{"@type":"ImageObject","inLanguage":"pt-BR","@id":"https:\/\/redeicm.org.br\/pioxii\/educacao-infantil\/#primaryimage","url":"https:\/\/redeicm.org.br\/pioxii\/wp-content\/uploads\/sites\/2\/2026\/08\/Banner-Site-Novo-3.png","contentUrl":"https:\/\/redeicm.org.br\/pioxii\/wp-content\/uploads\/sites\/2\/2026\/08\/Banner-Site-Novo-3.png","width":1920,"height":550},{"@type":"BreadcrumbList","@id":"https:\/\/redeicm.org.br\/pioxii\/educacao-infantil\/#breadcrumb","itemListElement":[{"@type":"ListItem","position":1,"name":"In\u00edcio","item":"https:\/\/redeicm.org.br\/pioxii\/"},{"@type":"ListItem","position":2,"name":"Educa\u00e7\u00e3o Infantil"}]},{"@type":"WebSite","@id":"https:\/\/redeicm.org.br\/pioxii\/#website","url":"https:\/\/redeicm.org.br\/pioxii\/","name":"Escola Pio XII | Rede ICM de educa\u00e7\u00e3o","description":"","publisher":{"@id":"https:\/\/redeicm.org.br\/pioxii\/#organization"},"potentialAction":[{"@type":"SearchAction","target":{"@type":"EntryPoint","urlTemplate":"https:\/\/redeicm.org.br\/pioxii\/?s={search_term_string}"},"query-input":{"@type":"PropertyValueSpecification","valueRequired":true,"valueName":"search_term_string"}}],"inLanguage":"pt-BR"},{"@type":"Organization","@id":"https:\/\/redeicm.org.br\/pioxii\/#organization","name":"Escola Pio XII | Rede ICM de educa\u00e7\u00e3o","url":"https:\/\/redeicm.org.br\/pioxii\/","logo":{"@type":"ImageObject","inLanguage":"pt-BR","@id":"https:\/\/redeicm.org.br\/pioxii\/#\/schema\/logo\/image\/","url":"https:\/\/redeicm.org.br\/pioxii\/wp-content\/uploads\/sites\/2\/2024\/07\/logo-pio-xii.png","contentUrl":"https:\/\/redeicm.org.br\/pioxii\/wp-content\/uploads\/sites\/2\/2024\/07\/logo-pio-xii.png","width":184,"height":75,"caption":"Escola Pio XII | Rede ICM de educa\u00e7\u00e3o"},"image":{"@id":"https:\/\/redeicm.org.br\/pioxii\/#\/schema\/logo\/image\/"}}]}},"_links":{"self":[{"href":"https:\/\/redeicm.org.br\/pioxii\/wp-json\/wp\/v2\/pages\/282","targetHints":{"allow":["GET"]}}],"collection":[{"href":"https:\/\/redeicm.org.br\/pioxii\/wp-json\/wp\/v2\/pages"}],"about":[{"href":"https:\/\/redeicm.org.br\/pioxii\/wp-json\/wp\/v2\/types\/page"}],"author":[{"embeddable":true,"href":"https:\/\/redeicm.org.br\/pioxii\/wp-json\/wp\/v2\/users\/1"}],"replies":[{"embeddable":true,"href":"https:\/\/redeicm.org.br\/pioxii\/wp-json\/wp\/v2\/comments?post=282"}],"version-history":[{"count":53,"href":"https:\/\/redeicm.org.br\/pioxii\/wp-json\/wp\/v2\/pages\/282\/revisions"}],"predecessor-version":[{"id":4061,"href":"https:\/\/redeicm.org.br\/pioxii\/wp-json\/wp\/v2\/pages\/282\/revisions\/4061"}],"wp:featuredmedia":[{"embeddable":true,"href":"https:\/\/redeicm.org.br\/pioxii\/wp-json\/wp\/v2\/media\/4060"}],"wp:attachment":[{"href":"https:\/\/redeicm.org.br\/pioxii\/wp-json\/wp\/v2\/media?parent=282"}],"curies":[{"name":"wp","href":"https:\/\/api.w.org\/{rel}","templated":true}]}}