{"id":3938,"date":"2026-03-04T12:28:24","date_gmt":"2026-03-04T15:28:24","guid":{"rendered":"https:\/\/redeicm.org.br\/imaculadaconceicao\/?page_id=3938"},"modified":"2026-04-24T17:11:14","modified_gmt":"2026-04-24T20:11:14","slug":"corpo-docente","status":"publish","type":"page","link":"https:\/\/redeicm.org.br\/imaculadaconceicao\/corpo-docente\/","title":{"rendered":"Corpo Docente"},"content":{"rendered":"\t\t<div data-elementor-type=\"wp-page\" data-elementor-id=\"3938\" class=\"elementor elementor-3938\" data-elementor-post-type=\"page\">\n\t\t\t\t<div class=\"elementor-element elementor-element-0da548c e-flex e-con-boxed e-con e-parent\" data-id=\"0da548c\" data-element_type=\"container\" data-e-type=\"container\" data-settings=\"{&quot;background_background&quot;:&quot;classic&quot;}\">\n\t\t\t\t\t<div class=\"e-con-inner\">\n\t\t\t\t<div class=\"elementor-element elementor-element-a3a68ef elementor-widget elementor-widget-heading\" data-id=\"a3a68ef\" data-element_type=\"widget\" data-e-type=\"widget\" data-widget_type=\"heading.default\">\n\t\t\t\t<div class=\"elementor-widget-container\">\n\t\t\t\t\t<h1 class=\"elementor-heading-title elementor-size-default\">Corpo Docente<\/h1>\t\t\t\t<\/div>\n\t\t\t\t<\/div>\n\t\t\t\t<div class=\"elementor-element elementor-element-88c2611 elementor-view-default elementor-widget elementor-widget-icon\" data-id=\"88c2611\" data-element_type=\"widget\" data-e-type=\"widget\" data-widget_type=\"icon.default\">\n\t\t\t\t<div class=\"elementor-widget-container\">\n\t\t\t\t\t\t\t<div class=\"elementor-icon-wrapper\">\n\t\t\t<a class=\"elementor-icon\" href=\"https:\/\/redeicm.org.br\/imaculadaconceicao\/\">\n\t\t\t<svg aria-hidden=\"true\" class=\"e-font-icon-svg e-fas-home\" viewBox=\"0 0 576 512\" xmlns=\"http:\/\/www.w3.org\/2000\/svg\"><path d=\"M280.37 148.26L96 300.11V464a16 16 0 0 0 16 16l112.06-.29a16 16 0 0 0 15.92-16V368a16 16 0 0 1 16-16h64a16 16 0 0 1 16 16v95.64a16 16 0 0 0 16 16.05L464 480a16 16 0 0 0 16-16V300L295.67 148.26a12.19 12.19 0 0 0-15.3 0zM571.6 251.47L488 182.56V44.05a12 12 0 0 0-12-12h-56a12 12 0 0 0-12 12v72.61L318.47 43a48 48 0 0 0-61 0L4.34 251.47a12 12 0 0 0-1.6 16.9l25.5 31A12 12 0 0 0 45.15 301l235.22-193.74a12.19 12.19 0 0 1 15.3 0L530.9 301a12 12 0 0 0 16.9-1.6l25.5-31a12 12 0 0 0-1.7-16.93z\"><\/path><\/svg>\t\t\t<\/a>\n\t\t<\/div>\n\t\t\t\t\t\t<\/div>\n\t\t\t\t<\/div>\n\t\t\t\t\t<\/div>\n\t\t\t\t<\/div>\n\t\t<div class=\"elementor-element elementor-element-3d5c385 e-con-full e-flex e-con e-parent\" data-id=\"3d5c385\" data-element_type=\"container\" data-e-type=\"container\" id=\"corpo-docente\">\n\t\t<div class=\"elementor-element elementor-element-d4cea35 e-flex e-con-boxed e-con e-child\" data-id=\"d4cea35\" data-element_type=\"container\" data-e-type=\"container\">\n\t\t\t\t\t<div class=\"e-con-inner\">\n\t\t\t\t<div class=\"elementor-element elementor-element-79caeb6 elementor-widget elementor-widget-heading\" data-id=\"79caeb6\" data-element_type=\"widget\" data-e-type=\"widget\" data-widget_type=\"heading.default\">\n\t\t\t\t<div class=\"elementor-widget-container\">\n\t\t\t\t\t<h2 class=\"elementor-heading-title elementor-size-default\">Corpo Docente<\/h2>\t\t\t\t<\/div>\n\t\t\t\t<\/div>\n\t\t\t\t<div class=\"elementor-element elementor-element-bd4b071 elementor-widget elementor-widget-text-editor\" data-id=\"bd4b071\" data-element_type=\"widget\" data-e-type=\"widget\" data-widget_type=\"text-editor.default\">\n\t\t\t\t<div class=\"elementor-widget-container\">\n\t\t\t\t\t\t\t\t\t<p>Educar \u00e9 mais do que ensinar conte\u00fados \u2014 \u00e9 inspirar, acolher, despertar talentos e acompanhar cada etapa do crescimento dos nossos alunos.<\/p>\t\t\t\t\t\t\t\t<\/div>\n\t\t\t\t<\/div>\n\t\t\t\t\t<\/div>\n\t\t\t\t<\/div>\n\t\t<div class=\"elementor-element elementor-element-efed0c8 e-flex e-con-boxed e-con e-child\" data-id=\"efed0c8\" data-element_type=\"container\" data-e-type=\"container\" data-settings=\"{&quot;background_background&quot;:&quot;classic&quot;}\">\n\t\t\t\t\t<div class=\"e-con-inner\">\n\t\t\t\t<div class=\"elementor-element elementor-element-25a3626 elementor-widget elementor-widget-heading\" data-id=\"25a3626\" data-element_type=\"widget\" data-e-type=\"widget\" data-widget_type=\"heading.default\">\n\t\t\t\t<div class=\"elementor-widget-container\">\n\t\t\t\t\t<h2 class=\"elementor-heading-title elementor-size-default\">Educa\u00e7\u00e3o Infantil<\/h2>\t\t\t\t<\/div>\n\t\t\t\t<\/div>\n\t\t<div class=\"elementor-element elementor-element-bc10606 e-grid e-con-full elementor-invisible e-con e-child\" data-id=\"bc10606\" data-element_type=\"container\" data-e-type=\"container\" data-settings=\"{&quot;background_background&quot;:&quot;classic&quot;,&quot;animation&quot;:&quot;fadeInUp&quot;}\">\n\t\t<div class=\"elementor-element elementor-element-67028b4 e-con-full e-flex e-con e-child\" data-id=\"67028b4\" data-element_type=\"container\" data-e-type=\"container\">\n\t\t\t\t<div class=\"elementor-element elementor-element-c18e0a7 elementor-widget elementor-widget-image\" data-id=\"c18e0a7\" data-element_type=\"widget\" data-e-type=\"widget\" data-widget_type=\"image.default\">\n\t\t\t\t<div class=\"elementor-widget-container\">\n\t\t\t\t\t\t\t\t\t\t\t\t\t\t\t<img fetchpriority=\"high\" decoding=\"async\" width=\"337\" height=\"454\" src=\"https:\/\/redeicm.org.br\/imaculadaconceicao\/wp-content\/uploads\/sites\/12\/2026\/03\/Equipe-site-Angelica-Patricia-Homem.jpg\" class=\"attachment-large size-large wp-image-4062\" alt=\"\" srcset=\"https:\/\/redeicm.org.br\/imaculadaconceicao\/wp-content\/uploads\/sites\/12\/2026\/03\/Equipe-site-Angelica-Patricia-Homem.jpg 337w, https:\/\/redeicm.org.br\/imaculadaconceicao\/wp-content\/uploads\/sites\/12\/2026\/03\/Equipe-site-Angelica-Patricia-Homem-223x300.jpg 223w\" sizes=\"(max-width: 337px) 100vw, 337px\" \/>\t\t\t\t\t\t\t\t\t\t\t\t\t\t\t<\/div>\n\t\t\t\t<\/div>\n\t\t\t\t<div class=\"elementor-element elementor-element-78bd0c5 elementor-widget elementor-widget-text-editor\" data-id=\"78bd0c5\" data-element_type=\"widget\" data-e-type=\"widget\" data-widget_type=\"text-editor.default\">\n\t\t\t\t<div class=\"elementor-widget-container\">\n\t\t\t\t\t\t\t\t\t<div style=\"text-align: left\"><span style=\"color: #004960\"><b>Ang\u00e9lica Patricia Homem<\/b><\/span><br \/><span style=\"color: #f68800\"><b>Turma PN3<\/b><\/span><\/div>\t\t\t\t\t\t\t\t<\/div>\n\t\t\t\t<\/div>\n\t\t\t\t<\/div>\n\t\t<div class=\"elementor-element elementor-element-57eac31 e-con-full e-flex e-con e-child\" data-id=\"57eac31\" data-element_type=\"container\" data-e-type=\"container\">\n\t\t\t\t<div class=\"elementor-element elementor-element-a2b84fb elementor-widget elementor-widget-image\" data-id=\"a2b84fb\" data-element_type=\"widget\" data-e-type=\"widget\" data-widget_type=\"image.default\">\n\t\t\t\t<div class=\"elementor-widget-container\">\n\t\t\t\t\t\t\t\t\t\t\t\t\t\t\t<img decoding=\"async\" width=\"337\" height=\"454\" src=\"https:\/\/redeicm.org.br\/imaculadaconceicao\/wp-content\/uploads\/sites\/12\/2026\/03\/Equipe-site-Monisie-Grasieli-Gemelli.jpg\" class=\"attachment-large size-large wp-image-4079\" alt=\"\" srcset=\"https:\/\/redeicm.org.br\/imaculadaconceicao\/wp-content\/uploads\/sites\/12\/2026\/03\/Equipe-site-Monisie-Grasieli-Gemelli.jpg 337w, https:\/\/redeicm.org.br\/imaculadaconceicao\/wp-content\/uploads\/sites\/12\/2026\/03\/Equipe-site-Monisie-Grasieli-Gemelli-223x300.jpg 223w\" sizes=\"(max-width: 337px) 100vw, 337px\" \/>\t\t\t\t\t\t\t\t\t\t\t\t\t\t\t<\/div>\n\t\t\t\t<\/div>\n\t\t\t\t<div class=\"elementor-element elementor-element-4469ae1 elementor-widget elementor-widget-text-editor\" data-id=\"4469ae1\" data-element_type=\"widget\" data-e-type=\"widget\" data-widget_type=\"text-editor.default\">\n\t\t\t\t<div class=\"elementor-widget-container\">\n\t\t\t\t\t\t\t\t\t<p><span style=\"color: #004960\"><b>Monisie Grasieli Gemelli<\/b><\/span><br \/><span style=\"color: #f68800\"><b>Turma PN4A<\/b><\/span><\/p>\t\t\t\t\t\t\t\t<\/div>\n\t\t\t\t<\/div>\n\t\t\t\t<\/div>\n\t\t<div class=\"elementor-element elementor-element-05412de e-con-full e-flex e-con e-child\" data-id=\"05412de\" data-element_type=\"container\" data-e-type=\"container\">\n\t\t\t\t<div class=\"elementor-element elementor-element-931269e elementor-widget elementor-widget-image\" data-id=\"931269e\" data-element_type=\"widget\" data-e-type=\"widget\" data-widget_type=\"image.default\">\n\t\t\t\t<div class=\"elementor-widget-container\">\n\t\t\t\t\t\t\t\t\t\t\t\t\t\t\t<img decoding=\"async\" width=\"337\" height=\"454\" src=\"https:\/\/redeicm.org.br\/imaculadaconceicao\/wp-content\/uploads\/sites\/12\/2026\/03\/Equipe-site-Lisiane-Staudt-Natividade.jpg\" class=\"attachment-large size-large wp-image-4088\" alt=\"\" srcset=\"https:\/\/redeicm.org.br\/imaculadaconceicao\/wp-content\/uploads\/sites\/12\/2026\/03\/Equipe-site-Lisiane-Staudt-Natividade.jpg 337w, https:\/\/redeicm.org.br\/imaculadaconceicao\/wp-content\/uploads\/sites\/12\/2026\/03\/Equipe-site-Lisiane-Staudt-Natividade-223x300.jpg 223w\" sizes=\"(max-width: 337px) 100vw, 337px\" \/>\t\t\t\t\t\t\t\t\t\t\t\t\t\t\t<\/div>\n\t\t\t\t<\/div>\n\t\t\t\t<div class=\"elementor-element elementor-element-cbf479e elementor-widget elementor-widget-text-editor\" data-id=\"cbf479e\" data-element_type=\"widget\" data-e-type=\"widget\" data-widget_type=\"text-editor.default\">\n\t\t\t\t<div class=\"elementor-widget-container\">\n\t\t\t\t\t\t\t\t\t<p><span style=\"color: #004960\"><b>Lisiane Staudt Natividade<\/b><\/span><br \/><span style=\"color: #f68800;font-weight: bold\">Turma\u00a0<\/span><span style=\"color: #f68800\"><b>PN4B<\/b><\/span><\/p>\t\t\t\t\t\t\t\t<\/div>\n\t\t\t\t<\/div>\n\t\t\t\t<\/div>\n\t\t<div class=\"elementor-element elementor-element-4711786 e-con-full e-flex e-con e-child\" data-id=\"4711786\" data-element_type=\"container\" data-e-type=\"container\">\n\t\t\t\t<div class=\"elementor-element elementor-element-66af9ea elementor-widget elementor-widget-image\" data-id=\"66af9ea\" data-element_type=\"widget\" data-e-type=\"widget\" data-widget_type=\"image.default\">\n\t\t\t\t<div class=\"elementor-widget-container\">\n\t\t\t\t\t\t\t\t\t\t\t\t\t\t\t<img loading=\"lazy\" decoding=\"async\" width=\"337\" height=\"454\" src=\"https:\/\/redeicm.org.br\/imaculadaconceicao\/wp-content\/uploads\/sites\/12\/2026\/03\/Equipe-site-Camila-Vitoria-Jaeger.jpg\" class=\"attachment-large size-large wp-image-4064\" alt=\"\" srcset=\"https:\/\/redeicm.org.br\/imaculadaconceicao\/wp-content\/uploads\/sites\/12\/2026\/03\/Equipe-site-Camila-Vitoria-Jaeger.jpg 337w, https:\/\/redeicm.org.br\/imaculadaconceicao\/wp-content\/uploads\/sites\/12\/2026\/03\/Equipe-site-Camila-Vitoria-Jaeger-223x300.jpg 223w\" sizes=\"(max-width: 337px) 100vw, 337px\" \/>\t\t\t\t\t\t\t\t\t\t\t\t\t\t\t<\/div>\n\t\t\t\t<\/div>\n\t\t\t\t<div class=\"elementor-element elementor-element-4046ff9 elementor-widget elementor-widget-text-editor\" data-id=\"4046ff9\" data-element_type=\"widget\" data-e-type=\"widget\" data-widget_type=\"text-editor.default\">\n\t\t\t\t<div class=\"elementor-widget-container\">\n\t\t\t\t\t\t\t\t\t<div style=\"text-align: left\"><span style=\"color: #004960\"><b>Camila Vit\u00f3ria Jaeger<\/b><\/span><br \/><span style=\"color: #f68800;font-weight: bold\">Turma\u00a0<\/span><span style=\"color: #f68800\"><b>PN5A<\/b><\/span><\/div>\t\t\t\t\t\t\t\t<\/div>\n\t\t\t\t<\/div>\n\t\t\t\t<\/div>\n\t\t<div class=\"elementor-element elementor-element-4fad9c3 e-con-full e-flex e-con e-child\" data-id=\"4fad9c3\" data-element_type=\"container\" data-e-type=\"container\">\n\t\t\t\t<div class=\"elementor-element elementor-element-36bee18 elementor-widget elementor-widget-image\" data-id=\"36bee18\" data-element_type=\"widget\" data-e-type=\"widget\" data-widget_type=\"image.default\">\n\t\t\t\t<div class=\"elementor-widget-container\">\n\t\t\t\t\t\t\t\t\t\t\t\t\t\t\t<img loading=\"lazy\" decoding=\"async\" width=\"337\" height=\"454\" src=\"https:\/\/redeicm.org.br\/imaculadaconceicao\/wp-content\/uploads\/sites\/12\/2026\/03\/Equipe-site-Bruna-Lauermann.jpg\" class=\"attachment-large size-large wp-image-4090\" alt=\"\" srcset=\"https:\/\/redeicm.org.br\/imaculadaconceicao\/wp-content\/uploads\/sites\/12\/2026\/03\/Equipe-site-Bruna-Lauermann.jpg 337w, https:\/\/redeicm.org.br\/imaculadaconceicao\/wp-content\/uploads\/sites\/12\/2026\/03\/Equipe-site-Bruna-Lauermann-223x300.jpg 223w\" sizes=\"(max-width: 337px) 100vw, 337px\" \/>\t\t\t\t\t\t\t\t\t\t\t\t\t\t\t<\/div>\n\t\t\t\t<\/div>\n\t\t\t\t<div class=\"elementor-element elementor-element-9a23582 elementor-widget elementor-widget-text-editor\" data-id=\"9a23582\" data-element_type=\"widget\" data-e-type=\"widget\" data-widget_type=\"text-editor.default\">\n\t\t\t\t<div class=\"elementor-widget-container\">\n\t\t\t\t\t\t\t\t\t<div style=\"text-align: left\"><span style=\"color: #004960\"><b>Bruna Lauermann<\/b><\/span><br \/><span style=\"color: #f68800;font-weight: bold\">Turma\u00a0<\/span><span style=\"color: #f68800\"><b>PN5B<\/b><\/span><\/div>\t\t\t\t\t\t\t\t<\/div>\n\t\t\t\t<\/div>\n\t\t\t\t<\/div>\n\t\t<div class=\"elementor-element elementor-element-bc607b2 e-con-full e-flex e-con e-child\" data-id=\"bc607b2\" data-element_type=\"container\" data-e-type=\"container\">\n\t\t\t\t<div class=\"elementor-element elementor-element-04ebfa3 elementor-widget elementor-widget-image\" data-id=\"04ebfa3\" data-element_type=\"widget\" data-e-type=\"widget\" data-widget_type=\"image.default\">\n\t\t\t\t<div class=\"elementor-widget-container\">\n\t\t\t\t\t\t\t\t\t\t\t\t\t\t\t<img loading=\"lazy\" decoding=\"async\" width=\"337\" height=\"454\" src=\"https:\/\/redeicm.org.br\/imaculadaconceicao\/wp-content\/uploads\/sites\/12\/2026\/03\/Equipe-site-Oberdan-Ricardo-P-Rockenbach.jpg\" class=\"attachment-large size-large wp-image-4080\" alt=\"\" srcset=\"https:\/\/redeicm.org.br\/imaculadaconceicao\/wp-content\/uploads\/sites\/12\/2026\/03\/Equipe-site-Oberdan-Ricardo-P-Rockenbach.jpg 337w, https:\/\/redeicm.org.br\/imaculadaconceicao\/wp-content\/uploads\/sites\/12\/2026\/03\/Equipe-site-Oberdan-Ricardo-P-Rockenbach-223x300.jpg 223w\" sizes=\"(max-width: 337px) 100vw, 337px\" \/>\t\t\t\t\t\t\t\t\t\t\t\t\t\t\t<\/div>\n\t\t\t\t<\/div>\n\t\t\t\t<div class=\"elementor-element elementor-element-00374c8 elementor-widget elementor-widget-text-editor\" data-id=\"00374c8\" data-element_type=\"widget\" data-e-type=\"widget\" data-widget_type=\"text-editor.default\">\n\t\t\t\t<div class=\"elementor-widget-container\">\n\t\t\t\t\t\t\t\t\t<div style=\"text-align: left\"><span style=\"color: #004960\"><b>Oberdan R. P. Rockenbach<\/b><\/span><br \/><span style=\"color: #f68800\"><b>M\u00fasica<\/b><\/span><\/div>\t\t\t\t\t\t\t\t<\/div>\n\t\t\t\t<\/div>\n\t\t\t\t<\/div>\n\t\t<div class=\"elementor-element elementor-element-bf083e5 e-con-full e-flex e-con e-child\" data-id=\"bf083e5\" data-element_type=\"container\" data-e-type=\"container\">\n\t\t\t\t<div class=\"elementor-element elementor-element-54e0be8 elementor-widget elementor-widget-image\" data-id=\"54e0be8\" data-element_type=\"widget\" data-e-type=\"widget\" data-widget_type=\"image.default\">\n\t\t\t\t<div class=\"elementor-widget-container\">\n\t\t\t\t\t\t\t\t\t\t\t\t\t\t\t<img loading=\"lazy\" decoding=\"async\" width=\"337\" height=\"454\" src=\"https:\/\/redeicm.org.br\/imaculadaconceicao\/wp-content\/uploads\/sites\/12\/2026\/03\/Equipe-site-Luciana-Cardozo-de-Oliveira-Martins.jpg\" class=\"attachment-large size-large wp-image-4078\" alt=\"\" srcset=\"https:\/\/redeicm.org.br\/imaculadaconceicao\/wp-content\/uploads\/sites\/12\/2026\/03\/Equipe-site-Luciana-Cardozo-de-Oliveira-Martins.jpg 337w, https:\/\/redeicm.org.br\/imaculadaconceicao\/wp-content\/uploads\/sites\/12\/2026\/03\/Equipe-site-Luciana-Cardozo-de-Oliveira-Martins-223x300.jpg 223w\" sizes=\"(max-width: 337px) 100vw, 337px\" \/>\t\t\t\t\t\t\t\t\t\t\t\t\t\t\t<\/div>\n\t\t\t\t<\/div>\n\t\t\t\t<div class=\"elementor-element elementor-element-4149355 elementor-widget elementor-widget-text-editor\" data-id=\"4149355\" data-element_type=\"widget\" data-e-type=\"widget\" data-widget_type=\"text-editor.default\">\n\t\t\t\t<div class=\"elementor-widget-container\">\n\t\t\t\t\t\t\t\t\t<div style=\"text-align: left\"><span style=\"color: #004960\"><b>Luciana C. de O. Martins<\/b><\/span><br \/><span style=\"color: #f68800;font-weight: bold\">Educa\u00e7\u00e3o F\u00edsica<\/span><\/div>\t\t\t\t\t\t\t\t<\/div>\n\t\t\t\t<\/div>\n\t\t\t\t<\/div>\n\t\t<div class=\"elementor-element elementor-element-c03d0f9 e-con-full e-flex e-con e-child\" data-id=\"c03d0f9\" data-element_type=\"container\" data-e-type=\"container\">\n\t\t\t\t<div class=\"elementor-element elementor-element-2b4ecc5 elementor-widget elementor-widget-image\" data-id=\"2b4ecc5\" data-element_type=\"widget\" data-e-type=\"widget\" data-widget_type=\"image.default\">\n\t\t\t\t<div class=\"elementor-widget-container\">\n\t\t\t\t\t\t\t\t\t\t\t\t\t\t\t<img loading=\"lazy\" decoding=\"async\" width=\"337\" height=\"454\" src=\"https:\/\/redeicm.org.br\/imaculadaconceicao\/wp-content\/uploads\/sites\/12\/2026\/03\/Equipe-site-Daiana-Santana-Souza.jpg\" class=\"attachment-large size-large wp-image-4067\" alt=\"\" srcset=\"https:\/\/redeicm.org.br\/imaculadaconceicao\/wp-content\/uploads\/sites\/12\/2026\/03\/Equipe-site-Daiana-Santana-Souza.jpg 337w, https:\/\/redeicm.org.br\/imaculadaconceicao\/wp-content\/uploads\/sites\/12\/2026\/03\/Equipe-site-Daiana-Santana-Souza-223x300.jpg 223w\" sizes=\"(max-width: 337px) 100vw, 337px\" \/>\t\t\t\t\t\t\t\t\t\t\t\t\t\t\t<\/div>\n\t\t\t\t<\/div>\n\t\t\t\t<div class=\"elementor-element elementor-element-605d81e elementor-widget elementor-widget-text-editor\" data-id=\"605d81e\" data-element_type=\"widget\" data-e-type=\"widget\" data-widget_type=\"text-editor.default\">\n\t\t\t\t<div class=\"elementor-widget-container\">\n\t\t\t\t\t\t\t\t\t<div style=\"text-align: left\"><span style=\"color: #004960\"><b>Daiana Santana Souza<\/b><\/span><br \/><span style=\"color: #f68800;font-weight: bold\">Ingl\u00eas<\/span><\/div>\t\t\t\t\t\t\t\t<\/div>\n\t\t\t\t<\/div>\n\t\t\t\t<\/div>\n\t\t<div class=\"elementor-element elementor-element-ce29dff e-con-full e-flex e-con e-child\" data-id=\"ce29dff\" data-element_type=\"container\" data-e-type=\"container\">\n\t\t\t\t<div class=\"elementor-element elementor-element-b29e941 elementor-widget elementor-widget-image\" data-id=\"b29e941\" data-element_type=\"widget\" data-e-type=\"widget\" data-widget_type=\"image.default\">\n\t\t\t\t<div class=\"elementor-widget-container\">\n\t\t\t\t\t\t\t\t\t\t\t\t\t\t\t<img loading=\"lazy\" decoding=\"async\" width=\"337\" height=\"454\" src=\"https:\/\/redeicm.org.br\/imaculadaconceicao\/wp-content\/uploads\/sites\/12\/2026\/03\/Equipe-site-Joao-Victor-M-dos-Santos-de-Oliveira.jpg\" class=\"attachment-large size-large wp-image-4073\" alt=\"\" srcset=\"https:\/\/redeicm.org.br\/imaculadaconceicao\/wp-content\/uploads\/sites\/12\/2026\/03\/Equipe-site-Joao-Victor-M-dos-Santos-de-Oliveira.jpg 337w, https:\/\/redeicm.org.br\/imaculadaconceicao\/wp-content\/uploads\/sites\/12\/2026\/03\/Equipe-site-Joao-Victor-M-dos-Santos-de-Oliveira-223x300.jpg 223w\" sizes=\"(max-width: 337px) 100vw, 337px\" \/>\t\t\t\t\t\t\t\t\t\t\t\t\t\t\t<\/div>\n\t\t\t\t<\/div>\n\t\t\t\t<div class=\"elementor-element elementor-element-3e0a2d3 elementor-widget elementor-widget-text-editor\" data-id=\"3e0a2d3\" data-element_type=\"widget\" data-e-type=\"widget\" data-widget_type=\"text-editor.default\">\n\t\t\t\t<div class=\"elementor-widget-container\">\n\t\t\t\t\t\t\t\t\t<div style=\"text-align: left\"><span style=\"color: #004960\"><b>Jo\u00e3o V. M. dos S. de Oliveira<\/b><\/span><br \/><span style=\"color: #f68800;font-weight: bold\">Lab Maker e Inform\u00e1tica<\/span><\/div>\t\t\t\t\t\t\t\t<\/div>\n\t\t\t\t<\/div>\n\t\t\t\t<\/div>\n\t\t<div class=\"elementor-element elementor-element-072e059 e-con-full e-flex e-con e-child\" data-id=\"072e059\" data-element_type=\"container\" data-e-type=\"container\">\n\t\t\t\t<div class=\"elementor-element elementor-element-b3afbfe elementor-widget elementor-widget-image\" data-id=\"b3afbfe\" data-element_type=\"widget\" data-e-type=\"widget\" data-widget_type=\"image.default\">\n\t\t\t\t<div class=\"elementor-widget-container\">\n\t\t\t\t\t\t\t\t\t\t\t\t\t\t\t<img loading=\"lazy\" decoding=\"async\" width=\"337\" height=\"454\" src=\"https:\/\/redeicm.org.br\/imaculadaconceicao\/wp-content\/uploads\/sites\/12\/2026\/03\/Equipe-site-Andrea-Calini.jpg\" class=\"attachment-large size-large wp-image-4093\" alt=\"\" srcset=\"https:\/\/redeicm.org.br\/imaculadaconceicao\/wp-content\/uploads\/sites\/12\/2026\/03\/Equipe-site-Andrea-Calini.jpg 337w, https:\/\/redeicm.org.br\/imaculadaconceicao\/wp-content\/uploads\/sites\/12\/2026\/03\/Equipe-site-Andrea-Calini-223x300.jpg 223w\" sizes=\"(max-width: 337px) 100vw, 337px\" \/>\t\t\t\t\t\t\t\t\t\t\t\t\t\t\t<\/div>\n\t\t\t\t<\/div>\n\t\t\t\t<div class=\"elementor-element elementor-element-5d6a5d5 elementor-widget elementor-widget-text-editor\" data-id=\"5d6a5d5\" data-element_type=\"widget\" data-e-type=\"widget\" data-widget_type=\"text-editor.default\">\n\t\t\t\t<div class=\"elementor-widget-container\">\n\t\t\t\t\t\t\t\t\t<div style=\"text-align: left\"><span style=\"color: #004960\"><b>Andrea In\u00eas Calini<\/b><\/span><br \/><span style=\"color: #f68800;font-weight: bold\">Biblioteca<\/span><\/div>\t\t\t\t\t\t\t\t<\/div>\n\t\t\t\t<\/div>\n\t\t\t\t<\/div>\n\t\t<div class=\"elementor-element elementor-element-dea4237 e-con-full e-flex e-con e-child\" data-id=\"dea4237\" data-element_type=\"container\" data-e-type=\"container\">\n\t\t\t\t<div class=\"elementor-element elementor-element-ddffee6 elementor-widget elementor-widget-image\" data-id=\"ddffee6\" data-element_type=\"widget\" data-e-type=\"widget\" data-widget_type=\"image.default\">\n\t\t\t\t<div class=\"elementor-widget-container\">\n\t\t\t\t\t\t\t\t\t\t\t\t\t\t\t<img loading=\"lazy\" decoding=\"async\" width=\"337\" height=\"454\" src=\"https:\/\/redeicm.org.br\/imaculadaconceicao\/wp-content\/uploads\/sites\/12\/2026\/03\/Equipe-site-Julia-Caroline-Strassburger-dos-Santos.jpg\" class=\"attachment-large size-large wp-image-4091\" alt=\"\" srcset=\"https:\/\/redeicm.org.br\/imaculadaconceicao\/wp-content\/uploads\/sites\/12\/2026\/03\/Equipe-site-Julia-Caroline-Strassburger-dos-Santos.jpg 337w, https:\/\/redeicm.org.br\/imaculadaconceicao\/wp-content\/uploads\/sites\/12\/2026\/03\/Equipe-site-Julia-Caroline-Strassburger-dos-Santos-223x300.jpg 223w\" sizes=\"(max-width: 337px) 100vw, 337px\" \/>\t\t\t\t\t\t\t\t\t\t\t\t\t\t\t<\/div>\n\t\t\t\t<\/div>\n\t\t\t\t<div class=\"elementor-element elementor-element-c0deb88 elementor-widget elementor-widget-text-editor\" data-id=\"c0deb88\" data-element_type=\"widget\" data-e-type=\"widget\" data-widget_type=\"text-editor.default\">\n\t\t\t\t<div class=\"elementor-widget-container\">\n\t\t\t\t\t\t\t\t\t<div style=\"text-align: left\"><div style=\"text-align: left\"><span style=\"color: #004960\"><b>J\u00falia C. S. dos Santos<\/b><\/span><br \/><span style=\"color: #f68800;font-weight: bold\">Biblioteca<\/span><\/div><\/div>\t\t\t\t\t\t\t\t<\/div>\n\t\t\t\t<\/div>\n\t\t\t\t<\/div>\n\t\t<div class=\"elementor-element elementor-element-aa85311 e-con-full e-flex e-con e-child\" data-id=\"aa85311\" data-element_type=\"container\" data-e-type=\"container\">\n\t\t\t\t<\/div>\n\t\t<div class=\"elementor-element elementor-element-45ffcb8 e-con-full e-flex e-con e-child\" data-id=\"45ffcb8\" data-element_type=\"container\" data-e-type=\"container\">\n\t\t\t\t<\/div>\n\t\t<div class=\"elementor-element elementor-element-424fc7a e-con-full e-flex e-con e-child\" data-id=\"424fc7a\" data-element_type=\"container\" data-e-type=\"container\">\n\t\t\t\t<\/div>\n\t\t\t\t<\/div>\n\t\t\t\t\t<\/div>\n\t\t\t\t<\/div>\n\t\t<div class=\"elementor-element elementor-element-acd51ab e-flex e-con-boxed e-con e-child\" data-id=\"acd51ab\" data-element_type=\"container\" data-e-type=\"container\" data-settings=\"{&quot;background_background&quot;:&quot;classic&quot;}\">\n\t\t\t\t\t<div class=\"e-con-inner\">\n\t\t\t\t<div class=\"elementor-element elementor-element-e224bed elementor-widget elementor-widget-heading\" data-id=\"e224bed\" data-element_type=\"widget\" data-e-type=\"widget\" data-widget_type=\"heading.default\">\n\t\t\t\t<div class=\"elementor-widget-container\">\n\t\t\t\t\t<h2 class=\"elementor-heading-title elementor-size-default\">Anos Iniciais<\/h2>\t\t\t\t<\/div>\n\t\t\t\t<\/div>\n\t\t<div class=\"elementor-element elementor-element-6f55324 e-grid e-con-full elementor-invisible e-con e-child\" data-id=\"6f55324\" data-element_type=\"container\" data-e-type=\"container\" data-settings=\"{&quot;background_background&quot;:&quot;classic&quot;,&quot;animation&quot;:&quot;fadeInUp&quot;}\">\n\t\t<div class=\"elementor-element elementor-element-cf245e3 e-con-full e-flex e-con e-child\" data-id=\"cf245e3\" data-element_type=\"container\" data-e-type=\"container\">\n\t\t\t\t<div class=\"elementor-element elementor-element-4dadc78 elementor-widget elementor-widget-image\" data-id=\"4dadc78\" data-element_type=\"widget\" data-e-type=\"widget\" data-widget_type=\"image.default\">\n\t\t\t\t<div class=\"elementor-widget-container\">\n\t\t\t\t\t\t\t\t\t\t\t\t\t\t\t<img loading=\"lazy\" decoding=\"async\" width=\"337\" height=\"454\" src=\"https:\/\/redeicm.org.br\/imaculadaconceicao\/wp-content\/uploads\/sites\/12\/2026\/03\/Equipe-site-Luana-Vanessa-Scherer.jpg\" class=\"attachment-large size-large wp-image-4077\" alt=\"\" srcset=\"https:\/\/redeicm.org.br\/imaculadaconceicao\/wp-content\/uploads\/sites\/12\/2026\/03\/Equipe-site-Luana-Vanessa-Scherer.jpg 337w, https:\/\/redeicm.org.br\/imaculadaconceicao\/wp-content\/uploads\/sites\/12\/2026\/03\/Equipe-site-Luana-Vanessa-Scherer-223x300.jpg 223w\" sizes=\"(max-width: 337px) 100vw, 337px\" \/>\t\t\t\t\t\t\t\t\t\t\t\t\t\t\t<\/div>\n\t\t\t\t<\/div>\n\t\t\t\t<div class=\"elementor-element elementor-element-20379a1 elementor-widget elementor-widget-text-editor\" data-id=\"20379a1\" data-element_type=\"widget\" data-e-type=\"widget\" data-widget_type=\"text-editor.default\">\n\t\t\t\t<div class=\"elementor-widget-container\">\n\t\t\t\t\t\t\t\t\t<div style=\"text-align: left\"><strong><span style=\"color: #004960\">Luana Vanessa Scherer<br \/><span style=\"color: #f68800\">Turma 11<\/span><br \/><\/span><\/strong><\/div>\t\t\t\t\t\t\t\t<\/div>\n\t\t\t\t<\/div>\n\t\t\t\t<\/div>\n\t\t<div class=\"elementor-element elementor-element-250cd4e e-con-full e-flex e-con e-child\" data-id=\"250cd4e\" data-element_type=\"container\" data-e-type=\"container\">\n\t\t\t\t<div class=\"elementor-element elementor-element-63e9f35 elementor-widget elementor-widget-image\" data-id=\"63e9f35\" data-element_type=\"widget\" data-e-type=\"widget\" data-widget_type=\"image.default\">\n\t\t\t\t<div class=\"elementor-widget-container\">\n\t\t\t\t\t\t\t\t\t\t\t\t\t\t\t<img loading=\"lazy\" decoding=\"async\" width=\"337\" height=\"454\" src=\"https:\/\/redeicm.org.br\/imaculadaconceicao\/wp-content\/uploads\/sites\/12\/2026\/03\/Equipe-site-Flavia-Daniele-de-Almeida.jpg\" class=\"attachment-large size-large wp-image-4069\" alt=\"\" srcset=\"https:\/\/redeicm.org.br\/imaculadaconceicao\/wp-content\/uploads\/sites\/12\/2026\/03\/Equipe-site-Flavia-Daniele-de-Almeida.jpg 337w, https:\/\/redeicm.org.br\/imaculadaconceicao\/wp-content\/uploads\/sites\/12\/2026\/03\/Equipe-site-Flavia-Daniele-de-Almeida-223x300.jpg 223w\" sizes=\"(max-width: 337px) 100vw, 337px\" \/>\t\t\t\t\t\t\t\t\t\t\t\t\t\t\t<\/div>\n\t\t\t\t<\/div>\n\t\t\t\t<div class=\"elementor-element elementor-element-be4397f elementor-widget elementor-widget-text-editor\" data-id=\"be4397f\" data-element_type=\"widget\" data-e-type=\"widget\" data-widget_type=\"text-editor.default\">\n\t\t\t\t<div class=\"elementor-widget-container\">\n\t\t\t\t\t\t\t\t\t<p><strong><span style=\"color: #004960\">Fl\u00e1via Daniele de A. Kunz<br \/><span style=\"color: #f68800\">Turma 12<\/span><\/span><\/strong><\/p>\t\t\t\t\t\t\t\t<\/div>\n\t\t\t\t<\/div>\n\t\t\t\t<\/div>\n\t\t<div class=\"elementor-element elementor-element-889ff24 e-con-full e-flex e-con e-child\" data-id=\"889ff24\" data-element_type=\"container\" data-e-type=\"container\">\n\t\t\t\t<div class=\"elementor-element elementor-element-4894062 elementor-widget elementor-widget-image\" data-id=\"4894062\" data-element_type=\"widget\" data-e-type=\"widget\" data-widget_type=\"image.default\">\n\t\t\t\t<div class=\"elementor-widget-container\">\n\t\t\t\t\t\t\t\t\t\t\t\t\t\t\t<img loading=\"lazy\" decoding=\"async\" width=\"337\" height=\"454\" src=\"https:\/\/redeicm.org.br\/imaculadaconceicao\/wp-content\/uploads\/sites\/12\/2026\/03\/Equipe-site-Andriele-Paula-Bosing.jpg\" class=\"attachment-large size-large wp-image-4061\" alt=\"\" srcset=\"https:\/\/redeicm.org.br\/imaculadaconceicao\/wp-content\/uploads\/sites\/12\/2026\/03\/Equipe-site-Andriele-Paula-Bosing.jpg 337w, https:\/\/redeicm.org.br\/imaculadaconceicao\/wp-content\/uploads\/sites\/12\/2026\/03\/Equipe-site-Andriele-Paula-Bosing-223x300.jpg 223w\" sizes=\"(max-width: 337px) 100vw, 337px\" \/>\t\t\t\t\t\t\t\t\t\t\t\t\t\t\t<\/div>\n\t\t\t\t<\/div>\n\t\t\t\t<div class=\"elementor-element elementor-element-55986b9 elementor-widget elementor-widget-text-editor\" data-id=\"55986b9\" data-element_type=\"widget\" data-e-type=\"widget\" data-widget_type=\"text-editor.default\">\n\t\t\t\t<div class=\"elementor-widget-container\">\n\t\t\t\t\t\t\t\t\t<p><strong><span style=\"color: #004960\">Andriele Paula Bosing<br \/><span style=\"color: #f68800\">Turma 21<\/span><\/span><\/strong><\/p>\t\t\t\t\t\t\t\t<\/div>\n\t\t\t\t<\/div>\n\t\t\t\t<\/div>\n\t\t<div class=\"elementor-element elementor-element-489f352 e-con-full e-flex e-con e-child\" data-id=\"489f352\" data-element_type=\"container\" data-e-type=\"container\">\n\t\t\t\t<div class=\"elementor-element elementor-element-8061ae2 elementor-widget elementor-widget-image\" data-id=\"8061ae2\" data-element_type=\"widget\" data-e-type=\"widget\" data-widget_type=\"image.default\">\n\t\t\t\t<div class=\"elementor-widget-container\">\n\t\t\t\t\t\t\t\t\t\t\t\t\t\t\t<img loading=\"lazy\" decoding=\"async\" width=\"337\" height=\"454\" src=\"https:\/\/redeicm.org.br\/imaculadaconceicao\/wp-content\/uploads\/sites\/12\/2026\/03\/Equipe-site-Francieli-Groth-dos-Santos.jpg\" class=\"attachment-large size-large wp-image-4070\" alt=\"\" srcset=\"https:\/\/redeicm.org.br\/imaculadaconceicao\/wp-content\/uploads\/sites\/12\/2026\/03\/Equipe-site-Francieli-Groth-dos-Santos.jpg 337w, https:\/\/redeicm.org.br\/imaculadaconceicao\/wp-content\/uploads\/sites\/12\/2026\/03\/Equipe-site-Francieli-Groth-dos-Santos-223x300.jpg 223w\" sizes=\"(max-width: 337px) 100vw, 337px\" \/>\t\t\t\t\t\t\t\t\t\t\t\t\t\t\t<\/div>\n\t\t\t\t<\/div>\n\t\t\t\t<div class=\"elementor-element elementor-element-091d17c elementor-widget elementor-widget-text-editor\" data-id=\"091d17c\" data-element_type=\"widget\" data-e-type=\"widget\" data-widget_type=\"text-editor.default\">\n\t\t\t\t<div class=\"elementor-widget-container\">\n\t\t\t\t\t\t\t\t\t<div style=\"text-align: left\"><strong><span style=\"color: #004960\">Francieli Groth dos Santos<br \/><span style=\"color: #f68800\">Turma 22<\/span><\/span><\/strong><\/div>\t\t\t\t\t\t\t\t<\/div>\n\t\t\t\t<\/div>\n\t\t\t\t<\/div>\n\t\t<div class=\"elementor-element elementor-element-2867bc8 e-con-full e-flex e-con e-child\" data-id=\"2867bc8\" data-element_type=\"container\" data-e-type=\"container\">\n\t\t\t\t<div class=\"elementor-element elementor-element-de730bf elementor-widget elementor-widget-image\" data-id=\"de730bf\" data-element_type=\"widget\" data-e-type=\"widget\" data-widget_type=\"image.default\">\n\t\t\t\t<div class=\"elementor-widget-container\">\n\t\t\t\t\t\t\t\t\t\t\t\t\t\t\t<img loading=\"lazy\" decoding=\"async\" width=\"337\" height=\"454\" src=\"https:\/\/redeicm.org.br\/imaculadaconceicao\/wp-content\/uploads\/sites\/12\/2026\/03\/Equipe-site-Raquel-Kolling-Bolezina.jpg\" class=\"attachment-large size-large wp-image-4082\" alt=\"\" srcset=\"https:\/\/redeicm.org.br\/imaculadaconceicao\/wp-content\/uploads\/sites\/12\/2026\/03\/Equipe-site-Raquel-Kolling-Bolezina.jpg 337w, https:\/\/redeicm.org.br\/imaculadaconceicao\/wp-content\/uploads\/sites\/12\/2026\/03\/Equipe-site-Raquel-Kolling-Bolezina-223x300.jpg 223w\" sizes=\"(max-width: 337px) 100vw, 337px\" \/>\t\t\t\t\t\t\t\t\t\t\t\t\t\t\t<\/div>\n\t\t\t\t<\/div>\n\t\t\t\t<div class=\"elementor-element elementor-element-e1e1037 elementor-widget elementor-widget-text-editor\" data-id=\"e1e1037\" data-element_type=\"widget\" data-e-type=\"widget\" data-widget_type=\"text-editor.default\">\n\t\t\t\t<div class=\"elementor-widget-container\">\n\t\t\t\t\t\t\t\t\t<div style=\"text-align: left\"><strong><span style=\"color: #004960\">Raquel Kolling Bolezina<br \/><span style=\"color: #f68800\">Turma 31<\/span><\/span><\/strong><\/div>\t\t\t\t\t\t\t\t<\/div>\n\t\t\t\t<\/div>\n\t\t\t\t<\/div>\n\t\t<div class=\"elementor-element elementor-element-2a0ca58 e-con-full e-flex e-con e-child\" data-id=\"2a0ca58\" data-element_type=\"container\" data-e-type=\"container\">\n\t\t\t\t<div class=\"elementor-element elementor-element-61795d5 elementor-widget elementor-widget-image\" data-id=\"61795d5\" data-element_type=\"widget\" data-e-type=\"widget\" data-widget_type=\"image.default\">\n\t\t\t\t<div class=\"elementor-widget-container\">\n\t\t\t\t\t\t\t\t\t\t\t\t\t\t\t<img loading=\"lazy\" decoding=\"async\" width=\"337\" height=\"454\" src=\"https:\/\/redeicm.org.br\/imaculadaconceicao\/wp-content\/uploads\/sites\/12\/2026\/03\/Equipe-site-Jamile-Natali-de-Aguiar.jpg\" class=\"attachment-large size-large wp-image-4045\" alt=\"\" srcset=\"https:\/\/redeicm.org.br\/imaculadaconceicao\/wp-content\/uploads\/sites\/12\/2026\/03\/Equipe-site-Jamile-Natali-de-Aguiar.jpg 337w, https:\/\/redeicm.org.br\/imaculadaconceicao\/wp-content\/uploads\/sites\/12\/2026\/03\/Equipe-site-Jamile-Natali-de-Aguiar-223x300.jpg 223w\" sizes=\"(max-width: 337px) 100vw, 337px\" \/>\t\t\t\t\t\t\t\t\t\t\t\t\t\t\t<\/div>\n\t\t\t\t<\/div>\n\t\t\t\t<div class=\"elementor-element elementor-element-1ff9e7b elementor-widget elementor-widget-text-editor\" data-id=\"1ff9e7b\" data-element_type=\"widget\" data-e-type=\"widget\" data-widget_type=\"text-editor.default\">\n\t\t\t\t<div class=\"elementor-widget-container\">\n\t\t\t\t\t\t\t\t\t<div style=\"text-align: left\"><strong><span style=\"color: #004960\">Jamile N\u00e1tali de Aguiar<br \/><span style=\"color: #f68800\">Turma 32<\/span><\/span><\/strong><\/div>\t\t\t\t\t\t\t\t<\/div>\n\t\t\t\t<\/div>\n\t\t\t\t<\/div>\n\t\t<div class=\"elementor-element elementor-element-9709f16 e-con-full e-flex e-con e-child\" data-id=\"9709f16\" data-element_type=\"container\" data-e-type=\"container\">\n\t\t\t\t<div class=\"elementor-element elementor-element-f450118 elementor-widget elementor-widget-image\" data-id=\"f450118\" data-element_type=\"widget\" data-e-type=\"widget\" data-widget_type=\"image.default\">\n\t\t\t\t<div class=\"elementor-widget-container\">\n\t\t\t\t\t\t\t\t\t\t\t\t\t\t\t<img loading=\"lazy\" decoding=\"async\" width=\"337\" height=\"454\" src=\"https:\/\/redeicm.org.br\/imaculadaconceicao\/wp-content\/uploads\/sites\/12\/2026\/03\/Equipe-site-Daniele-Simone-Eich-Utzig.jpg\" class=\"attachment-large size-large wp-image-4068\" alt=\"\" srcset=\"https:\/\/redeicm.org.br\/imaculadaconceicao\/wp-content\/uploads\/sites\/12\/2026\/03\/Equipe-site-Daniele-Simone-Eich-Utzig.jpg 337w, https:\/\/redeicm.org.br\/imaculadaconceicao\/wp-content\/uploads\/sites\/12\/2026\/03\/Equipe-site-Daniele-Simone-Eich-Utzig-223x300.jpg 223w\" sizes=\"(max-width: 337px) 100vw, 337px\" \/>\t\t\t\t\t\t\t\t\t\t\t\t\t\t\t<\/div>\n\t\t\t\t<\/div>\n\t\t\t\t<div class=\"elementor-element elementor-element-c4a99f1 elementor-widget elementor-widget-text-editor\" data-id=\"c4a99f1\" data-element_type=\"widget\" data-e-type=\"widget\" data-widget_type=\"text-editor.default\">\n\t\t\t\t<div class=\"elementor-widget-container\">\n\t\t\t\t\t\t\t\t\t<div style=\"text-align: left\"><strong><span style=\"color: #004960\">Daniele Simone Eich Utzig<br \/><span style=\"color: #f68800\">Turma 41<\/span><\/span><\/strong><\/div>\t\t\t\t\t\t\t\t<\/div>\n\t\t\t\t<\/div>\n\t\t\t\t<\/div>\n\t\t<div class=\"elementor-element elementor-element-b8f06b1 e-con-full e-flex e-con e-child\" data-id=\"b8f06b1\" data-element_type=\"container\" data-e-type=\"container\">\n\t\t\t\t<div class=\"elementor-element elementor-element-2e6c3fe elementor-widget elementor-widget-image\" data-id=\"2e6c3fe\" data-element_type=\"widget\" data-e-type=\"widget\" data-widget_type=\"image.default\">\n\t\t\t\t<div class=\"elementor-widget-container\">\n\t\t\t\t\t\t\t\t\t\t\t\t\t\t\t<img loading=\"lazy\" decoding=\"async\" width=\"337\" height=\"454\" src=\"https:\/\/redeicm.org.br\/imaculadaconceicao\/wp-content\/uploads\/sites\/12\/2026\/03\/Equipe-site-Paula-Djovana-Stoffel.jpg\" class=\"attachment-large size-large wp-image-4081\" alt=\"\" srcset=\"https:\/\/redeicm.org.br\/imaculadaconceicao\/wp-content\/uploads\/sites\/12\/2026\/03\/Equipe-site-Paula-Djovana-Stoffel.jpg 337w, https:\/\/redeicm.org.br\/imaculadaconceicao\/wp-content\/uploads\/sites\/12\/2026\/03\/Equipe-site-Paula-Djovana-Stoffel-223x300.jpg 223w\" sizes=\"(max-width: 337px) 100vw, 337px\" \/>\t\t\t\t\t\t\t\t\t\t\t\t\t\t\t<\/div>\n\t\t\t\t<\/div>\n\t\t\t\t<div class=\"elementor-element elementor-element-6260061 elementor-widget elementor-widget-text-editor\" data-id=\"6260061\" data-element_type=\"widget\" data-e-type=\"widget\" data-widget_type=\"text-editor.default\">\n\t\t\t\t<div class=\"elementor-widget-container\">\n\t\t\t\t\t\t\t\t\t<div style=\"text-align: left\"><strong><span style=\"color: #004960\">Paula Djovana Stoffel<br \/><span style=\"color: #f68800\">Turma 42<\/span><\/span><\/strong><\/div>\t\t\t\t\t\t\t\t<\/div>\n\t\t\t\t<\/div>\n\t\t\t\t<\/div>\n\t\t<div class=\"elementor-element elementor-element-fe14716 e-con-full e-flex e-con e-child\" data-id=\"fe14716\" data-element_type=\"container\" data-e-type=\"container\">\n\t\t\t\t<div class=\"elementor-element elementor-element-77dde87 elementor-widget elementor-widget-image\" data-id=\"77dde87\" data-element_type=\"widget\" data-e-type=\"widget\" data-widget_type=\"image.default\">\n\t\t\t\t<div class=\"elementor-widget-container\">\n\t\t\t\t\t\t\t\t\t\t\t\t\t\t\t<img loading=\"lazy\" decoding=\"async\" width=\"337\" height=\"454\" src=\"https:\/\/redeicm.org.br\/imaculadaconceicao\/wp-content\/uploads\/sites\/12\/2026\/03\/Equipe-site-Deborah-Dieter-Linck.jpg\" class=\"attachment-large size-large wp-image-4094\" alt=\"\" srcset=\"https:\/\/redeicm.org.br\/imaculadaconceicao\/wp-content\/uploads\/sites\/12\/2026\/03\/Equipe-site-Deborah-Dieter-Linck.jpg 337w, https:\/\/redeicm.org.br\/imaculadaconceicao\/wp-content\/uploads\/sites\/12\/2026\/03\/Equipe-site-Deborah-Dieter-Linck-223x300.jpg 223w\" sizes=\"(max-width: 337px) 100vw, 337px\" \/>\t\t\t\t\t\t\t\t\t\t\t\t\t\t\t<\/div>\n\t\t\t\t<\/div>\n\t\t\t\t<div class=\"elementor-element elementor-element-e47758c elementor-widget elementor-widget-text-editor\" data-id=\"e47758c\" data-element_type=\"widget\" data-e-type=\"widget\" data-widget_type=\"text-editor.default\">\n\t\t\t\t<div class=\"elementor-widget-container\">\n\t\t\t\t\t\t\t\t\t<div style=\"text-align: left\"><strong><span style=\"color: #004960\">D\u00e9borah Dieter Linck<br \/><span style=\"color: #f68800\">Turma 51<\/span><\/span><\/strong><\/div>\t\t\t\t\t\t\t\t<\/div>\n\t\t\t\t<\/div>\n\t\t\t\t<\/div>\n\t\t<div class=\"elementor-element elementor-element-d6ad3f6 e-con-full e-flex e-con e-child\" data-id=\"d6ad3f6\" data-element_type=\"container\" data-e-type=\"container\">\n\t\t\t\t<div class=\"elementor-element elementor-element-c59b630 elementor-widget elementor-widget-image\" data-id=\"c59b630\" data-element_type=\"widget\" data-e-type=\"widget\" data-widget_type=\"image.default\">\n\t\t\t\t<div class=\"elementor-widget-container\">\n\t\t\t\t\t\t\t\t\t\t\t\t\t\t\t<img loading=\"lazy\" decoding=\"async\" width=\"337\" height=\"454\" src=\"https:\/\/redeicm.org.br\/imaculadaconceicao\/wp-content\/uploads\/sites\/12\/2026\/03\/Equipe-site-Alessandra-Cemim-Breyer.jpg\" class=\"attachment-large size-large wp-image-4058\" alt=\"\" srcset=\"https:\/\/redeicm.org.br\/imaculadaconceicao\/wp-content\/uploads\/sites\/12\/2026\/03\/Equipe-site-Alessandra-Cemim-Breyer.jpg 337w, https:\/\/redeicm.org.br\/imaculadaconceicao\/wp-content\/uploads\/sites\/12\/2026\/03\/Equipe-site-Alessandra-Cemim-Breyer-223x300.jpg 223w\" sizes=\"(max-width: 337px) 100vw, 337px\" \/>\t\t\t\t\t\t\t\t\t\t\t\t\t\t\t<\/div>\n\t\t\t\t<\/div>\n\t\t\t\t<div class=\"elementor-element elementor-element-7806851 elementor-widget elementor-widget-text-editor\" data-id=\"7806851\" data-element_type=\"widget\" data-e-type=\"widget\" data-widget_type=\"text-editor.default\">\n\t\t\t\t<div class=\"elementor-widget-container\">\n\t\t\t\t\t\t\t\t\t<div style=\"text-align: left\"><strong><span style=\"color: #004960\">Alessandra Cemim Breyer<br \/><span style=\"color: #f68800\">Turma 52<\/span><\/span><\/strong><\/div>\t\t\t\t\t\t\t\t<\/div>\n\t\t\t\t<\/div>\n\t\t\t\t<\/div>\n\t\t<div class=\"elementor-element elementor-element-aeda6a0 e-con-full e-flex e-con e-child\" data-id=\"aeda6a0\" data-element_type=\"container\" data-e-type=\"container\">\n\t\t\t\t<div class=\"elementor-element elementor-element-3523340 elementor-widget elementor-widget-image\" data-id=\"3523340\" data-element_type=\"widget\" data-e-type=\"widget\" data-widget_type=\"image.default\">\n\t\t\t\t<div class=\"elementor-widget-container\">\n\t\t\t\t\t\t\t\t\t\t\t\t\t\t\t<img loading=\"lazy\" decoding=\"async\" width=\"337\" height=\"454\" src=\"https:\/\/redeicm.org.br\/imaculadaconceicao\/wp-content\/uploads\/sites\/12\/2026\/03\/Equipe-site-Oberdan-Ricardo-P-Rockenbach.jpg\" class=\"attachment-large size-large wp-image-4080\" alt=\"\" srcset=\"https:\/\/redeicm.org.br\/imaculadaconceicao\/wp-content\/uploads\/sites\/12\/2026\/03\/Equipe-site-Oberdan-Ricardo-P-Rockenbach.jpg 337w, https:\/\/redeicm.org.br\/imaculadaconceicao\/wp-content\/uploads\/sites\/12\/2026\/03\/Equipe-site-Oberdan-Ricardo-P-Rockenbach-223x300.jpg 223w\" sizes=\"(max-width: 337px) 100vw, 337px\" \/>\t\t\t\t\t\t\t\t\t\t\t\t\t\t\t<\/div>\n\t\t\t\t<\/div>\n\t\t\t\t<div class=\"elementor-element elementor-element-26d15f3 elementor-widget elementor-widget-text-editor\" data-id=\"26d15f3\" data-element_type=\"widget\" data-e-type=\"widget\" data-widget_type=\"text-editor.default\">\n\t\t\t\t<div class=\"elementor-widget-container\">\n\t\t\t\t\t\t\t\t\t<div style=\"text-align: left\"><span style=\"color: #004960\"><b>Oberdan R. P. Rockenbach<\/b><\/span><br \/><span style=\"color: #f68800\"><b>M\u00fasica<\/b><\/span><\/div>\t\t\t\t\t\t\t\t<\/div>\n\t\t\t\t<\/div>\n\t\t\t\t<\/div>\n\t\t<div class=\"elementor-element elementor-element-af6fa2a e-con-full e-flex e-con e-child\" data-id=\"af6fa2a\" data-element_type=\"container\" data-e-type=\"container\">\n\t\t\t\t<div class=\"elementor-element elementor-element-1ab56a7 elementor-widget elementor-widget-image\" data-id=\"1ab56a7\" data-element_type=\"widget\" data-e-type=\"widget\" data-widget_type=\"image.default\">\n\t\t\t\t<div class=\"elementor-widget-container\">\n\t\t\t\t\t\t\t\t\t\t\t\t\t\t\t<img loading=\"lazy\" decoding=\"async\" width=\"337\" height=\"454\" src=\"https:\/\/redeicm.org.br\/imaculadaconceicao\/wp-content\/uploads\/sites\/12\/2026\/03\/Equipe-site-Luciana-Cardozo-de-Oliveira-Martins.jpg\" class=\"attachment-large size-large wp-image-4078\" alt=\"\" srcset=\"https:\/\/redeicm.org.br\/imaculadaconceicao\/wp-content\/uploads\/sites\/12\/2026\/03\/Equipe-site-Luciana-Cardozo-de-Oliveira-Martins.jpg 337w, https:\/\/redeicm.org.br\/imaculadaconceicao\/wp-content\/uploads\/sites\/12\/2026\/03\/Equipe-site-Luciana-Cardozo-de-Oliveira-Martins-223x300.jpg 223w\" sizes=\"(max-width: 337px) 100vw, 337px\" \/>\t\t\t\t\t\t\t\t\t\t\t\t\t\t\t<\/div>\n\t\t\t\t<\/div>\n\t\t\t\t<div class=\"elementor-element elementor-element-7827001 elementor-widget elementor-widget-text-editor\" data-id=\"7827001\" data-element_type=\"widget\" data-e-type=\"widget\" data-widget_type=\"text-editor.default\">\n\t\t\t\t<div class=\"elementor-widget-container\">\n\t\t\t\t\t\t\t\t\t<div style=\"text-align: left\"><span style=\"color: #004960\"><b>Luciana C. de O. Martins<\/b><\/span><br \/><span style=\"color: #f68800;font-weight: bold\">Educa\u00e7\u00e3o F\u00edsica<\/span><\/div>\t\t\t\t\t\t\t\t<\/div>\n\t\t\t\t<\/div>\n\t\t\t\t<\/div>\n\t\t<div class=\"elementor-element elementor-element-fce5ed7 e-con-full e-flex e-con e-child\" data-id=\"fce5ed7\" data-element_type=\"container\" data-e-type=\"container\">\n\t\t\t\t<div class=\"elementor-element elementor-element-47171e1 elementor-widget elementor-widget-image\" data-id=\"47171e1\" data-element_type=\"widget\" data-e-type=\"widget\" data-widget_type=\"image.default\">\n\t\t\t\t<div class=\"elementor-widget-container\">\n\t\t\t\t\t\t\t\t\t\t\t\t\t\t\t<img loading=\"lazy\" decoding=\"async\" width=\"337\" height=\"454\" src=\"https:\/\/redeicm.org.br\/imaculadaconceicao\/wp-content\/uploads\/sites\/12\/2026\/03\/Equipe-site-Caren-Thais-Alves-Machado.jpg\" class=\"attachment-large size-large wp-image-4066\" alt=\"\" srcset=\"https:\/\/redeicm.org.br\/imaculadaconceicao\/wp-content\/uploads\/sites\/12\/2026\/03\/Equipe-site-Caren-Thais-Alves-Machado.jpg 337w, https:\/\/redeicm.org.br\/imaculadaconceicao\/wp-content\/uploads\/sites\/12\/2026\/03\/Equipe-site-Caren-Thais-Alves-Machado-223x300.jpg 223w\" sizes=\"(max-width: 337px) 100vw, 337px\" \/>\t\t\t\t\t\t\t\t\t\t\t\t\t\t\t<\/div>\n\t\t\t\t<\/div>\n\t\t\t\t<div class=\"elementor-element elementor-element-34e6c35 elementor-widget elementor-widget-text-editor\" data-id=\"34e6c35\" data-element_type=\"widget\" data-e-type=\"widget\" data-widget_type=\"text-editor.default\">\n\t\t\t\t<div class=\"elementor-widget-container\">\n\t\t\t\t\t\t\t\t\t<div style=\"text-align: left\"><span style=\"color: #004960\"><b>Caren Thais Alves Machado<\/b><\/span><br \/><span style=\"color: #f68800\"><b>Artes<\/b><\/span><\/div>\t\t\t\t\t\t\t\t<\/div>\n\t\t\t\t<\/div>\n\t\t\t\t<\/div>\n\t\t<div class=\"elementor-element elementor-element-d4262f7 e-con-full e-flex e-con e-child\" data-id=\"d4262f7\" data-element_type=\"container\" data-e-type=\"container\">\n\t\t\t\t<div class=\"elementor-element elementor-element-a534655 elementor-widget elementor-widget-image\" data-id=\"a534655\" data-element_type=\"widget\" data-e-type=\"widget\" data-widget_type=\"image.default\">\n\t\t\t\t<div class=\"elementor-widget-container\">\n\t\t\t\t\t\t\t\t\t\t\t\t\t\t\t<img loading=\"lazy\" decoding=\"async\" width=\"337\" height=\"454\" src=\"https:\/\/redeicm.org.br\/imaculadaconceicao\/wp-content\/uploads\/sites\/12\/2026\/03\/Equipe-site-Andressa-M-Gernhardt-Potrich.jpg\" class=\"attachment-large size-large wp-image-4089\" alt=\"\" srcset=\"https:\/\/redeicm.org.br\/imaculadaconceicao\/wp-content\/uploads\/sites\/12\/2026\/03\/Equipe-site-Andressa-M-Gernhardt-Potrich.jpg 337w, https:\/\/redeicm.org.br\/imaculadaconceicao\/wp-content\/uploads\/sites\/12\/2026\/03\/Equipe-site-Andressa-M-Gernhardt-Potrich-223x300.jpg 223w\" sizes=\"(max-width: 337px) 100vw, 337px\" \/>\t\t\t\t\t\t\t\t\t\t\t\t\t\t\t<\/div>\n\t\t\t\t<\/div>\n\t\t\t\t<div class=\"elementor-element elementor-element-9e69a4e elementor-widget elementor-widget-text-editor\" data-id=\"9e69a4e\" data-element_type=\"widget\" data-e-type=\"widget\" data-widget_type=\"text-editor.default\">\n\t\t\t\t<div class=\"elementor-widget-container\">\n\t\t\t\t\t\t\t\t\t<div style=\"text-align: left\"><div style=\"text-align: left\"><span style=\"color: #004960\"><b>Andressa M. G. Potrich<\/b><\/span><br \/><span style=\"color: #f68800;font-weight: bold\">Ingl\u00eas<\/span><\/div><\/div>\t\t\t\t\t\t\t\t<\/div>\n\t\t\t\t<\/div>\n\t\t\t\t<\/div>\n\t\t<div class=\"elementor-element elementor-element-dbfcc5d e-con-full e-flex e-con e-child\" data-id=\"dbfcc5d\" data-element_type=\"container\" data-e-type=\"container\">\n\t\t\t\t<div class=\"elementor-element elementor-element-88f920f elementor-widget elementor-widget-image\" data-id=\"88f920f\" data-element_type=\"widget\" data-e-type=\"widget\" data-widget_type=\"image.default\">\n\t\t\t\t<div class=\"elementor-widget-container\">\n\t\t\t\t\t\t\t\t\t\t\t\t\t\t\t<img loading=\"lazy\" decoding=\"async\" width=\"337\" height=\"454\" src=\"https:\/\/redeicm.org.br\/imaculadaconceicao\/wp-content\/uploads\/sites\/12\/2026\/03\/Equipe-site-Daiana-Santana-Souza.jpg\" class=\"attachment-large size-large wp-image-4067\" alt=\"\" srcset=\"https:\/\/redeicm.org.br\/imaculadaconceicao\/wp-content\/uploads\/sites\/12\/2026\/03\/Equipe-site-Daiana-Santana-Souza.jpg 337w, https:\/\/redeicm.org.br\/imaculadaconceicao\/wp-content\/uploads\/sites\/12\/2026\/03\/Equipe-site-Daiana-Santana-Souza-223x300.jpg 223w\" sizes=\"(max-width: 337px) 100vw, 337px\" \/>\t\t\t\t\t\t\t\t\t\t\t\t\t\t\t<\/div>\n\t\t\t\t<\/div>\n\t\t\t\t<div class=\"elementor-element elementor-element-5339f94 elementor-widget elementor-widget-text-editor\" data-id=\"5339f94\" data-element_type=\"widget\" data-e-type=\"widget\" data-widget_type=\"text-editor.default\">\n\t\t\t\t<div class=\"elementor-widget-container\">\n\t\t\t\t\t\t\t\t\t<div style=\"text-align: left\"><div style=\"text-align: left\"><span style=\"color: #004960\"><b>Daiana Santana Souza<\/b><\/span><br \/><span style=\"color: #f68800;font-weight: bold\">Ingl\u00eas<\/span><\/div><\/div>\t\t\t\t\t\t\t\t<\/div>\n\t\t\t\t<\/div>\n\t\t\t\t<\/div>\n\t\t<div class=\"elementor-element elementor-element-7cf9b50 e-con-full e-flex e-con e-child\" data-id=\"7cf9b50\" data-element_type=\"container\" data-e-type=\"container\">\n\t\t\t\t<div class=\"elementor-element elementor-element-9d7cfd7 elementor-widget elementor-widget-image\" data-id=\"9d7cfd7\" data-element_type=\"widget\" data-e-type=\"widget\" data-widget_type=\"image.default\">\n\t\t\t\t<div class=\"elementor-widget-container\">\n\t\t\t\t\t\t\t\t\t\t\t\t\t\t\t<img loading=\"lazy\" decoding=\"async\" width=\"337\" height=\"454\" src=\"https:\/\/redeicm.org.br\/imaculadaconceicao\/wp-content\/uploads\/sites\/12\/2026\/03\/Equipe-site-Joao-Victor-M-dos-Santos-de-Oliveira.jpg\" class=\"attachment-large size-large wp-image-4073\" alt=\"\" srcset=\"https:\/\/redeicm.org.br\/imaculadaconceicao\/wp-content\/uploads\/sites\/12\/2026\/03\/Equipe-site-Joao-Victor-M-dos-Santos-de-Oliveira.jpg 337w, https:\/\/redeicm.org.br\/imaculadaconceicao\/wp-content\/uploads\/sites\/12\/2026\/03\/Equipe-site-Joao-Victor-M-dos-Santos-de-Oliveira-223x300.jpg 223w\" sizes=\"(max-width: 337px) 100vw, 337px\" \/>\t\t\t\t\t\t\t\t\t\t\t\t\t\t\t<\/div>\n\t\t\t\t<\/div>\n\t\t\t\t<div class=\"elementor-element elementor-element-fec7d9c elementor-widget elementor-widget-text-editor\" data-id=\"fec7d9c\" data-element_type=\"widget\" data-e-type=\"widget\" data-widget_type=\"text-editor.default\">\n\t\t\t\t<div class=\"elementor-widget-container\">\n\t\t\t\t\t\t\t\t\t<div style=\"text-align: left\"><div style=\"text-align: left\"><span style=\"color: #004960\"><b>Jo\u00e3o V. M. dos S. de Oliveira<\/b><\/span><br \/><span style=\"color: #f68800;font-weight: bold\">Lab Maker e Inform\u00e1tica<\/span><\/div><\/div>\t\t\t\t\t\t\t\t<\/div>\n\t\t\t\t<\/div>\n\t\t\t\t<\/div>\n\t\t<div class=\"elementor-element elementor-element-06307b5 e-con-full e-flex e-con e-child\" data-id=\"06307b5\" data-element_type=\"container\" data-e-type=\"container\">\n\t\t\t\t<div class=\"elementor-element elementor-element-f4256a8 elementor-widget elementor-widget-image\" data-id=\"f4256a8\" data-element_type=\"widget\" data-e-type=\"widget\" data-widget_type=\"image.default\">\n\t\t\t\t<div class=\"elementor-widget-container\">\n\t\t\t\t\t\t\t\t\t\t\t\t\t\t\t<img loading=\"lazy\" decoding=\"async\" width=\"337\" height=\"454\" src=\"https:\/\/redeicm.org.br\/imaculadaconceicao\/wp-content\/uploads\/sites\/12\/2026\/03\/Equipe-site-Andrea-Calini.jpg\" class=\"attachment-large size-large wp-image-4093\" alt=\"\" srcset=\"https:\/\/redeicm.org.br\/imaculadaconceicao\/wp-content\/uploads\/sites\/12\/2026\/03\/Equipe-site-Andrea-Calini.jpg 337w, https:\/\/redeicm.org.br\/imaculadaconceicao\/wp-content\/uploads\/sites\/12\/2026\/03\/Equipe-site-Andrea-Calini-223x300.jpg 223w\" sizes=\"(max-width: 337px) 100vw, 337px\" \/>\t\t\t\t\t\t\t\t\t\t\t\t\t\t\t<\/div>\n\t\t\t\t<\/div>\n\t\t\t\t<div class=\"elementor-element elementor-element-de63134 elementor-widget elementor-widget-text-editor\" data-id=\"de63134\" data-element_type=\"widget\" data-e-type=\"widget\" data-widget_type=\"text-editor.default\">\n\t\t\t\t<div class=\"elementor-widget-container\">\n\t\t\t\t\t\t\t\t\t<div style=\"text-align: left\"><div style=\"text-align: left\"><span style=\"color: #004960\"><b>Andrea In\u00eas Calini<\/b><\/span><br \/><span style=\"color: #f68800;font-weight: bold\">Biblioteca<\/span><\/div><\/div>\t\t\t\t\t\t\t\t<\/div>\n\t\t\t\t<\/div>\n\t\t\t\t<\/div>\n\t\t<div class=\"elementor-element elementor-element-f5cf96b e-con-full e-flex e-con e-child\" data-id=\"f5cf96b\" data-element_type=\"container\" data-e-type=\"container\">\n\t\t\t\t<div class=\"elementor-element elementor-element-3f266f2 elementor-widget elementor-widget-image\" data-id=\"3f266f2\" data-element_type=\"widget\" data-e-type=\"widget\" data-widget_type=\"image.default\">\n\t\t\t\t<div class=\"elementor-widget-container\">\n\t\t\t\t\t\t\t\t\t\t\t\t\t\t\t<img loading=\"lazy\" decoding=\"async\" width=\"337\" height=\"454\" src=\"https:\/\/redeicm.org.br\/imaculadaconceicao\/wp-content\/uploads\/sites\/12\/2026\/03\/Equipe-site-Julia-Caroline-Strassburger-dos-Santos.jpg\" class=\"attachment-large size-large wp-image-4091\" alt=\"\" srcset=\"https:\/\/redeicm.org.br\/imaculadaconceicao\/wp-content\/uploads\/sites\/12\/2026\/03\/Equipe-site-Julia-Caroline-Strassburger-dos-Santos.jpg 337w, https:\/\/redeicm.org.br\/imaculadaconceicao\/wp-content\/uploads\/sites\/12\/2026\/03\/Equipe-site-Julia-Caroline-Strassburger-dos-Santos-223x300.jpg 223w\" sizes=\"(max-width: 337px) 100vw, 337px\" \/>\t\t\t\t\t\t\t\t\t\t\t\t\t\t\t<\/div>\n\t\t\t\t<\/div>\n\t\t\t\t<div class=\"elementor-element elementor-element-9930d95 elementor-widget elementor-widget-text-editor\" data-id=\"9930d95\" data-element_type=\"widget\" data-e-type=\"widget\" data-widget_type=\"text-editor.default\">\n\t\t\t\t<div class=\"elementor-widget-container\">\n\t\t\t\t\t\t\t\t\t<div style=\"text-align: left\"><div style=\"text-align: left\"><span style=\"color: #004960\"><b>J\u00falia C. S. dos Santos<\/b><\/span><br \/><span style=\"color: #f68800;font-weight: bold\">Biblioteca<\/span><\/div><\/div>\t\t\t\t\t\t\t\t<\/div>\n\t\t\t\t<\/div>\n\t\t\t\t<\/div>\n\t\t<div class=\"elementor-element elementor-element-d97bb4e e-con-full e-flex e-con e-child\" data-id=\"d97bb4e\" data-element_type=\"container\" data-e-type=\"container\">\n\t\t\t\t<\/div>\n\t\t\t\t<\/div>\n\t\t\t\t\t<\/div>\n\t\t\t\t<\/div>\n\t\t<div class=\"elementor-element elementor-element-77ce4b5 e-flex e-con-boxed e-con e-child\" data-id=\"77ce4b5\" data-element_type=\"container\" data-e-type=\"container\" data-settings=\"{&quot;background_background&quot;:&quot;classic&quot;}\">\n\t\t\t\t\t<div class=\"e-con-inner\">\n\t\t\t\t<div class=\"elementor-element elementor-element-711b4b9 elementor-widget elementor-widget-heading\" data-id=\"711b4b9\" data-element_type=\"widget\" data-e-type=\"widget\" data-widget_type=\"heading.default\">\n\t\t\t\t<div class=\"elementor-widget-container\">\n\t\t\t\t\t<h2 class=\"elementor-heading-title elementor-size-default\">Anos Finais<\/h2>\t\t\t\t<\/div>\n\t\t\t\t<\/div>\n\t\t<div class=\"elementor-element elementor-element-370fd66 e-grid e-con-full elementor-invisible e-con e-child\" data-id=\"370fd66\" data-element_type=\"container\" data-e-type=\"container\" data-settings=\"{&quot;background_background&quot;:&quot;classic&quot;,&quot;animation&quot;:&quot;fadeInUp&quot;}\">\n\t\t<div class=\"elementor-element elementor-element-a4dca66 e-con-full e-flex e-con e-child\" data-id=\"a4dca66\" data-element_type=\"container\" data-e-type=\"container\">\n\t\t\t\t<div class=\"elementor-element elementor-element-f5e8b56 elementor-widget elementor-widget-image\" data-id=\"f5e8b56\" data-element_type=\"widget\" data-e-type=\"widget\" data-widget_type=\"image.default\">\n\t\t\t\t<div class=\"elementor-widget-container\">\n\t\t\t\t\t\t\t\t\t\t\t\t\t\t\t<img loading=\"lazy\" decoding=\"async\" width=\"337\" height=\"454\" src=\"https:\/\/redeicm.org.br\/imaculadaconceicao\/wp-content\/uploads\/sites\/12\/2026\/03\/Equipe-site-Jessica-Schmitz.jpg\" class=\"attachment-large size-large wp-image-4072\" alt=\"\" srcset=\"https:\/\/redeicm.org.br\/imaculadaconceicao\/wp-content\/uploads\/sites\/12\/2026\/03\/Equipe-site-Jessica-Schmitz.jpg 337w, https:\/\/redeicm.org.br\/imaculadaconceicao\/wp-content\/uploads\/sites\/12\/2026\/03\/Equipe-site-Jessica-Schmitz-223x300.jpg 223w\" sizes=\"(max-width: 337px) 100vw, 337px\" \/>\t\t\t\t\t\t\t\t\t\t\t\t\t\t\t<\/div>\n\t\t\t\t<\/div>\n\t\t\t\t<div class=\"elementor-element elementor-element-d5e7d90 elementor-widget elementor-widget-text-editor\" data-id=\"d5e7d90\" data-element_type=\"widget\" data-e-type=\"widget\" data-widget_type=\"text-editor.default\">\n\t\t\t\t<div class=\"elementor-widget-container\">\n\t\t\t\t\t\t\t\t\t<div style=\"text-align: left\"><strong><span style=\"color: #004960\">J\u00e9ssica Schmitz<br \/><span style=\"color: #f68800\">Portugu\u00eas<\/span><br \/><\/span><\/strong><\/div>\t\t\t\t\t\t\t\t<\/div>\n\t\t\t\t<\/div>\n\t\t\t\t<\/div>\n\t\t<div class=\"elementor-element elementor-element-9b5b316 e-con-full e-flex e-con e-child\" data-id=\"9b5b316\" data-element_type=\"container\" data-e-type=\"container\">\n\t\t\t\t<div class=\"elementor-element elementor-element-5422e23 elementor-widget elementor-widget-image\" data-id=\"5422e23\" data-element_type=\"widget\" data-e-type=\"widget\" data-widget_type=\"image.default\">\n\t\t\t\t<div class=\"elementor-widget-container\">\n\t\t\t\t\t\t\t\t\t\t\t\t\t\t\t<img loading=\"lazy\" decoding=\"async\" width=\"337\" height=\"454\" src=\"https:\/\/redeicm.org.br\/imaculadaconceicao\/wp-content\/uploads\/sites\/12\/2026\/03\/Equipe-site-Amanda-Fuhr-Molling.jpg\" class=\"attachment-large size-large wp-image-4059\" alt=\"\" srcset=\"https:\/\/redeicm.org.br\/imaculadaconceicao\/wp-content\/uploads\/sites\/12\/2026\/03\/Equipe-site-Amanda-Fuhr-Molling.jpg 337w, https:\/\/redeicm.org.br\/imaculadaconceicao\/wp-content\/uploads\/sites\/12\/2026\/03\/Equipe-site-Amanda-Fuhr-Molling-223x300.jpg 223w\" sizes=\"(max-width: 337px) 100vw, 337px\" \/>\t\t\t\t\t\t\t\t\t\t\t\t\t\t\t<\/div>\n\t\t\t\t<\/div>\n\t\t\t\t<div class=\"elementor-element elementor-element-9b079e3 elementor-widget elementor-widget-text-editor\" data-id=\"9b079e3\" data-element_type=\"widget\" data-e-type=\"widget\" data-widget_type=\"text-editor.default\">\n\t\t\t\t<div class=\"elementor-widget-container\">\n\t\t\t\t\t\t\t\t\t<p><strong><span style=\"color: #004960\">Amanda Fuhr Molling<br \/><span style=\"color: #f68800\">Matem\u00e1tica<\/span><\/span><\/strong><\/p>\t\t\t\t\t\t\t\t<\/div>\n\t\t\t\t<\/div>\n\t\t\t\t<\/div>\n\t\t<div class=\"elementor-element elementor-element-34a7c78 e-con-full e-flex e-con e-child\" data-id=\"34a7c78\" data-element_type=\"container\" data-e-type=\"container\">\n\t\t\t\t<div class=\"elementor-element elementor-element-062a191 elementor-widget elementor-widget-image\" data-id=\"062a191\" data-element_type=\"widget\" data-e-type=\"widget\" data-widget_type=\"image.default\">\n\t\t\t\t<div class=\"elementor-widget-container\">\n\t\t\t\t\t\t\t\t\t\t\t\t\t\t\t<img loading=\"lazy\" decoding=\"async\" width=\"337\" height=\"454\" src=\"https:\/\/redeicm.org.br\/imaculadaconceicao\/wp-content\/uploads\/sites\/12\/2026\/03\/Equipe-site-Andreia-Kich-Dessian.jpg\" class=\"attachment-large size-large wp-image-4060\" alt=\"\" srcset=\"https:\/\/redeicm.org.br\/imaculadaconceicao\/wp-content\/uploads\/sites\/12\/2026\/03\/Equipe-site-Andreia-Kich-Dessian.jpg 337w, https:\/\/redeicm.org.br\/imaculadaconceicao\/wp-content\/uploads\/sites\/12\/2026\/03\/Equipe-site-Andreia-Kich-Dessian-223x300.jpg 223w\" sizes=\"(max-width: 337px) 100vw, 337px\" \/>\t\t\t\t\t\t\t\t\t\t\t\t\t\t\t<\/div>\n\t\t\t\t<\/div>\n\t\t\t\t<div class=\"elementor-element elementor-element-7bb8a66 elementor-widget elementor-widget-text-editor\" data-id=\"7bb8a66\" data-element_type=\"widget\" data-e-type=\"widget\" data-widget_type=\"text-editor.default\">\n\t\t\t\t<div class=\"elementor-widget-container\">\n\t\t\t\t\t\t\t\t\t<p><strong><span style=\"color: #004960\">Andr\u00e9ia Kich Dessian<br \/><span style=\"color: #f68800\">Hist\u00f3ria<\/span><\/span><\/strong><\/p>\t\t\t\t\t\t\t\t<\/div>\n\t\t\t\t<\/div>\n\t\t\t\t<\/div>\n\t\t<div class=\"elementor-element elementor-element-3550307 e-con-full e-flex e-con e-child\" data-id=\"3550307\" data-element_type=\"container\" data-e-type=\"container\">\n\t\t\t\t<div class=\"elementor-element elementor-element-4f1c32f elementor-widget elementor-widget-image\" data-id=\"4f1c32f\" data-element_type=\"widget\" data-e-type=\"widget\" data-widget_type=\"image.default\">\n\t\t\t\t<div class=\"elementor-widget-container\">\n\t\t\t\t\t\t\t\t\t\t\t\t\t\t\t<img loading=\"lazy\" decoding=\"async\" width=\"337\" height=\"454\" src=\"https:\/\/redeicm.org.br\/imaculadaconceicao\/wp-content\/uploads\/sites\/12\/2026\/03\/Equipe-site-Ana-Claudia-Dattein-Kuhn.jpg\" class=\"attachment-large size-large wp-image-4092\" alt=\"\" srcset=\"https:\/\/redeicm.org.br\/imaculadaconceicao\/wp-content\/uploads\/sites\/12\/2026\/03\/Equipe-site-Ana-Claudia-Dattein-Kuhn.jpg 337w, https:\/\/redeicm.org.br\/imaculadaconceicao\/wp-content\/uploads\/sites\/12\/2026\/03\/Equipe-site-Ana-Claudia-Dattein-Kuhn-223x300.jpg 223w\" sizes=\"(max-width: 337px) 100vw, 337px\" \/>\t\t\t\t\t\t\t\t\t\t\t\t\t\t\t<\/div>\n\t\t\t\t<\/div>\n\t\t\t\t<div class=\"elementor-element elementor-element-ae31b89 elementor-widget elementor-widget-text-editor\" data-id=\"ae31b89\" data-element_type=\"widget\" data-e-type=\"widget\" data-widget_type=\"text-editor.default\">\n\t\t\t\t<div class=\"elementor-widget-container\">\n\t\t\t\t\t\t\t\t\t<div style=\"text-align: left\"><strong><span style=\"color: #004960\">Ana Claudia Dattein Kuhn<br \/><span style=\"color: #f68800\">Geografia<\/span><\/span><\/strong><\/div>\t\t\t\t\t\t\t\t<\/div>\n\t\t\t\t<\/div>\n\t\t\t\t<\/div>\n\t\t<div class=\"elementor-element elementor-element-d74db38 e-con-full e-flex e-con e-child\" data-id=\"d74db38\" data-element_type=\"container\" data-e-type=\"container\">\n\t\t\t\t<div class=\"elementor-element elementor-element-c5b2580 elementor-widget elementor-widget-image\" data-id=\"c5b2580\" data-element_type=\"widget\" data-e-type=\"widget\" data-widget_type=\"image.default\">\n\t\t\t\t<div class=\"elementor-widget-container\">\n\t\t\t\t\t\t\t\t\t\t\t\t\t\t\t<img loading=\"lazy\" decoding=\"async\" width=\"337\" height=\"454\" src=\"https:\/\/redeicm.org.br\/imaculadaconceicao\/wp-content\/uploads\/sites\/12\/2026\/03\/Equipe-site-Luana-Heilmann.jpg\" class=\"attachment-large size-large wp-image-4076\" alt=\"\" srcset=\"https:\/\/redeicm.org.br\/imaculadaconceicao\/wp-content\/uploads\/sites\/12\/2026\/03\/Equipe-site-Luana-Heilmann.jpg 337w, https:\/\/redeicm.org.br\/imaculadaconceicao\/wp-content\/uploads\/sites\/12\/2026\/03\/Equipe-site-Luana-Heilmann-223x300.jpg 223w\" sizes=\"(max-width: 337px) 100vw, 337px\" \/>\t\t\t\t\t\t\t\t\t\t\t\t\t\t\t<\/div>\n\t\t\t\t<\/div>\n\t\t\t\t<div class=\"elementor-element elementor-element-01e873a elementor-widget elementor-widget-text-editor\" data-id=\"01e873a\" data-element_type=\"widget\" data-e-type=\"widget\" data-widget_type=\"text-editor.default\">\n\t\t\t\t<div class=\"elementor-widget-container\">\n\t\t\t\t\t\t\t\t\t<div style=\"text-align: left\"><strong><span style=\"color: #004960\">Luana Heilmann<br \/><span style=\"color: #f68800\">Ingl\u00eas<\/span><\/span><\/strong><\/div>\t\t\t\t\t\t\t\t<\/div>\n\t\t\t\t<\/div>\n\t\t\t\t<\/div>\n\t\t<div class=\"elementor-element elementor-element-1b246e4 e-con-full e-flex e-con e-child\" data-id=\"1b246e4\" data-element_type=\"container\" data-e-type=\"container\">\n\t\t\t\t<div class=\"elementor-element elementor-element-a0c0768 elementor-widget elementor-widget-image\" data-id=\"a0c0768\" data-element_type=\"widget\" data-e-type=\"widget\" data-widget_type=\"image.default\">\n\t\t\t\t<div class=\"elementor-widget-container\">\n\t\t\t\t\t\t\t\t\t\t\t\t\t\t\t<img loading=\"lazy\" decoding=\"async\" width=\"337\" height=\"454\" src=\"https:\/\/redeicm.org.br\/imaculadaconceicao\/wp-content\/uploads\/sites\/12\/2026\/03\/Equipe-site-Andressa-M-Gernhardt-Potrich.jpg\" class=\"attachment-large size-large wp-image-4089\" alt=\"\" srcset=\"https:\/\/redeicm.org.br\/imaculadaconceicao\/wp-content\/uploads\/sites\/12\/2026\/03\/Equipe-site-Andressa-M-Gernhardt-Potrich.jpg 337w, https:\/\/redeicm.org.br\/imaculadaconceicao\/wp-content\/uploads\/sites\/12\/2026\/03\/Equipe-site-Andressa-M-Gernhardt-Potrich-223x300.jpg 223w\" sizes=\"(max-width: 337px) 100vw, 337px\" \/>\t\t\t\t\t\t\t\t\t\t\t\t\t\t\t<\/div>\n\t\t\t\t<\/div>\n\t\t\t\t<div class=\"elementor-element elementor-element-eefbb31 elementor-widget elementor-widget-text-editor\" data-id=\"eefbb31\" data-element_type=\"widget\" data-e-type=\"widget\" data-widget_type=\"text-editor.default\">\n\t\t\t\t<div class=\"elementor-widget-container\">\n\t\t\t\t\t\t\t\t\t<div style=\"text-align: left\"><span style=\"color: #004960\"><b>Andressa M. G. Potrich<\/b><\/span><br \/><span style=\"color: #f68800;font-weight: bold\">Ingl\u00eas<\/span><\/div>\t\t\t\t\t\t\t\t<\/div>\n\t\t\t\t<\/div>\n\t\t\t\t<\/div>\n\t\t<div class=\"elementor-element elementor-element-ab23ad3 e-con-full e-flex e-con e-child\" data-id=\"ab23ad3\" data-element_type=\"container\" data-e-type=\"container\">\n\t\t\t\t<div class=\"elementor-element elementor-element-65cef8c elementor-widget elementor-widget-image\" data-id=\"65cef8c\" data-element_type=\"widget\" data-e-type=\"widget\" data-widget_type=\"image.default\">\n\t\t\t\t<div class=\"elementor-widget-container\">\n\t\t\t\t\t\t\t\t\t\t\t\t\t\t\t<img loading=\"lazy\" decoding=\"async\" width=\"337\" height=\"454\" src=\"https:\/\/redeicm.org.br\/imaculadaconceicao\/wp-content\/uploads\/sites\/12\/2026\/03\/Equipe-site-Raquel-Kolling-Bolezina.jpg\" class=\"attachment-large size-large wp-image-4082\" alt=\"\" srcset=\"https:\/\/redeicm.org.br\/imaculadaconceicao\/wp-content\/uploads\/sites\/12\/2026\/03\/Equipe-site-Raquel-Kolling-Bolezina.jpg 337w, https:\/\/redeicm.org.br\/imaculadaconceicao\/wp-content\/uploads\/sites\/12\/2026\/03\/Equipe-site-Raquel-Kolling-Bolezina-223x300.jpg 223w\" sizes=\"(max-width: 337px) 100vw, 337px\" \/>\t\t\t\t\t\t\t\t\t\t\t\t\t\t\t<\/div>\n\t\t\t\t<\/div>\n\t\t\t\t<div class=\"elementor-element elementor-element-965df56 elementor-widget elementor-widget-text-editor\" data-id=\"965df56\" data-element_type=\"widget\" data-e-type=\"widget\" data-widget_type=\"text-editor.default\">\n\t\t\t\t<div class=\"elementor-widget-container\">\n\t\t\t\t\t\t\t\t\t<div style=\"text-align: left\"><strong><span style=\"color: #004960\">Raquel Kolling Bolezina<br \/><span style=\"color: #f68800\">Educa\u00e7\u00e3o Religiosa <\/span><\/span><\/strong><\/div>\t\t\t\t\t\t\t\t<\/div>\n\t\t\t\t<\/div>\n\t\t\t\t<\/div>\n\t\t<div class=\"elementor-element elementor-element-dc92e37 e-con-full e-flex e-con e-child\" data-id=\"dc92e37\" data-element_type=\"container\" data-e-type=\"container\">\n\t\t\t\t<div class=\"elementor-element elementor-element-74bf869 elementor-widget elementor-widget-image\" data-id=\"74bf869\" data-element_type=\"widget\" data-e-type=\"widget\" data-widget_type=\"image.default\">\n\t\t\t\t<div class=\"elementor-widget-container\">\n\t\t\t\t\t\t\t\t\t\t\t\t\t\t\t<img loading=\"lazy\" decoding=\"async\" width=\"337\" height=\"454\" src=\"https:\/\/redeicm.org.br\/imaculadaconceicao\/wp-content\/uploads\/sites\/12\/2026\/03\/Equipe-site-Caren-Cristine-Ludwig-Amorim.jpg\" class=\"attachment-large size-large wp-image-4065\" alt=\"\" srcset=\"https:\/\/redeicm.org.br\/imaculadaconceicao\/wp-content\/uploads\/sites\/12\/2026\/03\/Equipe-site-Caren-Cristine-Ludwig-Amorim.jpg 337w, https:\/\/redeicm.org.br\/imaculadaconceicao\/wp-content\/uploads\/sites\/12\/2026\/03\/Equipe-site-Caren-Cristine-Ludwig-Amorim-223x300.jpg 223w\" sizes=\"(max-width: 337px) 100vw, 337px\" \/>\t\t\t\t\t\t\t\t\t\t\t\t\t\t\t<\/div>\n\t\t\t\t<\/div>\n\t\t\t\t<div class=\"elementor-element elementor-element-6f14158 elementor-widget elementor-widget-text-editor\" data-id=\"6f14158\" data-element_type=\"widget\" data-e-type=\"widget\" data-widget_type=\"text-editor.default\">\n\t\t\t\t<div class=\"elementor-widget-container\">\n\t\t\t\t\t\t\t\t\t<div style=\"text-align: left\"><strong><span style=\"color: #004960\">Caren Cristine L. Amorim<br \/><span style=\"color: #f68800\">Ci\u00eancias<\/span><\/span><\/strong><\/div>\t\t\t\t\t\t\t\t<\/div>\n\t\t\t\t<\/div>\n\t\t\t\t<\/div>\n\t\t<div class=\"elementor-element elementor-element-d2d09b2 e-con-full e-flex e-con e-child\" data-id=\"d2d09b2\" data-element_type=\"container\" data-e-type=\"container\">\n\t\t\t\t<div class=\"elementor-element elementor-element-ec295a8 elementor-widget elementor-widget-image\" data-id=\"ec295a8\" data-element_type=\"widget\" data-e-type=\"widget\" data-widget_type=\"image.default\">\n\t\t\t\t<div class=\"elementor-widget-container\">\n\t\t\t\t\t\t\t\t\t\t\t\t\t\t\t<img loading=\"lazy\" decoding=\"async\" width=\"337\" height=\"454\" src=\"https:\/\/redeicm.org.br\/imaculadaconceicao\/wp-content\/uploads\/sites\/12\/2026\/03\/Equipe-site-Luciana-Cardozo-de-Oliveira-Martins.jpg\" class=\"attachment-large size-large wp-image-4078\" alt=\"\" srcset=\"https:\/\/redeicm.org.br\/imaculadaconceicao\/wp-content\/uploads\/sites\/12\/2026\/03\/Equipe-site-Luciana-Cardozo-de-Oliveira-Martins.jpg 337w, https:\/\/redeicm.org.br\/imaculadaconceicao\/wp-content\/uploads\/sites\/12\/2026\/03\/Equipe-site-Luciana-Cardozo-de-Oliveira-Martins-223x300.jpg 223w\" sizes=\"(max-width: 337px) 100vw, 337px\" \/>\t\t\t\t\t\t\t\t\t\t\t\t\t\t\t<\/div>\n\t\t\t\t<\/div>\n\t\t\t\t<div class=\"elementor-element elementor-element-dc9d15a elementor-widget elementor-widget-text-editor\" data-id=\"dc9d15a\" data-element_type=\"widget\" data-e-type=\"widget\" data-widget_type=\"text-editor.default\">\n\t\t\t\t<div class=\"elementor-widget-container\">\n\t\t\t\t\t\t\t\t\t<div style=\"text-align: left\"><span style=\"color: #004960\"><b>Luciana C. de O. Martins<\/b><\/span><br \/><span style=\"color: #f68800;font-weight: bold\">Educa\u00e7\u00e3o F\u00edsica<\/span><\/div>\t\t\t\t\t\t\t\t<\/div>\n\t\t\t\t<\/div>\n\t\t\t\t<\/div>\n\t\t<div class=\"elementor-element elementor-element-b525d0e e-con-full e-flex e-con e-child\" data-id=\"b525d0e\" data-element_type=\"container\" data-e-type=\"container\">\n\t\t\t\t<div class=\"elementor-element elementor-element-be6f5cb elementor-widget elementor-widget-image\" data-id=\"be6f5cb\" data-element_type=\"widget\" data-e-type=\"widget\" data-widget_type=\"image.default\">\n\t\t\t\t<div class=\"elementor-widget-container\">\n\t\t\t\t\t\t\t\t\t\t\t\t\t\t\t<img loading=\"lazy\" decoding=\"async\" width=\"337\" height=\"454\" src=\"https:\/\/redeicm.org.br\/imaculadaconceicao\/wp-content\/uploads\/sites\/12\/2026\/03\/Equipe-site-Caren-Thais-Alves-Machado.jpg\" class=\"attachment-large size-large wp-image-4066\" alt=\"\" srcset=\"https:\/\/redeicm.org.br\/imaculadaconceicao\/wp-content\/uploads\/sites\/12\/2026\/03\/Equipe-site-Caren-Thais-Alves-Machado.jpg 337w, https:\/\/redeicm.org.br\/imaculadaconceicao\/wp-content\/uploads\/sites\/12\/2026\/03\/Equipe-site-Caren-Thais-Alves-Machado-223x300.jpg 223w\" sizes=\"(max-width: 337px) 100vw, 337px\" \/>\t\t\t\t\t\t\t\t\t\t\t\t\t\t\t<\/div>\n\t\t\t\t<\/div>\n\t\t\t\t<div class=\"elementor-element elementor-element-b28349a elementor-widget elementor-widget-text-editor\" data-id=\"b28349a\" data-element_type=\"widget\" data-e-type=\"widget\" data-widget_type=\"text-editor.default\">\n\t\t\t\t<div class=\"elementor-widget-container\">\n\t\t\t\t\t\t\t\t\t<div style=\"text-align: left\"><span style=\"color: #004960\"><b>Caren Thais Alves Machado<\/b><\/span><br \/><span style=\"color: #f68800\"><b>Artes<\/b><\/span><\/div>\t\t\t\t\t\t\t\t<\/div>\n\t\t\t\t<\/div>\n\t\t\t\t<\/div>\n\t\t<div class=\"elementor-element elementor-element-24a4851 e-con-full e-flex e-con e-child\" data-id=\"24a4851\" data-element_type=\"container\" data-e-type=\"container\">\n\t\t\t\t<div class=\"elementor-element elementor-element-8701cdd elementor-widget elementor-widget-image\" data-id=\"8701cdd\" data-element_type=\"widget\" data-e-type=\"widget\" data-widget_type=\"image.default\">\n\t\t\t\t<div class=\"elementor-widget-container\">\n\t\t\t\t\t\t\t\t\t\t\t\t\t\t\t<img loading=\"lazy\" decoding=\"async\" width=\"337\" height=\"454\" src=\"https:\/\/redeicm.org.br\/imaculadaconceicao\/wp-content\/uploads\/sites\/12\/2026\/03\/Equipe-site-Joao-Victor-M-dos-Santos-de-Oliveira.jpg\" class=\"attachment-large size-large wp-image-4073\" alt=\"\" srcset=\"https:\/\/redeicm.org.br\/imaculadaconceicao\/wp-content\/uploads\/sites\/12\/2026\/03\/Equipe-site-Joao-Victor-M-dos-Santos-de-Oliveira.jpg 337w, https:\/\/redeicm.org.br\/imaculadaconceicao\/wp-content\/uploads\/sites\/12\/2026\/03\/Equipe-site-Joao-Victor-M-dos-Santos-de-Oliveira-223x300.jpg 223w\" sizes=\"(max-width: 337px) 100vw, 337px\" \/>\t\t\t\t\t\t\t\t\t\t\t\t\t\t\t<\/div>\n\t\t\t\t<\/div>\n\t\t\t\t<div class=\"elementor-element elementor-element-43c6cc3 elementor-widget elementor-widget-text-editor\" data-id=\"43c6cc3\" data-element_type=\"widget\" data-e-type=\"widget\" data-widget_type=\"text-editor.default\">\n\t\t\t\t<div class=\"elementor-widget-container\">\n\t\t\t\t\t\t\t\t\t<div style=\"text-align: left\"><span style=\"color: #004960\"><b>Jo\u00e3o V. M. dos S. de Oliveira<\/b><\/span><br \/><span style=\"color: #f68800;font-weight: bold\">Lab Maker e Inform\u00e1tica<\/span><\/div>\t\t\t\t\t\t\t\t<\/div>\n\t\t\t\t<\/div>\n\t\t\t\t<\/div>\n\t\t<div class=\"elementor-element elementor-element-70ad2f8 e-con-full e-flex e-con e-child\" data-id=\"70ad2f8\" data-element_type=\"container\" data-e-type=\"container\">\n\t\t\t\t<div class=\"elementor-element elementor-element-560a921 elementor-widget elementor-widget-image\" data-id=\"560a921\" data-element_type=\"widget\" data-e-type=\"widget\" data-widget_type=\"image.default\">\n\t\t\t\t<div class=\"elementor-widget-container\">\n\t\t\t\t\t\t\t\t\t\t\t\t\t\t\t<img loading=\"lazy\" decoding=\"async\" width=\"337\" height=\"454\" src=\"https:\/\/redeicm.org.br\/imaculadaconceicao\/wp-content\/uploads\/sites\/12\/2026\/03\/Equipe-site-Andrea-Calini.jpg\" class=\"attachment-large size-large wp-image-4093\" alt=\"\" srcset=\"https:\/\/redeicm.org.br\/imaculadaconceicao\/wp-content\/uploads\/sites\/12\/2026\/03\/Equipe-site-Andrea-Calini.jpg 337w, https:\/\/redeicm.org.br\/imaculadaconceicao\/wp-content\/uploads\/sites\/12\/2026\/03\/Equipe-site-Andrea-Calini-223x300.jpg 223w\" sizes=\"(max-width: 337px) 100vw, 337px\" \/>\t\t\t\t\t\t\t\t\t\t\t\t\t\t\t<\/div>\n\t\t\t\t<\/div>\n\t\t\t\t<div class=\"elementor-element elementor-element-1f94d67 elementor-widget elementor-widget-text-editor\" data-id=\"1f94d67\" data-element_type=\"widget\" data-e-type=\"widget\" data-widget_type=\"text-editor.default\">\n\t\t\t\t<div class=\"elementor-widget-container\">\n\t\t\t\t\t\t\t\t\t<div style=\"text-align: left\"><span style=\"color: #004960\"><b>Andrea In\u00eas Calini<\/b><\/span><br \/><span style=\"color: #f68800;font-weight: bold\">Biblioteca<\/span><\/div>\t\t\t\t\t\t\t\t<\/div>\n\t\t\t\t<\/div>\n\t\t\t\t<\/div>\n\t\t<div class=\"elementor-element elementor-element-539742f e-con-full e-flex e-con e-child\" data-id=\"539742f\" data-element_type=\"container\" data-e-type=\"container\">\n\t\t\t\t<div class=\"elementor-element elementor-element-41df628 elementor-widget elementor-widget-image\" data-id=\"41df628\" data-element_type=\"widget\" data-e-type=\"widget\" data-widget_type=\"image.default\">\n\t\t\t\t<div class=\"elementor-widget-container\">\n\t\t\t\t\t\t\t\t\t\t\t\t\t\t\t<img loading=\"lazy\" decoding=\"async\" width=\"337\" height=\"454\" src=\"https:\/\/redeicm.org.br\/imaculadaconceicao\/wp-content\/uploads\/sites\/12\/2026\/03\/Equipe-site-Julia-Caroline-Strassburger-dos-Santos.jpg\" class=\"attachment-large size-large wp-image-4091\" alt=\"\" srcset=\"https:\/\/redeicm.org.br\/imaculadaconceicao\/wp-content\/uploads\/sites\/12\/2026\/03\/Equipe-site-Julia-Caroline-Strassburger-dos-Santos.jpg 337w, https:\/\/redeicm.org.br\/imaculadaconceicao\/wp-content\/uploads\/sites\/12\/2026\/03\/Equipe-site-Julia-Caroline-Strassburger-dos-Santos-223x300.jpg 223w\" sizes=\"(max-width: 337px) 100vw, 337px\" \/>\t\t\t\t\t\t\t\t\t\t\t\t\t\t\t<\/div>\n\t\t\t\t<\/div>\n\t\t\t\t<div class=\"elementor-element elementor-element-e53eb60 elementor-widget elementor-widget-text-editor\" data-id=\"e53eb60\" data-element_type=\"widget\" data-e-type=\"widget\" data-widget_type=\"text-editor.default\">\n\t\t\t\t<div class=\"elementor-widget-container\">\n\t\t\t\t\t\t\t\t\t<div style=\"text-align: left\"><span style=\"color: #004960\"><b>J\u00falia C. S. dos Santos<\/b><\/span><br \/><span style=\"color: #f68800;font-weight: bold\">Biblioteca<\/span><\/div>\t\t\t\t\t\t\t\t<\/div>\n\t\t\t\t<\/div>\n\t\t\t\t<\/div>\n\t\t<div class=\"elementor-element elementor-element-2a3c986 e-con-full e-flex e-con e-child\" data-id=\"2a3c986\" data-element_type=\"container\" data-e-type=\"container\">\n\t\t\t\t<\/div>\n\t\t<div class=\"elementor-element elementor-element-c9026eb e-con-full e-flex e-con e-child\" data-id=\"c9026eb\" data-element_type=\"container\" data-e-type=\"container\">\n\t\t\t\t<\/div>\n\t\t\t\t<\/div>\n\t\t\t\t\t<\/div>\n\t\t\t\t<\/div>\n\t\t\t\t<\/div>\n\t\t\t\t<\/div>\n\t\t","protected":false},"excerpt":{"rendered":"<p>Corpo Docente Corpo Docente Educar \u00e9 mais do que ensinar conte\u00fados \u2014 \u00e9 inspirar, acolher, despertar talentos e acompanhar cada etapa do crescimento dos nossos alunos. Educa\u00e7\u00e3o Infantil Ang\u00e9lica Patricia HomemTurma PN3 Monisie Grasieli GemelliTurma PN4A Lisiane Staudt NatividadeTurma\u00a0PN4B Camila Vit\u00f3ria JaegerTurma\u00a0PN5A Bruna LauermannTurma\u00a0PN5B Oberdan R. P. RockenbachM\u00fasica Luciana C. de O. MartinsEduca\u00e7\u00e3o F\u00edsica Daiana [&hellip;]<\/p>\n","protected":false},"author":1,"featured_media":4098,"parent":0,"menu_order":0,"comment_status":"closed","ping_status":"closed","template":"","meta":{"_acf_changed":false,"footnotes":""},"class_list":["post-3938","page","type-page","status-publish","has-post-thumbnail","hentry"],"acf":[],"yoast_head":"<!-- This site is optimized with the Yoast SEO plugin v26.3 - https:\/\/yoast.com\/wordpress\/plugins\/seo\/ -->\n<title>Corpo Docente - Col\u00e9gio Imaculada Concei\u00e7\u00e3o | Rede ICM de educa\u00e7\u00e3o<\/title>\n<meta name=\"robots\" content=\"index, follow, max-snippet:-1, max-image-preview:large, max-video-preview:-1\" \/>\n<link rel=\"canonical\" href=\"https:\/\/redeicm.org.br\/imaculadaconceicao\/corpo-docente\/\" \/>\n<meta property=\"og:locale\" content=\"pt_BR\" \/>\n<meta property=\"og:type\" content=\"article\" \/>\n<meta property=\"og:title\" content=\"Corpo Docente - Col\u00e9gio Imaculada Concei\u00e7\u00e3o | Rede ICM de educa\u00e7\u00e3o\" \/>\n<meta property=\"og:description\" content=\"Corpo Docente Corpo Docente Educar \u00e9 mais do que ensinar conte\u00fados \u2014 \u00e9 inspirar, acolher, despertar talentos e acompanhar cada etapa do crescimento dos nossos alunos. Educa\u00e7\u00e3o Infantil Ang\u00e9lica Patricia HomemTurma PN3 Monisie Grasieli GemelliTurma PN4A Lisiane Staudt NatividadeTurma\u00a0PN4B Camila Vit\u00f3ria JaegerTurma\u00a0PN5A Bruna LauermannTurma\u00a0PN5B Oberdan R. P. RockenbachM\u00fasica Luciana C. de O. MartinsEduca\u00e7\u00e3o F\u00edsica Daiana [&hellip;]\" \/>\n<meta property=\"og:url\" content=\"https:\/\/redeicm.org.br\/imaculadaconceicao\/corpo-docente\/\" \/>\n<meta property=\"og:site_name\" content=\"Col\u00e9gio Imaculada Concei\u00e7\u00e3o | Rede ICM de educa\u00e7\u00e3o\" \/>\n<meta property=\"article:modified_time\" content=\"2026-04-24T20:11:14+00:00\" \/>\n<meta property=\"og:image\" content=\"https:\/\/redeicm.org.br\/imaculadaconceicao\/wp-content\/uploads\/sites\/12\/2026\/03\/Equipe.jpg\" \/>\n\t<meta property=\"og:image:width\" content=\"1200\" \/>\n\t<meta property=\"og:image:height\" content=\"675\" \/>\n\t<meta property=\"og:image:type\" content=\"image\/jpeg\" \/>\n<meta name=\"twitter:card\" content=\"summary_large_image\" \/>\n<meta name=\"twitter:label1\" content=\"Est. tempo de leitura\" \/>\n\t<meta name=\"twitter:data1\" content=\"10 minutos\" \/>\n<script type=\"application\/ld+json\" class=\"yoast-schema-graph\">{\"@context\":\"https:\/\/schema.org\",\"@graph\":[{\"@type\":\"WebPage\",\"@id\":\"https:\/\/redeicm.org.br\/imaculadaconceicao\/corpo-docente\/\",\"url\":\"https:\/\/redeicm.org.br\/imaculadaconceicao\/corpo-docente\/\",\"name\":\"Corpo Docente - Col\u00e9gio Imaculada Concei\u00e7\u00e3o | Rede ICM de educa\u00e7\u00e3o\",\"isPartOf\":{\"@id\":\"https:\/\/redeicm.org.br\/imaculadaconceicao\/#website\"},\"primaryImageOfPage\":{\"@id\":\"https:\/\/redeicm.org.br\/imaculadaconceicao\/corpo-docente\/#primaryimage\"},\"image\":{\"@id\":\"https:\/\/redeicm.org.br\/imaculadaconceicao\/corpo-docente\/#primaryimage\"},\"thumbnailUrl\":\"https:\/\/redeicm.org.br\/imaculadaconceicao\/wp-content\/uploads\/sites\/12\/2026\/03\/Equipe.jpg\",\"datePublished\":\"2026-03-04T15:28:24+00:00\",\"dateModified\":\"2026-04-24T20:11:14+00:00\",\"breadcrumb\":{\"@id\":\"https:\/\/redeicm.org.br\/imaculadaconceicao\/corpo-docente\/#breadcrumb\"},\"inLanguage\":\"pt-BR\",\"potentialAction\":[{\"@type\":\"ReadAction\",\"target\":[\"https:\/\/redeicm.org.br\/imaculadaconceicao\/corpo-docente\/\"]}]},{\"@type\":\"ImageObject\",\"inLanguage\":\"pt-BR\",\"@id\":\"https:\/\/redeicm.org.br\/imaculadaconceicao\/corpo-docente\/#primaryimage\",\"url\":\"https:\/\/redeicm.org.br\/imaculadaconceicao\/wp-content\/uploads\/sites\/12\/2026\/03\/Equipe.jpg\",\"contentUrl\":\"https:\/\/redeicm.org.br\/imaculadaconceicao\/wp-content\/uploads\/sites\/12\/2026\/03\/Equipe.jpg\",\"width\":1200,\"height\":675},{\"@type\":\"BreadcrumbList\",\"@id\":\"https:\/\/redeicm.org.br\/imaculadaconceicao\/corpo-docente\/#breadcrumb\",\"itemListElement\":[{\"@type\":\"ListItem\",\"position\":1,\"name\":\"In\u00edcio\",\"item\":\"https:\/\/redeicm.org.br\/imaculadaconceicao\/\"},{\"@type\":\"ListItem\",\"position\":2,\"name\":\"Corpo Docente\"}]},{\"@type\":\"WebSite\",\"@id\":\"https:\/\/redeicm.org.br\/imaculadaconceicao\/#website\",\"url\":\"https:\/\/redeicm.org.br\/imaculadaconceicao\/\",\"name\":\"Col\u00e9gio Imaculada Concei\u00e7\u00e3o | Rede ICM de educa\u00e7\u00e3o\",\"description\":\"\",\"publisher\":{\"@id\":\"https:\/\/redeicm.org.br\/imaculadaconceicao\/#organization\"},\"potentialAction\":[{\"@type\":\"SearchAction\",\"target\":{\"@type\":\"EntryPoint\",\"urlTemplate\":\"https:\/\/redeicm.org.br\/imaculadaconceicao\/?s={search_term_string}\"},\"query-input\":{\"@type\":\"PropertyValueSpecification\",\"valueRequired\":true,\"valueName\":\"search_term_string\"}}],\"inLanguage\":\"pt-BR\"},{\"@type\":\"Organization\",\"@id\":\"https:\/\/redeicm.org.br\/imaculadaconceicao\/#organization\",\"name\":\"Col\u00e9gio Imaculada Concei\u00e7\u00e3o | Rede ICM de educa\u00e7\u00e3o\",\"url\":\"https:\/\/redeicm.org.br\/imaculadaconceicao\/\",\"logo\":{\"@type\":\"ImageObject\",\"inLanguage\":\"pt-BR\",\"@id\":\"https:\/\/redeicm.org.br\/imaculadaconceicao\/#\/schema\/logo\/image\/\",\"url\":\"https:\/\/redeicm.org.br\/imaculadaconceicao\/wp-content\/uploads\/sites\/12\/2024\/08\/ICM_Educacao_Imaculada_Conceicao_Preferencial_Cores-1024x263-1.png\",\"contentUrl\":\"https:\/\/redeicm.org.br\/imaculadaconceicao\/wp-content\/uploads\/sites\/12\/2024\/08\/ICM_Educacao_Imaculada_Conceicao_Preferencial_Cores-1024x263-1.png\",\"width\":1024,\"height\":263,\"caption\":\"Col\u00e9gio Imaculada Concei\u00e7\u00e3o | Rede ICM de educa\u00e7\u00e3o\"},\"image\":{\"@id\":\"https:\/\/redeicm.org.br\/imaculadaconceicao\/#\/schema\/logo\/image\/\"}}]}<\/script>\n<!-- \/ Yoast SEO plugin. -->","yoast_head_json":{"title":"Corpo Docente - Col\u00e9gio Imaculada Concei\u00e7\u00e3o | Rede ICM de educa\u00e7\u00e3o","robots":{"index":"index","follow":"follow","max-snippet":"max-snippet:-1","max-image-preview":"max-image-preview:large","max-video-preview":"max-video-preview:-1"},"canonical":"https:\/\/redeicm.org.br\/imaculadaconceicao\/corpo-docente\/","og_locale":"pt_BR","og_type":"article","og_title":"Corpo Docente - Col\u00e9gio Imaculada Concei\u00e7\u00e3o | Rede ICM de educa\u00e7\u00e3o","og_description":"Corpo Docente Corpo Docente Educar \u00e9 mais do que ensinar conte\u00fados \u2014 \u00e9 inspirar, acolher, despertar talentos e acompanhar cada etapa do crescimento dos nossos alunos. Educa\u00e7\u00e3o Infantil Ang\u00e9lica Patricia HomemTurma PN3 Monisie Grasieli GemelliTurma PN4A Lisiane Staudt NatividadeTurma\u00a0PN4B Camila Vit\u00f3ria JaegerTurma\u00a0PN5A Bruna LauermannTurma\u00a0PN5B Oberdan R. P. RockenbachM\u00fasica Luciana C. de O. MartinsEduca\u00e7\u00e3o F\u00edsica Daiana [&hellip;]","og_url":"https:\/\/redeicm.org.br\/imaculadaconceicao\/corpo-docente\/","og_site_name":"Col\u00e9gio Imaculada Concei\u00e7\u00e3o | Rede ICM de educa\u00e7\u00e3o","article_modified_time":"2026-04-24T20:11:14+00:00","og_image":[{"width":1200,"height":675,"url":"https:\/\/redeicm.org.br\/imaculadaconceicao\/wp-content\/uploads\/sites\/12\/2026\/03\/Equipe.jpg","type":"image\/jpeg"}],"twitter_card":"summary_large_image","twitter_misc":{"Est. tempo de leitura":"10 minutos"},"schema":{"@context":"https:\/\/schema.org","@graph":[{"@type":"WebPage","@id":"https:\/\/redeicm.org.br\/imaculadaconceicao\/corpo-docente\/","url":"https:\/\/redeicm.org.br\/imaculadaconceicao\/corpo-docente\/","name":"Corpo Docente - Col\u00e9gio Imaculada Concei\u00e7\u00e3o | Rede ICM de educa\u00e7\u00e3o","isPartOf":{"@id":"https:\/\/redeicm.org.br\/imaculadaconceicao\/#website"},"primaryImageOfPage":{"@id":"https:\/\/redeicm.org.br\/imaculadaconceicao\/corpo-docente\/#primaryimage"},"image":{"@id":"https:\/\/redeicm.org.br\/imaculadaconceicao\/corpo-docente\/#primaryimage"},"thumbnailUrl":"https:\/\/redeicm.org.br\/imaculadaconceicao\/wp-content\/uploads\/sites\/12\/2026\/03\/Equipe.jpg","datePublished":"2026-03-04T15:28:24+00:00","dateModified":"2026-04-24T20:11:14+00:00","breadcrumb":{"@id":"https:\/\/redeicm.org.br\/imaculadaconceicao\/corpo-docente\/#breadcrumb"},"inLanguage":"pt-BR","potentialAction":[{"@type":"ReadAction","target":["https:\/\/redeicm.org.br\/imaculadaconceicao\/corpo-docente\/"]}]},{"@type":"ImageObject","inLanguage":"pt-BR","@id":"https:\/\/redeicm.org.br\/imaculadaconceicao\/corpo-docente\/#primaryimage","url":"https:\/\/redeicm.org.br\/imaculadaconceicao\/wp-content\/uploads\/sites\/12\/2026\/03\/Equipe.jpg","contentUrl":"https:\/\/redeicm.org.br\/imaculadaconceicao\/wp-content\/uploads\/sites\/12\/2026\/03\/Equipe.jpg","width":1200,"height":675},{"@type":"BreadcrumbList","@id":"https:\/\/redeicm.org.br\/imaculadaconceicao\/corpo-docente\/#breadcrumb","itemListElement":[{"@type":"ListItem","position":1,"name":"In\u00edcio","item":"https:\/\/redeicm.org.br\/imaculadaconceicao\/"},{"@type":"ListItem","position":2,"name":"Corpo Docente"}]},{"@type":"WebSite","@id":"https:\/\/redeicm.org.br\/imaculadaconceicao\/#website","url":"https:\/\/redeicm.org.br\/imaculadaconceicao\/","name":"Col\u00e9gio Imaculada Concei\u00e7\u00e3o | Rede ICM de educa\u00e7\u00e3o","description":"","publisher":{"@id":"https:\/\/redeicm.org.br\/imaculadaconceicao\/#organization"},"potentialAction":[{"@type":"SearchAction","target":{"@type":"EntryPoint","urlTemplate":"https:\/\/redeicm.org.br\/imaculadaconceicao\/?s={search_term_string}"},"query-input":{"@type":"PropertyValueSpecification","valueRequired":true,"valueName":"search_term_string"}}],"inLanguage":"pt-BR"},{"@type":"Organization","@id":"https:\/\/redeicm.org.br\/imaculadaconceicao\/#organization","name":"Col\u00e9gio Imaculada Concei\u00e7\u00e3o | Rede ICM de educa\u00e7\u00e3o","url":"https:\/\/redeicm.org.br\/imaculadaconceicao\/","logo":{"@type":"ImageObject","inLanguage":"pt-BR","@id":"https:\/\/redeicm.org.br\/imaculadaconceicao\/#\/schema\/logo\/image\/","url":"https:\/\/redeicm.org.br\/imaculadaconceicao\/wp-content\/uploads\/sites\/12\/2024\/08\/ICM_Educacao_Imaculada_Conceicao_Preferencial_Cores-1024x263-1.png","contentUrl":"https:\/\/redeicm.org.br\/imaculadaconceicao\/wp-content\/uploads\/sites\/12\/2024\/08\/ICM_Educacao_Imaculada_Conceicao_Preferencial_Cores-1024x263-1.png","width":1024,"height":263,"caption":"Col\u00e9gio Imaculada Concei\u00e7\u00e3o | Rede ICM de educa\u00e7\u00e3o"},"image":{"@id":"https:\/\/redeicm.org.br\/imaculadaconceicao\/#\/schema\/logo\/image\/"}}]}},"_links":{"self":[{"href":"https:\/\/redeicm.org.br\/imaculadaconceicao\/wp-json\/wp\/v2\/pages\/3938","targetHints":{"allow":["GET"]}}],"collection":[{"href":"https:\/\/redeicm.org.br\/imaculadaconceicao\/wp-json\/wp\/v2\/pages"}],"about":[{"href":"https:\/\/redeicm.org.br\/imaculadaconceicao\/wp-json\/wp\/v2\/types\/page"}],"author":[{"embeddable":true,"href":"https:\/\/redeicm.org.br\/imaculadaconceicao\/wp-json\/wp\/v2\/users\/1"}],"replies":[{"embeddable":true,"href":"https:\/\/redeicm.org.br\/imaculadaconceicao\/wp-json\/wp\/v2\/comments?post=3938"}],"version-history":[{"count":37,"href":"https:\/\/redeicm.org.br\/imaculadaconceicao\/wp-json\/wp\/v2\/pages\/3938\/revisions"}],"predecessor-version":[{"id":4132,"href":"https:\/\/redeicm.org.br\/imaculadaconceicao\/wp-json\/wp\/v2\/pages\/3938\/revisions\/4132"}],"wp:featuredmedia":[{"embeddable":true,"href":"https:\/\/redeicm.org.br\/imaculadaconceicao\/wp-json\/wp\/v2\/media\/4098"}],"wp:attachment":[{"href":"https:\/\/redeicm.org.br\/imaculadaconceicao\/wp-json\/wp\/v2\/media?parent=3938"}],"curies":[{"name":"wp","href":"https:\/\/api.w.org\/{rel}","templated":true}]}}