{"id":309,"date":"2024-08-21T12:07:45","date_gmt":"2024-08-21T15:07:45","guid":{"rendered":"https:\/\/redeicm.org.br\/imaculadaconceicao\/?page_id=309"},"modified":"2026-08-28T13:48:15","modified_gmt":"2026-08-28T16:48:15","slug":"ensino-fundamental","status":"publish","type":"page","link":"https:\/\/redeicm.org.br\/imaculadaconceicao\/ensino-fundamental\/","title":{"rendered":"Ensino Fundamental"},"content":{"rendered":"\t\t<div data-elementor-type=\"wp-page\" data-elementor-id=\"309\" class=\"elementor elementor-309\" data-elementor-post-type=\"page\">\n\t\t\t\t<div class=\"elementor-element elementor-element-7d9f9446 e-flex e-con-boxed elementor-invisible e-con e-parent\" data-id=\"7d9f9446\" data-element_type=\"container\" data-e-type=\"container\" data-settings=\"{&quot;background_background&quot;:&quot;classic&quot;,&quot;animation&quot;:&quot;fadeInLeft&quot;}\">\n\t\t\t\t\t<div class=\"e-con-inner\">\n\t\t\t\t<div class=\"elementor-element elementor-element-2fb7211d elementor-widget elementor-widget-heading\" data-id=\"2fb7211d\" data-element_type=\"widget\" data-e-type=\"widget\" data-widget_type=\"heading.default\">\n\t\t\t\t<div class=\"elementor-widget-container\">\n\t\t\t\t\t<h1 class=\"elementor-heading-title elementor-size-default\">Ensino Fundamental<\/h1>\t\t\t\t<\/div>\n\t\t\t\t<\/div>\n\t\t\t\t\t<\/div>\n\t\t\t\t<\/div>\n\t\t<div class=\"elementor-element elementor-element-9febd1b e-flex e-con-boxed elementor-invisible e-con e-parent\" data-id=\"9febd1b\" data-element_type=\"container\" data-e-type=\"container\" data-settings=\"{&quot;animation&quot;:&quot;fadeInUp&quot;}\">\n\t\t\t\t\t<div class=\"e-con-inner\">\n\t\t\t\t<div class=\"elementor-element elementor-element-f93d346 e-n-tabs-mobile elementor-widget elementor-widget-n-tabs\" data-id=\"f93d346\" data-element_type=\"widget\" data-e-type=\"widget\" data-widget_type=\"nested-tabs.default\">\n\t\t\t\t<div class=\"elementor-widget-container\">\n\t\t\t\t\t\t\t<div class=\"e-n-tabs\" data-widget-number=\"261346118\" aria-label=\"Abas. Abra itens com &quot;Enter&quot; ou &quot;Espa\u00e7o&quot;, feche com &quot;Escape&quot; e navegue usando as teclas de &quot;Seta&quot;.\">\n\t\t\t<div class=\"e-n-tabs-heading\" role=\"tablist\">\n\t\t\t\t\t<button id=\"e-n-tab-title-2613461181\" data-tab-title-id=\"e-n-tab-title-2613461181\" class=\"e-n-tab-title\" aria-selected=\"true\" data-tab-index=\"1\" role=\"tab\" tabindex=\"0\" aria-controls=\"e-n-tab-content-2613461181\" style=\"--n-tabs-title-order: 1;\">\n\t\t\t\t\t\t<span class=\"e-n-tab-title-text\">\n\t\t\t\tANOS INICIAIS\t\t\t<\/span>\n\t\t<\/button>\n\t\t\t\t<button id=\"e-n-tab-title-2613461182\" data-tab-title-id=\"e-n-tab-title-2613461182\" class=\"e-n-tab-title\" aria-selected=\"false\" data-tab-index=\"2\" role=\"tab\" tabindex=\"-1\" aria-controls=\"e-n-tab-content-2613461182\" style=\"--n-tabs-title-order: 2;\">\n\t\t\t\t\t\t<span class=\"e-n-tab-title-text\">\n\t\t\t\tANOS FINAIS\t\t\t<\/span>\n\t\t<\/button>\n\t\t\t\t\t<\/div>\n\t\t\t<div class=\"e-n-tabs-content\">\n\t\t\t\t<div id=\"e-n-tab-content-2613461181\" role=\"tabpanel\" aria-labelledby=\"e-n-tab-title-2613461181\" data-tab-index=\"1\" style=\"--n-tabs-title-order: 1;\" class=\"e-active elementor-element elementor-element-6acc686 e-con-full e-flex e-con e-child\" data-id=\"6acc686\" data-element_type=\"container\" data-e-type=\"container\">\n\t\t<div class=\"elementor-element elementor-element-277b51a e-transform e-flex e-con-boxed e-con e-child\" data-id=\"277b51a\" data-element_type=\"container\" data-e-type=\"container\" data-settings=\"{&quot;_transform_translateY_effect&quot;:{&quot;unit&quot;:&quot;px&quot;,&quot;size&quot;:&quot;-50&quot;,&quot;sizes&quot;:[]},&quot;_transform_translateX_effect&quot;:{&quot;unit&quot;:&quot;px&quot;,&quot;size&quot;:&quot;&quot;,&quot;sizes&quot;:[]},&quot;_transform_translateX_effect_tablet&quot;:{&quot;unit&quot;:&quot;px&quot;,&quot;size&quot;:&quot;&quot;,&quot;sizes&quot;:[]},&quot;_transform_translateX_effect_mobile&quot;:{&quot;unit&quot;:&quot;px&quot;,&quot;size&quot;:&quot;&quot;,&quot;sizes&quot;:[]},&quot;_transform_translateY_effect_tablet&quot;:{&quot;unit&quot;:&quot;px&quot;,&quot;size&quot;:&quot;&quot;,&quot;sizes&quot;:[]},&quot;_transform_translateY_effect_mobile&quot;:{&quot;unit&quot;:&quot;px&quot;,&quot;size&quot;:&quot;&quot;,&quot;sizes&quot;:[]}}\">\n\t\t\t\t\t<div class=\"e-con-inner\">\n\t\t\t\t<div class=\"elementor-element elementor-element-eaca4e1 elementor-widget elementor-widget-heading\" data-id=\"eaca4e1\" data-element_type=\"widget\" data-e-type=\"widget\" data-widget_type=\"heading.default\">\n\t\t\t\t<div class=\"elementor-widget-container\">\n\t\t\t\t\t<h1 class=\"elementor-heading-title elementor-size-default\">ANOS INICIAIS DO ENSINO FUNDAMENTAL<\/h1>\t\t\t\t<\/div>\n\t\t\t\t<\/div>\n\t\t\t\t<div class=\"elementor-element elementor-element-df332f1 elementor-invisible elementor-widget elementor-widget-text-editor\" data-id=\"df332f1\" data-element_type=\"widget\" data-e-type=\"widget\" data-settings=\"{&quot;_animation&quot;:&quot;fadeInUp&quot;}\" data-widget_type=\"text-editor.default\">\n\t\t\t\t<div class=\"elementor-widget-container\">\n\t\t\t\t\t\t\t\t\t<p><em><strong>Do 1\u00ba ao 5\u00ba ano as aulas acontecem no turno da tarde das 13h15min \u00e0s 17h25min.<\/strong><\/em><\/p><p><span style=\"font-weight: 400\">Nos <\/span><b>Anos Iniciais do Ensino Fundamental<\/b><span style=\"font-weight: 400\">, o Col\u00e9gio Imaculada Concei\u00e7\u00e3o promove um processo de <\/span><b>forma\u00e7\u00e3o integral<\/b><span style=\"font-weight: 400\">, no qual aprender significa ampliar conhecimentos, desenvolver compet\u00eancias, <\/span><b>fortalecer v\u00ednculos e construir valores para a vida<\/b><span style=\"font-weight: 400\">. Em sintonia com o <\/span><b>Projeto Educativo da Rede ICM<\/b><span style=\"font-weight: 400\">, buscamos formar <\/span><b>estudantes protagonistas, cr\u00edticos, criativos, solid\u00e1rios e comprometidos com o bem comum.<\/b><\/p><p><span style=\"font-weight: 400\">Nossa proposta pedag\u00f3gica coloca o <\/span><b>estudante no centro do processo de aprendizagem<\/b><span style=\"font-weight: 400\">, reconhecendo seus conhecimentos, potencialidades, curiosidades e diferentes formas de aprender. Por meio de metodologias ativas, projetos, investiga\u00e7\u00e3o, resolu\u00e7\u00e3o de situa\u00e7\u00f5es-problema, experi\u00eancias pr\u00e1ticas e uso pedag\u00f3gico das tecnologias, os estudantes s\u00e3o convidados a participar, questionar, pesquisar, <\/span><b>criar e encontrar solu\u00e7\u00f5es para os desafios do cotidiano<\/b><span style=\"font-weight: 400\">.<\/span><\/p><p><span style=\"font-weight: 400\">A aprendizagem acontece de forma significativa e integrada, articulando as diferentes \u00e1reas do conhecimento e favorecendo o desenvolvimento das compet\u00eancias previstas na Base Nacional Comum Curricular (BNCC). No cotidiano dos estudantes s\u00e3o desenvolvidas aspectos fundamentais para a forma\u00e7\u00e3o acad\u00eamica e desenvolvimento integral, de maneira contextualizada, conectando o conhecimento escolar \u00e0s experi\u00eancias e aos desafios do mundo contempor\u00e2neo, como:\u00a0<\/span><\/p>\t\t\t\t\t\t\t\t<\/div>\n\t\t\t\t<\/div>\n\t\t<div class=\"elementor-element elementor-element-ca66d16 e-con-full e-flex e-con e-child\" data-id=\"ca66d16\" data-element_type=\"container\" data-e-type=\"container\">\n\t\t\t\t<div class=\"elementor-element elementor-element-549e369 elementor-widget__width-initial elementor-widget-mobile__width-initial e-transform elementor-invisible elementor-widget elementor-widget-text-editor\" data-id=\"549e369\" data-element_type=\"widget\" data-e-type=\"widget\" data-settings=\"{&quot;_animation&quot;:&quot;fadeInUp&quot;,&quot;_transform_translateX_effect&quot;:{&quot;unit&quot;:&quot;px&quot;,&quot;size&quot;:&quot;-20&quot;,&quot;sizes&quot;:[]},&quot;_transform_translateX_effect_tablet&quot;:{&quot;unit&quot;:&quot;px&quot;,&quot;size&quot;:&quot;&quot;,&quot;sizes&quot;:[]},&quot;_transform_translateX_effect_mobile&quot;:{&quot;unit&quot;:&quot;px&quot;,&quot;size&quot;:&quot;&quot;,&quot;sizes&quot;:[]},&quot;_transform_translateY_effect&quot;:{&quot;unit&quot;:&quot;px&quot;,&quot;size&quot;:&quot;&quot;,&quot;sizes&quot;:[]},&quot;_transform_translateY_effect_tablet&quot;:{&quot;unit&quot;:&quot;px&quot;,&quot;size&quot;:&quot;&quot;,&quot;sizes&quot;:[]},&quot;_transform_translateY_effect_mobile&quot;:{&quot;unit&quot;:&quot;px&quot;,&quot;size&quot;:&quot;&quot;,&quot;sizes&quot;:[]}}\" data-widget_type=\"text-editor.default\">\n\t\t\t\t<div class=\"elementor-widget-container\">\n\t\t\t\t\t\t\t\t\t<ul><li><b>Matem\u00e1tica e resolu\u00e7\u00e3o de problemas;<\/b><\/li><li><b>Alfabetiza\u00e7\u00e3o e letramento;\u00a0\u00a0<\/b><\/li><li><b>Aprendizagem investigativa;<\/b><\/li><li><b>Comunica\u00e7\u00e3o e protagonismo\u00a0<\/b><\/li><li><b>Educa\u00e7\u00e3o socioambiental;<\/b><\/li><li><b>Educa\u00e7\u00e3o Financeira<\/b><\/li><li><b>Conviv\u00eancia e desenvolvimento socioemocional;<\/b><\/li><\/ul>\t\t\t\t\t\t\t\t<\/div>\n\t\t\t\t<\/div>\n\t\t\t\t<div class=\"elementor-element elementor-element-32170f2 elementor-widget elementor-widget-image\" data-id=\"32170f2\" data-element_type=\"widget\" data-e-type=\"widget\" data-widget_type=\"image.default\">\n\t\t\t\t<div class=\"elementor-widget-container\">\n\t\t\t\t\t\t\t\t\t\t\t\t\t\t\t<img fetchpriority=\"high\" decoding=\"async\" width=\"800\" height=\"534\" src=\"https:\/\/redeicm.org.br\/imaculadaconceicao\/wp-content\/uploads\/sites\/12\/2026\/08\/RA_9961_compressed-1024x683.webp\" class=\"attachment-large size-large wp-image-4514\" alt=\"\" srcset=\"https:\/\/redeicm.org.br\/imaculadaconceicao\/wp-content\/uploads\/sites\/12\/2026\/08\/RA_9961_compressed-1024x683.webp 1024w, https:\/\/redeicm.org.br\/imaculadaconceicao\/wp-content\/uploads\/sites\/12\/2026\/08\/RA_9961_compressed-300x200.webp 300w, https:\/\/redeicm.org.br\/imaculadaconceicao\/wp-content\/uploads\/sites\/12\/2026\/08\/RA_9961_compressed-768x512.webp 768w, https:\/\/redeicm.org.br\/imaculadaconceicao\/wp-content\/uploads\/sites\/12\/2026\/08\/RA_9961_compressed-1536x1024.webp 1536w, https:\/\/redeicm.org.br\/imaculadaconceicao\/wp-content\/uploads\/sites\/12\/2026\/08\/RA_9961_compressed-2048x1365.webp 2048w\" sizes=\"(max-width: 800px) 100vw, 800px\" \/>\t\t\t\t\t\t\t\t\t\t\t\t\t\t\t<\/div>\n\t\t\t\t<\/div>\n\t\t\t\t<\/div>\n\t\t\t\t\t<\/div>\n\t\t\t\t<\/div>\n\t\t<div class=\"elementor-element elementor-element-31174b3 e-transform e-flex e-con-boxed e-con e-child\" data-id=\"31174b3\" data-element_type=\"container\" data-e-type=\"container\" data-settings=\"{&quot;_transform_translateY_effect&quot;:{&quot;unit&quot;:&quot;px&quot;,&quot;size&quot;:&quot;-35&quot;,&quot;sizes&quot;:[]},&quot;_transform_translateX_effect&quot;:{&quot;unit&quot;:&quot;px&quot;,&quot;size&quot;:&quot;&quot;,&quot;sizes&quot;:[]},&quot;_transform_translateX_effect_tablet&quot;:{&quot;unit&quot;:&quot;px&quot;,&quot;size&quot;:&quot;&quot;,&quot;sizes&quot;:[]},&quot;_transform_translateX_effect_mobile&quot;:{&quot;unit&quot;:&quot;px&quot;,&quot;size&quot;:&quot;&quot;,&quot;sizes&quot;:[]},&quot;_transform_translateY_effect_tablet&quot;:{&quot;unit&quot;:&quot;px&quot;,&quot;size&quot;:&quot;&quot;,&quot;sizes&quot;:[]},&quot;_transform_translateY_effect_mobile&quot;:{&quot;unit&quot;:&quot;px&quot;,&quot;size&quot;:&quot;&quot;,&quot;sizes&quot;:[]}}\">\n\t\t\t\t\t<div class=\"e-con-inner\">\n\t\t\t\t<div class=\"elementor-element elementor-element-a31331f elementor-invisible elementor-widget elementor-widget-text-editor\" data-id=\"a31331f\" data-element_type=\"widget\" data-e-type=\"widget\" data-settings=\"{&quot;_animation&quot;:&quot;fadeInUp&quot;}\" data-widget_type=\"text-editor.default\">\n\t\t\t\t<div class=\"elementor-widget-container\">\n\t\t\t\t\t\t\t\t\t<p><span style=\"font-weight: 400\">Valorizamos a conviv\u00eancia, a coopera\u00e7\u00e3o, o respeito \u00e0s diferen\u00e7as e a responsabilidade coletiva, <\/span><b>fortalecendo compet\u00eancias socioemocionais e atitudes pautadas pelos valores crist\u00e3os<\/b><span style=\"font-weight: 400\"> que orientam a miss\u00e3o educativa da Rede ICM. Educar, para n\u00f3s, \u00e9 contribuir para que cada estudante reconhe\u00e7a seu valor, respeite o outro e compreenda seu papel na constru\u00e7\u00e3o de uma sociedade mais justa, fraterna e solid\u00e1ria.<\/span><\/p><p><span style=\"font-weight: 400\">A proposta contempla experi\u00eancias em m\u00faltiplas linguagens, ampliando as possibilidades de express\u00e3o, comunica\u00e7\u00e3o e cria\u00e7\u00e3o. Al\u00e9m dos componentes curriculares, os estudantes vivenciam <\/span><b>experi\u00eancias em Arte, Educa\u00e7\u00e3o F\u00edsica, L\u00edngua Inglesa, Cultura Digital e outras<\/b><span style=\"font-weight: 400\"> propostas que enriquecem o percurso formativo e ampliam seus repert\u00f3rios.<\/span><\/p><p><span style=\"font-weight: 400\">As tecnologias e os recursos digitais s\u00e3o utilizados como meios para potencializar a aprendizagem, favorecendo a autonomia, a pesquisa, a criatividade, o pensamento cr\u00edtico e o <\/span><b>desenvolvimento do pensamento computacional. Ferramentas como Matific, Elefante Letrado e os recursos do Sistema de Ensino Bernoulli<\/b><span style=\"font-weight: 400\"> integram esse percurso, respeitando a intencionalidade pedag\u00f3gica e as necessidades de cada turma.<\/span><\/p><p><span style=\"font-weight: 400\">O acompanhamento da aprendizagem acontece de forma cont\u00ednua, processual e formativa, considerando os avan\u00e7os, desafios e potencialidades de cada estudante. Diferentes estrat\u00e9gias e instrumentos possibilitam acompanhar o percurso individual e coletivo, valorizando n\u00e3o apenas os resultados, mas tamb\u00e9m o processo de constru\u00e7\u00e3o do conhecimento.<\/span><\/p><p><span style=\"font-weight: 400\">Contamos com uma <\/span><b>equipe docente qualificada e em constante forma\u00e7\u00e3o,<\/b><span style=\"font-weight: 400\"> que trabalha de maneira colaborativa para planejar experi\u00eancias desafiadoras, acolhedoras e significativas. O professor assume o papel de mediador e organizador das experi\u00eancias de aprendizagem, criando condi\u00e7\u00f5es para que cada estudante possa avan\u00e7ar, desenvolver sua autonomia e assumir progressivamente o protagonismo de sua forma\u00e7\u00e3o.<\/span><\/p>\t\t\t\t\t\t\t\t<\/div>\n\t\t\t\t<\/div>\n\t\t\t\t<div class=\"elementor-element elementor-element-123ecb4 elementor-widget elementor-widget-gallery\" data-id=\"123ecb4\" data-element_type=\"widget\" data-e-type=\"widget\" data-settings=\"{&quot;gallery_layout&quot;:&quot;justified&quot;,&quot;gap&quot;:{&quot;unit&quot;:&quot;px&quot;,&quot;size&quot;:&quot;15&quot;,&quot;sizes&quot;:[]},&quot;ideal_row_height&quot;:{&quot;unit&quot;:&quot;px&quot;,&quot;size&quot;:200,&quot;sizes&quot;:[]},&quot;ideal_row_height_tablet&quot;:{&quot;unit&quot;:&quot;px&quot;,&quot;size&quot;:150,&quot;sizes&quot;:[]},&quot;ideal_row_height_mobile&quot;:{&quot;unit&quot;:&quot;px&quot;,&quot;size&quot;:150,&quot;sizes&quot;:[]},&quot;gap_tablet&quot;:{&quot;unit&quot;:&quot;px&quot;,&quot;size&quot;:10,&quot;sizes&quot;:[]},&quot;gap_mobile&quot;:{&quot;unit&quot;:&quot;px&quot;,&quot;size&quot;:10,&quot;sizes&quot;:[]},&quot;link_to&quot;:&quot;file&quot;,&quot;overlay_background&quot;:&quot;yes&quot;,&quot;content_hover_animation&quot;:&quot;fade-in&quot;}\" data-widget_type=\"gallery.default\">\n\t\t\t\t<div class=\"elementor-widget-container\">\n\t\t\t\t\t\t\t<div class=\"elementor-gallery__container\">\n\t\t\t\t\t\t\t<a class=\"e-gallery-item elementor-gallery-item elementor-animated-content\" href=\"https:\/\/redeicm.org.br\/imaculadaconceicao\/wp-content\/uploads\/sites\/12\/2026\/08\/RA_0258_compressed-scaled.webp\" data-elementor-open-lightbox=\"yes\" data-elementor-lightbox-slideshow=\"123ecb4\" data-elementor-lightbox-title=\"_RA_0258_compressed\" data-e-action-hash=\"#elementor-action%3Aaction%3Dlightbox%26settings%3DeyJpZCI6NDUwMSwidXJsIjoiaHR0cHM6XC9cL3JlZGVpY20ub3JnLmJyXC9pbWFjdWxhZGFjb25jZWljYW9cL3dwLWNvbnRlbnRcL3VwbG9hZHNcL3NpdGVzXC8xMlwvMjAyNlwvMDhcL1JBXzAyNThfY29tcHJlc3NlZC1zY2FsZWQud2VicCIsInNsaWRlc2hvdyI6IjEyM2VjYjQifQ%3D%3D\">\n\t\t\t\t\t<div class=\"e-gallery-image elementor-gallery-item__image\" data-thumbnail=\"https:\/\/redeicm.org.br\/imaculadaconceicao\/wp-content\/uploads\/sites\/12\/2026\/08\/RA_0258_compressed-300x200.webp\" data-width=\"300\" data-height=\"200\" aria-label=\"\" role=\"img\" ><\/div>\n\t\t\t\t\t\t\t\t\t\t\t<div class=\"elementor-gallery-item__overlay\"><\/div>\n\t\t\t\t\t\t\t\t\t\t\t\t\t\t<\/a>\n\t\t\t\t\t\t\t<a class=\"e-gallery-item elementor-gallery-item elementor-animated-content\" href=\"https:\/\/redeicm.org.br\/imaculadaconceicao\/wp-content\/uploads\/sites\/12\/2026\/08\/RA_0063_compressed-scaled.webp\" data-elementor-open-lightbox=\"yes\" data-elementor-lightbox-slideshow=\"123ecb4\" data-elementor-lightbox-title=\"_RA_0063_compressed\" data-e-action-hash=\"#elementor-action%3Aaction%3Dlightbox%26settings%3DeyJpZCI6NDUwMCwidXJsIjoiaHR0cHM6XC9cL3JlZGVpY20ub3JnLmJyXC9pbWFjdWxhZGFjb25jZWljYW9cL3dwLWNvbnRlbnRcL3VwbG9hZHNcL3NpdGVzXC8xMlwvMjAyNlwvMDhcL1JBXzAwNjNfY29tcHJlc3NlZC1zY2FsZWQud2VicCIsInNsaWRlc2hvdyI6IjEyM2VjYjQifQ%3D%3D\">\n\t\t\t\t\t<div class=\"e-gallery-image elementor-gallery-item__image\" data-thumbnail=\"https:\/\/redeicm.org.br\/imaculadaconceicao\/wp-content\/uploads\/sites\/12\/2026\/08\/RA_0063_compressed-300x200.webp\" data-width=\"300\" data-height=\"200\" aria-label=\"\" role=\"img\" ><\/div>\n\t\t\t\t\t\t\t\t\t\t\t<div class=\"elementor-gallery-item__overlay\"><\/div>\n\t\t\t\t\t\t\t\t\t\t\t\t\t\t<\/a>\n\t\t\t\t\t\t\t<a class=\"e-gallery-item elementor-gallery-item elementor-animated-content\" href=\"https:\/\/redeicm.org.br\/imaculadaconceicao\/wp-content\/uploads\/sites\/12\/2026\/08\/RA_0418_compressed-scaled.webp\" data-elementor-open-lightbox=\"yes\" data-elementor-lightbox-slideshow=\"123ecb4\" data-elementor-lightbox-title=\"_RA_0418_compressed\" data-e-action-hash=\"#elementor-action%3Aaction%3Dlightbox%26settings%3DeyJpZCI6NDUwMywidXJsIjoiaHR0cHM6XC9cL3JlZGVpY20ub3JnLmJyXC9pbWFjdWxhZGFjb25jZWljYW9cL3dwLWNvbnRlbnRcL3VwbG9hZHNcL3NpdGVzXC8xMlwvMjAyNlwvMDhcL1JBXzA0MThfY29tcHJlc3NlZC1zY2FsZWQud2VicCIsInNsaWRlc2hvdyI6IjEyM2VjYjQifQ%3D%3D\">\n\t\t\t\t\t<div class=\"e-gallery-image elementor-gallery-item__image\" data-thumbnail=\"https:\/\/redeicm.org.br\/imaculadaconceicao\/wp-content\/uploads\/sites\/12\/2026\/08\/RA_0418_compressed-300x200.webp\" data-width=\"300\" data-height=\"200\" aria-label=\"\" role=\"img\" ><\/div>\n\t\t\t\t\t\t\t\t\t\t\t<div class=\"elementor-gallery-item__overlay\"><\/div>\n\t\t\t\t\t\t\t\t\t\t\t\t\t\t<\/a>\n\t\t\t\t\t<\/div>\n\t\t\t\t\t<\/div>\n\t\t\t\t<\/div>\n\t\t\t\t<div class=\"elementor-element elementor-element-dac515b elementor-widget elementor-widget-heading\" data-id=\"dac515b\" data-element_type=\"widget\" data-e-type=\"widget\" data-widget_type=\"heading.default\">\n\t\t\t\t<div class=\"elementor-widget-container\">\n\t\t\t\t\t<h1 class=\"elementor-heading-title elementor-size-default\">EDUCAR PARA A VIDA<\/h1>\t\t\t\t<\/div>\n\t\t\t\t<\/div>\n\t\t\t\t<div class=\"elementor-element elementor-element-04e5bd0 elementor-invisible elementor-widget elementor-widget-text-editor\" data-id=\"04e5bd0\" data-element_type=\"widget\" data-e-type=\"widget\" data-settings=\"{&quot;_animation&quot;:&quot;fadeInUp&quot;}\" data-widget_type=\"text-editor.default\">\n\t\t\t\t<div class=\"elementor-widget-container\">\n\t\t\t\t\t\t\t\t\t<p><span style=\"font-weight: 400\">No Col\u00e9gio Imaculada Concei\u00e7\u00e3o, os <\/span><b>Anos Iniciais s\u00e3o vividos como uma etapa de descobertas, constru\u00e7\u00e3o de conhecimentos, desenvolvimento de habilidades e forma\u00e7\u00e3o de valores<\/b><span style=\"font-weight: 400\">. Cada experi\u00eancia \u00e9 uma oportunidade para aprender, conviver, criar, investigar e cuidar.<\/span><\/p><p><span style=\"font-weight: 400\">No Imaculada, aprender \u00e9 crescer em conhecimento, autonomia e valores para transformar o mundo com responsabilidade, esperan\u00e7a e fraternidade.<\/span><\/p>\t\t\t\t\t\t\t\t<\/div>\n\t\t\t\t<\/div>\n\t\t\t\t\t<\/div>\n\t\t\t\t<\/div>\n\t\t<div class=\"elementor-element elementor-element-0b1d8a5 e-con-full e-transform e-flex elementor-invisible e-con e-child\" data-id=\"0b1d8a5\" data-element_type=\"container\" data-e-type=\"container\" data-settings=\"{&quot;animation&quot;:&quot;fadeInUp&quot;,&quot;_transform_translateY_effect&quot;:{&quot;unit&quot;:&quot;px&quot;,&quot;size&quot;:&quot;-45&quot;,&quot;sizes&quot;:[]},&quot;_transform_translateX_effect&quot;:{&quot;unit&quot;:&quot;px&quot;,&quot;size&quot;:&quot;&quot;,&quot;sizes&quot;:[]},&quot;_transform_translateX_effect_tablet&quot;:{&quot;unit&quot;:&quot;px&quot;,&quot;size&quot;:&quot;&quot;,&quot;sizes&quot;:[]},&quot;_transform_translateX_effect_mobile&quot;:{&quot;unit&quot;:&quot;px&quot;,&quot;size&quot;:&quot;&quot;,&quot;sizes&quot;:[]},&quot;_transform_translateY_effect_tablet&quot;:{&quot;unit&quot;:&quot;px&quot;,&quot;size&quot;:&quot;&quot;,&quot;sizes&quot;:[]},&quot;_transform_translateY_effect_mobile&quot;:{&quot;unit&quot;:&quot;px&quot;,&quot;size&quot;:&quot;&quot;,&quot;sizes&quot;:[]}}\">\n\t\t\t\t<div class=\"elementor-element elementor-element-a152923 elementor-widget-divider--view-line elementor-widget elementor-widget-divider\" data-id=\"a152923\" data-element_type=\"widget\" data-e-type=\"widget\" data-widget_type=\"divider.default\">\n\t\t\t\t<div class=\"elementor-widget-container\">\n\t\t\t\t\t\t\t<div class=\"elementor-divider\">\n\t\t\t<span class=\"elementor-divider-separator\">\n\t\t\t\t\t\t<\/span>\n\t\t<\/div>\n\t\t\t\t\t\t<\/div>\n\t\t\t\t<\/div>\n\t\t\t\t<div class=\"elementor-element elementor-element-aa63c23 elementor-widget elementor-widget-text-editor\" data-id=\"aa63c23\" data-element_type=\"widget\" data-e-type=\"widget\" data-widget_type=\"text-editor.default\">\n\t\t\t\t<div class=\"elementor-widget-container\">\n\t\t\t\t\t\t\t\t\t<h5><span style=\"color: #145a71\"><strong>NOSSA PROPOSTA DE VALOR<\/strong><\/span><\/h5>\t\t\t\t\t\t\t\t<\/div>\n\t\t\t\t<\/div>\n\t\t<div class=\"elementor-element elementor-element-133a742 e-con-full e-flex e-con e-child\" data-id=\"133a742\" data-element_type=\"container\" data-e-type=\"container\">\n\t\t<div class=\"elementor-element elementor-element-83e913a e-con-full e-flex e-con e-child\" data-id=\"83e913a\" data-element_type=\"container\" data-e-type=\"container\">\n\t\t<div class=\"elementor-element elementor-element-7f40b56 e-con-full e-flex e-con e-child\" data-id=\"7f40b56\" data-element_type=\"container\" data-e-type=\"container\">\n\t\t\t\t<div class=\"elementor-element elementor-element-2cef78b elementor-flip-box--direction-right elementor-flip-box--effect-flip elementor-widget elementor-widget-flip-box\" data-id=\"2cef78b\" data-element_type=\"widget\" data-e-type=\"widget\" data-widget_type=\"flip-box.default\">\n\t\t\t\t<div class=\"elementor-widget-container\">\n\t\t\t\t\t\t\t<div class=\"elementor-flip-box\" tabindex=\"0\">\n\t\t\t<div class=\"elementor-flip-box__layer elementor-flip-box__front\">\n\t\t\t\t<div class=\"elementor-flip-box__layer__overlay\">\n\t\t\t\t\t<div class=\"elementor-flip-box__layer__inner\">\n\t\t\t\t\t\t\t\t\t\t\t\t\t<div class=\"elementor-icon-wrapper elementor-view-default\">\n\t\t\t\t\t\t\t\t<div class=\"elementor-icon\">\n\t\t\t\t\t\t\t\t\t<svg aria-hidden=\"true\" class=\"e-font-icon-svg e-fas-hands-helping\" viewBox=\"0 0 640 512\" xmlns=\"http:\/\/www.w3.org\/2000\/svg\"><path d=\"M488 192H336v56c0 39.7-32.3 72-72 72s-72-32.3-72-72V126.4l-64.9 39C107.8 176.9 96 197.8 96 220.2v47.3l-80 46.2C.7 322.5-4.6 342.1 4.3 357.4l80 138.6c8.8 15.3 28.4 20.5 43.7 11.7L231.4 448H368c35.3 0 64-28.7 64-64h16c17.7 0 32-14.3 32-32v-64h8c13.3 0 24-10.7 24-24v-48c0-13.3-10.7-24-24-24zm147.7-37.4L555.7 16C546.9.7 527.3-4.5 512 4.3L408.6 64H306.4c-12 0-23.7 3.4-33.9 9.7L239 94.6c-9.4 5.8-15 16.1-15 27.1V248c0 22.1 17.9 40 40 40s40-17.9 40-40v-88h184c30.9 0 56 25.1 56 56v28.5l80-46.2c15.3-8.9 20.5-28.4 11.7-43.7z\"><\/path><\/svg>\t\t\t\t\t\t\t\t<\/div>\n\t\t\t\t\t\t\t<\/div>\n\t\t\t\t\t\t\n\t\t\t\t\t\t\t\t\t\t\t\t\t<h3 class=\"elementor-flip-box__layer__title\">\n\t\t\t\t\t\t\t\tCOOPERA\u00c7\u00c3O E CONSCI\u00caNCIA COLETIVA\t\t\t\t\t\t\t<\/h3>\n\t\t\t\t\t\t\n\t\t\t\t\t\t\t\t\t\t\t<\/div>\n\t\t\t\t<\/div>\n\t\t\t<\/div>\n\t\t\t<div class=\"elementor-flip-box__layer elementor-flip-box__back\">\n\t\t\t<div class=\"elementor-flip-box__layer__overlay\">\n\t\t\t\t<div class=\"elementor-flip-box__layer__inner\">\n\t\t\t\t\t\n\t\t\t\t\t\t\t\t\t\t\t<div class=\"elementor-flip-box__layer__description\">\n\t\t\t\t\t\t\tDesenvolvemos compet\u00eancias socioemocionais, protagonismo, di\u00e1logo e trabalho colaborativo, fortalecendo o respeito \u00e0s diferen\u00e7as e a compreens\u00e3o de que aprendemos e crescemos tamb\u00e9m na rela\u00e7\u00e3o com o outro.\t\t\t\t\t\t<\/div>\n\t\t\t\t\t\n\t\t\t\t\t\t\t\t<\/div>\n\t\t<\/div>\n\t\t<\/div>\n\t\t<\/div>\n\t\t\t\t\t\t<\/div>\n\t\t\t\t<\/div>\n\t\t\t\t<\/div>\n\t\t<div class=\"elementor-element elementor-element-61b6b12 e-con-full e-flex e-con e-child\" data-id=\"61b6b12\" data-element_type=\"container\" data-e-type=\"container\">\n\t\t\t\t<div class=\"elementor-element elementor-element-9ccd84b elementor-flip-box--direction-right elementor-flip-box--effect-flip elementor-widget elementor-widget-flip-box\" data-id=\"9ccd84b\" data-element_type=\"widget\" data-e-type=\"widget\" data-widget_type=\"flip-box.default\">\n\t\t\t\t<div class=\"elementor-widget-container\">\n\t\t\t\t\t\t\t<div class=\"elementor-flip-box\" tabindex=\"0\">\n\t\t\t<div class=\"elementor-flip-box__layer elementor-flip-box__front\">\n\t\t\t\t<div class=\"elementor-flip-box__layer__overlay\">\n\t\t\t\t\t<div class=\"elementor-flip-box__layer__inner\">\n\t\t\t\t\t\t\t\t\t\t\t\t\t<div class=\"elementor-icon-wrapper elementor-view-default\">\n\t\t\t\t\t\t\t\t<div class=\"elementor-icon\">\n\t\t\t\t\t\t\t\t\t<svg aria-hidden=\"true\" class=\"e-font-icon-svg e-fas-search\" viewBox=\"0 0 512 512\" xmlns=\"http:\/\/www.w3.org\/2000\/svg\"><path d=\"M505 442.7L405.3 343c-4.5-4.5-10.6-7-17-7H372c27.6-35.3 44-79.7 44-128C416 93.1 322.9 0 208 0S0 93.1 0 208s93.1 208 208 208c48.3 0 92.7-16.4 128-44v16.3c0 6.4 2.5 12.5 7 17l99.7 99.7c9.4 9.4 24.6 9.4 33.9 0l28.3-28.3c9.4-9.4 9.4-24.6.1-34zM208 336c-70.7 0-128-57.2-128-128 0-70.7 57.2-128 128-128 70.7 0 128 57.2 128 128 0 70.7-57.2 128-128 128z\"><\/path><\/svg>\t\t\t\t\t\t\t\t<\/div>\n\t\t\t\t\t\t\t<\/div>\n\t\t\t\t\t\t\n\t\t\t\t\t\t\t\t\t\t\t\t\t<h3 class=\"elementor-flip-box__layer__title\">\n\t\t\t\t\t\t\t\tINICIA\u00c7\u00c3O CIENT\u00cdFICA E APRENDIZAGEM INVESTIGATIVA\t\t\t\t\t\t\t<\/h3>\n\t\t\t\t\t\t\n\t\t\t\t\t\t\t\t\t\t\t<\/div>\n\t\t\t\t<\/div>\n\t\t\t<\/div>\n\t\t\t<div class=\"elementor-flip-box__layer elementor-flip-box__back\">\n\t\t\t<div class=\"elementor-flip-box__layer__overlay\">\n\t\t\t\t<div class=\"elementor-flip-box__layer__inner\">\n\t\t\t\t\t\n\t\t\t\t\t\t\t\t\t\t\t<div class=\"elementor-flip-box__layer__description\">\n\t\t\t\t\t\t\tDespertamos a curiosidade e o olhar investigativo, incentivando os estudantes a observar, questionar, pesquisar, levantar hip\u00f3teses, estabelecer rela\u00e7\u00f5es e construir conhecimentos a partir da investiga\u00e7\u00e3o.\t\t\t\t\t\t<\/div>\n\t\t\t\t\t\n\t\t\t\t\t\t\t\t<\/div>\n\t\t<\/div>\n\t\t<\/div>\n\t\t<\/div>\n\t\t\t\t\t\t<\/div>\n\t\t\t\t<\/div>\n\t\t\t\t<\/div>\n\t\t<div class=\"elementor-element elementor-element-aeecc98 e-con-full e-flex e-con e-child\" data-id=\"aeecc98\" data-element_type=\"container\" data-e-type=\"container\">\n\t\t\t\t<div class=\"elementor-element elementor-element-58a1872 elementor-flip-box--direction-right elementor-flip-box--effect-flip elementor-widget elementor-widget-flip-box\" data-id=\"58a1872\" data-element_type=\"widget\" data-e-type=\"widget\" data-widget_type=\"flip-box.default\">\n\t\t\t\t<div class=\"elementor-widget-container\">\n\t\t\t\t\t\t\t<div class=\"elementor-flip-box\" tabindex=\"0\">\n\t\t\t<div class=\"elementor-flip-box__layer elementor-flip-box__front\">\n\t\t\t\t<div class=\"elementor-flip-box__layer__overlay\">\n\t\t\t\t\t<div class=\"elementor-flip-box__layer__inner\">\n\t\t\t\t\t\t\t\t\t\t\t\t\t<div class=\"elementor-icon-wrapper elementor-view-default\">\n\t\t\t\t\t\t\t\t<div class=\"elementor-icon\">\n\t\t\t\t\t\t\t\t\t<svg aria-hidden=\"true\" class=\"e-font-icon-svg e-far-comments\" viewBox=\"0 0 576 512\" xmlns=\"http:\/\/www.w3.org\/2000\/svg\"><path d=\"M532 386.2c27.5-27.1 44-61.1 44-98.2 0-80-76.5-146.1-176.2-157.9C368.3 72.5 294.3 32 208 32 93.1 32 0 103.6 0 192c0 37 16.5 71 44 98.2-15.3 30.7-37.3 54.5-37.7 54.9-6.3 6.7-8.1 16.5-4.4 25 3.6 8.5 12 14 21.2 14 53.5 0 96.7-20.2 125.2-38.8 9.2 2.1 18.7 3.7 28.4 4.9C208.1 407.6 281.8 448 368 448c20.8 0 40.8-2.4 59.8-6.8C456.3 459.7 499.4 480 553 480c9.2 0 17.5-5.5 21.2-14 3.6-8.5 1.9-18.3-4.4-25-.4-.3-22.5-24.1-37.8-54.8zm-392.8-92.3L122.1 305c-14.1 9.1-28.5 16.3-43.1 21.4 2.7-4.7 5.4-9.7 8-14.8l15.5-31.1L77.7 256C64.2 242.6 48 220.7 48 192c0-60.7 73.3-112 160-112s160 51.3 160 112-73.3 112-160 112c-16.5 0-33-1.9-49-5.6l-19.8-4.5zM498.3 352l-24.7 24.4 15.5 31.1c2.6 5.1 5.3 10.1 8 14.8-14.6-5.1-29-12.3-43.1-21.4l-17.1-11.1-19.9 4.6c-16 3.7-32.5 5.6-49 5.6-54 0-102.2-20.1-131.3-49.7C338 339.5 416 272.9 416 192c0-3.4-.4-6.7-.7-10C479.7 196.5 528 238.8 528 288c0 28.7-16.2 50.6-29.7 64z\"><\/path><\/svg>\t\t\t\t\t\t\t\t<\/div>\n\t\t\t\t\t\t\t<\/div>\n\t\t\t\t\t\t\n\t\t\t\t\t\t\t\t\t\t\t\t\t<h3 class=\"elementor-flip-box__layer__title\">\n\t\t\t\t\t\t\t\tCOMPET\u00caNCIA COMUNICATIVA\t\t\t\t\t\t\t<\/h3>\n\t\t\t\t\t\t\n\t\t\t\t\t\t\t\t\t\t\t<\/div>\n\t\t\t\t<\/div>\n\t\t\t<\/div>\n\t\t\t<div class=\"elementor-flip-box__layer elementor-flip-box__back\">\n\t\t\t<div class=\"elementor-flip-box__layer__overlay\">\n\t\t\t\t<div class=\"elementor-flip-box__layer__inner\">\n\t\t\t\t\t\n\t\t\t\t\t\t\t\t\t\t\t<div class=\"elementor-flip-box__layer__description\">\n\t\t\t\t\t\t\tAmpliamos a capacidade de comunicar ideias, sentimentos e conhecimentos por meio de diferentes linguagens, desenvolvendo leitura, escrita, oralidade, autoria, compreens\u00e3o e pensamento cr\u00edtico.\t\t\t\t\t\t<\/div>\n\t\t\t\t\t\n\t\t\t\t\t\t\t\t<\/div>\n\t\t<\/div>\n\t\t<\/div>\n\t\t<\/div>\n\t\t\t\t\t\t<\/div>\n\t\t\t\t<\/div>\n\t\t\t\t<\/div>\n\t\t<div class=\"elementor-element elementor-element-70d3b77 e-con-full e-flex e-con e-child\" data-id=\"70d3b77\" data-element_type=\"container\" data-e-type=\"container\">\n\t\t\t\t<div class=\"elementor-element elementor-element-a433df8 elementor-flip-box--direction-right elementor-widget__width-initial elementor-flip-box--effect-flip elementor-widget elementor-widget-flip-box\" data-id=\"a433df8\" data-element_type=\"widget\" data-e-type=\"widget\" data-widget_type=\"flip-box.default\">\n\t\t\t\t<div class=\"elementor-widget-container\">\n\t\t\t\t\t\t\t<div class=\"elementor-flip-box\" tabindex=\"0\">\n\t\t\t<div class=\"elementor-flip-box__layer elementor-flip-box__front\">\n\t\t\t\t<div class=\"elementor-flip-box__layer__overlay\">\n\t\t\t\t\t<div class=\"elementor-flip-box__layer__inner\">\n\t\t\t\t\t\t\t\t\t\t\t\t\t<div class=\"elementor-icon-wrapper elementor-view-default\">\n\t\t\t\t\t\t\t\t<div class=\"elementor-icon\">\n\t\t\t\t\t\t\t\t\t<svg aria-hidden=\"true\" class=\"e-font-icon-svg e-fas-leaf\" viewBox=\"0 0 576 512\" xmlns=\"http:\/\/www.w3.org\/2000\/svg\"><path d=\"M546.2 9.7c-5.6-12.5-21.6-13-28.3-1.2C486.9 62.4 431.4 96 368 96h-80C182 96 96 182 96 288c0 7 .8 13.7 1.5 20.5C161.3 262.8 253.4 224 384 224c8.8 0 16 7.2 16 16s-7.2 16-16 16C132.6 256 26 410.1 2.4 468c-6.6 16.3 1.2 34.9 17.5 41.6 16.4 6.8 35-1.1 41.8-17.3 1.5-3.6 20.9-47.9 71.9-90.6 32.4 43.9 94 85.8 174.9 77.2C465.5 467.5 576 326.7 576 154.3c0-50.2-10.8-102.2-29.8-144.6z\"><\/path><\/svg>\t\t\t\t\t\t\t\t<\/div>\n\t\t\t\t\t\t\t<\/div>\n\t\t\t\t\t\t\n\t\t\t\t\t\t\t\t\t\t\t\t\t<h3 class=\"elementor-flip-box__layer__title\">\n\t\t\t\t\t\t\t\tCONSCI\u00caNCIA ECOL\u00d3GICA\t\t\t\t\t\t\t<\/h3>\n\t\t\t\t\t\t\n\t\t\t\t\t\t\t\t\t\t\t<\/div>\n\t\t\t\t<\/div>\n\t\t\t<\/div>\n\t\t\t<div class=\"elementor-flip-box__layer elementor-flip-box__back\">\n\t\t\t<div class=\"elementor-flip-box__layer__overlay\">\n\t\t\t\t<div class=\"elementor-flip-box__layer__inner\">\n\t\t\t\t\t\n\t\t\t\t\t\t\t\t\t\t\t<div class=\"elementor-flip-box__layer__description\">\n\t\t\t\t\t\t\tPromovemos uma rela\u00e7\u00e3o respons\u00e1vel e respeitosa com a natureza e com a cria\u00e7\u00e3o, desenvolvendo atitudes de cuidado, sustentabilidade e compromisso com a preserva\u00e7\u00e3o da vida e do planeta.\t\t\t\t\t\t<\/div>\n\t\t\t\t\t\n\t\t\t\t\t\t\t\t<\/div>\n\t\t<\/div>\n\t\t<\/div>\n\t\t<\/div>\n\t\t\t\t\t\t<\/div>\n\t\t\t\t<\/div>\n\t\t\t\t<\/div>\n\t\t<div class=\"elementor-element elementor-element-7c55c5d e-con-full e-flex e-con e-child\" data-id=\"7c55c5d\" data-element_type=\"container\" data-e-type=\"container\">\n\t\t\t\t<div class=\"elementor-element elementor-element-17fec41 elementor-flip-box--direction-right elementor-flip-box--effect-flip elementor-widget elementor-widget-flip-box\" data-id=\"17fec41\" data-element_type=\"widget\" data-e-type=\"widget\" data-widget_type=\"flip-box.default\">\n\t\t\t\t<div class=\"elementor-widget-container\">\n\t\t\t\t\t\t\t<div class=\"elementor-flip-box\" tabindex=\"0\">\n\t\t\t<div class=\"elementor-flip-box__layer elementor-flip-box__front\">\n\t\t\t\t<div class=\"elementor-flip-box__layer__overlay\">\n\t\t\t\t\t<div class=\"elementor-flip-box__layer__inner\">\n\t\t\t\t\t\t\t\t\t\t\t\t\t<div class=\"elementor-icon-wrapper elementor-view-default\">\n\t\t\t\t\t\t\t\t<div class=\"elementor-icon\">\n\t\t\t\t\t\t\t\t\t<svg aria-hidden=\"true\" class=\"e-font-icon-svg e-fas-coins\" viewBox=\"0 0 512 512\" xmlns=\"http:\/\/www.w3.org\/2000\/svg\"><path d=\"M0 405.3V448c0 35.3 86 64 192 64s192-28.7 192-64v-42.7C342.7 434.4 267.2 448 192 448S41.3 434.4 0 405.3zM320 128c106 0 192-28.7 192-64S426 0 320 0 128 28.7 128 64s86 64 192 64zM0 300.4V352c0 35.3 86 64 192 64s192-28.7 192-64v-51.6c-41.3 34-116.9 51.6-192 51.6S41.3 334.4 0 300.4zm416 11c57.3-11.1 96-31.7 96-55.4v-42.7c-23.2 16.4-57.3 27.6-96 34.5v63.6zM192 160C86 160 0 195.8 0 240s86 80 192 80 192-35.8 192-80-86-80-192-80zm219.3 56.3c60-10.8 100.7-32 100.7-56.3v-42.7c-35.5 25.1-96.5 38.6-160.7 41.8 29.5 14.3 51.2 33.5 60 57.2z\"><\/path><\/svg>\t\t\t\t\t\t\t\t<\/div>\n\t\t\t\t\t\t\t<\/div>\n\t\t\t\t\t\t\n\t\t\t\t\t\t\t\t\t\t\t\t\t<h3 class=\"elementor-flip-box__layer__title\">\n\t\t\t\t\t\t\t\tEDUCA\u00c7\u00c3O FINANCEIRA\t\t\t\t\t\t\t<\/h3>\n\t\t\t\t\t\t\n\t\t\t\t\t\t\t\t\t\t\t<\/div>\n\t\t\t\t<\/div>\n\t\t\t<\/div>\n\t\t\t<div class=\"elementor-flip-box__layer elementor-flip-box__back\">\n\t\t\t<div class=\"elementor-flip-box__layer__overlay\">\n\t\t\t\t<div class=\"elementor-flip-box__layer__inner\">\n\t\t\t\t\t\n\t\t\t\t\t\t\t\t\t\t\t<div class=\"elementor-flip-box__layer__description\">\n\t\t\t\t\t\t\tDesenvolvemos atitudes de organiza\u00e7\u00e3o, planejamento e responsabilidade, favorecendo o consumo consciente, a administra\u00e7\u00e3o dos recursos e a compreens\u00e3o de que nossas escolhas tamb\u00e9m impactam a coletividade.\t\t\t\t\t\t<\/div>\n\t\t\t\t\t\n\t\t\t\t\t\t\t\t<\/div>\n\t\t<\/div>\n\t\t<\/div>\n\t\t<\/div>\n\t\t\t\t\t\t<\/div>\n\t\t\t\t<\/div>\n\t\t\t\t<\/div>\n\t\t<div class=\"elementor-element elementor-element-6e3c460 e-con-full e-flex e-con e-child\" data-id=\"6e3c460\" data-element_type=\"container\" data-e-type=\"container\">\n\t\t\t\t<div class=\"elementor-element elementor-element-52f5b01 elementor-flip-box--direction-right elementor-flip-box--effect-flip elementor-widget elementor-widget-flip-box\" data-id=\"52f5b01\" data-element_type=\"widget\" data-e-type=\"widget\" data-widget_type=\"flip-box.default\">\n\t\t\t\t<div class=\"elementor-widget-container\">\n\t\t\t\t\t\t\t<div class=\"elementor-flip-box\" tabindex=\"0\">\n\t\t\t<div class=\"elementor-flip-box__layer elementor-flip-box__front\">\n\t\t\t\t<div class=\"elementor-flip-box__layer__overlay\">\n\t\t\t\t\t<div class=\"elementor-flip-box__layer__inner\">\n\t\t\t\t\t\t\t\t\t\t\t\t\t<div class=\"elementor-icon-wrapper elementor-view-default\">\n\t\t\t\t\t\t\t\t<div class=\"elementor-icon\">\n\t\t\t\t\t\t\t\t\t<svg aria-hidden=\"true\" class=\"e-font-icon-svg e-fas-book-open\" viewBox=\"0 0 576 512\" xmlns=\"http:\/\/www.w3.org\/2000\/svg\"><path d=\"M542.22 32.05c-54.8 3.11-163.72 14.43-230.96 55.59-4.64 2.84-7.27 7.89-7.27 13.17v363.87c0 11.55 12.63 18.85 23.28 13.49 69.18-34.82 169.23-44.32 218.7-46.92 16.89-.89 30.02-14.43 30.02-30.66V62.75c.01-17.71-15.35-31.74-33.77-30.7zM264.73 87.64C197.5 46.48 88.58 35.17 33.78 32.05 15.36 31.01 0 45.04 0 62.75V400.6c0 16.24 13.13 29.78 30.02 30.66 49.49 2.6 149.59 12.11 218.77 46.95 10.62 5.35 23.21-1.94 23.21-13.46V100.63c0-5.29-2.62-10.14-7.27-12.99z\"><\/path><\/svg>\t\t\t\t\t\t\t\t<\/div>\n\t\t\t\t\t\t\t<\/div>\n\t\t\t\t\t\t\n\t\t\t\t\t\t\t\t\t\t\t\t\t<h3 class=\"elementor-flip-box__layer__title\">\n\t\t\t\t\t\t\t\tESPA\u00c7OS L\u00daDICOS E INOVADORES\t\t\t\t\t\t\t<\/h3>\n\t\t\t\t\t\t\n\t\t\t\t\t\t\t\t\t\t\t<\/div>\n\t\t\t\t<\/div>\n\t\t\t<\/div>\n\t\t\t<div class=\"elementor-flip-box__layer elementor-flip-box__back\">\n\t\t\t<div class=\"elementor-flip-box__layer__overlay\">\n\t\t\t\t<div class=\"elementor-flip-box__layer__inner\">\n\t\t\t\t\t\n\t\t\t\t\t\t\t\t\t\t\t<div class=\"elementor-flip-box__layer__description\">\n\t\t\t\t\t\t\tCriamos ambientes que estimulam a curiosidade, a criatividade, a intera\u00e7\u00e3o e a autonomia, reconhecendo que diferentes espa\u00e7os, recursos e experi\u00eancias tamb\u00e9m s\u00e3o potentes para ensinar e aprender.\t\t\t\t\t\t<\/div>\n\t\t\t\t\t\n\t\t\t\t\t\t\t\t<\/div>\n\t\t<\/div>\n\t\t<\/div>\n\t\t<\/div>\n\t\t\t\t\t\t<\/div>\n\t\t\t\t<\/div>\n\t\t\t\t<\/div>\n\t\t\t\t<\/div>\n\t\t\t\t<\/div>\n\t\t\t\t<\/div>\n\t\t\t\t<\/div>\n\t\t<div id=\"e-n-tab-content-2613461182\" role=\"tabpanel\" aria-labelledby=\"e-n-tab-title-2613461182\" data-tab-index=\"2\" style=\"--n-tabs-title-order: 2;\" class=\" elementor-element elementor-element-1ca6b48 e-con-full e-flex e-con e-child\" data-id=\"1ca6b48\" data-element_type=\"container\" data-e-type=\"container\">\n\t\t<div class=\"elementor-element elementor-element-7c4de9a e-flex e-con-boxed e-con e-child\" data-id=\"7c4de9a\" data-element_type=\"container\" data-e-type=\"container\">\n\t\t\t\t\t<div class=\"e-con-inner\">\n\t\t\t\t<div class=\"elementor-element elementor-element-13400c3 elementor-widget elementor-widget-heading\" data-id=\"13400c3\" data-element_type=\"widget\" data-e-type=\"widget\" data-widget_type=\"heading.default\">\n\t\t\t\t<div class=\"elementor-widget-container\">\n\t\t\t\t\t<h1 class=\"elementor-heading-title elementor-size-default\">ANOS FINAIS DO ENSINO FUNDAMENTAL <\/h1>\t\t\t\t<\/div>\n\t\t\t\t<\/div>\n\t\t\t\t<div class=\"elementor-element elementor-element-89cf88a elementor-invisible elementor-widget elementor-widget-text-editor\" data-id=\"89cf88a\" data-element_type=\"widget\" data-e-type=\"widget\" data-settings=\"{&quot;_animation&quot;:&quot;fadeInUp&quot;}\" data-widget_type=\"text-editor.default\">\n\t\t\t\t<div class=\"elementor-widget-container\">\n\t\t\t\t\t\t\t\t\t<p><em><strong>Do 6\u00ba ao 9\u00ba ano as aulas acontecem no turno da manh\u00e3 das 7h20min \u00e0s 11h50min.<\/strong><\/em><\/p><p><span style=\"font-weight: 400\">Nos <\/span><b>Anos Finais do Ensino Fundamental<\/b><span style=\"font-weight: 400\">, o Col\u00e9gio Imaculada Concei\u00e7\u00e3o <\/span><b>amplia e aprofunda o percurso de forma\u00e7\u00e3o dos estudantes, fortalecendo a autonomia, o pensamento cr\u00edtico, a responsabilidade e o protagonismo.<\/b><span style=\"font-weight: 400\"> \u00c9 uma etapa marcada por novas descobertas, maior complexidade dos conhecimentos e pela constru\u00e7\u00e3o de escolhas que contribuem para o desenvolvimento pessoal, acad\u00eamico e social.<\/span><\/p>\t\t\t\t\t\t\t\t<\/div>\n\t\t\t\t<\/div>\n\t\t<div class=\"elementor-element elementor-element-576bb8b e-con-full e-flex e-con e-child\" data-id=\"576bb8b\" data-element_type=\"container\" data-e-type=\"container\">\n\t\t\t\t<div class=\"elementor-element elementor-element-61e035b elementor-widget__width-initial elementor-invisible elementor-widget elementor-widget-text-editor\" data-id=\"61e035b\" data-element_type=\"widget\" data-e-type=\"widget\" data-settings=\"{&quot;_animation&quot;:&quot;fadeInUp&quot;}\" data-widget_type=\"text-editor.default\">\n\t\t\t\t<div class=\"elementor-widget-container\">\n\t\t\t\t\t\t\t\t\t<p><span style=\"font-weight: 400\">Em conson\u00e2ncia com o <\/span><b>Projeto Educativo da Rede ICM<\/b><span style=\"font-weight: 400\">, nossa proposta promove uma <\/span><b>educa\u00e7\u00e3o integral, humanizadora e comprometida com a forma\u00e7\u00e3o de sujeitos capazes de compreender a realidade<\/b><span style=\"font-weight: 400\">, posicionar-se diante dos desafios do mundo e atuar na constru\u00e7\u00e3o de uma sociedade mais justa, fraterna e solid\u00e1ria.<\/span><\/p><p><span style=\"font-weight: 400\">A aprendizagem \u00e9 compreendida como um processo din\u00e2mico, no qual o estudante \u00e9 convidado a investigar, questionar, argumentar, criar, colaborar e transformar conhecimento em a\u00e7\u00e3o. Por meio de metodologias ativas, projetos interdisciplinares, <\/span><b>pr\u00e1ticas investigativas, cultura maker e uso pedag\u00f3gico das tecnologias,<\/b><span style=\"font-weight: 400\"> conectamos os conhecimentos escolares \u00e0s situa\u00e7\u00f5es do cotidiano e aos desafios contempor\u00e2neos.<\/span><\/p>\t\t\t\t\t\t\t\t<\/div>\n\t\t\t\t<\/div>\n\t\t<div class=\"elementor-element elementor-element-f370143 e-con-full e-flex e-con e-child\" data-id=\"f370143\" data-element_type=\"container\" data-e-type=\"container\">\n\t\t\t\t<div class=\"elementor-element elementor-element-fb245f0 elementor-widget elementor-widget-image\" data-id=\"fb245f0\" data-element_type=\"widget\" data-e-type=\"widget\" data-widget_type=\"image.default\">\n\t\t\t\t<div class=\"elementor-widget-container\">\n\t\t\t\t\t\t\t\t\t\t\t\t\t\t\t<img decoding=\"async\" width=\"800\" height=\"534\" src=\"https:\/\/redeicm.org.br\/imaculadaconceicao\/wp-content\/uploads\/sites\/12\/2026\/08\/RA_9888_compressed-1024x683.webp\" class=\"attachment-large size-large wp-image-4513\" alt=\"\" srcset=\"https:\/\/redeicm.org.br\/imaculadaconceicao\/wp-content\/uploads\/sites\/12\/2026\/08\/RA_9888_compressed-1024x683.webp 1024w, https:\/\/redeicm.org.br\/imaculadaconceicao\/wp-content\/uploads\/sites\/12\/2026\/08\/RA_9888_compressed-300x200.webp 300w, https:\/\/redeicm.org.br\/imaculadaconceicao\/wp-content\/uploads\/sites\/12\/2026\/08\/RA_9888_compressed-768x512.webp 768w, https:\/\/redeicm.org.br\/imaculadaconceicao\/wp-content\/uploads\/sites\/12\/2026\/08\/RA_9888_compressed-1536x1024.webp 1536w, https:\/\/redeicm.org.br\/imaculadaconceicao\/wp-content\/uploads\/sites\/12\/2026\/08\/RA_9888_compressed-2048x1365.webp 2048w\" sizes=\"(max-width: 800px) 100vw, 800px\" \/>\t\t\t\t\t\t\t\t\t\t\t\t\t\t\t<\/div>\n\t\t\t\t<\/div>\n\t\t\t\t<div class=\"elementor-element elementor-element-e697faf elementor-widget elementor-widget-image\" data-id=\"e697faf\" data-element_type=\"widget\" data-e-type=\"widget\" data-widget_type=\"image.default\">\n\t\t\t\t<div class=\"elementor-widget-container\">\n\t\t\t\t\t\t\t\t\t\t\t\t\t\t\t<img decoding=\"async\" width=\"800\" height=\"534\" src=\"https:\/\/redeicm.org.br\/imaculadaconceicao\/wp-content\/uploads\/sites\/12\/2026\/08\/RA_9790_compressed-1024x683.webp\" class=\"attachment-large size-large wp-image-4511\" alt=\"\" srcset=\"https:\/\/redeicm.org.br\/imaculadaconceicao\/wp-content\/uploads\/sites\/12\/2026\/08\/RA_9790_compressed-1024x683.webp 1024w, https:\/\/redeicm.org.br\/imaculadaconceicao\/wp-content\/uploads\/sites\/12\/2026\/08\/RA_9790_compressed-300x200.webp 300w, https:\/\/redeicm.org.br\/imaculadaconceicao\/wp-content\/uploads\/sites\/12\/2026\/08\/RA_9790_compressed-768x512.webp 768w, https:\/\/redeicm.org.br\/imaculadaconceicao\/wp-content\/uploads\/sites\/12\/2026\/08\/RA_9790_compressed-1536x1024.webp 1536w, https:\/\/redeicm.org.br\/imaculadaconceicao\/wp-content\/uploads\/sites\/12\/2026\/08\/RA_9790_compressed-2048x1365.webp 2048w\" sizes=\"(max-width: 800px) 100vw, 800px\" \/>\t\t\t\t\t\t\t\t\t\t\t\t\t\t\t<\/div>\n\t\t\t\t<\/div>\n\t\t\t\t<\/div>\n\t\t\t\t<\/div>\n\t\t\t\t\t<\/div>\n\t\t\t\t<\/div>\n\t\t<div class=\"elementor-element elementor-element-644f12c e-flex e-con-boxed e-con e-child\" data-id=\"644f12c\" data-element_type=\"container\" data-e-type=\"container\">\n\t\t\t\t\t<div class=\"e-con-inner\">\n\t\t\t\t<div class=\"elementor-element elementor-element-fc5362e elementor-widget elementor-widget-heading\" data-id=\"fc5362e\" data-element_type=\"widget\" data-e-type=\"widget\" data-widget_type=\"heading.default\">\n\t\t\t\t<div class=\"elementor-widget-container\">\n\t\t\t\t\t<h1 class=\"elementor-heading-title elementor-size-default\">DIFERENCIAIS DOS ANOS FINAIS<\/h1>\t\t\t\t<\/div>\n\t\t\t\t<\/div>\n\t\t\t\t<div class=\"elementor-element elementor-element-053f777 e-transform elementor-invisible elementor-widget elementor-widget-text-editor\" data-id=\"053f777\" data-element_type=\"widget\" data-e-type=\"widget\" data-settings=\"{&quot;_animation&quot;:&quot;fadeInUp&quot;,&quot;_transform_translateX_effect&quot;:{&quot;unit&quot;:&quot;px&quot;,&quot;size&quot;:&quot;-20&quot;,&quot;sizes&quot;:[]},&quot;_transform_translateX_effect_tablet&quot;:{&quot;unit&quot;:&quot;px&quot;,&quot;size&quot;:&quot;&quot;,&quot;sizes&quot;:[]},&quot;_transform_translateX_effect_mobile&quot;:{&quot;unit&quot;:&quot;px&quot;,&quot;size&quot;:&quot;&quot;,&quot;sizes&quot;:[]},&quot;_transform_translateY_effect&quot;:{&quot;unit&quot;:&quot;px&quot;,&quot;size&quot;:&quot;&quot;,&quot;sizes&quot;:[]},&quot;_transform_translateY_effect_tablet&quot;:{&quot;unit&quot;:&quot;px&quot;,&quot;size&quot;:&quot;&quot;,&quot;sizes&quot;:[]},&quot;_transform_translateY_effect_mobile&quot;:{&quot;unit&quot;:&quot;px&quot;,&quot;size&quot;:&quot;&quot;,&quot;sizes&quot;:[]}}\" data-widget_type=\"text-editor.default\">\n\t\t\t\t<div class=\"elementor-widget-container\">\n\t\t\t\t\t\t\t\t\t<ul><li><b>Acompanhamento Personalizado da Performance Acad\u00eamica<\/b><\/li><li><b>FEICIC\u00a0 &#8211; Feira de Inicia\u00e7\u00e3o Cient\u00edfica<\/b><\/li><li><b>Festival de Talentos<\/b><\/li><li><b>Olimp\u00edada Canguru\u00a0<\/b><\/li><li><b>Olimp\u00edadas do Conhecimento<\/b><\/li><li><b>Carga hor\u00e1ria estendida na L\u00edngua Inglesa\u00a0 &#8211; Certifica\u00e7\u00e3o Cambridge\u00a0<\/b><\/li><li><b>Programa Sociemocional Eu no Mundo<\/b><\/li><li><b>Interclasses <\/b><\/li><\/ul>\t\t\t\t\t\t\t\t<\/div>\n\t\t\t\t<\/div>\n\t\t\t\t<div class=\"elementor-element elementor-element-4275c4e elementor-widget elementor-widget-gallery\" data-id=\"4275c4e\" data-element_type=\"widget\" data-e-type=\"widget\" data-settings=\"{&quot;gallery_layout&quot;:&quot;justified&quot;,&quot;gap&quot;:{&quot;unit&quot;:&quot;px&quot;,&quot;size&quot;:&quot;15&quot;,&quot;sizes&quot;:[]},&quot;ideal_row_height&quot;:{&quot;unit&quot;:&quot;px&quot;,&quot;size&quot;:200,&quot;sizes&quot;:[]},&quot;ideal_row_height_tablet&quot;:{&quot;unit&quot;:&quot;px&quot;,&quot;size&quot;:150,&quot;sizes&quot;:[]},&quot;ideal_row_height_mobile&quot;:{&quot;unit&quot;:&quot;px&quot;,&quot;size&quot;:150,&quot;sizes&quot;:[]},&quot;gap_tablet&quot;:{&quot;unit&quot;:&quot;px&quot;,&quot;size&quot;:10,&quot;sizes&quot;:[]},&quot;gap_mobile&quot;:{&quot;unit&quot;:&quot;px&quot;,&quot;size&quot;:10,&quot;sizes&quot;:[]},&quot;link_to&quot;:&quot;file&quot;,&quot;overlay_background&quot;:&quot;yes&quot;,&quot;content_hover_animation&quot;:&quot;fade-in&quot;}\" data-widget_type=\"gallery.default\">\n\t\t\t\t<div class=\"elementor-widget-container\">\n\t\t\t\t\t\t\t<div class=\"elementor-gallery__container\">\n\t\t\t\t\t\t\t<a class=\"e-gallery-item elementor-gallery-item elementor-animated-content\" href=\"https:\/\/redeicm.org.br\/imaculadaconceicao\/wp-content\/uploads\/sites\/12\/2026\/08\/RA_9606_compressed-scaled.webp\" data-elementor-open-lightbox=\"yes\" data-elementor-lightbox-slideshow=\"4275c4e\" data-elementor-lightbox-title=\"_RA_9606_compressed\" data-e-action-hash=\"#elementor-action%3Aaction%3Dlightbox%26settings%3DeyJpZCI6NDUwOSwidXJsIjoiaHR0cHM6XC9cL3JlZGVpY20ub3JnLmJyXC9pbWFjdWxhZGFjb25jZWljYW9cL3dwLWNvbnRlbnRcL3VwbG9hZHNcL3NpdGVzXC8xMlwvMjAyNlwvMDhcL1JBXzk2MDZfY29tcHJlc3NlZC1zY2FsZWQud2VicCIsInNsaWRlc2hvdyI6IjQyNzVjNGUifQ%3D%3D\">\n\t\t\t\t\t<div class=\"e-gallery-image elementor-gallery-item__image\" data-thumbnail=\"https:\/\/redeicm.org.br\/imaculadaconceicao\/wp-content\/uploads\/sites\/12\/2026\/08\/RA_9606_compressed-300x200.webp\" data-width=\"300\" data-height=\"200\" aria-label=\"\" role=\"img\" ><\/div>\n\t\t\t\t\t\t\t\t\t\t\t<div class=\"elementor-gallery-item__overlay\"><\/div>\n\t\t\t\t\t\t\t\t\t\t\t\t\t\t<\/a>\n\t\t\t\t\t\t\t<a class=\"e-gallery-item elementor-gallery-item elementor-animated-content\" href=\"https:\/\/redeicm.org.br\/imaculadaconceicao\/wp-content\/uploads\/sites\/12\/2026\/08\/RA_9626_compressed-scaled.webp\" data-elementor-open-lightbox=\"yes\" data-elementor-lightbox-slideshow=\"4275c4e\" data-elementor-lightbox-title=\"_RA_9626_compressed\" data-e-action-hash=\"#elementor-action%3Aaction%3Dlightbox%26settings%3DeyJpZCI6NDUxMCwidXJsIjoiaHR0cHM6XC9cL3JlZGVpY20ub3JnLmJyXC9pbWFjdWxhZGFjb25jZWljYW9cL3dwLWNvbnRlbnRcL3VwbG9hZHNcL3NpdGVzXC8xMlwvMjAyNlwvMDhcL1JBXzk2MjZfY29tcHJlc3NlZC1zY2FsZWQud2VicCIsInNsaWRlc2hvdyI6IjQyNzVjNGUifQ%3D%3D\">\n\t\t\t\t\t<div class=\"e-gallery-image elementor-gallery-item__image\" data-thumbnail=\"https:\/\/redeicm.org.br\/imaculadaconceicao\/wp-content\/uploads\/sites\/12\/2026\/08\/RA_9626_compressed-300x200.webp\" data-width=\"300\" data-height=\"200\" aria-label=\"\" role=\"img\" ><\/div>\n\t\t\t\t\t\t\t\t\t\t\t<div class=\"elementor-gallery-item__overlay\"><\/div>\n\t\t\t\t\t\t\t\t\t\t\t\t\t\t<\/a>\n\t\t\t\t\t\t\t<a class=\"e-gallery-item elementor-gallery-item elementor-animated-content\" href=\"https:\/\/redeicm.org.br\/imaculadaconceicao\/wp-content\/uploads\/sites\/12\/2026\/08\/RA_9807_compressed-scaled.webp\" data-elementor-open-lightbox=\"yes\" data-elementor-lightbox-slideshow=\"4275c4e\" data-elementor-lightbox-title=\"_RA_9807_compressed\" data-e-action-hash=\"#elementor-action%3Aaction%3Dlightbox%26settings%3DeyJpZCI6NDUxMiwidXJsIjoiaHR0cHM6XC9cL3JlZGVpY20ub3JnLmJyXC9pbWFjdWxhZGFjb25jZWljYW9cL3dwLWNvbnRlbnRcL3VwbG9hZHNcL3NpdGVzXC8xMlwvMjAyNlwvMDhcL1JBXzk4MDdfY29tcHJlc3NlZC1zY2FsZWQud2VicCIsInNsaWRlc2hvdyI6IjQyNzVjNGUifQ%3D%3D\">\n\t\t\t\t\t<div class=\"e-gallery-image elementor-gallery-item__image\" data-thumbnail=\"https:\/\/redeicm.org.br\/imaculadaconceicao\/wp-content\/uploads\/sites\/12\/2026\/08\/RA_9807_compressed-300x200.webp\" data-width=\"300\" data-height=\"200\" aria-label=\"\" role=\"img\" ><\/div>\n\t\t\t\t\t\t\t\t\t\t\t<div class=\"elementor-gallery-item__overlay\"><\/div>\n\t\t\t\t\t\t\t\t\t\t\t\t\t\t<\/a>\n\t\t\t\t\t<\/div>\n\t\t\t\t\t<\/div>\n\t\t\t\t<\/div>\n\t\t\t\t<div class=\"elementor-element elementor-element-9e92a25 elementor-widget elementor-widget-heading\" data-id=\"9e92a25\" data-element_type=\"widget\" data-e-type=\"widget\" data-widget_type=\"heading.default\">\n\t\t\t\t<div class=\"elementor-widget-container\">\n\t\t\t\t\t<h1 class=\"elementor-heading-title elementor-size-default\">EDUCAR PARA TRANSFORMAR<\/h1>\t\t\t\t<\/div>\n\t\t\t\t<\/div>\n\t\t\t\t<div class=\"elementor-element elementor-element-3ebdbec elementor-invisible elementor-widget elementor-widget-text-editor\" data-id=\"3ebdbec\" data-element_type=\"widget\" data-e-type=\"widget\" data-settings=\"{&quot;_animation&quot;:&quot;fadeInUp&quot;}\" data-widget_type=\"text-editor.default\">\n\t\t\t\t<div class=\"elementor-widget-container\">\n\t\t\t\t\t\t\t\t\t<p><span style=\"font-weight: 400\">Nos Anos Finais do Col\u00e9gio Imaculada Concei\u00e7\u00e3o, <\/span><b>conhecimento e valores caminham juntos<\/b><span style=\"font-weight: 400\">. Cada experi\u00eancia \u00e9 pensada para que o estudante avance em sua autonomia, descubra seus talentos, enfrente desafios e compreenda que sua forma\u00e7\u00e3o tamb\u00e9m \u00e9 uma forma de contribuir para o mundo.<\/span><\/p><p><span style=\"font-weight: 400\">No Imaculada, formamos estudantes para aprender com autonomia, pensar com criticidade, agir com responsabilidade e transformar com esperan\u00e7a, \u00e9tica e fraternidade.<\/span><\/p>\t\t\t\t\t\t\t\t<\/div>\n\t\t\t\t<\/div>\n\t\t\t\t\t<\/div>\n\t\t\t\t<\/div>\n\t\t<div class=\"elementor-element elementor-element-d0a32da e-con-full e-flex elementor-invisible e-con e-child\" data-id=\"d0a32da\" data-element_type=\"container\" data-e-type=\"container\" data-settings=\"{&quot;animation&quot;:&quot;fadeInUp&quot;}\">\n\t\t\t\t<div class=\"elementor-element elementor-element-2eec839 elementor-widget-divider--view-line elementor-widget elementor-widget-divider\" data-id=\"2eec839\" data-element_type=\"widget\" data-e-type=\"widget\" data-widget_type=\"divider.default\">\n\t\t\t\t<div class=\"elementor-widget-container\">\n\t\t\t\t\t\t\t<div class=\"elementor-divider\">\n\t\t\t<span class=\"elementor-divider-separator\">\n\t\t\t\t\t\t<\/span>\n\t\t<\/div>\n\t\t\t\t\t\t<\/div>\n\t\t\t\t<\/div>\n\t\t\t\t<div class=\"elementor-element elementor-element-b0aa975 elementor-widget elementor-widget-text-editor\" data-id=\"b0aa975\" data-element_type=\"widget\" data-e-type=\"widget\" data-widget_type=\"text-editor.default\">\n\t\t\t\t<div class=\"elementor-widget-container\">\n\t\t\t\t\t\t\t\t\t<h5><span style=\"color: #145a71\"><strong>NOSSA PROPOSTA DE VALOR<\/strong><\/span><\/h5>\t\t\t\t\t\t\t\t<\/div>\n\t\t\t\t<\/div>\n\t\t<div class=\"elementor-element elementor-element-d1b0150 e-con-full e-flex e-con e-child\" data-id=\"d1b0150\" data-element_type=\"container\" data-e-type=\"container\">\n\t\t<div class=\"elementor-element elementor-element-1001106 e-con-full e-flex e-con e-child\" data-id=\"1001106\" data-element_type=\"container\" data-e-type=\"container\">\n\t\t<div class=\"elementor-element elementor-element-bb4f9fe e-con-full e-flex e-con e-child\" data-id=\"bb4f9fe\" data-element_type=\"container\" data-e-type=\"container\">\n\t\t\t\t<div class=\"elementor-element elementor-element-06f9454 elementor-flip-box--direction-right elementor-flip-box--effect-flip elementor-widget elementor-widget-flip-box\" data-id=\"06f9454\" data-element_type=\"widget\" data-e-type=\"widget\" data-widget_type=\"flip-box.default\">\n\t\t\t\t<div class=\"elementor-widget-container\">\n\t\t\t\t\t\t\t<div class=\"elementor-flip-box\" tabindex=\"0\">\n\t\t\t<div class=\"elementor-flip-box__layer elementor-flip-box__front\">\n\t\t\t\t<div class=\"elementor-flip-box__layer__overlay\">\n\t\t\t\t\t<div class=\"elementor-flip-box__layer__inner\">\n\t\t\t\t\t\t\t\t\t\t\t\t\t<div class=\"elementor-icon-wrapper elementor-view-default\">\n\t\t\t\t\t\t\t\t<div class=\"elementor-icon\">\n\t\t\t\t\t\t\t\t\t<svg aria-hidden=\"true\" class=\"e-font-icon-svg e-far-star\" viewBox=\"0 0 576 512\" xmlns=\"http:\/\/www.w3.org\/2000\/svg\"><path d=\"M528.1 171.5L382 150.2 316.7 17.8c-11.7-23.6-45.6-23.9-57.4 0L194 150.2 47.9 171.5c-26.2 3.8-36.7 36.1-17.7 54.6l105.7 103-25 145.5c-4.5 26.3 23.2 46 46.4 33.7L288 439.6l130.7 68.7c23.2 12.2 50.9-7.4 46.4-33.7l-25-145.5 105.7-103c19-18.5 8.5-50.8-17.7-54.6zM388.6 312.3l23.7 138.4L288 385.4l-124.3 65.3 23.7-138.4-100.6-98 139-20.2 62.2-126 62.2 126 139 20.2-100.6 98z\"><\/path><\/svg>\t\t\t\t\t\t\t\t<\/div>\n\t\t\t\t\t\t\t<\/div>\n\t\t\t\t\t\t\n\t\t\t\t\t\t\t\t\t\t\t\t\t<h3 class=\"elementor-flip-box__layer__title\">\n\t\t\t\t\t\t\t\tPROTAGONISMO E LIDERAN\u00c7A\t\t\t\t\t\t\t<\/h3>\n\t\t\t\t\t\t\n\t\t\t\t\t\t\t\t\t\t\t<\/div>\n\t\t\t\t<\/div>\n\t\t\t<\/div>\n\t\t\t<div class=\"elementor-flip-box__layer elementor-flip-box__back\">\n\t\t\t<div class=\"elementor-flip-box__layer__overlay\">\n\t\t\t\t<div class=\"elementor-flip-box__layer__inner\">\n\t\t\t\t\t\n\t\t\t\t\t\t\t\t\t\t\t<div class=\"elementor-flip-box__layer__description\">\n\t\t\t\t\t\t\tFortalecemos a capacidade do estudante de fazer escolhas, assumir responsabilidades, desenvolver iniciativa e exercer uma lideran\u00e7a \u00e9tica, colaborativa e comprometida com o bem comum.\t\t\t\t\t\t<\/div>\n\t\t\t\t\t\n\t\t\t\t\t\t\t\t<\/div>\n\t\t<\/div>\n\t\t<\/div>\n\t\t<\/div>\n\t\t\t\t\t\t<\/div>\n\t\t\t\t<\/div>\n\t\t\t\t<\/div>\n\t\t<div class=\"elementor-element elementor-element-54643be e-con-full e-flex e-con e-child\" data-id=\"54643be\" data-element_type=\"container\" data-e-type=\"container\">\n\t\t\t\t<div class=\"elementor-element elementor-element-a7fce7c elementor-flip-box--direction-right elementor-flip-box--effect-flip elementor-widget elementor-widget-flip-box\" data-id=\"a7fce7c\" data-element_type=\"widget\" data-e-type=\"widget\" data-widget_type=\"flip-box.default\">\n\t\t\t\t<div class=\"elementor-widget-container\">\n\t\t\t\t\t\t\t<div class=\"elementor-flip-box\" tabindex=\"0\">\n\t\t\t<div class=\"elementor-flip-box__layer elementor-flip-box__front\">\n\t\t\t\t<div class=\"elementor-flip-box__layer__overlay\">\n\t\t\t\t\t<div class=\"elementor-flip-box__layer__inner\">\n\t\t\t\t\t\t\t\t\t\t\t\t\t<div class=\"elementor-icon-wrapper elementor-view-default\">\n\t\t\t\t\t\t\t\t<div class=\"elementor-icon\">\n\t\t\t\t\t\t\t\t\t<svg aria-hidden=\"true\" class=\"e-font-icon-svg e-fas-brain\" viewBox=\"0 0 576 512\" xmlns=\"http:\/\/www.w3.org\/2000\/svg\"><path d=\"M208 0c-29.9 0-54.7 20.5-61.8 48.2-.8 0-1.4-.2-2.2-.2-35.3 0-64 28.7-64 64 0 4.8.6 9.5 1.7 14C52.5 138 32 166.6 32 200c0 12.6 3.2 24.3 8.3 34.9C16.3 248.7 0 274.3 0 304c0 33.3 20.4 61.9 49.4 73.9-.9 4.6-1.4 9.3-1.4 14.1 0 39.8 32.2 72 72 72 4.1 0 8.1-.5 12-1.2 9.6 28.5 36.2 49.2 68 49.2 39.8 0 72-32.2 72-72V64c0-35.3-28.7-64-64-64zm368 304c0-29.7-16.3-55.3-40.3-69.1 5.2-10.6 8.3-22.3 8.3-34.9 0-33.4-20.5-62-49.7-74 1-4.5 1.7-9.2 1.7-14 0-35.3-28.7-64-64-64-.8 0-1.5.2-2.2.2C422.7 20.5 397.9 0 368 0c-35.3 0-64 28.6-64 64v376c0 39.8 32.2 72 72 72 31.8 0 58.4-20.7 68-49.2 3.9.7 7.9 1.2 12 1.2 39.8 0 72-32.2 72-72 0-4.8-.5-9.5-1.4-14.1 29-12 49.4-40.6 49.4-73.9z\"><\/path><\/svg>\t\t\t\t\t\t\t\t<\/div>\n\t\t\t\t\t\t\t<\/div>\n\t\t\t\t\t\t\n\t\t\t\t\t\t\t\t\t\t\t\t\t<h3 class=\"elementor-flip-box__layer__title\">\n\t\t\t\t\t\t\t\tCIENTIFICIDADE E LETRAMENTO TECNOL\u00d3GICO\t\t\t\t\t\t\t<\/h3>\n\t\t\t\t\t\t\n\t\t\t\t\t\t\t\t\t\t\t<\/div>\n\t\t\t\t<\/div>\n\t\t\t<\/div>\n\t\t\t<div class=\"elementor-flip-box__layer elementor-flip-box__back\">\n\t\t\t<div class=\"elementor-flip-box__layer__overlay\">\n\t\t\t\t<div class=\"elementor-flip-box__layer__inner\">\n\t\t\t\t\t\n\t\t\t\t\t\t\t\t\t\t\t<div class=\"elementor-flip-box__layer__description\">\n\t\t\t\t\t\t\tEstimulamos a curiosidade e o pensamento cient\u00edfico por meio da pesquisa, da experimenta\u00e7\u00e3o, da cultura maker e da resolu\u00e7\u00e3o de problemas, transformando perguntas em descobertas e ideias em possibilidades.\t\t\t\t\t\t<\/div>\n\t\t\t\t\t\n\t\t\t\t\t\t\t\t<\/div>\n\t\t<\/div>\n\t\t<\/div>\n\t\t<\/div>\n\t\t\t\t\t\t<\/div>\n\t\t\t\t<\/div>\n\t\t\t\t<\/div>\n\t\t<div class=\"elementor-element elementor-element-4fe2c7f e-con-full e-flex e-con e-child\" data-id=\"4fe2c7f\" data-element_type=\"container\" data-e-type=\"container\">\n\t\t\t\t<div class=\"elementor-element elementor-element-47123b9 elementor-flip-box--direction-right elementor-flip-box--effect-flip elementor-widget elementor-widget-flip-box\" data-id=\"47123b9\" data-element_type=\"widget\" data-e-type=\"widget\" data-widget_type=\"flip-box.default\">\n\t\t\t\t<div class=\"elementor-widget-container\">\n\t\t\t\t\t\t\t<div class=\"elementor-flip-box\" tabindex=\"0\">\n\t\t\t<div class=\"elementor-flip-box__layer elementor-flip-box__front\">\n\t\t\t\t<div class=\"elementor-flip-box__layer__overlay\">\n\t\t\t\t\t<div class=\"elementor-flip-box__layer__inner\">\n\t\t\t\t\t\t\t\t\t\t\t\t\t<div class=\"elementor-icon-wrapper elementor-view-default\">\n\t\t\t\t\t\t\t\t<div class=\"elementor-icon\">\n\t\t\t\t\t\t\t\t\t<svg aria-hidden=\"true\" class=\"e-font-icon-svg e-fab-usb\" viewBox=\"0 0 640 512\" xmlns=\"http:\/\/www.w3.org\/2000\/svg\"><path d=\"M641.5 256c0 3.1-1.7 6.1-4.5 7.5L547.9 317c-1.4.8-2.8 1.4-4.5 1.4-1.4 0-3.1-.3-4.5-1.1-2.8-1.7-4.5-4.5-4.5-7.8v-35.6H295.7c25.3 39.6 40.5 106.9 69.6 106.9H392V354c0-5 3.9-8.9 8.9-8.9H490c5 0 8.9 3.9 8.9 8.9v89.1c0 5-3.9 8.9-8.9 8.9h-89.1c-5 0-8.9-3.9-8.9-8.9v-26.7h-26.7c-75.4 0-81.1-142.5-124.7-142.5H140.3c-8.1 30.6-35.9 53.5-69 53.5C32 327.3 0 295.3 0 256s32-71.3 71.3-71.3c33.1 0 61 22.8 69 53.5 39.1 0 43.9 9.5 74.6-60.4C255 88.7 273 95.7 323.8 95.7c7.5-20.9 27-35.6 50.4-35.6 29.5 0 53.5 23.9 53.5 53.5s-23.9 53.5-53.5 53.5c-23.4 0-42.9-14.8-50.4-35.6H294c-29.1 0-44.3 67.4-69.6 106.9h310.1v-35.6c0-3.3 1.7-6.1 4.5-7.8 2.8-1.7 6.4-1.4 8.9.3l89.1 53.5c2.8 1.1 4.5 4.1 4.5 7.2z\"><\/path><\/svg>\t\t\t\t\t\t\t\t<\/div>\n\t\t\t\t\t\t\t<\/div>\n\t\t\t\t\t\t\n\t\t\t\t\t\t\t\t\t\t\t\t\t<h3 class=\"elementor-flip-box__layer__title\">\n\t\t\t\t\t\t\t\tESPA\u00c7OS COLABORATIVOS E CONECTADOS\t\t\t\t\t\t\t<\/h3>\n\t\t\t\t\t\t\n\t\t\t\t\t\t\t\t\t\t\t<\/div>\n\t\t\t\t<\/div>\n\t\t\t<\/div>\n\t\t\t<div class=\"elementor-flip-box__layer elementor-flip-box__back\">\n\t\t\t<div class=\"elementor-flip-box__layer__overlay\">\n\t\t\t\t<div class=\"elementor-flip-box__layer__inner\">\n\t\t\t\t\t\n\t\t\t\t\t\t\t\t\t\t\t<div class=\"elementor-flip-box__layer__description\">\n\t\t\t\t\t\t\tDesenvolvemos compet\u00eancias, por meio de metodologias ativas, para que os estudantes utilizem tecnologias de maneira \u00e9tica, segura, criativa e respons\u00e1vel, compreendendo seu papel como produtores e n\u00e3o apenas consumidores de informa\u00e7\u00e3o.\t\t\t\t\t\t<\/div>\n\t\t\t\t\t\n\t\t\t\t\t\t\t\t<\/div>\n\t\t<\/div>\n\t\t<\/div>\n\t\t<\/div>\n\t\t\t\t\t\t<\/div>\n\t\t\t\t<\/div>\n\t\t\t\t<\/div>\n\t\t<div class=\"elementor-element elementor-element-ea705c6 e-con-full e-flex e-con e-child\" data-id=\"ea705c6\" data-element_type=\"container\" data-e-type=\"container\">\n\t\t\t\t<div class=\"elementor-element elementor-element-fc92938 elementor-flip-box--direction-right elementor-widget__width-initial elementor-flip-box--effect-flip elementor-widget elementor-widget-flip-box\" data-id=\"fc92938\" data-element_type=\"widget\" data-e-type=\"widget\" data-widget_type=\"flip-box.default\">\n\t\t\t\t<div class=\"elementor-widget-container\">\n\t\t\t\t\t\t\t<div class=\"elementor-flip-box\" tabindex=\"0\">\n\t\t\t<div class=\"elementor-flip-box__layer elementor-flip-box__front\">\n\t\t\t\t<div class=\"elementor-flip-box__layer__overlay\">\n\t\t\t\t\t<div class=\"elementor-flip-box__layer__inner\">\n\t\t\t\t\t\t\t\t\t\t\t\t\t<div class=\"elementor-icon-wrapper elementor-view-default\">\n\t\t\t\t\t\t\t\t<div class=\"elementor-icon\">\n\t\t\t\t\t\t\t\t\t<svg aria-hidden=\"true\" class=\"e-font-icon-svg e-fas-book-reader\" viewBox=\"0 0 512 512\" xmlns=\"http:\/\/www.w3.org\/2000\/svg\"><path d=\"M352 96c0-53.02-42.98-96-96-96s-96 42.98-96 96 42.98 96 96 96 96-42.98 96-96zM233.59 241.1c-59.33-36.32-155.43-46.3-203.79-49.05C13.55 191.13 0 203.51 0 219.14v222.8c0 14.33 11.59 26.28 26.49 27.05 43.66 2.29 131.99 10.68 193.04 41.43 9.37 4.72 20.48-1.71 20.48-11.87V252.56c-.01-4.67-2.32-8.95-6.42-11.46zm248.61-49.05c-48.35 2.74-144.46 12.73-203.78 49.05-4.1 2.51-6.41 6.96-6.41 11.63v245.79c0 10.19 11.14 16.63 20.54 11.9 61.04-30.72 149.32-39.11 192.97-41.4 14.9-.78 26.49-12.73 26.49-27.06V219.14c-.01-15.63-13.56-28.01-29.81-27.09z\"><\/path><\/svg>\t\t\t\t\t\t\t\t<\/div>\n\t\t\t\t\t\t\t<\/div>\n\t\t\t\t\t\t\n\t\t\t\t\t\t\t\t\t\t\t\t\t<h3 class=\"elementor-flip-box__layer__title\">\n\t\t\t\t\t\t\t\tAPRENDER A APRENDER\t\t\t\t\t\t\t<\/h3>\n\t\t\t\t\t\t\n\t\t\t\t\t\t\t\t\t\t\t<\/div>\n\t\t\t\t<\/div>\n\t\t\t<\/div>\n\t\t\t<div class=\"elementor-flip-box__layer elementor-flip-box__back\">\n\t\t\t<div class=\"elementor-flip-box__layer__overlay\">\n\t\t\t\t<div class=\"elementor-flip-box__layer__inner\">\n\t\t\t\t\t\n\t\t\t\t\t\t\t\t\t\t\t<div class=\"elementor-flip-box__layer__description\">\n\t\t\t\t\t\t\tDesenvolvemos estrat\u00e9gias de estudo, organiza\u00e7\u00e3o e autonomia, ajudando o estudante a compreender como aprende e a assumir progressivamente a responsabilidade pelo pr\u00f3prio percurso acad\u00eamico.\t\t\t\t\t\t<\/div>\n\t\t\t\t\t\n\t\t\t\t\t\t\t\t<\/div>\n\t\t<\/div>\n\t\t<\/div>\n\t\t<\/div>\n\t\t\t\t\t\t<\/div>\n\t\t\t\t<\/div>\n\t\t\t\t<\/div>\n\t\t<div class=\"elementor-element elementor-element-df298b2 e-con-full e-flex e-con e-child\" data-id=\"df298b2\" data-element_type=\"container\" data-e-type=\"container\">\n\t\t\t\t<div class=\"elementor-element elementor-element-1c9fe01 elementor-flip-box--direction-right elementor-flip-box--effect-flip elementor-widget elementor-widget-flip-box\" data-id=\"1c9fe01\" data-element_type=\"widget\" data-e-type=\"widget\" data-widget_type=\"flip-box.default\">\n\t\t\t\t<div class=\"elementor-widget-container\">\n\t\t\t\t\t\t\t<div class=\"elementor-flip-box\" tabindex=\"0\">\n\t\t\t<div class=\"elementor-flip-box__layer elementor-flip-box__front\">\n\t\t\t\t<div class=\"elementor-flip-box__layer__overlay\">\n\t\t\t\t\t<div class=\"elementor-flip-box__layer__inner\">\n\t\t\t\t\t\t\t\t\t\t\t\t\t<div class=\"elementor-icon-wrapper elementor-view-default\">\n\t\t\t\t\t\t\t\t<div class=\"elementor-icon\">\n\t\t\t\t\t\t\t\t\t<svg aria-hidden=\"true\" class=\"e-font-icon-svg e-far-heart\" viewBox=\"0 0 512 512\" xmlns=\"http:\/\/www.w3.org\/2000\/svg\"><path d=\"M458.4 64.3C400.6 15.7 311.3 23 256 79.3 200.7 23 111.4 15.6 53.6 64.3-21.6 127.6-10.6 230.8 43 285.5l175.4 178.7c10 10.2 23.4 15.9 37.6 15.9 14.3 0 27.6-5.6 37.6-15.8L469 285.6c53.5-54.7 64.7-157.9-10.6-221.3zm-23.6 187.5L259.4 430.5c-2.4 2.4-4.4 2.4-6.8 0L77.2 251.8c-36.5-37.2-43.9-107.6 7.3-150.7 38.9-32.7 98.9-27.8 136.5 10.5l35 35.7 35-35.7c37.8-38.5 97.8-43.2 136.5-10.6 51.1 43.1 43.5 113.9 7.3 150.8z\"><\/path><\/svg>\t\t\t\t\t\t\t\t<\/div>\n\t\t\t\t\t\t\t<\/div>\n\t\t\t\t\t\t\n\t\t\t\t\t\t\t\t\t\t\t\t\t<h3 class=\"elementor-flip-box__layer__title\">\n\t\t\t\t\t\t\t\tSUSTENTABILIDADE E CUIDADO COM O MUNDO\t\t\t\t\t\t\t<\/h3>\n\t\t\t\t\t\t\n\t\t\t\t\t\t\t\t\t\t\t<\/div>\n\t\t\t\t<\/div>\n\t\t\t<\/div>\n\t\t\t<div class=\"elementor-flip-box__layer elementor-flip-box__back\">\n\t\t\t<div class=\"elementor-flip-box__layer__overlay\">\n\t\t\t\t<div class=\"elementor-flip-box__layer__inner\">\n\t\t\t\t\t\n\t\t\t\t\t\t\t\t\t\t\t<div class=\"elementor-flip-box__layer__description\">\n\t\t\t\t\t\t\tCultivamos valores de fraternidade, solidariedade, justi\u00e7a, respeito e responsabilidade socioambiental, fortalecendo o compromisso com a vida, com o outro e com a constru\u00e7\u00e3o de um mundo mais justo e sustent\u00e1vel. \t\t\t\t\t\t<\/div>\n\t\t\t\t\t\n\t\t\t\t\t\t\t\t<\/div>\n\t\t<\/div>\n\t\t<\/div>\n\t\t<\/div>\n\t\t\t\t\t\t<\/div>\n\t\t\t\t<\/div>\n\t\t\t\t<\/div>\n\t\t<div class=\"elementor-element elementor-element-effa872 e-con-full e-flex e-con e-child\" data-id=\"effa872\" data-element_type=\"container\" data-e-type=\"container\">\n\t\t\t\t<div class=\"elementor-element elementor-element-622f624 elementor-flip-box--direction-right elementor-flip-box--effect-flip elementor-widget elementor-widget-flip-box\" data-id=\"622f624\" data-element_type=\"widget\" data-e-type=\"widget\" data-widget_type=\"flip-box.default\">\n\t\t\t\t<div class=\"elementor-widget-container\">\n\t\t\t\t\t\t\t<div class=\"elementor-flip-box\" tabindex=\"0\">\n\t\t\t<div class=\"elementor-flip-box__layer elementor-flip-box__front\">\n\t\t\t\t<div class=\"elementor-flip-box__layer__overlay\">\n\t\t\t\t\t<div class=\"elementor-flip-box__layer__inner\">\n\t\t\t\t\t\t\t\t\t\t\t\t\t<div class=\"elementor-icon-wrapper elementor-view-default\">\n\t\t\t\t\t\t\t\t<div class=\"elementor-icon\">\n\t\t\t\t\t\t\t\t\t<svg aria-hidden=\"true\" class=\"e-font-icon-svg e-far-chart-bar\" viewBox=\"0 0 512 512\" xmlns=\"http:\/\/www.w3.org\/2000\/svg\"><path d=\"M396.8 352h22.4c6.4 0 12.8-6.4 12.8-12.8V108.8c0-6.4-6.4-12.8-12.8-12.8h-22.4c-6.4 0-12.8 6.4-12.8 12.8v230.4c0 6.4 6.4 12.8 12.8 12.8zm-192 0h22.4c6.4 0 12.8-6.4 12.8-12.8V140.8c0-6.4-6.4-12.8-12.8-12.8h-22.4c-6.4 0-12.8 6.4-12.8 12.8v198.4c0 6.4 6.4 12.8 12.8 12.8zm96 0h22.4c6.4 0 12.8-6.4 12.8-12.8V204.8c0-6.4-6.4-12.8-12.8-12.8h-22.4c-6.4 0-12.8 6.4-12.8 12.8v134.4c0 6.4 6.4 12.8 12.8 12.8zM496 400H48V80c0-8.84-7.16-16-16-16H16C7.16 64 0 71.16 0 80v336c0 17.67 14.33 32 32 32h464c8.84 0 16-7.16 16-16v-16c0-8.84-7.16-16-16-16zm-387.2-48h22.4c6.4 0 12.8-6.4 12.8-12.8v-70.4c0-6.4-6.4-12.8-12.8-12.8h-22.4c-6.4 0-12.8 6.4-12.8 12.8v70.4c0 6.4 6.4 12.8 12.8 12.8z\"><\/path><\/svg>\t\t\t\t\t\t\t\t<\/div>\n\t\t\t\t\t\t\t<\/div>\n\t\t\t\t\t\t\n\t\t\t\t\t\t\t\t\t\t\t\t\t<h3 class=\"elementor-flip-box__layer__title\">\n\t\t\t\t\t\t\t\tAUTOGEST\u00c3O FINANCEIRA\t\t\t\t\t\t\t<\/h3>\n\t\t\t\t\t\t\n\t\t\t\t\t\t\t\t\t\t\t<\/div>\n\t\t\t\t<\/div>\n\t\t\t<\/div>\n\t\t\t<div class=\"elementor-flip-box__layer elementor-flip-box__back\">\n\t\t\t<div class=\"elementor-flip-box__layer__overlay\">\n\t\t\t\t<div class=\"elementor-flip-box__layer__inner\">\n\t\t\t\t\t\n\t\t\t\t\t\t\t\t\t\t\t<div class=\"elementor-flip-box__layer__description\">\n\t\t\t\t\t\t\tDesenvolvemos o pensamento estrat\u00e9gico e atitudes conscientes diante das escolhas, dos recursos e do consumo, preparando os estudantes para decis\u00f5es respons\u00e1veis no presente e no futuro.\t\t\t\t\t\t<\/div>\n\t\t\t\t\t\n\t\t\t\t\t\t\t\t<\/div>\n\t\t<\/div>\n\t\t<\/div>\n\t\t<\/div>\n\t\t\t\t\t\t<\/div>\n\t\t\t\t<\/div>\n\t\t\t\t<\/div>\n\t\t\t\t<\/div>\n\t\t\t\t<\/div>\n\t\t\t\t<\/div>\n\t\t\t\t<\/div>\n\t\t\t\t\t<\/div>\n\t\t<\/div>\n\t\t\t\t\t\t<\/div>\n\t\t\t\t<\/div>\n\t\t\t\t\t<\/div>\n\t\t\t\t<\/div>\n\t\t\t\t<\/div>\n\t\t","protected":false},"excerpt":{"rendered":"<p>ANOS INICIAIS ANOS FINAIS ANOS INICIAIS DO ENSINO FUNDAMENTAL Do 1\u00ba ao 5\u00ba ano as aulas acontecem no turno da tarde das 13h15min \u00e0s 17h25min. Nos Anos Iniciais do Ensino Fundamental, o Col\u00e9gio Imaculada Concei\u00e7\u00e3o promove um processo de forma\u00e7\u00e3o integral, no qual aprender significa ampliar conhecimentos, desenvolver compet\u00eancias, fortalecer v\u00ednculos e construir valores para [&hellip;]<\/p>\n","protected":false},"author":1,"featured_media":4341,"parent":0,"menu_order":0,"comment_status":"closed","ping_status":"closed","template":"","meta":{"_acf_changed":false,"footnotes":""},"class_list":["post-309","page","type-page","status-publish","has-post-thumbnail","hentry"],"acf":[],"yoast_head":"<!-- This site is optimized with the Yoast SEO plugin v27.8 - https:\/\/yoast.com\/product\/yoast-seo-wordpress\/ -->\n<title>Ensino Fundamental - Col\u00e9gio Imaculada Concei\u00e7\u00e3o | Rede ICM de educa\u00e7\u00e3o<\/title>\n<meta name=\"robots\" content=\"index, follow, max-snippet:-1, max-image-preview:large, max-video-preview:-1\" \/>\n<link rel=\"canonical\" href=\"https:\/\/redeicm.org.br\/imaculadaconceicao\/ensino-fundamental\/\" \/>\n<meta property=\"og:locale\" content=\"pt_BR\" \/>\n<meta property=\"og:type\" content=\"article\" \/>\n<meta property=\"og:title\" content=\"Ensino Fundamental - Col\u00e9gio Imaculada Concei\u00e7\u00e3o | Rede ICM de educa\u00e7\u00e3o\" \/>\n<meta property=\"og:description\" content=\"ANOS INICIAIS ANOS FINAIS ANOS INICIAIS DO ENSINO FUNDAMENTAL Do 1\u00ba ao 5\u00ba ano as aulas acontecem no turno da tarde das 13h15min \u00e0s 17h25min. Nos Anos Iniciais do Ensino Fundamental, o Col\u00e9gio Imaculada Concei\u00e7\u00e3o promove um processo de forma\u00e7\u00e3o integral, no qual aprender significa ampliar conhecimentos, desenvolver compet\u00eancias, fortalecer v\u00ednculos e construir valores para [&hellip;]\" \/>\n<meta property=\"og:url\" content=\"https:\/\/redeicm.org.br\/imaculadaconceicao\/ensino-fundamental\/\" \/>\n<meta property=\"og:site_name\" content=\"Col\u00e9gio Imaculada Concei\u00e7\u00e3o | Rede ICM de educa\u00e7\u00e3o\" \/>\n<meta property=\"article:modified_time\" content=\"2026-08-28T16:48:15+00:00\" \/>\n<meta property=\"og:image\" content=\"https:\/\/redeicm.org.br\/imaculadaconceicao\/wp-content\/uploads\/sites\/12\/2026\/07\/Etapas-EF-scaled.webp\" \/>\n\t<meta property=\"og:image:width\" content=\"2560\" \/>\n\t<meta property=\"og:image:height\" content=\"1707\" \/>\n\t<meta property=\"og:image:type\" content=\"image\/webp\" \/>\n<meta name=\"twitter:card\" content=\"summary_large_image\" \/>\n<meta name=\"twitter:label1\" content=\"Est. tempo de leitura\" \/>\n\t<meta name=\"twitter:data1\" content=\"15 minutos\" \/>\n<script type=\"application\/ld+json\" class=\"yoast-schema-graph\">{\"@context\":\"https:\\\/\\\/schema.org\",\"@graph\":[{\"@type\":\"WebPage\",\"@id\":\"https:\\\/\\\/redeicm.org.br\\\/imaculadaconceicao\\\/ensino-fundamental\\\/\",\"url\":\"https:\\\/\\\/redeicm.org.br\\\/imaculadaconceicao\\\/ensino-fundamental\\\/\",\"name\":\"Ensino Fundamental - Col\u00e9gio Imaculada Concei\u00e7\u00e3o | Rede ICM de educa\u00e7\u00e3o\",\"isPartOf\":{\"@id\":\"https:\\\/\\\/redeicm.org.br\\\/imaculadaconceicao\\\/#website\"},\"primaryImageOfPage\":{\"@id\":\"https:\\\/\\\/redeicm.org.br\\\/imaculadaconceicao\\\/ensino-fundamental\\\/#primaryimage\"},\"image\":{\"@id\":\"https:\\\/\\\/redeicm.org.br\\\/imaculadaconceicao\\\/ensino-fundamental\\\/#primaryimage\"},\"thumbnailUrl\":\"https:\\\/\\\/redeicm.org.br\\\/imaculadaconceicao\\\/wp-content\\\/uploads\\\/sites\\\/12\\\/2026\\\/07\\\/Etapas-EF-scaled.webp\",\"datePublished\":\"2024-08-21T15:07:45+00:00\",\"dateModified\":\"2026-08-28T16:48:15+00:00\",\"breadcrumb\":{\"@id\":\"https:\\\/\\\/redeicm.org.br\\\/imaculadaconceicao\\\/ensino-fundamental\\\/#breadcrumb\"},\"inLanguage\":\"pt-BR\",\"potentialAction\":[{\"@type\":\"ReadAction\",\"target\":[\"https:\\\/\\\/redeicm.org.br\\\/imaculadaconceicao\\\/ensino-fundamental\\\/\"]}]},{\"@type\":\"ImageObject\",\"inLanguage\":\"pt-BR\",\"@id\":\"https:\\\/\\\/redeicm.org.br\\\/imaculadaconceicao\\\/ensino-fundamental\\\/#primaryimage\",\"url\":\"https:\\\/\\\/redeicm.org.br\\\/imaculadaconceicao\\\/wp-content\\\/uploads\\\/sites\\\/12\\\/2026\\\/07\\\/Etapas-EF-scaled.webp\",\"contentUrl\":\"https:\\\/\\\/redeicm.org.br\\\/imaculadaconceicao\\\/wp-content\\\/uploads\\\/sites\\\/12\\\/2026\\\/07\\\/Etapas-EF-scaled.webp\",\"width\":2560,\"height\":1707},{\"@type\":\"BreadcrumbList\",\"@id\":\"https:\\\/\\\/redeicm.org.br\\\/imaculadaconceicao\\\/ensino-fundamental\\\/#breadcrumb\",\"itemListElement\":[{\"@type\":\"ListItem\",\"position\":1,\"name\":\"In\u00edcio\",\"item\":\"https:\\\/\\\/redeicm.org.br\\\/imaculadaconceicao\\\/\"},{\"@type\":\"ListItem\",\"position\":2,\"name\":\"Ensino Fundamental\"}]},{\"@type\":\"WebSite\",\"@id\":\"https:\\\/\\\/redeicm.org.br\\\/imaculadaconceicao\\\/#website\",\"url\":\"https:\\\/\\\/redeicm.org.br\\\/imaculadaconceicao\\\/\",\"name\":\"Col\u00e9gio Imaculada Concei\u00e7\u00e3o | Rede ICM de educa\u00e7\u00e3o\",\"description\":\"\",\"publisher\":{\"@id\":\"https:\\\/\\\/redeicm.org.br\\\/imaculadaconceicao\\\/#organization\"},\"potentialAction\":[{\"@type\":\"SearchAction\",\"target\":{\"@type\":\"EntryPoint\",\"urlTemplate\":\"https:\\\/\\\/redeicm.org.br\\\/imaculadaconceicao\\\/?s={search_term_string}\"},\"query-input\":{\"@type\":\"PropertyValueSpecification\",\"valueRequired\":true,\"valueName\":\"search_term_string\"}}],\"inLanguage\":\"pt-BR\"},{\"@type\":\"Organization\",\"@id\":\"https:\\\/\\\/redeicm.org.br\\\/imaculadaconceicao\\\/#organization\",\"name\":\"Col\u00e9gio Imaculada Concei\u00e7\u00e3o | Rede ICM de educa\u00e7\u00e3o\",\"url\":\"https:\\\/\\\/redeicm.org.br\\\/imaculadaconceicao\\\/\",\"logo\":{\"@type\":\"ImageObject\",\"inLanguage\":\"pt-BR\",\"@id\":\"https:\\\/\\\/redeicm.org.br\\\/imaculadaconceicao\\\/#\\\/schema\\\/logo\\\/image\\\/\",\"url\":\"https:\\\/\\\/redeicm.org.br\\\/imaculadaconceicao\\\/wp-content\\\/uploads\\\/sites\\\/12\\\/2024\\\/08\\\/ICM_Educacao_Imaculada_Conceicao_Preferencial_Cores-1024x263-1.png\",\"contentUrl\":\"https:\\\/\\\/redeicm.org.br\\\/imaculadaconceicao\\\/wp-content\\\/uploads\\\/sites\\\/12\\\/2024\\\/08\\\/ICM_Educacao_Imaculada_Conceicao_Preferencial_Cores-1024x263-1.png\",\"width\":1024,\"height\":263,\"caption\":\"Col\u00e9gio Imaculada Concei\u00e7\u00e3o | Rede ICM de educa\u00e7\u00e3o\"},\"image\":{\"@id\":\"https:\\\/\\\/redeicm.org.br\\\/imaculadaconceicao\\\/#\\\/schema\\\/logo\\\/image\\\/\"}}]}<\/script>\n<!-- \/ Yoast SEO plugin. -->","yoast_head_json":{"title":"Ensino Fundamental - Col\u00e9gio Imaculada Concei\u00e7\u00e3o | Rede ICM de educa\u00e7\u00e3o","robots":{"index":"index","follow":"follow","max-snippet":"max-snippet:-1","max-image-preview":"max-image-preview:large","max-video-preview":"max-video-preview:-1"},"canonical":"https:\/\/redeicm.org.br\/imaculadaconceicao\/ensino-fundamental\/","og_locale":"pt_BR","og_type":"article","og_title":"Ensino Fundamental - Col\u00e9gio Imaculada Concei\u00e7\u00e3o | Rede ICM de educa\u00e7\u00e3o","og_description":"ANOS INICIAIS ANOS FINAIS ANOS INICIAIS DO ENSINO FUNDAMENTAL Do 1\u00ba ao 5\u00ba ano as aulas acontecem no turno da tarde das 13h15min \u00e0s 17h25min. Nos Anos Iniciais do Ensino Fundamental, o Col\u00e9gio Imaculada Concei\u00e7\u00e3o promove um processo de forma\u00e7\u00e3o integral, no qual aprender significa ampliar conhecimentos, desenvolver compet\u00eancias, fortalecer v\u00ednculos e construir valores para [&hellip;]","og_url":"https:\/\/redeicm.org.br\/imaculadaconceicao\/ensino-fundamental\/","og_site_name":"Col\u00e9gio Imaculada Concei\u00e7\u00e3o | Rede ICM de educa\u00e7\u00e3o","article_modified_time":"2026-08-28T16:48:15+00:00","og_image":[{"width":2560,"height":1707,"url":"https:\/\/redeicm.org.br\/imaculadaconceicao\/wp-content\/uploads\/sites\/12\/2026\/07\/Etapas-EF-scaled.webp","type":"image\/webp"}],"twitter_card":"summary_large_image","twitter_misc":{"Est. tempo de leitura":"15 minutos"},"schema":{"@context":"https:\/\/schema.org","@graph":[{"@type":"WebPage","@id":"https:\/\/redeicm.org.br\/imaculadaconceicao\/ensino-fundamental\/","url":"https:\/\/redeicm.org.br\/imaculadaconceicao\/ensino-fundamental\/","name":"Ensino Fundamental - Col\u00e9gio Imaculada Concei\u00e7\u00e3o | Rede ICM de educa\u00e7\u00e3o","isPartOf":{"@id":"https:\/\/redeicm.org.br\/imaculadaconceicao\/#website"},"primaryImageOfPage":{"@id":"https:\/\/redeicm.org.br\/imaculadaconceicao\/ensino-fundamental\/#primaryimage"},"image":{"@id":"https:\/\/redeicm.org.br\/imaculadaconceicao\/ensino-fundamental\/#primaryimage"},"thumbnailUrl":"https:\/\/redeicm.org.br\/imaculadaconceicao\/wp-content\/uploads\/sites\/12\/2026\/07\/Etapas-EF-scaled.webp","datePublished":"2024-08-21T15:07:45+00:00","dateModified":"2026-08-28T16:48:15+00:00","breadcrumb":{"@id":"https:\/\/redeicm.org.br\/imaculadaconceicao\/ensino-fundamental\/#breadcrumb"},"inLanguage":"pt-BR","potentialAction":[{"@type":"ReadAction","target":["https:\/\/redeicm.org.br\/imaculadaconceicao\/ensino-fundamental\/"]}]},{"@type":"ImageObject","inLanguage":"pt-BR","@id":"https:\/\/redeicm.org.br\/imaculadaconceicao\/ensino-fundamental\/#primaryimage","url":"https:\/\/redeicm.org.br\/imaculadaconceicao\/wp-content\/uploads\/sites\/12\/2026\/07\/Etapas-EF-scaled.webp","contentUrl":"https:\/\/redeicm.org.br\/imaculadaconceicao\/wp-content\/uploads\/sites\/12\/2026\/07\/Etapas-EF-scaled.webp","width":2560,"height":1707},{"@type":"BreadcrumbList","@id":"https:\/\/redeicm.org.br\/imaculadaconceicao\/ensino-fundamental\/#breadcrumb","itemListElement":[{"@type":"ListItem","position":1,"name":"In\u00edcio","item":"https:\/\/redeicm.org.br\/imaculadaconceicao\/"},{"@type":"ListItem","position":2,"name":"Ensino Fundamental"}]},{"@type":"WebSite","@id":"https:\/\/redeicm.org.br\/imaculadaconceicao\/#website","url":"https:\/\/redeicm.org.br\/imaculadaconceicao\/","name":"Col\u00e9gio Imaculada Concei\u00e7\u00e3o | Rede ICM de educa\u00e7\u00e3o","description":"","publisher":{"@id":"https:\/\/redeicm.org.br\/imaculadaconceicao\/#organization"},"potentialAction":[{"@type":"SearchAction","target":{"@type":"EntryPoint","urlTemplate":"https:\/\/redeicm.org.br\/imaculadaconceicao\/?s={search_term_string}"},"query-input":{"@type":"PropertyValueSpecification","valueRequired":true,"valueName":"search_term_string"}}],"inLanguage":"pt-BR"},{"@type":"Organization","@id":"https:\/\/redeicm.org.br\/imaculadaconceicao\/#organization","name":"Col\u00e9gio Imaculada Concei\u00e7\u00e3o | Rede ICM de educa\u00e7\u00e3o","url":"https:\/\/redeicm.org.br\/imaculadaconceicao\/","logo":{"@type":"ImageObject","inLanguage":"pt-BR","@id":"https:\/\/redeicm.org.br\/imaculadaconceicao\/#\/schema\/logo\/image\/","url":"https:\/\/redeicm.org.br\/imaculadaconceicao\/wp-content\/uploads\/sites\/12\/2024\/08\/ICM_Educacao_Imaculada_Conceicao_Preferencial_Cores-1024x263-1.png","contentUrl":"https:\/\/redeicm.org.br\/imaculadaconceicao\/wp-content\/uploads\/sites\/12\/2024\/08\/ICM_Educacao_Imaculada_Conceicao_Preferencial_Cores-1024x263-1.png","width":1024,"height":263,"caption":"Col\u00e9gio Imaculada Concei\u00e7\u00e3o | Rede ICM de educa\u00e7\u00e3o"},"image":{"@id":"https:\/\/redeicm.org.br\/imaculadaconceicao\/#\/schema\/logo\/image\/"}}]}},"_links":{"self":[{"href":"https:\/\/redeicm.org.br\/imaculadaconceicao\/wp-json\/wp\/v2\/pages\/309","targetHints":{"allow":["GET"]}}],"collection":[{"href":"https:\/\/redeicm.org.br\/imaculadaconceicao\/wp-json\/wp\/v2\/pages"}],"about":[{"href":"https:\/\/redeicm.org.br\/imaculadaconceicao\/wp-json\/wp\/v2\/types\/page"}],"author":[{"embeddable":true,"href":"https:\/\/redeicm.org.br\/imaculadaconceicao\/wp-json\/wp\/v2\/users\/1"}],"replies":[{"embeddable":true,"href":"https:\/\/redeicm.org.br\/imaculadaconceicao\/wp-json\/wp\/v2\/comments?post=309"}],"version-history":[{"count":43,"href":"https:\/\/redeicm.org.br\/imaculadaconceicao\/wp-json\/wp\/v2\/pages\/309\/revisions"}],"predecessor-version":[{"id":4578,"href":"https:\/\/redeicm.org.br\/imaculadaconceicao\/wp-json\/wp\/v2\/pages\/309\/revisions\/4578"}],"wp:featuredmedia":[{"embeddable":true,"href":"https:\/\/redeicm.org.br\/imaculadaconceicao\/wp-json\/wp\/v2\/media\/4341"}],"wp:attachment":[{"href":"https:\/\/redeicm.org.br\/imaculadaconceicao\/wp-json\/wp\/v2\/media?parent=309"}],"curies":[{"name":"wp","href":"https:\/\/api.w.org\/{rel}","templated":true}]}}