{"id":304,"date":"2024-08-21T12:06:48","date_gmt":"2024-08-21T15:06:48","guid":{"rendered":"https:\/\/redeicm.org.br\/imaculadaconceicao\/?page_id=304"},"modified":"2026-08-28T13:46:09","modified_gmt":"2026-08-28T16:46:09","slug":"educacao-infantil-2","status":"publish","type":"page","link":"https:\/\/redeicm.org.br\/imaculadaconceicao\/educacao-infantil-2\/","title":{"rendered":"Educa\u00e7\u00e3o Infantil"},"content":{"rendered":"\t\t<div data-elementor-type=\"wp-page\" data-elementor-id=\"304\" class=\"elementor elementor-304\" data-elementor-post-type=\"page\">\n\t\t\t\t<div class=\"elementor-element elementor-element-7d9f9446 e-flex e-con-boxed elementor-invisible e-con e-parent\" data-id=\"7d9f9446\" data-element_type=\"container\" data-e-type=\"container\" data-settings=\"{&quot;background_background&quot;:&quot;classic&quot;,&quot;animation&quot;:&quot;fadeInLeft&quot;}\">\n\t\t\t\t\t<div class=\"e-con-inner\">\n\t\t\t\t<div class=\"elementor-element elementor-element-2fb7211d elementor-widget elementor-widget-heading\" data-id=\"2fb7211d\" data-element_type=\"widget\" data-e-type=\"widget\" data-widget_type=\"heading.default\">\n\t\t\t\t<div class=\"elementor-widget-container\">\n\t\t\t\t\t<h1 class=\"elementor-heading-title elementor-size-default\">Educa\u00e7\u00e3o Infantil<\/h1>\t\t\t\t<\/div>\n\t\t\t\t<\/div>\n\t\t\t\t\t<\/div>\n\t\t\t\t<\/div>\n\t\t<div class=\"elementor-element elementor-element-c9ca82c e-flex e-con-boxed elementor-invisible e-con e-parent\" data-id=\"c9ca82c\" data-element_type=\"container\" data-e-type=\"container\" data-settings=\"{&quot;animation&quot;:&quot;fadeInUp&quot;}\">\n\t\t\t\t\t<div class=\"e-con-inner\">\n\t\t<div class=\"elementor-element elementor-element-25c2076 e-con-full e-flex e-con e-child\" data-id=\"25c2076\" data-element_type=\"container\" data-e-type=\"container\">\n\t\t\t\t<div class=\"elementor-element elementor-element-cabee44 elementor-invisible elementor-widget elementor-widget-text-editor\" data-id=\"cabee44\" data-element_type=\"widget\" data-e-type=\"widget\" data-settings=\"{&quot;_animation&quot;:&quot;fadeInUp&quot;}\" data-widget_type=\"text-editor.default\">\n\t\t\t\t<div class=\"elementor-widget-container\">\n\t\t\t\t\t\t\t\t\t<p><span style=\"font-weight: 400\">A Educa\u00e7\u00e3o Infantil do <\/span><b>Col\u00e9gio Imaculada Concei\u00e7\u00e3o<\/b><span style=\"font-weight: 400\"> \u00e9 um espa\u00e7o de acolhimento, descobertas, v\u00ednculos e aprendizagens, no qual cada crian\u00e7a \u00e9 reconhecida em sua singularidade e potencialidade. Em conson\u00e2ncia ao <\/span><b>Projeto Educativo da Rede ICM<\/b><span style=\"font-weight: 400\">, nossa proposta busca promover uma <\/span><b>educa\u00e7\u00e3o integral<\/b><span style=\"font-weight: 400\">, fundamentada em <\/span><b>valores crist\u00e3os, no respeito \u00e0 vida<\/b><span style=\"font-weight: 400\">, na solidariedade, na fraternidade, na justi\u00e7a e no cuidado com o outro e com a cria\u00e7\u00e3o.<\/span><\/p>\t\t\t\t\t\t\t\t<\/div>\n\t\t\t\t<\/div>\n\t\t\t\t<div class=\"elementor-element elementor-element-2677a48 elementor-widget elementor-widget-gallery\" data-id=\"2677a48\" data-element_type=\"widget\" data-e-type=\"widget\" data-settings=\"{&quot;gallery_layout&quot;:&quot;justified&quot;,&quot;gap&quot;:{&quot;unit&quot;:&quot;px&quot;,&quot;size&quot;:&quot;15&quot;,&quot;sizes&quot;:[]},&quot;ideal_row_height&quot;:{&quot;unit&quot;:&quot;px&quot;,&quot;size&quot;:200,&quot;sizes&quot;:[]},&quot;ideal_row_height_tablet&quot;:{&quot;unit&quot;:&quot;px&quot;,&quot;size&quot;:150,&quot;sizes&quot;:[]},&quot;ideal_row_height_mobile&quot;:{&quot;unit&quot;:&quot;px&quot;,&quot;size&quot;:150,&quot;sizes&quot;:[]},&quot;gap_tablet&quot;:{&quot;unit&quot;:&quot;px&quot;,&quot;size&quot;:10,&quot;sizes&quot;:[]},&quot;gap_mobile&quot;:{&quot;unit&quot;:&quot;px&quot;,&quot;size&quot;:10,&quot;sizes&quot;:[]},&quot;link_to&quot;:&quot;file&quot;,&quot;overlay_background&quot;:&quot;yes&quot;,&quot;content_hover_animation&quot;:&quot;fade-in&quot;}\" data-widget_type=\"gallery.default\">\n\t\t\t\t<div class=\"elementor-widget-container\">\n\t\t\t\t\t\t\t<div class=\"elementor-gallery__container\">\n\t\t\t\t\t\t\t<a class=\"e-gallery-item elementor-gallery-item elementor-animated-content\" href=\"https:\/\/redeicm.org.br\/imaculadaconceicao\/wp-content\/uploads\/sites\/12\/2026\/08\/RA_0576_compressed-scaled.webp\" data-elementor-open-lightbox=\"yes\" data-elementor-lightbox-slideshow=\"2677a48\" data-e-action-hash=\"#elementor-action%3Aaction%3Dlightbox%26settings%3DeyJpZCI6NDUwNCwidXJsIjoiaHR0cHM6XC9cL3JlZGVpY20ub3JnLmJyXC9pbWFjdWxhZGFjb25jZWljYW9cL3dwLWNvbnRlbnRcL3VwbG9hZHNcL3NpdGVzXC8xMlwvMjAyNlwvMDhcL1JBXzA1NzZfY29tcHJlc3NlZC1zY2FsZWQud2VicCIsInNsaWRlc2hvdyI6IjI2NzdhNDgifQ%3D%3D\">\n\t\t\t\t\t<div class=\"e-gallery-image elementor-gallery-item__image\" data-thumbnail=\"https:\/\/redeicm.org.br\/imaculadaconceicao\/wp-content\/uploads\/sites\/12\/2026\/08\/RA_0576_compressed-300x200.webp\" data-width=\"300\" data-height=\"200\" aria-label=\"\" role=\"img\" ><\/div>\n\t\t\t\t\t\t\t\t\t\t\t<div class=\"elementor-gallery-item__overlay\"><\/div>\n\t\t\t\t\t\t\t\t\t\t\t\t\t\t<\/a>\n\t\t\t\t\t\t\t<a class=\"e-gallery-item elementor-gallery-item elementor-animated-content\" href=\"https:\/\/redeicm.org.br\/imaculadaconceicao\/wp-content\/uploads\/sites\/12\/2026\/08\/RA_0871_compressed-scaled.webp\" data-elementor-open-lightbox=\"yes\" data-elementor-lightbox-slideshow=\"2677a48\" data-elementor-lightbox-title=\"_RA_0871_compressed\" data-e-action-hash=\"#elementor-action%3Aaction%3Dlightbox%26settings%3DeyJpZCI6NDUxNiwidXJsIjoiaHR0cHM6XC9cL3JlZGVpY20ub3JnLmJyXC9pbWFjdWxhZGFjb25jZWljYW9cL3dwLWNvbnRlbnRcL3VwbG9hZHNcL3NpdGVzXC8xMlwvMjAyNlwvMDhcL1JBXzA4NzFfY29tcHJlc3NlZC1zY2FsZWQud2VicCIsInNsaWRlc2hvdyI6IjI2NzdhNDgifQ%3D%3D\">\n\t\t\t\t\t<div class=\"e-gallery-image elementor-gallery-item__image\" data-thumbnail=\"https:\/\/redeicm.org.br\/imaculadaconceicao\/wp-content\/uploads\/sites\/12\/2026\/08\/RA_0871_compressed-300x200.webp\" data-width=\"300\" data-height=\"200\" aria-label=\"\" role=\"img\" ><\/div>\n\t\t\t\t\t\t\t\t\t\t\t<div class=\"elementor-gallery-item__overlay\"><\/div>\n\t\t\t\t\t\t\t\t\t\t\t\t\t\t<\/a>\n\t\t\t\t\t\t\t<a class=\"e-gallery-item elementor-gallery-item elementor-animated-content\" href=\"https:\/\/redeicm.org.br\/imaculadaconceicao\/wp-content\/uploads\/sites\/12\/2026\/08\/RA_1075_compressed-scaled.webp\" data-elementor-open-lightbox=\"yes\" data-elementor-lightbox-slideshow=\"2677a48\" data-elementor-lightbox-title=\"_RA_1075_compressed\" data-e-action-hash=\"#elementor-action%3Aaction%3Dlightbox%26settings%3DeyJpZCI6NDUxNSwidXJsIjoiaHR0cHM6XC9cL3JlZGVpY20ub3JnLmJyXC9pbWFjdWxhZGFjb25jZWljYW9cL3dwLWNvbnRlbnRcL3VwbG9hZHNcL3NpdGVzXC8xMlwvMjAyNlwvMDhcL1JBXzEwNzVfY29tcHJlc3NlZC1zY2FsZWQud2VicCIsInNsaWRlc2hvdyI6IjI2NzdhNDgifQ%3D%3D\">\n\t\t\t\t\t<div class=\"e-gallery-image elementor-gallery-item__image\" data-thumbnail=\"https:\/\/redeicm.org.br\/imaculadaconceicao\/wp-content\/uploads\/sites\/12\/2026\/08\/RA_1075_compressed-300x200.webp\" data-width=\"300\" data-height=\"200\" aria-label=\"\" role=\"img\" ><\/div>\n\t\t\t\t\t\t\t\t\t\t\t<div class=\"elementor-gallery-item__overlay\"><\/div>\n\t\t\t\t\t\t\t\t\t\t\t\t\t\t<\/a>\n\t\t\t\t\t<\/div>\n\t\t\t\t\t<\/div>\n\t\t\t\t<\/div>\n\t\t\t\t<\/div>\n\t\t<div class=\"elementor-element elementor-element-bf3e549 e-con-full e-flex e-con e-child\" data-id=\"bf3e549\" data-element_type=\"container\" data-e-type=\"container\">\n\t\t\t\t<div class=\"elementor-element elementor-element-484aed9 elementor-widget__width-initial elementor-widget-mobile__width-initial elementor-widget elementor-widget-text-editor\" data-id=\"484aed9\" data-element_type=\"widget\" data-e-type=\"widget\" data-widget_type=\"text-editor.default\">\n\t\t\t\t<div class=\"elementor-widget-container\">\n\t\t\t\t\t\t\t\t\t<p><span style=\"font-weight: 400\">Nossa pr\u00e1tica pedag\u00f3gica tem como princ\u00edpios as intera\u00e7\u00f5es e as brincadeiras, compreendendo a crian\u00e7a como protagonista de suas aprendizagens. As experi\u00eancias s\u00e3o planejadas com intencionalidade pedag\u00f3gica, considerando os interesses, as curiosidades, as necessidades e as diferentes formas de express\u00e3o de cada crian\u00e7a.<\/span><\/p><p><span style=\"font-weight: 400\">A proposta curricular est\u00e1 alinhada \u00e0 Base Nacional Comum Curricular (BNCC) e organiza as aprendizagens a partir dos direitos de aprendizagem e dos campos de experi\u00eancias, favorecendo o <\/span><b>desenvolvimento integral nos aspectos cognitivo, emocional, social, corporal, cultural e espiritual.<\/b><\/p><p><span style=\"font-weight: 400\">Por meio de projetos, experi\u00eancias investigativas, brincadeiras, explora\u00e7\u00e3o dos espa\u00e7os, contato com a natureza, diferentes linguagens e situa\u00e7\u00f5es do cotidiano, as crian\u00e7as s\u00e3o convidadas a observar, questionar, criar, experimentar, comunicar e construir sentidos sobre o mundo. A escuta atenta e o olhar sens\u00edvel dos educadores transformam as curiosidades em possibilidades de aprendizagem significativa.<\/span><\/p><p><b> <span style=\"font-weight: 400\">Os ambientes do Col\u00e9gio s\u00e3o pensados como espa\u00e7os educadores, acolhedores\u00a0 e instigadores, que favorecem <\/span>a autonomia, a criatividade, a conviv\u00eancia e o protagonismo infantil.<span style=\"font-weight: 400\"> Cada espa\u00e7o \u00e9 organizado para que a crian\u00e7a possa explorar, interagir e aprender de diferentes maneiras.<\/span><\/b><\/p>\t\t\t\t\t\t\t\t<\/div>\n\t\t\t\t<\/div>\n\t\t\t\t<div class=\"elementor-element elementor-element-8c2476b e-transform elementor-widget elementor-widget-image\" data-id=\"8c2476b\" data-element_type=\"widget\" data-e-type=\"widget\" data-settings=\"{&quot;_transform_translateX_effect&quot;:{&quot;unit&quot;:&quot;px&quot;,&quot;size&quot;:&quot;20&quot;,&quot;sizes&quot;:[]},&quot;_transform_translateX_effect_tablet&quot;:{&quot;unit&quot;:&quot;px&quot;,&quot;size&quot;:&quot;&quot;,&quot;sizes&quot;:[]},&quot;_transform_translateX_effect_mobile&quot;:{&quot;unit&quot;:&quot;px&quot;,&quot;size&quot;:&quot;&quot;,&quot;sizes&quot;:[]},&quot;_transform_translateY_effect&quot;:{&quot;unit&quot;:&quot;px&quot;,&quot;size&quot;:&quot;&quot;,&quot;sizes&quot;:[]},&quot;_transform_translateY_effect_tablet&quot;:{&quot;unit&quot;:&quot;px&quot;,&quot;size&quot;:&quot;&quot;,&quot;sizes&quot;:[]},&quot;_transform_translateY_effect_mobile&quot;:{&quot;unit&quot;:&quot;px&quot;,&quot;size&quot;:&quot;&quot;,&quot;sizes&quot;:[]}}\" data-widget_type=\"image.default\">\n\t\t\t\t<div class=\"elementor-widget-container\">\n\t\t\t\t\t\t\t\t\t\t\t\t\t\t\t<img fetchpriority=\"high\" decoding=\"async\" width=\"1707\" height=\"2560\" src=\"https:\/\/redeicm.org.br\/imaculadaconceicao\/wp-content\/uploads\/sites\/12\/2026\/08\/RA_0706_compressed-scaled.webp\" class=\"attachment-full size-full wp-image-4505\" alt=\"\" srcset=\"https:\/\/redeicm.org.br\/imaculadaconceicao\/wp-content\/uploads\/sites\/12\/2026\/08\/RA_0706_compressed-scaled.webp 1707w, https:\/\/redeicm.org.br\/imaculadaconceicao\/wp-content\/uploads\/sites\/12\/2026\/08\/RA_0706_compressed-200x300.webp 200w, https:\/\/redeicm.org.br\/imaculadaconceicao\/wp-content\/uploads\/sites\/12\/2026\/08\/RA_0706_compressed-683x1024.webp 683w, https:\/\/redeicm.org.br\/imaculadaconceicao\/wp-content\/uploads\/sites\/12\/2026\/08\/RA_0706_compressed-768x1152.webp 768w, https:\/\/redeicm.org.br\/imaculadaconceicao\/wp-content\/uploads\/sites\/12\/2026\/08\/RA_0706_compressed-1024x1536.webp 1024w, https:\/\/redeicm.org.br\/imaculadaconceicao\/wp-content\/uploads\/sites\/12\/2026\/08\/RA_0706_compressed-1365x2048.webp 1365w\" sizes=\"(max-width: 1707px) 100vw, 1707px\" \/>\t\t\t\t\t\t\t\t\t\t\t\t\t\t\t<\/div>\n\t\t\t\t<\/div>\n\t\t\t\t<\/div>\n\t\t<div class=\"elementor-element elementor-element-cd3e7a3 e-con-full e-flex e-con e-child\" data-id=\"cd3e7a3\" data-element_type=\"container\" data-e-type=\"container\">\n\t\t\t\t<div class=\"elementor-element elementor-element-5a87c05 elementor-widget elementor-widget-gallery\" data-id=\"5a87c05\" data-element_type=\"widget\" data-e-type=\"widget\" data-settings=\"{&quot;gallery_layout&quot;:&quot;justified&quot;,&quot;gap&quot;:{&quot;unit&quot;:&quot;px&quot;,&quot;size&quot;:&quot;15&quot;,&quot;sizes&quot;:[]},&quot;ideal_row_height&quot;:{&quot;unit&quot;:&quot;px&quot;,&quot;size&quot;:200,&quot;sizes&quot;:[]},&quot;ideal_row_height_tablet&quot;:{&quot;unit&quot;:&quot;px&quot;,&quot;size&quot;:150,&quot;sizes&quot;:[]},&quot;ideal_row_height_mobile&quot;:{&quot;unit&quot;:&quot;px&quot;,&quot;size&quot;:150,&quot;sizes&quot;:[]},&quot;gap_tablet&quot;:{&quot;unit&quot;:&quot;px&quot;,&quot;size&quot;:10,&quot;sizes&quot;:[]},&quot;gap_mobile&quot;:{&quot;unit&quot;:&quot;px&quot;,&quot;size&quot;:10,&quot;sizes&quot;:[]},&quot;link_to&quot;:&quot;file&quot;,&quot;overlay_background&quot;:&quot;yes&quot;,&quot;content_hover_animation&quot;:&quot;fade-in&quot;}\" data-widget_type=\"gallery.default\">\n\t\t\t\t<div class=\"elementor-widget-container\">\n\t\t\t\t\t\t\t<div class=\"elementor-gallery__container\">\n\t\t\t\t\t\t\t<a class=\"e-gallery-item elementor-gallery-item elementor-animated-content\" href=\"https:\/\/redeicm.org.br\/imaculadaconceicao\/wp-content\/uploads\/sites\/12\/2026\/08\/RA_1055_compressed-scaled.webp\" data-elementor-open-lightbox=\"yes\" data-elementor-lightbox-slideshow=\"5a87c05\" data-elementor-lightbox-title=\"_RA_1055_compressed\" data-e-action-hash=\"#elementor-action%3Aaction%3Dlightbox%26settings%3DeyJpZCI6NDUwOCwidXJsIjoiaHR0cHM6XC9cL3JlZGVpY20ub3JnLmJyXC9pbWFjdWxhZGFjb25jZWljYW9cL3dwLWNvbnRlbnRcL3VwbG9hZHNcL3NpdGVzXC8xMlwvMjAyNlwvMDhcL1JBXzEwNTVfY29tcHJlc3NlZC1zY2FsZWQud2VicCIsInNsaWRlc2hvdyI6IjVhODdjMDUifQ%3D%3D\">\n\t\t\t\t\t<div class=\"e-gallery-image elementor-gallery-item__image\" data-thumbnail=\"https:\/\/redeicm.org.br\/imaculadaconceicao\/wp-content\/uploads\/sites\/12\/2026\/08\/RA_1055_compressed-300x200.webp\" data-width=\"300\" data-height=\"200\" aria-label=\"\" role=\"img\" ><\/div>\n\t\t\t\t\t\t\t\t\t\t\t<div class=\"elementor-gallery-item__overlay\"><\/div>\n\t\t\t\t\t\t\t\t\t\t\t\t\t\t<\/a>\n\t\t\t\t\t\t\t<a class=\"e-gallery-item elementor-gallery-item elementor-animated-content\" href=\"https:\/\/redeicm.org.br\/imaculadaconceicao\/wp-content\/uploads\/sites\/12\/2026\/08\/RA_0754_compressed-scaled.webp\" data-elementor-open-lightbox=\"yes\" data-elementor-lightbox-slideshow=\"5a87c05\" data-elementor-lightbox-title=\"_RA_0754_compressed\" data-e-action-hash=\"#elementor-action%3Aaction%3Dlightbox%26settings%3DeyJpZCI6NDUwNiwidXJsIjoiaHR0cHM6XC9cL3JlZGVpY20ub3JnLmJyXC9pbWFjdWxhZGFjb25jZWljYW9cL3dwLWNvbnRlbnRcL3VwbG9hZHNcL3NpdGVzXC8xMlwvMjAyNlwvMDhcL1JBXzA3NTRfY29tcHJlc3NlZC1zY2FsZWQud2VicCIsInNsaWRlc2hvdyI6IjVhODdjMDUifQ%3D%3D\">\n\t\t\t\t\t<div class=\"e-gallery-image elementor-gallery-item__image\" data-thumbnail=\"https:\/\/redeicm.org.br\/imaculadaconceicao\/wp-content\/uploads\/sites\/12\/2026\/08\/RA_0754_compressed-300x200.webp\" data-width=\"300\" data-height=\"200\" aria-label=\"\" role=\"img\" ><\/div>\n\t\t\t\t\t\t\t\t\t\t\t<div class=\"elementor-gallery-item__overlay\"><\/div>\n\t\t\t\t\t\t\t\t\t\t\t\t\t\t<\/a>\n\t\t\t\t\t\t\t<a class=\"e-gallery-item elementor-gallery-item elementor-animated-content\" href=\"https:\/\/redeicm.org.br\/imaculadaconceicao\/wp-content\/uploads\/sites\/12\/2026\/08\/RA_1020_compressed-scaled.webp\" data-elementor-open-lightbox=\"yes\" data-elementor-lightbox-slideshow=\"5a87c05\" data-elementor-lightbox-title=\"_RA_1020_compressed\" data-e-action-hash=\"#elementor-action%3Aaction%3Dlightbox%26settings%3DeyJpZCI6NDUwNywidXJsIjoiaHR0cHM6XC9cL3JlZGVpY20ub3JnLmJyXC9pbWFjdWxhZGFjb25jZWljYW9cL3dwLWNvbnRlbnRcL3VwbG9hZHNcL3NpdGVzXC8xMlwvMjAyNlwvMDhcL1JBXzEwMjBfY29tcHJlc3NlZC1zY2FsZWQud2VicCIsInNsaWRlc2hvdyI6IjVhODdjMDUifQ%3D%3D\">\n\t\t\t\t\t<div class=\"e-gallery-image elementor-gallery-item__image\" data-thumbnail=\"https:\/\/redeicm.org.br\/imaculadaconceicao\/wp-content\/uploads\/sites\/12\/2026\/08\/RA_1020_compressed-300x200.webp\" data-width=\"300\" data-height=\"200\" aria-label=\"\" role=\"img\" ><\/div>\n\t\t\t\t\t\t\t\t\t\t\t<div class=\"elementor-gallery-item__overlay\"><\/div>\n\t\t\t\t\t\t\t\t\t\t\t\t\t\t<\/a>\n\t\t\t\t\t<\/div>\n\t\t\t\t\t<\/div>\n\t\t\t\t<\/div>\n\t\t\t\t<div class=\"elementor-element elementor-element-3f02d69 elementor-invisible elementor-widget elementor-widget-text-editor\" data-id=\"3f02d69\" data-element_type=\"widget\" data-e-type=\"widget\" data-settings=\"{&quot;_animation&quot;:&quot;fadeInUp&quot;}\" data-widget_type=\"text-editor.default\">\n\t\t\t\t<div class=\"elementor-widget-container\">\n\t\t\t\t\t\t\t\t\t<p><span style=\"font-weight: 400\">A equipe da Educa\u00e7\u00e3o Infantil, formada por professoras refer\u00eancias e professores especializados, atua de forma integrada, garantindo experi\u00eancias diversificadas e significativas. <\/span><b>O trabalho cotidiano valoriza o educar, cuidar e brincar como dimens\u00f5es indissoci\u00e1veis da inf\u00e2ncia, reconhecendo que \u00e9 nas rela\u00e7\u00f5es, nos v\u00ednculos e nas experi\u00eancias que a crian\u00e7a aprende e se desenvolve.<\/b><\/p><p><span style=\"font-weight: 400\">No Col\u00e9gio Imaculada Concei\u00e7\u00e3o, acreditamos que educar \u00e9 tamb\u00e9m cultivar valores, despertar potencialidades e formar para a vida. Assim, cada crian\u00e7a \u00e9 convidada a descobrir, criar, conviver, cuidar e aprender, construindo, desde a inf\u00e2ncia, caminhos de protagonismo, f\u00e9, esperan\u00e7a e compromisso com o bem comum.<\/span><\/p><p><strong>Nossas turmas s\u00e3o cuidadosamente organizadas para atender \u00e0s diferentes fases do desenvolvimento:<\/strong><\/p><ul><li>Pr\u00e9 N\u00edvel 3 \u00a0(3 anos completos at\u00e9 30 de mar\u00e7o)<\/li><li>Pr\u00e9 N\u00edvel 4 (4 anos completos at\u00e9 30 de mar\u00e7o)<\/li><li>Pr\u00e9 N\u00edvel 5 (5 anos completos at\u00e9 30 de mar\u00e7o)<\/li><\/ul><p><br \/><strong><em>As aulas s\u00e3o no turno da tarde das 13h15min \u00e0s 17h25min.<\/em><\/strong><\/p>\t\t\t\t\t\t\t\t<\/div>\n\t\t\t\t<\/div>\n\t\t\t\t<\/div>\n\t\t<div class=\"elementor-element elementor-element-d8507c6 e-con-full e-flex elementor-invisible e-con e-child\" data-id=\"d8507c6\" data-element_type=\"container\" data-e-type=\"container\" data-settings=\"{&quot;animation&quot;:&quot;fadeInUp&quot;}\">\n\t\t\t\t<div class=\"elementor-element elementor-element-27f67f9 elementor-widget-divider--view-line elementor-widget elementor-widget-divider\" data-id=\"27f67f9\" data-element_type=\"widget\" data-e-type=\"widget\" data-widget_type=\"divider.default\">\n\t\t\t\t<div class=\"elementor-widget-container\">\n\t\t\t\t\t\t\t<div class=\"elementor-divider\">\n\t\t\t<span class=\"elementor-divider-separator\">\n\t\t\t\t\t\t<\/span>\n\t\t<\/div>\n\t\t\t\t\t\t<\/div>\n\t\t\t\t<\/div>\n\t\t\t\t<div class=\"elementor-element elementor-element-a3069e7 elementor-widget elementor-widget-text-editor\" data-id=\"a3069e7\" data-element_type=\"widget\" data-e-type=\"widget\" data-widget_type=\"text-editor.default\">\n\t\t\t\t<div class=\"elementor-widget-container\">\n\t\t\t\t\t\t\t\t\t<h5><span style=\"color: #145a71\"><strong>NOSSA PROPOSTA DE VALOR<\/strong><\/span><\/h5>\t\t\t\t\t\t\t\t<\/div>\n\t\t\t\t<\/div>\n\t\t<div class=\"elementor-element elementor-element-70ebe7f e-con-full e-transform e-flex e-con e-child\" data-id=\"70ebe7f\" data-element_type=\"container\" data-e-type=\"container\" data-settings=\"{&quot;_transform_translateX_effect_mobile&quot;:{&quot;unit&quot;:&quot;px&quot;,&quot;size&quot;:&quot;-60&quot;,&quot;sizes&quot;:[]},&quot;_transform_translateX_effect&quot;:{&quot;unit&quot;:&quot;px&quot;,&quot;size&quot;:&quot;&quot;,&quot;sizes&quot;:[]},&quot;_transform_translateX_effect_tablet&quot;:{&quot;unit&quot;:&quot;px&quot;,&quot;size&quot;:&quot;&quot;,&quot;sizes&quot;:[]},&quot;_transform_translateY_effect&quot;:{&quot;unit&quot;:&quot;px&quot;,&quot;size&quot;:&quot;&quot;,&quot;sizes&quot;:[]},&quot;_transform_translateY_effect_tablet&quot;:{&quot;unit&quot;:&quot;px&quot;,&quot;size&quot;:&quot;&quot;,&quot;sizes&quot;:[]},&quot;_transform_translateY_effect_mobile&quot;:{&quot;unit&quot;:&quot;px&quot;,&quot;size&quot;:&quot;&quot;,&quot;sizes&quot;:[]}}\">\n\t\t<div class=\"elementor-element elementor-element-4641cff e-con-full e-flex e-con e-child\" data-id=\"4641cff\" data-element_type=\"container\" data-e-type=\"container\">\n\t\t<div class=\"elementor-element elementor-element-3283c98 e-con-full e-flex e-con e-child\" data-id=\"3283c98\" data-element_type=\"container\" data-e-type=\"container\">\n\t\t\t\t<div class=\"elementor-element elementor-element-ee1b7c7 elementor-flip-box--direction-right elementor-flip-box--effect-flip elementor-widget elementor-widget-flip-box\" data-id=\"ee1b7c7\" data-element_type=\"widget\" data-e-type=\"widget\" data-widget_type=\"flip-box.default\">\n\t\t\t\t<div class=\"elementor-widget-container\">\n\t\t\t\t\t\t\t<div class=\"elementor-flip-box\" tabindex=\"0\">\n\t\t\t<div class=\"elementor-flip-box__layer elementor-flip-box__front\">\n\t\t\t\t<div class=\"elementor-flip-box__layer__overlay\">\n\t\t\t\t\t<div class=\"elementor-flip-box__layer__inner\">\n\t\t\t\t\t\t\t\t\t\t\t\t\t<div class=\"elementor-icon-wrapper elementor-view-default\">\n\t\t\t\t\t\t\t\t<div class=\"elementor-icon\">\n\t\t\t\t\t\t\t\t\t<svg aria-hidden=\"true\" class=\"e-font-icon-svg e-fas-fingerprint\" viewBox=\"0 0 512 512\" xmlns=\"http:\/\/www.w3.org\/2000\/svg\"><path d=\"M256.12 245.96c-13.25 0-24 10.74-24 24 1.14 72.25-8.14 141.9-27.7 211.55-2.73 9.72 2.15 30.49 23.12 30.49 10.48 0 20.11-6.92 23.09-17.52 13.53-47.91 31.04-125.41 29.48-224.52.01-13.25-10.73-24-23.99-24zm-.86-81.73C194 164.16 151.25 211.3 152.1 265.32c.75 47.94-3.75 95.91-13.37 142.55-2.69 12.98 5.67 25.69 18.64 28.36 13.05 2.67 25.67-5.66 28.36-18.64 10.34-50.09 15.17-101.58 14.37-153.02-.41-25.95 19.92-52.49 54.45-52.34 31.31.47 57.15 25.34 57.62 55.47.77 48.05-2.81 96.33-10.61 143.55-2.17 13.06 6.69 25.42 19.76 27.58 19.97 3.33 26.81-15.1 27.58-19.77 8.28-50.03 12.06-101.21 11.27-152.11-.88-55.8-47.94-101.88-104.91-102.72zm-110.69-19.78c-10.3-8.34-25.37-6.8-33.76 3.48-25.62 31.5-39.39 71.28-38.75 112 .59 37.58-2.47 75.27-9.11 112.05-2.34 13.05 6.31 25.53 19.36 27.89 20.11 3.5 27.07-14.81 27.89-19.36 7.19-39.84 10.5-80.66 9.86-121.33-.47-29.88 9.2-57.88 28-80.97 8.35-10.28 6.79-25.39-3.49-33.76zm109.47-62.33c-15.41-.41-30.87 1.44-45.78 4.97-12.89 3.06-20.87 15.98-17.83 28.89 3.06 12.89 16 20.83 28.89 17.83 11.05-2.61 22.47-3.77 34-3.69 75.43 1.13 137.73 61.5 138.88 134.58.59 37.88-1.28 76.11-5.58 113.63-1.5 13.17 7.95 25.08 21.11 26.58 16.72 1.95 25.51-11.88 26.58-21.11a929.06 929.06 0 0 0 5.89-119.85c-1.56-98.75-85.07-180.33-186.16-181.83zm252.07 121.45c-2.86-12.92-15.51-21.2-28.61-18.27-12.94 2.86-21.12 15.66-18.26 28.61 4.71 21.41 4.91 37.41 4.7 61.6-.11 13.27 10.55 24.09 23.8 24.2h.2c13.17 0 23.89-10.61 24-23.8.18-22.18.4-44.11-5.83-72.34zm-40.12-90.72C417.29 43.46 337.6 1.29 252.81.02 183.02-.82 118.47 24.91 70.46 72.94 24.09 119.37-.9 181.04.14 246.65l-.12 21.47c-.39 13.25 10.03 24.31 23.28 24.69.23.02.48.02.72.02 12.92 0 23.59-10.3 23.97-23.3l.16-23.64c-.83-52.5 19.16-101.86 56.28-139 38.76-38.8 91.34-59.67 147.68-58.86 69.45 1.03 134.73 35.56 174.62 92.39 7.61 10.86 22.56 13.45 33.42 5.86 10.84-7.62 13.46-22.59 5.84-33.43z\"><\/path><\/svg>\t\t\t\t\t\t\t\t<\/div>\n\t\t\t\t\t\t\t<\/div>\n\t\t\t\t\t\t\n\t\t\t\t\t\t\t\t\t\t\t\t\t<h3 class=\"elementor-flip-box__layer__title\">\n\t\t\t\t\t\t\t\tIDENTIDADE E AUTONOMIA\t\t\t\t\t\t\t<\/h3>\n\t\t\t\t\t\t\n\t\t\t\t\t\t\t\t\t\t\t<\/div>\n\t\t\t\t<\/div>\n\t\t\t<\/div>\n\t\t\t<div class=\"elementor-flip-box__layer elementor-flip-box__back\">\n\t\t\t<div class=\"elementor-flip-box__layer__overlay\">\n\t\t\t\t<div class=\"elementor-flip-box__layer__inner\">\n\t\t\t\t\t\n\t\t\t\t\t\t\t\t\t\t\t<div class=\"elementor-flip-box__layer__description\">\n\t\t\t\t\t\t\tFortalecemos a identidade e a autonomia, incentivando cada crian\u00e7a a reconhecer suas potencialidades, fazer escolhas e participar ativamente de suas aprendizagens.\t\t\t\t\t\t<\/div>\n\t\t\t\t\t\n\t\t\t\t\t\t\t\t<\/div>\n\t\t<\/div>\n\t\t<\/div>\n\t\t<\/div>\n\t\t\t\t\t\t<\/div>\n\t\t\t\t<\/div>\n\t\t\t\t<\/div>\n\t\t<div class=\"elementor-element elementor-element-00b0406 e-con-full e-flex e-con e-child\" data-id=\"00b0406\" data-element_type=\"container\" data-e-type=\"container\">\n\t\t\t\t<div class=\"elementor-element elementor-element-d36fee0 elementor-flip-box--direction-right elementor-flip-box--effect-flip elementor-widget elementor-widget-flip-box\" data-id=\"d36fee0\" data-element_type=\"widget\" data-e-type=\"widget\" data-widget_type=\"flip-box.default\">\n\t\t\t\t<div class=\"elementor-widget-container\">\n\t\t\t\t\t\t\t<div class=\"elementor-flip-box\" tabindex=\"0\">\n\t\t\t<div class=\"elementor-flip-box__layer elementor-flip-box__front\">\n\t\t\t\t<div class=\"elementor-flip-box__layer__overlay\">\n\t\t\t\t\t<div class=\"elementor-flip-box__layer__inner\">\n\t\t\t\t\t\t\t\t\t\t\t\t\t<div class=\"elementor-icon-wrapper elementor-view-default\">\n\t\t\t\t\t\t\t\t<div class=\"elementor-icon\">\n\t\t\t\t\t\t\t\t\t<svg aria-hidden=\"true\" class=\"e-font-icon-svg e-far-lightbulb\" viewBox=\"0 0 352 512\" xmlns=\"http:\/\/www.w3.org\/2000\/svg\"><path d=\"M176 80c-52.94 0-96 43.06-96 96 0 8.84 7.16 16 16 16s16-7.16 16-16c0-35.3 28.72-64 64-64 8.84 0 16-7.16 16-16s-7.16-16-16-16zM96.06 459.17c0 3.15.93 6.22 2.68 8.84l24.51 36.84c2.97 4.46 7.97 7.14 13.32 7.14h78.85c5.36 0 10.36-2.68 13.32-7.14l24.51-36.84c1.74-2.62 2.67-5.7 2.68-8.84l.05-43.18H96.02l.04 43.18zM176 0C73.72 0 0 82.97 0 176c0 44.37 16.45 84.85 43.56 115.78 16.64 18.99 42.74 58.8 52.42 92.16v.06h48v-.12c-.01-4.77-.72-9.51-2.15-14.07-5.59-17.81-22.82-64.77-62.17-109.67-20.54-23.43-31.52-53.15-31.61-84.14-.2-73.64 59.67-128 127.95-128 70.58 0 128 57.42 128 128 0 30.97-11.24 60.85-31.65 84.14-39.11 44.61-56.42 91.47-62.1 109.46a47.507 47.507 0 0 0-2.22 14.3v.1h48v-.05c9.68-33.37 35.78-73.18 52.42-92.16C335.55 260.85 352 220.37 352 176 352 78.8 273.2 0 176 0z\"><\/path><\/svg>\t\t\t\t\t\t\t\t<\/div>\n\t\t\t\t\t\t\t<\/div>\n\t\t\t\t\t\t\n\t\t\t\t\t\t\t\t\t\t\t\t\t<h3 class=\"elementor-flip-box__layer__title\">\n\t\t\t\t\t\t\t\tCRIATIVIDADE\t\t\t\t\t\t\t<\/h3>\n\t\t\t\t\t\t\n\t\t\t\t\t\t\t\t\t\t\t<\/div>\n\t\t\t\t<\/div>\n\t\t\t<\/div>\n\t\t\t<div class=\"elementor-flip-box__layer elementor-flip-box__back\">\n\t\t\t<div class=\"elementor-flip-box__layer__overlay\">\n\t\t\t\t<div class=\"elementor-flip-box__layer__inner\">\n\t\t\t\t\t\n\t\t\t\t\t\t\t\t\t\t\t<div class=\"elementor-flip-box__layer__description\">\n\t\t\t\t\t\t\tValorizamos a curiosidade, a imagina\u00e7\u00e3o e a express\u00e3o, criando oportunidades para explorar, experimentar, inventar e transformar ideias em novas possibilidades.\t\t\t\t\t\t<\/div>\n\t\t\t\t\t\n\t\t\t\t\t\t\t\t<\/div>\n\t\t<\/div>\n\t\t<\/div>\n\t\t<\/div>\n\t\t\t\t\t\t<\/div>\n\t\t\t\t<\/div>\n\t\t\t\t<\/div>\n\t\t<div class=\"elementor-element elementor-element-03355c6 e-con-full e-flex e-con e-child\" data-id=\"03355c6\" data-element_type=\"container\" data-e-type=\"container\">\n\t\t\t\t<div class=\"elementor-element elementor-element-312a293 elementor-flip-box--direction-right elementor-flip-box--effect-flip elementor-widget elementor-widget-flip-box\" data-id=\"312a293\" data-element_type=\"widget\" data-e-type=\"widget\" data-widget_type=\"flip-box.default\">\n\t\t\t\t<div class=\"elementor-widget-container\">\n\t\t\t\t\t\t\t<div class=\"elementor-flip-box\" tabindex=\"0\">\n\t\t\t<div class=\"elementor-flip-box__layer elementor-flip-box__front\">\n\t\t\t\t<div class=\"elementor-flip-box__layer__overlay\">\n\t\t\t\t\t<div class=\"elementor-flip-box__layer__inner\">\n\t\t\t\t\t\t\t\t\t\t\t\t\t<div class=\"elementor-icon-wrapper elementor-view-default\">\n\t\t\t\t\t\t\t\t<div class=\"elementor-icon\">\n\t\t\t\t\t\t\t\t\t<svg aria-hidden=\"true\" class=\"e-font-icon-svg e-fas-book-open\" viewBox=\"0 0 576 512\" xmlns=\"http:\/\/www.w3.org\/2000\/svg\"><path d=\"M542.22 32.05c-54.8 3.11-163.72 14.43-230.96 55.59-4.64 2.84-7.27 7.89-7.27 13.17v363.87c0 11.55 12.63 18.85 23.28 13.49 69.18-34.82 169.23-44.32 218.7-46.92 16.89-.89 30.02-14.43 30.02-30.66V62.75c.01-17.71-15.35-31.74-33.77-30.7zM264.73 87.64C197.5 46.48 88.58 35.17 33.78 32.05 15.36 31.01 0 45.04 0 62.75V400.6c0 16.24 13.13 29.78 30.02 30.66 49.49 2.6 149.59 12.11 218.77 46.95 10.62 5.35 23.21-1.94 23.21-13.46V100.63c0-5.29-2.62-10.14-7.27-12.99z\"><\/path><\/svg>\t\t\t\t\t\t\t\t<\/div>\n\t\t\t\t\t\t\t<\/div>\n\t\t\t\t\t\t\n\t\t\t\t\t\t\t\t\t\t\t\t\t<h3 class=\"elementor-flip-box__layer__title\">\n\t\t\t\t\t\t\t\tESPA\u00c7OS L\u00daDICOS E CRIATIVOS\t\t\t\t\t\t\t<\/h3>\n\t\t\t\t\t\t\n\t\t\t\t\t\t\t\t\t\t\t<\/div>\n\t\t\t\t<\/div>\n\t\t\t<\/div>\n\t\t\t<div class=\"elementor-flip-box__layer elementor-flip-box__back\">\n\t\t\t<div class=\"elementor-flip-box__layer__overlay\">\n\t\t\t\t<div class=\"elementor-flip-box__layer__inner\">\n\t\t\t\t\t\n\t\t\t\t\t\t\t\t\t\t\t<div class=\"elementor-flip-box__layer__description\">\n\t\t\t\t\t\t\tConstru\u00edmos ambientes acolhedores e provocadores, que convidam \u00e0 descoberta, \u00e0 explora\u00e7\u00e3o, \u00e0 intera\u00e7\u00e3o e \u00e0 constru\u00e7\u00e3o de aprendizagens significativas.\t\t\t\t\t\t<\/div>\n\t\t\t\t\t\n\t\t\t\t\t\t\t\t<\/div>\n\t\t<\/div>\n\t\t<\/div>\n\t\t<\/div>\n\t\t\t\t\t\t<\/div>\n\t\t\t\t<\/div>\n\t\t\t\t<\/div>\n\t\t<div class=\"elementor-element elementor-element-a8db2fd e-con-full e-flex e-con e-child\" data-id=\"a8db2fd\" data-element_type=\"container\" data-e-type=\"container\">\n\t\t\t\t<div class=\"elementor-element elementor-element-87a3a7b elementor-flip-box--direction-right elementor-widget__width-initial elementor-flip-box--effect-flip elementor-widget elementor-widget-flip-box\" data-id=\"87a3a7b\" data-element_type=\"widget\" data-e-type=\"widget\" data-widget_type=\"flip-box.default\">\n\t\t\t\t<div class=\"elementor-widget-container\">\n\t\t\t\t\t\t\t<div class=\"elementor-flip-box\" tabindex=\"0\">\n\t\t\t<div class=\"elementor-flip-box__layer elementor-flip-box__front\">\n\t\t\t\t<div class=\"elementor-flip-box__layer__overlay\">\n\t\t\t\t\t<div class=\"elementor-flip-box__layer__inner\">\n\t\t\t\t\t\t\t\t\t\t\t\t\t<div class=\"elementor-icon-wrapper elementor-view-default\">\n\t\t\t\t\t\t\t\t<div class=\"elementor-icon\">\n\t\t\t\t\t\t\t\t\t<svg aria-hidden=\"true\" class=\"e-font-icon-svg e-fas-language\" viewBox=\"0 0 640 512\" xmlns=\"http:\/\/www.w3.org\/2000\/svg\"><path d=\"M152.1 236.2c-3.5-12.1-7.8-33.2-7.8-33.2h-.5s-4.3 21.1-7.8 33.2l-11.1 37.5H163zM616 96H336v320h280c13.3 0 24-10.7 24-24V120c0-13.3-10.7-24-24-24zm-24 120c0 6.6-5.4 12-12 12h-11.4c-6.9 23.6-21.7 47.4-42.7 69.9 8.4 6.4 17.1 12.5 26.1 18 5.5 3.4 7.3 10.5 4.1 16.2l-7.9 13.9c-3.4 5.9-10.9 7.8-16.7 4.3-12.6-7.8-24.5-16.1-35.4-24.9-10.9 8.7-22.7 17.1-35.4 24.9-5.8 3.5-13.3 1.6-16.7-4.3l-7.9-13.9c-3.2-5.6-1.4-12.8 4.2-16.2 9.3-5.7 18-11.7 26.1-18-7.9-8.4-14.9-17-21-25.7-4-5.7-2.2-13.6 3.7-17.1l6.5-3.9 7.3-4.3c5.4-3.2 12.4-1.7 16 3.4 5 7 10.8 14 17.4 20.9 13.5-14.2 23.8-28.9 30-43.2H412c-6.6 0-12-5.4-12-12v-16c0-6.6 5.4-12 12-12h64v-16c0-6.6 5.4-12 12-12h16c6.6 0 12 5.4 12 12v16h64c6.6 0 12 5.4 12 12zM0 120v272c0 13.3 10.7 24 24 24h280V96H24c-13.3 0-24 10.7-24 24zm58.9 216.1L116.4 167c1.7-4.9 6.2-8.1 11.4-8.1h32.5c5.1 0 9.7 3.3 11.4 8.1l57.5 169.1c2.6 7.8-3.1 15.9-11.4 15.9h-22.9a12 12 0 0 1-11.5-8.6l-9.4-31.9h-60.2l-9.1 31.8c-1.5 5.1-6.2 8.7-11.5 8.7H70.3c-8.2 0-14-8.1-11.4-15.9z\"><\/path><\/svg>\t\t\t\t\t\t\t\t<\/div>\n\t\t\t\t\t\t\t<\/div>\n\t\t\t\t\t\t\n\t\t\t\t\t\t\t\t\t\t\t\t\t<h3 class=\"elementor-flip-box__layer__title\">\n\t\t\t\t\t\t\t\tAPRENDIZAGEM NAS DIFERENTES LINGUAGENS\t\t\t\t\t\t\t<\/h3>\n\t\t\t\t\t\t\n\t\t\t\t\t\t\t\t\t\t\t<\/div>\n\t\t\t\t<\/div>\n\t\t\t<\/div>\n\t\t\t<div class=\"elementor-flip-box__layer elementor-flip-box__back\">\n\t\t\t<div class=\"elementor-flip-box__layer__overlay\">\n\t\t\t\t<div class=\"elementor-flip-box__layer__inner\">\n\t\t\t\t\t\n\t\t\t\t\t\t\t\t\t\t\t<div class=\"elementor-flip-box__layer__description\">\n\t\t\t\t\t\t\tAmpliamos as possibilidades de express\u00e3o e aprendizagem por meio das linguagens corporal, art\u00edstica, musical, oral, escrita, matem\u00e1tica e digital, respeitando os diferentes modos de ser e aprender.\t\t\t\t\t\t<\/div>\n\t\t\t\t\t\n\t\t\t\t\t\t\t\t<\/div>\n\t\t<\/div>\n\t\t<\/div>\n\t\t<\/div>\n\t\t\t\t\t\t<\/div>\n\t\t\t\t<\/div>\n\t\t\t\t<\/div>\n\t\t<div class=\"elementor-element elementor-element-fa6c541 e-con-full e-flex e-con e-child\" data-id=\"fa6c541\" data-element_type=\"container\" data-e-type=\"container\">\n\t\t\t\t<div class=\"elementor-element elementor-element-c4bcf89 elementor-flip-box--direction-right elementor-flip-box--effect-flip elementor-widget elementor-widget-flip-box\" data-id=\"c4bcf89\" data-element_type=\"widget\" data-e-type=\"widget\" data-widget_type=\"flip-box.default\">\n\t\t\t\t<div class=\"elementor-widget-container\">\n\t\t\t\t\t\t\t<div class=\"elementor-flip-box\" tabindex=\"0\">\n\t\t\t<div class=\"elementor-flip-box__layer elementor-flip-box__front\">\n\t\t\t\t<div class=\"elementor-flip-box__layer__overlay\">\n\t\t\t\t\t<div class=\"elementor-flip-box__layer__inner\">\n\t\t\t\t\t\t\t\t\t\t\t\t\t<div class=\"elementor-icon-wrapper elementor-view-default\">\n\t\t\t\t\t\t\t\t<div class=\"elementor-icon\">\n\t\t\t\t\t\t\t\t\t<svg aria-hidden=\"true\" class=\"e-font-icon-svg e-fas-hands\" viewBox=\"0 0 640 512\" xmlns=\"http:\/\/www.w3.org\/2000\/svg\"><path d=\"M204.8 230.4c-10.6-14.1-30.7-17-44.8-6.4-14.1 10.6-17 30.7-6.4 44.8l38.1 50.8c4.8 6.4 4.1 15.3-1.5 20.9l-12.8 12.8c-6.7 6.7-17.6 6.2-23.6-1.1L64 244.4V96c0-17.7-14.3-32-32-32S0 78.3 0 96v218.4c0 10.9 3.7 21.5 10.5 30l104.1 134.3c5 6.5 8.4 13.9 10.4 21.7 1.8 6.9 8.1 11.6 15.3 11.6H272c8.8 0 16-7.2 16-16V384c0-27.7-9-54.6-25.6-76.8l-57.6-76.8zM608 64c-17.7 0-32 14.3-32 32v148.4l-89.8 107.8c-6 7.2-17 7.7-23.6 1.1l-12.8-12.8c-5.6-5.6-6.3-14.5-1.5-20.9l38.1-50.8c10.6-14.1 7.7-34.2-6.4-44.8-14.1-10.6-34.2-7.7-44.8 6.4l-57.6 76.8C361 329.4 352 356.3 352 384v112c0 8.8 7.2 16 16 16h131.7c7.1 0 13.5-4.7 15.3-11.6 2-7.8 5.4-15.2 10.4-21.7l104.1-134.3c6.8-8.5 10.5-19.1 10.5-30V96c0-17.7-14.3-32-32-32z\"><\/path><\/svg>\t\t\t\t\t\t\t\t<\/div>\n\t\t\t\t\t\t\t<\/div>\n\t\t\t\t\t\t\n\t\t\t\t\t\t\t\t\t\t\t\t\t<h3 class=\"elementor-flip-box__layer__title\">\n\t\t\t\t\t\t\t\tCUIDADO, CONVIV\u00caNCIA E AFETO\t\t\t\t\t\t\t<\/h3>\n\t\t\t\t\t\t\n\t\t\t\t\t\t\t\t\t\t\t<\/div>\n\t\t\t\t<\/div>\n\t\t\t<\/div>\n\t\t\t<div class=\"elementor-flip-box__layer elementor-flip-box__back\">\n\t\t\t<div class=\"elementor-flip-box__layer__overlay\">\n\t\t\t\t<div class=\"elementor-flip-box__layer__inner\">\n\t\t\t\t\t\n\t\t\t\t\t\t\t\t\t\t\t<div class=\"elementor-flip-box__layer__description\">\n\t\t\t\t\t\t\tCultivamos rela\u00e7\u00f5es pautadas no acolhimento, no respeito, na escuta e na fraternidade, favorecendo v\u00ednculos seguros e aprendizagens para o cuidado consigo, com o outro e com a cria\u00e7\u00e3o.\t\t\t\t\t\t<\/div>\n\t\t\t\t\t\n\t\t\t\t\t\t\t\t<\/div>\n\t\t<\/div>\n\t\t<\/div>\n\t\t<\/div>\n\t\t\t\t\t\t<\/div>\n\t\t\t\t<\/div>\n\t\t\t\t<\/div>\n\t\t<div class=\"elementor-element elementor-element-ae35f33 e-con-full e-flex e-con e-child\" data-id=\"ae35f33\" data-element_type=\"container\" data-e-type=\"container\">\n\t\t\t\t<div class=\"elementor-element elementor-element-0afc3ed elementor-flip-box--direction-right elementor-flip-box--effect-flip elementor-widget elementor-widget-flip-box\" data-id=\"0afc3ed\" data-element_type=\"widget\" data-e-type=\"widget\" data-widget_type=\"flip-box.default\">\n\t\t\t\t<div class=\"elementor-widget-container\">\n\t\t\t\t\t\t\t<div class=\"elementor-flip-box\" tabindex=\"0\">\n\t\t\t<div class=\"elementor-flip-box__layer elementor-flip-box__front\">\n\t\t\t\t<div class=\"elementor-flip-box__layer__overlay\">\n\t\t\t\t\t<div class=\"elementor-flip-box__layer__inner\">\n\t\t\t\t\t\t\t\t\t\t\t\t\t<div class=\"elementor-icon-wrapper elementor-view-default\">\n\t\t\t\t\t\t\t\t<div class=\"elementor-icon\">\n\t\t\t\t\t\t\t\t\t<svg aria-hidden=\"true\" class=\"e-font-icon-svg e-far-grin-beam\" viewBox=\"0 0 496 512\" xmlns=\"http:\/\/www.w3.org\/2000\/svg\"><path d=\"M248 8C111 8 0 119 0 256s111 248 248 248 248-111 248-248S385 8 248 8zm0 448c-110.3 0-200-89.7-200-200S137.7 56 248 56s200 89.7 200 200-89.7 200-200 200zm105.6-151.4c-25.9 8.3-64.4 13.1-105.6 13.1s-79.6-4.8-105.6-13.1c-9.8-3.1-19.4 5.3-17.7 15.3 7.9 47.1 71.3 80 123.3 80s115.3-32.9 123.3-80c1.6-9.8-7.7-18.4-17.7-15.3zm-235.9-72.9c3.5 1.1 7.4-.5 9.3-3.7l9.5-17c7.7-13.7 19.2-21.6 31.5-21.6s23.8 7.9 31.5 21.6l9.5 17c2.1 3.7 6.2 4.7 9.3 3.7 3.6-1.1 6-4.5 5.7-8.3-3.3-42.1-32.2-71.4-56-71.4s-52.7 29.3-56 71.4c-.3 3.7 2.1 7.2 5.7 8.3zm160 0c3.5 1.1 7.4-.5 9.3-3.7l9.5-17c7.7-13.7 19.2-21.6 31.5-21.6s23.8 7.9 31.5 21.6l9.5 17c2.1 3.7 6.2 4.7 9.3 3.7 3.6-1.1 6-4.5 5.7-8.3-3.3-42.1-32.2-71.4-56-71.4s-52.7 29.3-56 71.4c-.3 3.7 2.1 7.2 5.7 8.3z\"><\/path><\/svg>\t\t\t\t\t\t\t\t<\/div>\n\t\t\t\t\t\t\t<\/div>\n\t\t\t\t\t\t\n\t\t\t\t\t\t\t\t\t\t\t\t\t<h3 class=\"elementor-flip-box__layer__title\">\n\t\t\t\t\t\t\t\tEDUCAR, CUIDAR E BRINCAR\t\t\t\t\t\t\t<\/h3>\n\t\t\t\t\t\t\n\t\t\t\t\t\t\t\t\t\t\t<\/div>\n\t\t\t\t<\/div>\n\t\t\t<\/div>\n\t\t\t<div class=\"elementor-flip-box__layer elementor-flip-box__back\">\n\t\t\t<div class=\"elementor-flip-box__layer__overlay\">\n\t\t\t\t<div class=\"elementor-flip-box__layer__inner\">\n\t\t\t\t\t\n\t\t\t\t\t\t\t\t\t\t\t<div class=\"elementor-flip-box__layer__description\">\n\t\t\t\t\t\t\tIntegramos educa\u00e7\u00e3o, cuidado e brincadeira como dimens\u00f5es essenciais da inf\u00e2ncia, reconhecendo o brincar como forma privilegiada de aprender, desenvolver-se e descobrir o mundo.\t\t\t\t\t\t<\/div>\n\t\t\t\t\t\n\t\t\t\t\t\t\t\t<\/div>\n\t\t<\/div>\n\t\t<\/div>\n\t\t<\/div>\n\t\t\t\t\t\t<\/div>\n\t\t\t\t<\/div>\n\t\t\t\t<\/div>\n\t\t\t\t<\/div>\n\t\t\t\t<\/div>\n\t\t\t\t<\/div>\n\t\t\t\t\t<\/div>\n\t\t\t\t<\/div>\n\t\t\t\t<\/div>\n\t\t","protected":false},"excerpt":{"rendered":"<p>A Educa\u00e7\u00e3o Infantil do Col\u00e9gio Imaculada Concei\u00e7\u00e3o \u00e9 um espa\u00e7o de acolhimento, descobertas, v\u00ednculos e aprendizagens, no qual cada crian\u00e7a \u00e9 reconhecida em sua singularidade e potencialidade. Em conson\u00e2ncia ao Projeto Educativo da Rede ICM, nossa proposta busca promover uma educa\u00e7\u00e3o integral, fundamentada em valores crist\u00e3os, no respeito \u00e0 vida, na solidariedade, na fraternidade, na [&hellip;]<\/p>\n","protected":false},"author":1,"featured_media":0,"parent":0,"menu_order":0,"comment_status":"closed","ping_status":"closed","template":"","meta":{"_acf_changed":false,"footnotes":""},"class_list":["post-304","page","type-page","status-publish","hentry"],"acf":[],"yoast_head":"<!-- This site is optimized with the Yoast SEO plugin v27.8 - https:\/\/yoast.com\/product\/yoast-seo-wordpress\/ -->\n<title>Educa\u00e7\u00e3o Infantil - Col\u00e9gio Imaculada Concei\u00e7\u00e3o | Rede ICM de educa\u00e7\u00e3o<\/title>\n<meta name=\"robots\" content=\"index, follow, max-snippet:-1, max-image-preview:large, max-video-preview:-1\" \/>\n<link rel=\"canonical\" href=\"https:\/\/redeicm.org.br\/imaculadaconceicao\/educacao-infantil-2\/\" \/>\n<meta property=\"og:locale\" content=\"pt_BR\" \/>\n<meta property=\"og:type\" content=\"article\" \/>\n<meta property=\"og:title\" content=\"Educa\u00e7\u00e3o Infantil - Col\u00e9gio Imaculada Concei\u00e7\u00e3o | Rede ICM de educa\u00e7\u00e3o\" \/>\n<meta property=\"og:description\" content=\"A Educa\u00e7\u00e3o Infantil do Col\u00e9gio Imaculada Concei\u00e7\u00e3o \u00e9 um espa\u00e7o de acolhimento, descobertas, v\u00ednculos e aprendizagens, no qual cada crian\u00e7a \u00e9 reconhecida em sua singularidade e potencialidade. Em conson\u00e2ncia ao Projeto Educativo da Rede ICM, nossa proposta busca promover uma educa\u00e7\u00e3o integral, fundamentada em valores crist\u00e3os, no respeito \u00e0 vida, na solidariedade, na fraternidade, na [&hellip;]\" \/>\n<meta property=\"og:url\" content=\"https:\/\/redeicm.org.br\/imaculadaconceicao\/educacao-infantil-2\/\" \/>\n<meta property=\"og:site_name\" content=\"Col\u00e9gio Imaculada Concei\u00e7\u00e3o | Rede ICM de educa\u00e7\u00e3o\" \/>\n<meta property=\"article:modified_time\" content=\"2026-08-28T16:46:09+00:00\" \/>\n<meta property=\"og:image\" content=\"https:\/\/redeicm.org.br\/imaculadaconceicao\/wp-content\/uploads\/sites\/12\/2026\/08\/RA_0706_compressed-scaled.webp\" \/>\n\t<meta property=\"og:image:width\" content=\"1707\" \/>\n\t<meta property=\"og:image:height\" content=\"2560\" \/>\n\t<meta property=\"og:image:type\" content=\"image\/webp\" \/>\n<meta name=\"twitter:card\" content=\"summary_large_image\" \/>\n<meta name=\"twitter:label1\" content=\"Est. tempo de leitura\" \/>\n\t<meta name=\"twitter:data1\" content=\"4 minutos\" \/>\n<script type=\"application\/ld+json\" class=\"yoast-schema-graph\">{\"@context\":\"https:\\\/\\\/schema.org\",\"@graph\":[{\"@type\":\"WebPage\",\"@id\":\"https:\\\/\\\/redeicm.org.br\\\/imaculadaconceicao\\\/educacao-infantil-2\\\/\",\"url\":\"https:\\\/\\\/redeicm.org.br\\\/imaculadaconceicao\\\/educacao-infantil-2\\\/\",\"name\":\"Educa\u00e7\u00e3o Infantil - Col\u00e9gio Imaculada Concei\u00e7\u00e3o | Rede ICM de educa\u00e7\u00e3o\",\"isPartOf\":{\"@id\":\"https:\\\/\\\/redeicm.org.br\\\/imaculadaconceicao\\\/#website\"},\"primaryImageOfPage\":{\"@id\":\"https:\\\/\\\/redeicm.org.br\\\/imaculadaconceicao\\\/educacao-infantil-2\\\/#primaryimage\"},\"image\":{\"@id\":\"https:\\\/\\\/redeicm.org.br\\\/imaculadaconceicao\\\/educacao-infantil-2\\\/#primaryimage\"},\"thumbnailUrl\":\"https:\\\/\\\/redeicm.org.br\\\/imaculadaconceicao\\\/wp-content\\\/uploads\\\/sites\\\/12\\\/2026\\\/08\\\/RA_0706_compressed-scaled.webp\",\"datePublished\":\"2024-08-21T15:06:48+00:00\",\"dateModified\":\"2026-08-28T16:46:09+00:00\",\"breadcrumb\":{\"@id\":\"https:\\\/\\\/redeicm.org.br\\\/imaculadaconceicao\\\/educacao-infantil-2\\\/#breadcrumb\"},\"inLanguage\":\"pt-BR\",\"potentialAction\":[{\"@type\":\"ReadAction\",\"target\":[\"https:\\\/\\\/redeicm.org.br\\\/imaculadaconceicao\\\/educacao-infantil-2\\\/\"]}]},{\"@type\":\"ImageObject\",\"inLanguage\":\"pt-BR\",\"@id\":\"https:\\\/\\\/redeicm.org.br\\\/imaculadaconceicao\\\/educacao-infantil-2\\\/#primaryimage\",\"url\":\"https:\\\/\\\/redeicm.org.br\\\/imaculadaconceicao\\\/wp-content\\\/uploads\\\/sites\\\/12\\\/2026\\\/08\\\/RA_0706_compressed-scaled.webp\",\"contentUrl\":\"https:\\\/\\\/redeicm.org.br\\\/imaculadaconceicao\\\/wp-content\\\/uploads\\\/sites\\\/12\\\/2026\\\/08\\\/RA_0706_compressed-scaled.webp\",\"width\":1707,\"height\":2560},{\"@type\":\"BreadcrumbList\",\"@id\":\"https:\\\/\\\/redeicm.org.br\\\/imaculadaconceicao\\\/educacao-infantil-2\\\/#breadcrumb\",\"itemListElement\":[{\"@type\":\"ListItem\",\"position\":1,\"name\":\"In\u00edcio\",\"item\":\"https:\\\/\\\/redeicm.org.br\\\/imaculadaconceicao\\\/\"},{\"@type\":\"ListItem\",\"position\":2,\"name\":\"Educa\u00e7\u00e3o Infantil\"}]},{\"@type\":\"WebSite\",\"@id\":\"https:\\\/\\\/redeicm.org.br\\\/imaculadaconceicao\\\/#website\",\"url\":\"https:\\\/\\\/redeicm.org.br\\\/imaculadaconceicao\\\/\",\"name\":\"Col\u00e9gio Imaculada Concei\u00e7\u00e3o | Rede ICM de educa\u00e7\u00e3o\",\"description\":\"\",\"publisher\":{\"@id\":\"https:\\\/\\\/redeicm.org.br\\\/imaculadaconceicao\\\/#organization\"},\"potentialAction\":[{\"@type\":\"SearchAction\",\"target\":{\"@type\":\"EntryPoint\",\"urlTemplate\":\"https:\\\/\\\/redeicm.org.br\\\/imaculadaconceicao\\\/?s={search_term_string}\"},\"query-input\":{\"@type\":\"PropertyValueSpecification\",\"valueRequired\":true,\"valueName\":\"search_term_string\"}}],\"inLanguage\":\"pt-BR\"},{\"@type\":\"Organization\",\"@id\":\"https:\\\/\\\/redeicm.org.br\\\/imaculadaconceicao\\\/#organization\",\"name\":\"Col\u00e9gio Imaculada Concei\u00e7\u00e3o | Rede ICM de educa\u00e7\u00e3o\",\"url\":\"https:\\\/\\\/redeicm.org.br\\\/imaculadaconceicao\\\/\",\"logo\":{\"@type\":\"ImageObject\",\"inLanguage\":\"pt-BR\",\"@id\":\"https:\\\/\\\/redeicm.org.br\\\/imaculadaconceicao\\\/#\\\/schema\\\/logo\\\/image\\\/\",\"url\":\"https:\\\/\\\/redeicm.org.br\\\/imaculadaconceicao\\\/wp-content\\\/uploads\\\/sites\\\/12\\\/2024\\\/08\\\/ICM_Educacao_Imaculada_Conceicao_Preferencial_Cores-1024x263-1.png\",\"contentUrl\":\"https:\\\/\\\/redeicm.org.br\\\/imaculadaconceicao\\\/wp-content\\\/uploads\\\/sites\\\/12\\\/2024\\\/08\\\/ICM_Educacao_Imaculada_Conceicao_Preferencial_Cores-1024x263-1.png\",\"width\":1024,\"height\":263,\"caption\":\"Col\u00e9gio Imaculada Concei\u00e7\u00e3o | Rede ICM de educa\u00e7\u00e3o\"},\"image\":{\"@id\":\"https:\\\/\\\/redeicm.org.br\\\/imaculadaconceicao\\\/#\\\/schema\\\/logo\\\/image\\\/\"}}]}<\/script>\n<!-- \/ Yoast SEO plugin. -->","yoast_head_json":{"title":"Educa\u00e7\u00e3o Infantil - Col\u00e9gio Imaculada Concei\u00e7\u00e3o | Rede ICM de educa\u00e7\u00e3o","robots":{"index":"index","follow":"follow","max-snippet":"max-snippet:-1","max-image-preview":"max-image-preview:large","max-video-preview":"max-video-preview:-1"},"canonical":"https:\/\/redeicm.org.br\/imaculadaconceicao\/educacao-infantil-2\/","og_locale":"pt_BR","og_type":"article","og_title":"Educa\u00e7\u00e3o Infantil - Col\u00e9gio Imaculada Concei\u00e7\u00e3o | Rede ICM de educa\u00e7\u00e3o","og_description":"A Educa\u00e7\u00e3o Infantil do Col\u00e9gio Imaculada Concei\u00e7\u00e3o \u00e9 um espa\u00e7o de acolhimento, descobertas, v\u00ednculos e aprendizagens, no qual cada crian\u00e7a \u00e9 reconhecida em sua singularidade e potencialidade. Em conson\u00e2ncia ao Projeto Educativo da Rede ICM, nossa proposta busca promover uma educa\u00e7\u00e3o integral, fundamentada em valores crist\u00e3os, no respeito \u00e0 vida, na solidariedade, na fraternidade, na [&hellip;]","og_url":"https:\/\/redeicm.org.br\/imaculadaconceicao\/educacao-infantil-2\/","og_site_name":"Col\u00e9gio Imaculada Concei\u00e7\u00e3o | Rede ICM de educa\u00e7\u00e3o","article_modified_time":"2026-08-28T16:46:09+00:00","og_image":[{"width":1707,"height":2560,"url":"https:\/\/redeicm.org.br\/imaculadaconceicao\/wp-content\/uploads\/sites\/12\/2026\/08\/RA_0706_compressed-scaled.webp","type":"image\/webp"}],"twitter_card":"summary_large_image","twitter_misc":{"Est. tempo de leitura":"4 minutos"},"schema":{"@context":"https:\/\/schema.org","@graph":[{"@type":"WebPage","@id":"https:\/\/redeicm.org.br\/imaculadaconceicao\/educacao-infantil-2\/","url":"https:\/\/redeicm.org.br\/imaculadaconceicao\/educacao-infantil-2\/","name":"Educa\u00e7\u00e3o Infantil - Col\u00e9gio Imaculada Concei\u00e7\u00e3o | Rede ICM de educa\u00e7\u00e3o","isPartOf":{"@id":"https:\/\/redeicm.org.br\/imaculadaconceicao\/#website"},"primaryImageOfPage":{"@id":"https:\/\/redeicm.org.br\/imaculadaconceicao\/educacao-infantil-2\/#primaryimage"},"image":{"@id":"https:\/\/redeicm.org.br\/imaculadaconceicao\/educacao-infantil-2\/#primaryimage"},"thumbnailUrl":"https:\/\/redeicm.org.br\/imaculadaconceicao\/wp-content\/uploads\/sites\/12\/2026\/08\/RA_0706_compressed-scaled.webp","datePublished":"2024-08-21T15:06:48+00:00","dateModified":"2026-08-28T16:46:09+00:00","breadcrumb":{"@id":"https:\/\/redeicm.org.br\/imaculadaconceicao\/educacao-infantil-2\/#breadcrumb"},"inLanguage":"pt-BR","potentialAction":[{"@type":"ReadAction","target":["https:\/\/redeicm.org.br\/imaculadaconceicao\/educacao-infantil-2\/"]}]},{"@type":"ImageObject","inLanguage":"pt-BR","@id":"https:\/\/redeicm.org.br\/imaculadaconceicao\/educacao-infantil-2\/#primaryimage","url":"https:\/\/redeicm.org.br\/imaculadaconceicao\/wp-content\/uploads\/sites\/12\/2026\/08\/RA_0706_compressed-scaled.webp","contentUrl":"https:\/\/redeicm.org.br\/imaculadaconceicao\/wp-content\/uploads\/sites\/12\/2026\/08\/RA_0706_compressed-scaled.webp","width":1707,"height":2560},{"@type":"BreadcrumbList","@id":"https:\/\/redeicm.org.br\/imaculadaconceicao\/educacao-infantil-2\/#breadcrumb","itemListElement":[{"@type":"ListItem","position":1,"name":"In\u00edcio","item":"https:\/\/redeicm.org.br\/imaculadaconceicao\/"},{"@type":"ListItem","position":2,"name":"Educa\u00e7\u00e3o Infantil"}]},{"@type":"WebSite","@id":"https:\/\/redeicm.org.br\/imaculadaconceicao\/#website","url":"https:\/\/redeicm.org.br\/imaculadaconceicao\/","name":"Col\u00e9gio Imaculada Concei\u00e7\u00e3o | Rede ICM de educa\u00e7\u00e3o","description":"","publisher":{"@id":"https:\/\/redeicm.org.br\/imaculadaconceicao\/#organization"},"potentialAction":[{"@type":"SearchAction","target":{"@type":"EntryPoint","urlTemplate":"https:\/\/redeicm.org.br\/imaculadaconceicao\/?s={search_term_string}"},"query-input":{"@type":"PropertyValueSpecification","valueRequired":true,"valueName":"search_term_string"}}],"inLanguage":"pt-BR"},{"@type":"Organization","@id":"https:\/\/redeicm.org.br\/imaculadaconceicao\/#organization","name":"Col\u00e9gio Imaculada Concei\u00e7\u00e3o | Rede ICM de educa\u00e7\u00e3o","url":"https:\/\/redeicm.org.br\/imaculadaconceicao\/","logo":{"@type":"ImageObject","inLanguage":"pt-BR","@id":"https:\/\/redeicm.org.br\/imaculadaconceicao\/#\/schema\/logo\/image\/","url":"https:\/\/redeicm.org.br\/imaculadaconceicao\/wp-content\/uploads\/sites\/12\/2024\/08\/ICM_Educacao_Imaculada_Conceicao_Preferencial_Cores-1024x263-1.png","contentUrl":"https:\/\/redeicm.org.br\/imaculadaconceicao\/wp-content\/uploads\/sites\/12\/2024\/08\/ICM_Educacao_Imaculada_Conceicao_Preferencial_Cores-1024x263-1.png","width":1024,"height":263,"caption":"Col\u00e9gio Imaculada Concei\u00e7\u00e3o | Rede ICM de educa\u00e7\u00e3o"},"image":{"@id":"https:\/\/redeicm.org.br\/imaculadaconceicao\/#\/schema\/logo\/image\/"}}]}},"_links":{"self":[{"href":"https:\/\/redeicm.org.br\/imaculadaconceicao\/wp-json\/wp\/v2\/pages\/304","targetHints":{"allow":["GET"]}}],"collection":[{"href":"https:\/\/redeicm.org.br\/imaculadaconceicao\/wp-json\/wp\/v2\/pages"}],"about":[{"href":"https:\/\/redeicm.org.br\/imaculadaconceicao\/wp-json\/wp\/v2\/types\/page"}],"author":[{"embeddable":true,"href":"https:\/\/redeicm.org.br\/imaculadaconceicao\/wp-json\/wp\/v2\/users\/1"}],"replies":[{"embeddable":true,"href":"https:\/\/redeicm.org.br\/imaculadaconceicao\/wp-json\/wp\/v2\/comments?post=304"}],"version-history":[{"count":63,"href":"https:\/\/redeicm.org.br\/imaculadaconceicao\/wp-json\/wp\/v2\/pages\/304\/revisions"}],"predecessor-version":[{"id":4575,"href":"https:\/\/redeicm.org.br\/imaculadaconceicao\/wp-json\/wp\/v2\/pages\/304\/revisions\/4575"}],"wp:attachment":[{"href":"https:\/\/redeicm.org.br\/imaculadaconceicao\/wp-json\/wp\/v2\/media?parent=304"}],"curies":[{"name":"wp","href":"https:\/\/api.w.org\/{rel}","templated":true}]}}