{"id":405,"date":"2024-09-21T12:47:16","date_gmt":"2024-09-21T15:47:16","guid":{"rendered":"https:\/\/redeicm.org.br\/coracaodemaria\/?page_id=405"},"modified":"2026-04-27T17:08:05","modified_gmt":"2026-04-27T20:08:05","slug":"data-das-provas-trimestrais","status":"publish","type":"page","link":"https:\/\/redeicm.org.br\/coracaodemaria\/data-das-provas-trimestrais\/","title":{"rendered":"Data das Provas Trimestrais"},"content":{"rendered":"\t\t<div data-elementor-type=\"wp-page\" data-elementor-id=\"405\" class=\"elementor elementor-405\" data-elementor-post-type=\"page\">\n\t\t\t\t<div class=\"elementor-element elementor-element-7cbb47e e-flex e-con-boxed e-con e-parent\" data-id=\"7cbb47e\" data-element_type=\"container\" data-e-type=\"container\" data-settings=\"{&quot;background_background&quot;:&quot;classic&quot;}\">\n\t\t\t\t\t<div class=\"e-con-inner\">\n\t\t\t\t<div class=\"elementor-element elementor-element-f600eb3 elementor-widget elementor-widget-heading\" data-id=\"f600eb3\" data-element_type=\"widget\" data-e-type=\"widget\" data-widget_type=\"heading.default\">\n\t\t\t\t<div class=\"elementor-widget-container\">\n\t\t\t\t\t<h1 class=\"elementor-heading-title elementor-size-default\">Data das Provas Trimestrais<\/h1>\t\t\t\t<\/div>\n\t\t\t\t<\/div>\n\t\t\t\t\t<\/div>\n\t\t\t\t<\/div>\n\t\t<div class=\"elementor-element elementor-element-405f0f3 e-flex e-con-boxed e-con e-parent\" data-id=\"405f0f3\" data-element_type=\"container\" data-e-type=\"container\">\n\t\t\t\t\t<div class=\"e-con-inner\">\n\t\t<div class=\"elementor-element elementor-element-2fd7ae6 e-con-full e-flex e-con e-child\" data-id=\"2fd7ae6\" data-element_type=\"container\" data-e-type=\"container\">\n\t\t\t\t<div class=\"elementor-element elementor-element-fc5bd12 e-n-tabs-mobile elementor-widget elementor-widget-n-tabs\" data-id=\"fc5bd12\" data-element_type=\"widget\" data-e-type=\"widget\" data-settings=\"{&quot;horizontal_scroll&quot;:&quot;disable&quot;}\" data-widget_type=\"nested-tabs.default\">\n\t\t\t\t<div class=\"elementor-widget-container\">\n\t\t\t\t\t\t\t<div class=\"e-n-tabs\" data-widget-number=\"264617234\" aria-label=\"Abas. Abra itens com &quot;Enter&quot; ou &quot;Espa\u00e7o&quot;, feche com &quot;Escape&quot; e navegue usando as teclas de &quot;Seta&quot;.\">\n\t\t\t<div class=\"e-n-tabs-heading\" role=\"tablist\">\n\t\t\t\t\t<button id=\"e-n-tab-title-2646172341\" data-tab-title-id=\"e-n-tab-title-2646172341\" class=\"e-n-tab-title\" aria-selected=\"true\" data-tab-index=\"1\" role=\"tab\" tabindex=\"0\" aria-controls=\"e-n-tab-content-2646172341\" style=\"--n-tabs-title-order: 1;\">\n\t\t\t\t\t\t<span class=\"e-n-tab-title-text\">\n\t\t\t\t6\u00bas Anos\t\t\t<\/span>\n\t\t<\/button>\n\t\t\t\t<button id=\"e-n-tab-title-2646172342\" data-tab-title-id=\"e-n-tab-title-2646172342\" class=\"e-n-tab-title\" aria-selected=\"false\" data-tab-index=\"2\" role=\"tab\" tabindex=\"-1\" aria-controls=\"e-n-tab-content-2646172342\" style=\"--n-tabs-title-order: 2;\">\n\t\t\t\t\t\t<span class=\"e-n-tab-title-text\">\n\t\t\t\t7\u00bas Anos\t\t\t<\/span>\n\t\t<\/button>\n\t\t\t\t<button id=\"e-n-tab-title-2646172343\" data-tab-title-id=\"e-n-tab-title-2646172343\" class=\"e-n-tab-title\" aria-selected=\"false\" data-tab-index=\"3\" role=\"tab\" tabindex=\"-1\" aria-controls=\"e-n-tab-content-2646172343\" style=\"--n-tabs-title-order: 3;\">\n\t\t\t\t\t\t<span class=\"e-n-tab-title-text\">\n\t\t\t\t8\u00bas Anos\t\t\t<\/span>\n\t\t<\/button>\n\t\t\t\t<button id=\"e-n-tab-title-2646172344\" data-tab-title-id=\"e-n-tab-title-2646172344\" class=\"e-n-tab-title\" aria-selected=\"false\" data-tab-index=\"4\" role=\"tab\" tabindex=\"-1\" aria-controls=\"e-n-tab-content-2646172344\" style=\"--n-tabs-title-order: 4;\">\n\t\t\t\t\t\t<span class=\"e-n-tab-title-text\">\n\t\t\t\t9\u00bas Anos\t\t\t<\/span>\n\t\t<\/button>\n\t\t\t\t<button id=\"e-n-tab-title-2646172345\" data-tab-title-id=\"e-n-tab-title-2646172345\" class=\"e-n-tab-title\" aria-selected=\"false\" data-tab-index=\"5\" role=\"tab\" tabindex=\"-1\" aria-controls=\"e-n-tab-content-2646172345\" style=\"--n-tabs-title-order: 5;\">\n\t\t\t\t\t\t<span class=\"e-n-tab-title-text\">\n\t\t\t\t1\u00ba Ano \u2013 M\u00e9dio\t\t\t<\/span>\n\t\t<\/button>\n\t\t\t\t<button id=\"e-n-tab-title-2646172346\" data-tab-title-id=\"e-n-tab-title-2646172346\" class=\"e-n-tab-title\" aria-selected=\"false\" data-tab-index=\"6\" role=\"tab\" tabindex=\"-1\" aria-controls=\"e-n-tab-content-2646172346\" style=\"--n-tabs-title-order: 6;\">\n\t\t\t\t\t\t<span class=\"e-n-tab-title-text\">\n\t\t\t\t2\u00ba Ano \u2013 M\u00e9dio\t\t\t<\/span>\n\t\t<\/button>\n\t\t\t\t<button id=\"e-n-tab-title-2646172347\" data-tab-title-id=\"e-n-tab-title-2646172347\" class=\"e-n-tab-title\" aria-selected=\"false\" data-tab-index=\"7\" role=\"tab\" tabindex=\"-1\" aria-controls=\"e-n-tab-content-2646172347\" style=\"--n-tabs-title-order: 7;\">\n\t\t\t\t\t\t<span class=\"e-n-tab-title-text\">\n\t\t\t\t3\u00ba Ano \u2013 M\u00e9dio\t\t\t<\/span>\n\t\t<\/button>\n\t\t\t\t\t<\/div>\n\t\t\t<div class=\"e-n-tabs-content\">\n\t\t\t\t<div id=\"e-n-tab-content-2646172341\" role=\"tabpanel\" aria-labelledby=\"e-n-tab-title-2646172341\" data-tab-index=\"1\" style=\"--n-tabs-title-order: 1;\" class=\"e-active elementor-element elementor-element-761fc74 e-con-full e-flex e-con e-child\" data-id=\"761fc74\" data-element_type=\"container\" data-e-type=\"container\">\n\t\t\t\t<div class=\"elementor-element elementor-element-31b7f67 elementor-widget elementor-widget-heading\" data-id=\"31b7f67\" data-element_type=\"widget\" data-e-type=\"widget\" data-widget_type=\"heading.default\">\n\t\t\t\t<div class=\"elementor-widget-container\">\n\t\t\t\t\t<h2 class=\"elementor-heading-title elementor-size-default\">PROVAS TRIMESTRAIS \u2013 1\u00ba TRIMESTRE \u2013 2026<\/h2>\t\t\t\t<\/div>\n\t\t\t\t<\/div>\n\t\t<div class=\"elementor-element elementor-element-dc4c302 e-con-full e-flex e-con e-child\" data-id=\"dc4c302\" data-element_type=\"container\" data-e-type=\"container\">\n\t\t\t\t<div class=\"elementor-element elementor-element-3ebd6e2 elementor-widget elementor-widget-text-editor\" data-id=\"3ebd6e2\" data-element_type=\"widget\" data-e-type=\"widget\" data-widget_type=\"text-editor.default\">\n\t\t\t\t<div class=\"elementor-widget-container\">\n\t\t\t\t\t\t\t\t\t<h1>Turma 61<\/h1>\n<table style=\"height: 430px\" width=\"570\">\n<tbody>\n<tr>\n<td><strong>Data<\/strong><\/td>\n<td><strong>Componente Curricular<\/strong><\/td>\n<td><strong>Per\u00edodos<\/strong><\/td>\n<\/tr>\n<tr>\n<td>04\/05 (Segunda)<\/td>\n<td>Ingl\u00eas<\/td>\n<td>1\u00b0 e 2\u00ba<\/td>\n<\/tr>\n<tr>\n<td>05\/05 (Ter\u00e7a)<\/td>\n<td>E. Religioso<\/td>\n<td>4\u00ba<\/td>\n<\/tr>\n<tr>\n<td>06\/05 (Quarta)<\/td>\n<td>Espanhol\n\nArte<\/td>\n<td>4\u00ba\n\n5\u00ba<\/td>\n<\/tr>\n<tr>\n<td>07\/05 (Quinta)<\/td>\n<td>Ci\u00eancias<\/td>\n<td>5\u00ba e 6\u00ba<\/td>\n<\/tr>\n<tr>\n<td>08\/05 (Sexta)<\/td>\n<td>Geografia<\/td>\n<td>2\u00ba e 3\u00ba<\/td>\n<\/tr>\n<tr>\n<td>11\/05 (Segunda)<\/td>\n<td>Reda\u00e7\u00e3o<\/td>\n<td>3\u00ba<\/td>\n<\/tr>\n<tr>\n<td>12\/05 (Ter\u00e7a)<\/td>\n<td>Filosofia<\/td>\n<td>5\u00ba<\/td>\n<\/tr>\n<tr>\n<td>13\/05 (Quarta)<\/td>\n<td>Hist\u00f3ria<\/td>\n<td>2\u00ba e 3\u00ba<\/td>\n<\/tr>\n<tr>\n<td>14\/05 (Quinta)<\/td>\n<td>Matem\u00e1tica<\/td>\n<td>2\u00ba e 3\u00ba<\/td>\n<\/tr>\n<tr>\n<td>15\/05 (Sexta)<\/td>\n<td>L. Portuguesa<\/td>\n<td>2\u00ba e 3\u00ba<\/td>\n<\/tr>\n<\/tbody>\n<\/table>\n<h1>Turma 62<\/h1>\n<table style=\"height: 430px\" width=\"570\">\n<tbody>\n<tr>\n<td><strong>Data<\/strong><\/td>\n<td><strong>Componente Curricular<\/strong><\/td>\n<td><strong>p<\/strong><strong>er\u00edodos<\/strong><\/td>\n<\/tr>\n<tr>\n<td>04\/05 (Segunda)<\/td>\n<td>Ingl\u00eas<\/td>\n<td>2\u00ba e 3\u00ba<\/td>\n<\/tr>\n<tr>\n<td>05\/05 (Ter\u00e7a)<\/td>\n<td>E. Religioso<\/td>\n<td>4\u00ba<\/td>\n<\/tr>\n<tr>\n<td>06\/05 (Quarta)<\/td>\n<td>Ci\u00eancias<\/td>\n<td>2\u00ba e 3\u00ba<\/td>\n<\/tr>\n<tr>\n<td>07\/05 (Quinta)<\/td>\n<td>Geografia<\/td>\n<td>5\u00ba e 6\u00ba<\/td>\n<\/tr>\n<tr>\n<td>08\/05 (Sexta)<\/td>\n<td>Espanhol\n\nArte<\/td>\n<td>3\u00ba\n\n6\u00ba<\/td>\n<\/tr>\n<tr>\n<td>11\/05 (Segunda)<\/td>\n<td>Reda\u00e7\u00e3o<\/td>\n<td>4\u00ba<\/td>\n<\/tr>\n<tr>\n<td>12\/05 (Ter\u00e7a)<\/td>\n<td>Hist\u00f3ria<\/td>\n<td>1\u00ba e 2\u00ba<\/td>\n<\/tr>\n<tr>\n<td>13\/05 (Quarta)<\/td>\n<td>Filosofia<\/td>\n<td>4\u00ba<\/td>\n<\/tr>\n<tr>\n<td>14\/05 (Quinta)<\/td>\n<td>L. Portuguesa<\/td>\n<td>4\u00ba e 5\u00ba<\/td>\n<\/tr>\n<tr>\n<td>15\/05 (Sexta)<\/td>\n<td>Matem\u00e1tica<\/td>\n<td>4\u00ba e 5\u00ba<\/td>\n<\/tr>\n<\/tbody>\n<\/table>\n<h1>Turma 63<\/h1>\n<table>\n<tbody>\n<tr>\n<td><strong>Data<\/strong><\/td>\n<td><strong>Componente Curricular<\/strong><\/td>\n<td><strong>\u00a0<\/strong><strong>Per\u00edodos<\/strong><\/td>\n<\/tr>\n<tr>\n<td>04\/05 (Segunda)<\/td>\n<td>Ingl\u00eas<\/td>\n<td>1\u00ba e 2\u00ba<\/td>\n<\/tr>\n<tr>\n<td>05\/05 (Ter\u00e7a)<\/td>\n<td>Geografia<\/td>\n<td>1\u00ba e 2\u00ba<\/td>\n<\/tr>\n<tr>\n<td>06\/05 (Quarta)<\/td>\n<td>Ci\u00eancias<\/td>\n<td>4\u00ba e 5\u00ba<\/td>\n<\/tr>\n<tr>\n<td>07\/05 (Quinta)<\/td>\n<td>Reda\u00e7\u00e3o<\/td>\n<td>3\u00ba<\/td>\n<\/tr>\n<tr>\n<td>08\/05 (Sexta)<\/td>\n<td>Espanhol\n\nArte<\/td>\n<td>4\u00ba\n\n5\u00ba<\/td>\n<\/tr>\n<tr>\n<td>11\/05 (Segunda)<\/td>\n<td>L. Portuguesa<\/td>\n<td>4\u00ba e 5\u00ba<\/td>\n<\/tr>\n<tr>\n<td>12\/05 (Ter\u00e7a)<\/td>\n<td>Hist\u00f3ria<\/td>\n<td>4\u00ba e 5\u00ba<\/td>\n<\/tr>\n<tr>\n<td>13\/05 (Quarta)<\/td>\n<td>Filosofia<\/td>\n<td>4\u00ba<\/td>\n<\/tr>\n<tr>\n<td>14\/05 (Quinta)<\/td>\n<td>E. Religioso<\/td>\n<td>\u00a05\u00ba<\/td>\n<\/tr>\n<tr>\n<td>15\/05 (Sexta)<\/td>\n<td>Matem\u00e1tica<\/td>\n<td>1\u00ba e 2\u00ba<\/td>\n<\/tr>\n<\/tbody>\n<\/table>\n<h3><u>Provas em atraso<\/u><\/h3>\n<p>Os estudantes que faltarem \u00e0s provas dever\u00e3o justificar a aus\u00eancia junto ao SOE no prazo de at\u00e9 48 horas, apresentando atestado original ou justificativa formal \u00e0 Orienta\u00e7\u00e3o Educacional.<\/p>\n<p>As provas em atraso ser\u00e3o aplicadas no turno da tarde, \u00e0s 14h, conforme o cronograma abaixo:<\/p>\n<p>\u00b7 Faltas de 04 a 06\/05 \u2192 recupera\u00e7\u00e3o em 07\/05 (quinta-feira)<\/p>\n<p>\u00b7\u00a0Faltas de 07 a 11\/05 \u2192 recupera\u00e7\u00e3o em 12\/05 (ter\u00e7a-feira)<\/p>\n<p>\u00b7\u00a0Faltas de 12 a 14\/05 \u2192 recupera\u00e7\u00e3o em 18\/05 (segunda-feira)<\/p>\n<p>\u00b7\u00a0Faltas de 15 a 19\/05 \u2192 recupera\u00e7\u00e3o em 20\/05 (quarta-feira)<\/p>\n<p>Somente ter\u00e3o direito \u00e0 realiza\u00e7\u00e3o da prova em atraso os estudantes que realizarem a devida justificativa dentro do prazo estabelecido.<\/p>\t\t\t\t\t\t\t\t<\/div>\n\t\t\t\t<\/div>\n\t\t\t\t<\/div>\n\t\t<div class=\"elementor-element elementor-element-4aa080c e-con-full e-flex e-con e-child\" data-id=\"4aa080c\" data-element_type=\"container\" data-e-type=\"container\">\n\t\t\t\t<div class=\"elementor-element elementor-element-aaca0e2 elementor-widget elementor-widget-text-editor\" data-id=\"aaca0e2\" data-element_type=\"widget\" data-e-type=\"widget\" data-widget_type=\"text-editor.default\">\n\t\t\t\t<div class=\"elementor-widget-container\">\n\t\t\t\t\t\t\t\t\t<h2><strong>CALEND\u00c1RIO DE PROVAS &#8211; 2\u00aa CHAMADA<\/strong><\/h2><div><div><p><strong>DATA:\u00a0<\/strong><br \/>Hor\u00e1rio:\u00a0 \u00a0 \u00a0 \u00a0 \u00a0Local:\u00a0<\/p><\/div><p><strong>DATA:\u00a0<\/strong><br \/>Hor\u00e1rio:\u00a0 \u00a0 \u00a0 \u00a0 Local:<\/p><\/div>\t\t\t\t\t\t\t\t<\/div>\n\t\t\t\t<\/div>\n\t\t\t\t<\/div>\n\t\t<div class=\"elementor-element elementor-element-17e3b22 e-con-full e-flex e-con e-child\" data-id=\"17e3b22\" data-element_type=\"container\" data-e-type=\"container\">\n\t\t\t\t<\/div>\n\t\t\t\t<\/div>\n\t\t<div id=\"e-n-tab-content-2646172342\" role=\"tabpanel\" aria-labelledby=\"e-n-tab-title-2646172342\" data-tab-index=\"2\" style=\"--n-tabs-title-order: 2;\" class=\" elementor-element elementor-element-5e769e5 e-con-full e-flex e-con e-child\" data-id=\"5e769e5\" data-element_type=\"container\" data-e-type=\"container\">\n\t\t\t\t<div class=\"elementor-element elementor-element-e7d7e04 elementor-widget elementor-widget-heading\" data-id=\"e7d7e04\" data-element_type=\"widget\" data-e-type=\"widget\" data-widget_type=\"heading.default\">\n\t\t\t\t<div class=\"elementor-widget-container\">\n\t\t\t\t\t<h2 class=\"elementor-heading-title elementor-size-default\">PROVAS TRIMESTRAIS \u2013 1\u00ba TRIMESTRE \u2013 2026<\/h2>\t\t\t\t<\/div>\n\t\t\t\t<\/div>\n\t\t<div class=\"elementor-element elementor-element-dd52433 e-con-full e-flex e-con e-child\" data-id=\"dd52433\" data-element_type=\"container\" data-e-type=\"container\">\n\t\t\t\t<div class=\"elementor-element elementor-element-85a55ca elementor-widget elementor-widget-text-editor\" data-id=\"85a55ca\" data-element_type=\"widget\" data-e-type=\"widget\" data-widget_type=\"text-editor.default\">\n\t\t\t\t<div class=\"elementor-widget-container\">\n\t\t\t\t\t\t\t\t\t<h1>Turma 71<\/h1><table style=\"height: 430px\" width=\"570\"><tbody><tr><td><strong>Data<\/strong><\/td><td><strong>Componente Curricular<\/strong><\/td><td><strong>\u00a0<\/strong><strong>Per\u00edodos<\/strong><\/td><\/tr><tr><td>04\/05 (Segunda)<\/td><td>Ingl\u00eas<\/td><td>2\u00ba e 3\u00ba<\/td><\/tr><tr><td>05\/05 (Ter\u00e7a)<\/td><td>Reda\u00e7\u00e3o<\/td><td>1\u00ba<\/td><\/tr><tr><td>06\/05 (Quarta)<\/td><td>L. Portuguesa<\/td><td>1\u00ba e 2\u00ba<\/td><\/tr><tr><td>07\/05 (Quinta)<\/td><td>Matem\u00e1tica<\/td><td>4\u00ba e 5\u00ba<\/td><\/tr><tr><td>08\/05 (Sexta)<\/td><td>Hist\u00f3ria<\/td><td>1\u00ba e 2\u00ba<\/td><\/tr><tr><td>11\/05 (Segunda)<\/td><td>Ci\u00eancias<\/td><td>4\u00ba e 5\u00ba<\/td><\/tr><tr><td>12\/05 (Ter\u00e7a)<\/td><td>Filosofia<\/td><td>3\u00ba<\/td><\/tr><tr><td>13\/05 (Quarta)<\/td><td>Espanhol<\/td><td>4\u00ba<\/td><\/tr><tr><td>14\/05 (Quinta)<\/td><td><p>E. Religioso<\/p><p>Arte<\/p><\/td><td><p>5\u00ba<\/p><p>6\u00ba<\/p><\/td><\/tr><tr><td>15\/05 (Sexta)<\/td><td>Geografia<\/td><td>4\u00ba e 5\u00ba<\/td><\/tr><\/tbody><\/table><h1>Turma 72<\/h1><table style=\"height: 430px\" width=\"570\"><tbody><tr><td><strong>Data<\/strong><\/td><td><strong>Componente Curricular<\/strong><\/td><td><strong>Per\u00edodos<\/strong><\/td><\/tr><tr><td>04\/05 (Segunda)<\/td><td>Reda\u00e7\u00e3o<\/td><td>3\u00ba<\/td><\/tr><tr><td>05\/05 (Ter\u00e7a)<\/td><td>Ingl\u00eas<\/td><td>1\u00ba e 2\u00ba<\/td><\/tr><tr><td>06\/05 (Quarta)<\/td><td>L. Portuguesa<\/td><td>5\u00ba e 6\u00ba<\/td><\/tr><tr><td>07\/05 (Quinta)<\/td><td>Geografia<\/td><td>1\u00ba e 2\u00ba<\/td><\/tr><tr><td>08\/05 (Sexta)<\/td><td>Hist\u00f3ria<\/td><td>4\u00ba e 5\u00ba<\/td><\/tr><tr><td>11\/05 (Segunda)<\/td><td>Matem\u00e1tica<\/td><td>4\u00ba e 5\u00ba<\/td><\/tr><tr><td>12\/05 (Ter\u00e7a)<\/td><td>Filosofia<\/td><td>3\u00ba<\/td><\/tr><tr><td>13\/05 (Quarta)<\/td><td><p>Ci\u00eancias<\/p><p>Arte<\/p><\/td><td><p>1\u00ba e 2\u00ba<\/p><p>4\u00ba<\/p><\/td><\/tr><tr><td>14\/05 (Quinta)<\/td><td>E. Religioso<\/td><td>5\u00ba<\/td><\/tr><tr><td>15\/05 (Sexta)<\/td><td>Espanhol<\/td><td>6\u00ba<\/td><\/tr><\/tbody><\/table><h1>Turma 73<\/h1><table style=\"height: 430px\" width=\"570\"><tbody><tr><td><strong>Data<\/strong><\/td><td><strong>Componente Curricular<\/strong><\/td><td><strong>Per\u00edodos<\/strong><\/td><\/tr><tr><td>04\/05 (Segunda)<\/td><td>Reda\u00e7\u00e3o<\/td><td>2\u00ba<\/td><\/tr><tr><td>05\/05 (Ter\u00e7a)<\/td><td>Ingl\u00eas<\/td><td>5\u00ba e 6\u00ba<\/td><\/tr><tr><td><p>1<\/p><p>006\/05 (Quarta)<\/p><\/td><td>Filosofia<\/td><td>5\u00ba<\/td><\/tr><tr><td>07\/05 (Quinta)<\/td><td>L. Portuguesa<\/td><td>1\u00ba e 2\u00ba<\/td><\/tr><tr><td>08\/05 (Sexta)<\/td><td>Hist\u00f3ria<\/td><td>2\u00ba e 3\u00ba<\/td><\/tr><tr><td>11\/05 (Segunda)<\/td><td>Espanhol<\/td><td>2\u00ba<\/td><\/tr><tr><td>12\/05 (Ter\u00e7a)<\/td><td>Matem\u00e1tica<\/td><td>2\u00ba e 3\u00ba<\/td><\/tr><tr><td>13\/05 (Quarta)<\/td><td>Geografia<\/td><td>2\u00ba e 3\u00ba<\/td><\/tr><tr><td>14\/05 (Quinta)<\/td><td>Arte<\/td><td>5\u00ba<\/td><\/tr><tr><td>15\/05 (Sexta)<\/td><td><p>Ci\u00eancias<\/p><p>E. Religioso<\/p><\/td><td><p>1\u00ba e 2\u00ba<\/p><p>4\u00ba<\/p><\/td><\/tr><\/tbody><\/table><h3><u>Provas em atraso<\/u><\/h3><p>Os estudantes que faltarem \u00e0s provas dever\u00e3o justificar a aus\u00eancia junto ao SOE no prazo de at\u00e9 48 horas, apresentando atestado original ou justificativa formal \u00e0 Orienta\u00e7\u00e3o Educacional.<\/p><p>As provas em atraso ser\u00e3o aplicadas no turno da tarde, \u00e0s 14h, conforme o cronograma abaixo:<\/p><p>\u00b7 Faltas de 04 a 06\/05 \u2192 recupera\u00e7\u00e3o em 07\/05 (quinta-feira)<\/p><p>\u00b7\u00a0Faltas de 07 a 11\/05 \u2192 recupera\u00e7\u00e3o em 12\/05 (ter\u00e7a-feira)<\/p><p>\u00b7\u00a0Faltas de 12 a 14\/05 \u2192 recupera\u00e7\u00e3o em 18\/05 (segunda-feira)<\/p><p>\u00b7\u00a0Faltas de 15 a 19\/05 \u2192 recupera\u00e7\u00e3o em 20\/05 (quarta-feira)<\/p><p>Somente ter\u00e3o direito \u00e0 realiza\u00e7\u00e3o da prova em atraso os estudantes que realizarem a devida justificativa dentro do prazo estabelecido.<\/p>\t\t\t\t\t\t\t\t<\/div>\n\t\t\t\t<\/div>\n\t\t<div class=\"elementor-element elementor-element-1db8ae7 e-con-full e-flex e-con e-child\" data-id=\"1db8ae7\" data-element_type=\"container\" data-e-type=\"container\">\n\t\t\t\t<div class=\"elementor-element elementor-element-f8e9333 elementor-widget elementor-widget-text-editor\" data-id=\"f8e9333\" data-element_type=\"widget\" data-e-type=\"widget\" data-widget_type=\"text-editor.default\">\n\t\t\t\t<div class=\"elementor-widget-container\">\n\t\t\t\t\t\t\t\t\t<h2><strong>CALEND\u00c1RIO DE PROVAS &#8211; 2\u00aa CHAMADA<\/strong><\/h2><div><div><p><strong>DATA:<\/strong><br \/>Hor\u00e1rio:\u00a0 \u00a0 \u00a0Local:<\/p><\/div><p><strong>DATA:<\/strong><br \/>Hor\u00e1rio:\u00a0 \u00a0 \u00a0Local:<\/p><\/div>\t\t\t\t\t\t\t\t<\/div>\n\t\t\t\t<\/div>\n\t\t\t\t<\/div>\n\t\t\t\t<\/div>\n\t\t\t\t<\/div>\n\t\t<div id=\"e-n-tab-content-2646172343\" role=\"tabpanel\" aria-labelledby=\"e-n-tab-title-2646172343\" data-tab-index=\"3\" style=\"--n-tabs-title-order: 3;\" class=\" elementor-element elementor-element-6eb98b0 e-con-full e-flex e-con e-child\" data-id=\"6eb98b0\" data-element_type=\"container\" data-e-type=\"container\">\n\t\t\t\t<div class=\"elementor-element elementor-element-535061d elementor-widget elementor-widget-heading\" data-id=\"535061d\" data-element_type=\"widget\" data-e-type=\"widget\" data-widget_type=\"heading.default\">\n\t\t\t\t<div class=\"elementor-widget-container\">\n\t\t\t\t\t<h2 class=\"elementor-heading-title elementor-size-default\">PROVAS TRIMESTRAIS \u2013 1\u00ba TRIMESTRE \u2013 2026<\/h2>\t\t\t\t<\/div>\n\t\t\t\t<\/div>\n\t\t<div class=\"elementor-element elementor-element-f1ebe2b e-con-full e-flex e-con e-child\" data-id=\"f1ebe2b\" data-element_type=\"container\" data-e-type=\"container\">\n\t\t\t\t<div class=\"elementor-element elementor-element-570f46e elementor-widget elementor-widget-text-editor\" data-id=\"570f46e\" data-element_type=\"widget\" data-e-type=\"widget\" data-widget_type=\"text-editor.default\">\n\t\t\t\t<div class=\"elementor-widget-container\">\n\t\t\t\t\t\t\t\t\t<h1>Turma 81<\/h1><table style=\"height: 430px\" width=\"570\"><tbody><tr><td><strong>Data<\/strong><\/td><td><strong>Componente Curricular<\/strong><\/td><td><strong>Per\u00edodos<\/strong><\/td><\/tr><tr><td>04\/05 (Segunda)<\/td><td>Ingl\u00eas<\/td><td>2\u00ba<\/td><\/tr><tr><td>05\/05 (Ter\u00e7a)<\/td><td><p>E. Religioso<\/p><p>Filosofia<\/p><\/td><td><p>2\u00ba<\/p><p>6\u00ba<\/p><\/td><\/tr><tr><td>06\/05 (Quarta)<\/td><td>L. Portuguesa<\/td><td>4\u00b0 e 5\u00ba<\/td><\/tr><tr><td>07\/05 (Quinta)<\/td><td>Hist\u00f3ria<\/td><td>4\u00ba e 5\u00ba<\/td><\/tr><tr><td>08\/05 (Sexta)<\/td><td>Matem\u00e1tica<\/td><td>1\u00ba e 2\u00ba<\/td><\/tr><tr><td>11\/05 (Segunda)<\/td><td>Espanhol<\/td><td>5\u00ba<\/td><\/tr><tr><td>12\/05 (Ter\u00e7a)<\/td><td>Geografia<\/td><td>4\u00ba e 5\u00ba<\/td><\/tr><tr><td>13\/05 (Quarta)<\/td><td>Arte<\/td><td>6\u00ba<\/td><\/tr><tr><td>14\/05 (Quinta)<\/td><td>Reda\u00e7\u00e3o<\/td><td>2\u00ba<\/td><\/tr><tr><td>15\/05 (Sexta)<\/td><td>Ci\u00eancias<\/td><td>\u00a02\u00ba e 3\u00ba<\/td><\/tr><\/tbody><\/table><h1>Turma 82<\/h1><table style=\"height: 430px\" width=\"570\"><tbody><tr><td><strong>Data<\/strong><\/td><td><strong>Componente Curricular<\/strong><\/td><td><strong>Per\u00edodos<\/strong><\/td><\/tr><tr><td>04\/05 (Segunda)<\/td><td>E. Religioso<\/td><td>6\u00ba<\/td><\/tr><tr><td>05\/05 (Ter\u00e7a)<\/td><td>Filosofia<\/td><td>4\u00ba<\/td><\/tr><tr><td>06\/05 (Quarta)<\/td><td>Matem\u00e1tica<\/td><td>4\u00b0 e 5\u00ba<\/td><\/tr><tr><td>07\/05 (Quinta)<\/td><td>L. Portuguesa<\/td><td>1\u00ba e 2\u00ba<\/td><\/tr><tr><td>08\/05 (Sexta)<\/td><td>Ingl\u00eas<\/td><td>2\u00ba<\/td><\/tr><tr><td>11\/05 (Segunda)<\/td><td>Hist\u00f3ria<\/td><td>5\u00ba e 6\u00ba<\/td><\/tr><tr><td>12\/05 (Ter\u00e7a)<\/td><td>Ci\u00eancias<\/td><td>2\u00ba e 3\u00ba<\/td><\/tr><tr><td>13\/05 (Quarta)<\/td><td>Espanhol<\/td><td>2\u00ba<\/td><\/tr><tr><td>14\/05 (Quinta)<\/td><td><p>Arte<\/p><p>Geografia<\/p><\/td><td><p>3\u00ba<\/p><p>4\u00ba e 5\u00ba<\/p><\/td><\/tr><tr><td>15\/05 (Sexta)<\/td><td>Reda\u00e7\u00e3o<\/td><td>1\u00ba<\/td><\/tr><\/tbody><\/table><h1>Turma 83<\/h1><table style=\"height: 430px\" width=\"570\"><tbody><tr><td><strong>Data<\/strong><\/td><td><strong>Componente Curricular<\/strong><\/td><td><strong>Per\u00edodos<\/strong><\/td><\/tr><tr><td>04\/05 (Segunda)<\/td><td>Ingl\u00eas<\/td><td>5\u00ba e 6\u00ba<\/td><\/tr><tr><td>05\/05 (Ter\u00e7a)<\/td><td>Matem\u00e1tica<\/td><td>1\u00ba e 2\u00ba<\/td><\/tr><tr><td>06\/05 (Quarta)<\/td><td>L. Portuguesa<\/td><td>1\u00ba e 2\u00ba<\/td><\/tr><tr><td>07\/05 (Quinta)<\/td><td>Hist\u00f3ria<\/td><td>1\u00ba e 2\u00ba<\/td><\/tr><tr><td>08\/05 (Sexta)<\/td><td>E. Religioso<\/td><td>6\u00ba<\/td><\/tr><tr><td>11\/05 (Segunda)<\/td><td>Espanhol<\/td><td>2\u00ba<\/td><\/tr><tr><td>12\/05 (Ter\u00e7a)<\/td><td>Ci\u00eancias<\/td><td>4\u00ba e 5\u00ba<\/td><\/tr><tr><td>13\/05 (Quarta)<\/td><td>Geografia<\/td><td>4\u00ba e 5\u00ba<\/td><\/tr><tr><td>14\/05 (Quinta)<\/td><td><p>Reda\u00e7\u00e3o<\/p><p>Filosofia<\/p><\/td><td><p>4\u00ba<\/p><p>5\u00ba<\/p><\/td><\/tr><tr><td>15\/05 (Sexta)<\/td><td>Arte<\/td><td>3\u00ba<\/td><\/tr><\/tbody><\/table><h3><u>Provas em atraso<\/u><\/h3><p>Os estudantes que faltarem \u00e0s provas dever\u00e3o justificar a aus\u00eancia junto ao SOE no prazo de at\u00e9 48 horas, apresentando atestado original ou justificativa formal \u00e0 Orienta\u00e7\u00e3o Educacional.<\/p><p>As provas em atraso ser\u00e3o aplicadas no turno da tarde, \u00e0s 14h, conforme o cronograma abaixo:<\/p><p>\u00b7 Faltas de 04 a 06\/05 \u2192 recupera\u00e7\u00e3o em 07\/05 (quinta-feira)<\/p><p>\u00b7\u00a0Faltas de 07 a 11\/05 \u2192 recupera\u00e7\u00e3o em 12\/05 (ter\u00e7a-feira)<\/p><p>\u00b7\u00a0Faltas de 12 a 14\/05 \u2192 recupera\u00e7\u00e3o em 18\/05 (segunda-feira)<\/p><p>\u00b7\u00a0Faltas de 15 a 19\/05 \u2192 recupera\u00e7\u00e3o em 20\/05 (quarta-feira)<\/p><p>Somente ter\u00e3o direito \u00e0 realiza\u00e7\u00e3o da prova em atraso os estudantes que realizarem a devida justificativa dentro do prazo estabelecido.<\/p>\t\t\t\t\t\t\t\t<\/div>\n\t\t\t\t<\/div>\n\t\t<div class=\"elementor-element elementor-element-01cc20e e-con-full e-flex e-con e-child\" data-id=\"01cc20e\" data-element_type=\"container\" data-e-type=\"container\">\n\t\t\t\t<div class=\"elementor-element elementor-element-61b919e elementor-widget elementor-widget-text-editor\" data-id=\"61b919e\" data-element_type=\"widget\" data-e-type=\"widget\" data-widget_type=\"text-editor.default\">\n\t\t\t\t<div class=\"elementor-widget-container\">\n\t\t\t\t\t\t\t\t\t<h2><strong>CALEND\u00c1RIO DE PROVAS &#8211; 2\u00aa CHAMADA<\/strong><\/h2><div><div><p><strong>DATA:<\/strong><br \/>Hor\u00e1rio:\u00a0 \u00a0 \u00a0 Local:<\/p><\/div><p><strong>DATA:<\/strong><br \/>Hor\u00e1rio:\u00a0 \u00a0 \u00a0 \u00a0 Local:<\/p><\/div>\t\t\t\t\t\t\t\t<\/div>\n\t\t\t\t<\/div>\n\t\t\t\t<\/div>\n\t\t\t\t<\/div>\n\t\t\t\t<\/div>\n\t\t<div id=\"e-n-tab-content-2646172344\" role=\"tabpanel\" aria-labelledby=\"e-n-tab-title-2646172344\" data-tab-index=\"4\" style=\"--n-tabs-title-order: 4;\" class=\" elementor-element elementor-element-353ef39 e-con-full e-flex e-con e-child\" data-id=\"353ef39\" data-element_type=\"container\" data-e-type=\"container\">\n\t\t\t\t<div class=\"elementor-element elementor-element-605cad0 elementor-widget elementor-widget-heading\" data-id=\"605cad0\" data-element_type=\"widget\" data-e-type=\"widget\" data-widget_type=\"heading.default\">\n\t\t\t\t<div class=\"elementor-widget-container\">\n\t\t\t\t\t<h2 class=\"elementor-heading-title elementor-size-default\">PROVAS TRIMESTRAIS \u2013 1\u00ba TRIMESTRE \u2013 2026<\/h2>\t\t\t\t<\/div>\n\t\t\t\t<\/div>\n\t\t<div class=\"elementor-element elementor-element-f0254f6 e-con-full e-flex e-con e-child\" data-id=\"f0254f6\" data-element_type=\"container\" data-e-type=\"container\">\n\t\t\t\t<div class=\"elementor-element elementor-element-3d207b9 elementor-widget elementor-widget-text-editor\" data-id=\"3d207b9\" data-element_type=\"widget\" data-e-type=\"widget\" data-widget_type=\"text-editor.default\">\n\t\t\t\t<div class=\"elementor-widget-container\">\n\t\t\t\t\t\t\t\t\t<h1>Turma 91<\/h1><table style=\"height: 430px\" width=\"570\"><tbody><tr><td><strong>Data<\/strong><\/td><td><strong>Componente Curricular<\/strong><\/td><td><strong>Per\u00edodos<\/strong><\/td><\/tr><tr><td>04\/05 (Segunda)<\/td><td>Matem\u00e1tica<\/td><td>1\u00ba e 2\u00ba<\/td><\/tr><tr><td>05\/05 (Ter\u00e7a)<\/td><td>Ingl\u00eas<\/td><td>1\u00ba e 2\u00ba<\/td><\/tr><tr><td>06\/05 (Quarta)<\/td><td>Filosofia<\/td><td>2\u00ba e 3\u00ba<\/td><\/tr><tr><td>07\/05 (Quinta)<\/td><td>Arte<\/td><td>1\u00ba<\/td><\/tr><tr><td>08\/05 (Sexta)<\/td><td>L. Portuguesa<\/td><td>1\u00ba e 2\u00ba<\/td><\/tr><tr><td>11\/05 (Segunda)<\/td><td>Biologia<\/td><td>2\u00ba e 3\u00ba<\/td><\/tr><tr><td>12\/05 (Ter\u00e7a)<\/td><td>E. Religioso<\/td><td>6\u00ba<\/td><\/tr><tr><td>13\/05 (Quarta)<\/td><td>F\u00edsica<\/td><td>4\u00ba e 5\u00ba<\/td><\/tr><tr><td>14\/05 (Quinta)<\/td><td><p>Geografia<\/p><p>Reda\u00e7\u00e3o<\/p><\/td><td><p>2\u00ba e 3\u00ba<\/p><p>5\u00ba<\/p><\/td><\/tr><tr><td>15\/05 (Sexta)<\/td><td>Hist\u00f3ria<\/td><td>4\u00ba e 5\u00ba<\/td><\/tr><tr><td>18\/05 (Segunda)<\/td><td>Espanhol<\/td><td>5\u00ba<\/td><\/tr><tr><td>19\/05 (Ter\u00e7a)<\/td><td>Qu\u00edmica<\/td><td>2\u00ba e 3\u00ba<\/td><\/tr><\/tbody><\/table><h1>Turma 92<\/h1><table style=\"height: 430px\" width=\"570\"><tbody><tr><td><strong>\u00a0<\/strong><strong>Data<\/strong><\/td><td><strong>Componente Curricular<\/strong><\/td><td><strong>\u00a0<\/strong><strong>Per\u00edodos<\/strong><\/td><\/tr><tr><td>04\/05 (Segunda)<\/td><td>L. Portuguesa<\/td><td>5\u00ba e 6\u00ba<\/td><\/tr><tr><td>05\/05 (Ter\u00e7a)<\/td><td>E. Religioso<\/td><td>2\u00ba<\/td><\/tr><tr><td>06\/05 (Quarta)<\/td><td>Filosofia<\/td><td>2\u00ba e 3\u00ba<\/td><\/tr><tr><td>07\/05 (Quinta)<\/td><td>Matem\u00e1tica<\/td><td>5\u00ba e 6\u00ba<\/td><\/tr><tr><td>08\/05 (Sexta)<\/td><td>Ingl\u00eas<\/td><td>2\u00ba e 3\u00ba<\/td><\/tr><tr><td>11\/05 (Segunda)<\/td><td>F\u00edsica<\/td><td>4\u00ba e 5\u00ba<\/td><\/tr><tr><td>12\/05 (Ter\u00e7a)<\/td><td>Biologia<\/td><td>4\u00ba e 5\u00ba<\/td><\/tr><tr><td>13\/05 (Quarta)<\/td><td>Hist\u00f3ria<\/td><td>2\u00ba e 3\u00ba<\/td><\/tr><tr><td>14\/05 (Quinta)<\/td><td><p>Arte<\/p><p>Reda\u00e7\u00e3o<\/p><\/td><td><p>2\u00ba<\/p><p>4\u00ba<\/p><\/td><\/tr><tr><td>15\/05 (Sexta)<\/td><td>Geografia<\/td><td>1\u00ba e 2\u00ba<\/td><\/tr><tr><td>18\/05 (Segunda)<\/td><td>Espanhol<\/td><td>4\u00ba<\/td><\/tr><tr><td>19\/05 (Ter\u00e7a)<\/td><td>Qu\u00edmica<\/td><td>5\u00ba e 6\u00ba<\/td><\/tr><\/tbody><\/table><h3><u>Provas em atraso<\/u><\/h3><p>Os estudantes que faltarem \u00e0s provas dever\u00e3o justificar a aus\u00eancia junto ao SOE no prazo de at\u00e9 48 horas, apresentando atestado original ou justificativa formal \u00e0 Orienta\u00e7\u00e3o Educacional.<\/p><p>As provas em atraso ser\u00e3o aplicadas no turno da tarde, \u00e0s 14h, conforme o cronograma abaixo:<\/p><p>\u00b7 Faltas de 04 a 06\/05 \u2192 recupera\u00e7\u00e3o em 07\/05 (quinta-feira)<\/p><p>\u00b7\u00a0Faltas de 07 a 11\/05 \u2192 recupera\u00e7\u00e3o em 12\/05 (ter\u00e7a-feira)<\/p><p>\u00b7\u00a0Faltas de 12 a 14\/05 \u2192 recupera\u00e7\u00e3o em 18\/05 (segunda-feira)<\/p><p>\u00b7\u00a0Faltas de 15 a 19\/05 \u2192 recupera\u00e7\u00e3o em 20\/05 (quarta-feira)<\/p><p>Somente ter\u00e3o direito \u00e0 realiza\u00e7\u00e3o da prova em atraso os estudantes que realizarem a devida justificativa dentro do prazo estabelecido.<\/p>\t\t\t\t\t\t\t\t<\/div>\n\t\t\t\t<\/div>\n\t\t<div class=\"elementor-element elementor-element-1cb3eeb e-con-full e-flex e-con e-child\" data-id=\"1cb3eeb\" data-element_type=\"container\" data-e-type=\"container\">\n\t\t\t\t<div class=\"elementor-element elementor-element-9608771 elementor-widget elementor-widget-text-editor\" data-id=\"9608771\" data-element_type=\"widget\" data-e-type=\"widget\" data-widget_type=\"text-editor.default\">\n\t\t\t\t<div class=\"elementor-widget-container\">\n\t\t\t\t\t\t\t\t\t<h2><strong>CALEND\u00c1RIO DE PROVAS &#8211; 2\u00aa CHAMADA<\/strong><\/h2><div><div><p><strong>DATA:<\/strong><br \/>Hor\u00e1rio:\u00a0 \u00a0 \u00a0 \u00a0 Local:<\/p><\/div><p><strong>DATA:<\/strong><br \/>Hor\u00e1rio:\u00a0 \u00a0 \u00a0 \u00a0 Local:<\/p><\/div>\t\t\t\t\t\t\t\t<\/div>\n\t\t\t\t<\/div>\n\t\t\t\t<\/div>\n\t\t\t\t<\/div>\n\t\t\t\t<\/div>\n\t\t<div id=\"e-n-tab-content-2646172345\" role=\"tabpanel\" aria-labelledby=\"e-n-tab-title-2646172345\" data-tab-index=\"5\" style=\"--n-tabs-title-order: 5;\" class=\" elementor-element elementor-element-ca628ec e-con-full e-flex e-con e-child\" data-id=\"ca628ec\" data-element_type=\"container\" data-e-type=\"container\">\n\t\t\t\t<div class=\"elementor-element elementor-element-05e8378 elementor-widget elementor-widget-heading\" data-id=\"05e8378\" data-element_type=\"widget\" data-e-type=\"widget\" data-widget_type=\"heading.default\">\n\t\t\t\t<div class=\"elementor-widget-container\">\n\t\t\t\t\t<h2 class=\"elementor-heading-title elementor-size-default\">PROVAS \u2013 2026<\/h2>\t\t\t\t<\/div>\n\t\t\t\t<\/div>\n\t\t\t\t<\/div>\n\t\t<div id=\"e-n-tab-content-2646172346\" role=\"tabpanel\" aria-labelledby=\"e-n-tab-title-2646172346\" data-tab-index=\"6\" style=\"--n-tabs-title-order: 6;\" class=\" elementor-element elementor-element-795b5f1 e-con-full e-flex e-con e-child\" data-id=\"795b5f1\" data-element_type=\"container\" data-e-type=\"container\">\n\t\t\t\t<div class=\"elementor-element elementor-element-3112113 elementor-widget elementor-widget-heading\" data-id=\"3112113\" data-element_type=\"widget\" data-e-type=\"widget\" data-widget_type=\"heading.default\">\n\t\t\t\t<div class=\"elementor-widget-container\">\n\t\t\t\t\t<h2 class=\"elementor-heading-title elementor-size-default\">PROVAS \u2013 2026<\/h2>\t\t\t\t<\/div>\n\t\t\t\t<\/div>\n\t\t\t\t<\/div>\n\t\t<div id=\"e-n-tab-content-2646172347\" role=\"tabpanel\" aria-labelledby=\"e-n-tab-title-2646172347\" data-tab-index=\"7\" style=\"--n-tabs-title-order: 7;\" class=\" elementor-element elementor-element-4a02222 e-con-full e-flex e-con e-child\" data-id=\"4a02222\" data-element_type=\"container\" data-e-type=\"container\">\n\t\t\t\t<div class=\"elementor-element elementor-element-65518f6 elementor-widget elementor-widget-heading\" data-id=\"65518f6\" data-element_type=\"widget\" data-e-type=\"widget\" data-widget_type=\"heading.default\">\n\t\t\t\t<div class=\"elementor-widget-container\">\n\t\t\t\t\t<h2 class=\"elementor-heading-title elementor-size-default\">PROVAS \u2013 2026<\/h2>\t\t\t\t<\/div>\n\t\t\t\t<\/div>\n\t\t<div class=\"elementor-element elementor-element-46a844b e-con-full e-flex e-con e-child\" data-id=\"46a844b\" data-element_type=\"container\" data-e-type=\"container\">\n\t\t\t\t<\/div>\n\t\t\t\t<\/div>\n\t\t\t\t\t<\/div>\n\t\t<\/div>\n\t\t\t\t\t\t<\/div>\n\t\t\t\t<\/div>\n\t\t\t\t<\/div>\n\t\t\t\t\t<\/div>\n\t\t\t\t<\/div>\n\t\t<div class=\"elementor-element elementor-element-0b137fa e-flex e-con-boxed e-con e-parent\" data-id=\"0b137fa\" data-element_type=\"container\" data-e-type=\"container\">\n\t\t\t\t\t<div class=\"e-con-inner\">\n\t\t\t\t\t<\/div>\n\t\t\t\t<\/div>\n\t\t\t\t<\/div>\n\t\t","protected":false},"excerpt":{"rendered":"<p>6\u00bas Anos 7\u00bas Anos 8\u00bas Anos 9\u00bas Anos 1\u00ba Ano \u2013 M\u00e9dio 2\u00ba Ano \u2013 M\u00e9dio 3\u00ba Ano \u2013 M\u00e9dio PROVAS TRIMESTRAIS \u2013 1\u00ba TRIMESTRE \u2013 2026 Turma 61 Data Componente Curricular Per\u00edodos 04\/05 (Segunda) Ingl\u00eas 1\u00b0 e 2\u00ba 05\/05 (Ter\u00e7a) E. Religioso 4\u00ba 06\/05 (Quarta) Espanhol Arte 4\u00ba 5\u00ba 07\/05 (Quinta) Ci\u00eancias 5\u00ba e [&hellip;]<\/p>\n","protected":false},"author":1,"featured_media":0,"parent":0,"menu_order":0,"comment_status":"closed","ping_status":"closed","template":"","meta":{"_acf_changed":false,"footnotes":""},"class_list":["post-405","page","type-page","status-publish","hentry"],"acf":[],"yoast_head":"<!-- This site is optimized with the Yoast SEO plugin v26.3 - https:\/\/yoast.com\/wordpress\/plugins\/seo\/ -->\n<title>Data das Provas Trimestrais - Col\u00e9gio Cora\u00e7\u00e3o de Maria | Rede ICM<\/title>\n<meta name=\"robots\" content=\"index, follow, max-snippet:-1, max-image-preview:large, max-video-preview:-1\" \/>\n<link rel=\"canonical\" href=\"https:\/\/redeicm.org.br\/coracaodemaria\/data-das-provas-trimestrais\/\" \/>\n<meta property=\"og:locale\" content=\"pt_BR\" \/>\n<meta property=\"og:type\" content=\"article\" \/>\n<meta property=\"og:title\" content=\"Data das Provas Trimestrais - Col\u00e9gio Cora\u00e7\u00e3o de Maria | Rede ICM\" \/>\n<meta property=\"og:description\" content=\"6\u00bas Anos 7\u00bas Anos 8\u00bas Anos 9\u00bas Anos 1\u00ba Ano \u2013 M\u00e9dio 2\u00ba Ano \u2013 M\u00e9dio 3\u00ba Ano \u2013 M\u00e9dio PROVAS TRIMESTRAIS \u2013 1\u00ba TRIMESTRE \u2013 2026 Turma 61 Data Componente Curricular Per\u00edodos 04\/05 (Segunda) Ingl\u00eas 1\u00b0 e 2\u00ba 05\/05 (Ter\u00e7a) E. Religioso 4\u00ba 06\/05 (Quarta) Espanhol Arte 4\u00ba 5\u00ba 07\/05 (Quinta) Ci\u00eancias 5\u00ba e [&hellip;]\" \/>\n<meta property=\"og:url\" content=\"https:\/\/redeicm.org.br\/coracaodemaria\/data-das-provas-trimestrais\/\" \/>\n<meta property=\"og:site_name\" content=\"Col\u00e9gio Cora\u00e7\u00e3o de Maria | Rede ICM\" \/>\n<meta property=\"article:modified_time\" content=\"2026-04-27T20:08:05+00:00\" \/>\n<meta name=\"twitter:card\" content=\"summary_large_image\" \/>\n<meta name=\"twitter:label1\" content=\"Est. tempo de leitura\" \/>\n\t<meta name=\"twitter:data1\" content=\"14 minutos\" \/>\n<script type=\"application\/ld+json\" class=\"yoast-schema-graph\">{\"@context\":\"https:\/\/schema.org\",\"@graph\":[{\"@type\":\"WebPage\",\"@id\":\"https:\/\/redeicm.org.br\/coracaodemaria\/data-das-provas-trimestrais\/\",\"url\":\"https:\/\/redeicm.org.br\/coracaodemaria\/data-das-provas-trimestrais\/\",\"name\":\"Data das Provas Trimestrais - Col\u00e9gio Cora\u00e7\u00e3o de Maria | Rede ICM\",\"isPartOf\":{\"@id\":\"https:\/\/redeicm.org.br\/coracaodemaria\/#website\"},\"datePublished\":\"2024-09-21T15:47:16+00:00\",\"dateModified\":\"2026-04-27T20:08:05+00:00\",\"breadcrumb\":{\"@id\":\"https:\/\/redeicm.org.br\/coracaodemaria\/data-das-provas-trimestrais\/#breadcrumb\"},\"inLanguage\":\"pt-BR\",\"potentialAction\":[{\"@type\":\"ReadAction\",\"target\":[\"https:\/\/redeicm.org.br\/coracaodemaria\/data-das-provas-trimestrais\/\"]}]},{\"@type\":\"BreadcrumbList\",\"@id\":\"https:\/\/redeicm.org.br\/coracaodemaria\/data-das-provas-trimestrais\/#breadcrumb\",\"itemListElement\":[{\"@type\":\"ListItem\",\"position\":1,\"name\":\"In\u00edcio\",\"item\":\"https:\/\/redeicm.org.br\/coracaodemaria\/\"},{\"@type\":\"ListItem\",\"position\":2,\"name\":\"Data das Provas Trimestrais\"}]},{\"@type\":\"WebSite\",\"@id\":\"https:\/\/redeicm.org.br\/coracaodemaria\/#website\",\"url\":\"https:\/\/redeicm.org.br\/coracaodemaria\/\",\"name\":\"Col\u00e9gio Cora\u00e7\u00e3o de Maria | Rede ICM\",\"description\":\"\",\"publisher\":{\"@id\":\"https:\/\/redeicm.org.br\/coracaodemaria\/#organization\"},\"potentialAction\":[{\"@type\":\"SearchAction\",\"target\":{\"@type\":\"EntryPoint\",\"urlTemplate\":\"https:\/\/redeicm.org.br\/coracaodemaria\/?s={search_term_string}\"},\"query-input\":{\"@type\":\"PropertyValueSpecification\",\"valueRequired\":true,\"valueName\":\"search_term_string\"}}],\"inLanguage\":\"pt-BR\"},{\"@type\":\"Organization\",\"@id\":\"https:\/\/redeicm.org.br\/coracaodemaria\/#organization\",\"name\":\"Col\u00e9gio Cora\u00e7\u00e3o de Maria | Rede ICM\",\"url\":\"https:\/\/redeicm.org.br\/coracaodemaria\/\",\"logo\":{\"@type\":\"ImageObject\",\"inLanguage\":\"pt-BR\",\"@id\":\"https:\/\/redeicm.org.br\/coracaodemaria\/#\/schema\/logo\/image\/\",\"url\":\"https:\/\/redeicm.org.br\/coracaodemaria\/wp-content\/uploads\/sites\/7\/2024\/08\/icm-educacao-coracao-de-maria-rs.webp\",\"contentUrl\":\"https:\/\/redeicm.org.br\/coracaodemaria\/wp-content\/uploads\/sites\/7\/2024\/08\/icm-educacao-coracao-de-maria-rs.webp\",\"width\":1024,\"height\":297,\"caption\":\"Col\u00e9gio Cora\u00e7\u00e3o de Maria | Rede ICM\"},\"image\":{\"@id\":\"https:\/\/redeicm.org.br\/coracaodemaria\/#\/schema\/logo\/image\/\"}}]}<\/script>\n<!-- \/ Yoast SEO plugin. -->","yoast_head_json":{"title":"Data das Provas Trimestrais - Col\u00e9gio Cora\u00e7\u00e3o de Maria | Rede ICM","robots":{"index":"index","follow":"follow","max-snippet":"max-snippet:-1","max-image-preview":"max-image-preview:large","max-video-preview":"max-video-preview:-1"},"canonical":"https:\/\/redeicm.org.br\/coracaodemaria\/data-das-provas-trimestrais\/","og_locale":"pt_BR","og_type":"article","og_title":"Data das Provas Trimestrais - Col\u00e9gio Cora\u00e7\u00e3o de Maria | Rede ICM","og_description":"6\u00bas Anos 7\u00bas Anos 8\u00bas Anos 9\u00bas Anos 1\u00ba Ano \u2013 M\u00e9dio 2\u00ba Ano \u2013 M\u00e9dio 3\u00ba Ano \u2013 M\u00e9dio PROVAS TRIMESTRAIS \u2013 1\u00ba TRIMESTRE \u2013 2026 Turma 61 Data Componente Curricular Per\u00edodos 04\/05 (Segunda) Ingl\u00eas 1\u00b0 e 2\u00ba 05\/05 (Ter\u00e7a) E. Religioso 4\u00ba 06\/05 (Quarta) Espanhol Arte 4\u00ba 5\u00ba 07\/05 (Quinta) Ci\u00eancias 5\u00ba e [&hellip;]","og_url":"https:\/\/redeicm.org.br\/coracaodemaria\/data-das-provas-trimestrais\/","og_site_name":"Col\u00e9gio Cora\u00e7\u00e3o de Maria | Rede ICM","article_modified_time":"2026-04-27T20:08:05+00:00","twitter_card":"summary_large_image","twitter_misc":{"Est. tempo de leitura":"14 minutos"},"schema":{"@context":"https:\/\/schema.org","@graph":[{"@type":"WebPage","@id":"https:\/\/redeicm.org.br\/coracaodemaria\/data-das-provas-trimestrais\/","url":"https:\/\/redeicm.org.br\/coracaodemaria\/data-das-provas-trimestrais\/","name":"Data das Provas Trimestrais - Col\u00e9gio Cora\u00e7\u00e3o de Maria | Rede ICM","isPartOf":{"@id":"https:\/\/redeicm.org.br\/coracaodemaria\/#website"},"datePublished":"2024-09-21T15:47:16+00:00","dateModified":"2026-04-27T20:08:05+00:00","breadcrumb":{"@id":"https:\/\/redeicm.org.br\/coracaodemaria\/data-das-provas-trimestrais\/#breadcrumb"},"inLanguage":"pt-BR","potentialAction":[{"@type":"ReadAction","target":["https:\/\/redeicm.org.br\/coracaodemaria\/data-das-provas-trimestrais\/"]}]},{"@type":"BreadcrumbList","@id":"https:\/\/redeicm.org.br\/coracaodemaria\/data-das-provas-trimestrais\/#breadcrumb","itemListElement":[{"@type":"ListItem","position":1,"name":"In\u00edcio","item":"https:\/\/redeicm.org.br\/coracaodemaria\/"},{"@type":"ListItem","position":2,"name":"Data das Provas Trimestrais"}]},{"@type":"WebSite","@id":"https:\/\/redeicm.org.br\/coracaodemaria\/#website","url":"https:\/\/redeicm.org.br\/coracaodemaria\/","name":"Col\u00e9gio Cora\u00e7\u00e3o de Maria | Rede ICM","description":"","publisher":{"@id":"https:\/\/redeicm.org.br\/coracaodemaria\/#organization"},"potentialAction":[{"@type":"SearchAction","target":{"@type":"EntryPoint","urlTemplate":"https:\/\/redeicm.org.br\/coracaodemaria\/?s={search_term_string}"},"query-input":{"@type":"PropertyValueSpecification","valueRequired":true,"valueName":"search_term_string"}}],"inLanguage":"pt-BR"},{"@type":"Organization","@id":"https:\/\/redeicm.org.br\/coracaodemaria\/#organization","name":"Col\u00e9gio Cora\u00e7\u00e3o de Maria | Rede ICM","url":"https:\/\/redeicm.org.br\/coracaodemaria\/","logo":{"@type":"ImageObject","inLanguage":"pt-BR","@id":"https:\/\/redeicm.org.br\/coracaodemaria\/#\/schema\/logo\/image\/","url":"https:\/\/redeicm.org.br\/coracaodemaria\/wp-content\/uploads\/sites\/7\/2024\/08\/icm-educacao-coracao-de-maria-rs.webp","contentUrl":"https:\/\/redeicm.org.br\/coracaodemaria\/wp-content\/uploads\/sites\/7\/2024\/08\/icm-educacao-coracao-de-maria-rs.webp","width":1024,"height":297,"caption":"Col\u00e9gio Cora\u00e7\u00e3o de Maria | Rede ICM"},"image":{"@id":"https:\/\/redeicm.org.br\/coracaodemaria\/#\/schema\/logo\/image\/"}}]}},"_links":{"self":[{"href":"https:\/\/redeicm.org.br\/coracaodemaria\/wp-json\/wp\/v2\/pages\/405","targetHints":{"allow":["GET"]}}],"collection":[{"href":"https:\/\/redeicm.org.br\/coracaodemaria\/wp-json\/wp\/v2\/pages"}],"about":[{"href":"https:\/\/redeicm.org.br\/coracaodemaria\/wp-json\/wp\/v2\/types\/page"}],"author":[{"embeddable":true,"href":"https:\/\/redeicm.org.br\/coracaodemaria\/wp-json\/wp\/v2\/users\/1"}],"replies":[{"embeddable":true,"href":"https:\/\/redeicm.org.br\/coracaodemaria\/wp-json\/wp\/v2\/comments?post=405"}],"version-history":[{"count":84,"href":"https:\/\/redeicm.org.br\/coracaodemaria\/wp-json\/wp\/v2\/pages\/405\/revisions"}],"predecessor-version":[{"id":2457,"href":"https:\/\/redeicm.org.br\/coracaodemaria\/wp-json\/wp\/v2\/pages\/405\/revisions\/2457"}],"wp:attachment":[{"href":"https:\/\/redeicm.org.br\/coracaodemaria\/wp-json\/wp\/v2\/media?parent=405"}],"curies":[{"name":"wp","href":"https:\/\/api.w.org\/{rel}","templated":true}]}}