{"id":324,"date":"2024-08-20T09:54:40","date_gmt":"2024-08-20T12:54:40","guid":{"rendered":"https:\/\/redeicm.org.br\/carmo\/?page_id=324"},"modified":"2026-08-28T11:44:35","modified_gmt":"2026-08-28T14:44:35","slug":"rede-icm","status":"publish","type":"page","link":"https:\/\/redeicm.org.br\/carmo\/rede-icm\/","title":{"rendered":"Rede &#8211; ICM"},"content":{"rendered":"\t\t<div data-elementor-type=\"wp-page\" data-elementor-id=\"324\" class=\"elementor elementor-324\" data-elementor-post-type=\"page\">\n\t\t\t\t<div class=\"elementor-element elementor-element-b29bfa3 e-flex e-con-boxed e-con e-parent\" data-id=\"b29bfa3\" data-element_type=\"container\" data-e-type=\"container\" data-settings=\"{&quot;background_background&quot;:&quot;classic&quot;}\">\n\t\t\t\t\t<div class=\"e-con-inner\">\n\t\t\t\t<div class=\"elementor-element elementor-element-2297ccdd elementor-widget elementor-widget-heading\" data-id=\"2297ccdd\" data-element_type=\"widget\" data-e-type=\"widget\" data-widget_type=\"heading.default\">\n\t\t\t\t<div class=\"elementor-widget-container\">\n\t\t\t\t\t<h1 class=\"elementor-heading-title elementor-size-default\">Rede &#8211; ICM<\/h1>\t\t\t\t<\/div>\n\t\t\t\t<\/div>\n\t\t\t\t\t<\/div>\n\t\t\t\t<\/div>\n\t\t<div class=\"elementor-element elementor-element-48bf3ce2 e-flex e-con-boxed e-con e-parent\" data-id=\"48bf3ce2\" data-element_type=\"container\" data-e-type=\"container\">\n\t\t\t\t\t<div class=\"e-con-inner\">\n\t\t\t\t\t<\/div>\n\t\t\t\t<\/div>\n\t\t<div class=\"elementor-element elementor-element-1dbca14 e-con-full e-flex e-con e-parent\" data-id=\"1dbca14\" data-element_type=\"container\" data-e-type=\"container\">\n\t\t<div class=\"elementor-element elementor-element-6d3cecf6 e-flex e-con-boxed e-con e-child\" data-id=\"6d3cecf6\" data-element_type=\"container\" data-e-type=\"container\">\n\t\t\t\t\t<div class=\"e-con-inner\">\n\t\t\t\t<div class=\"elementor-element elementor-element-3eab8309 elementor-invisible elementor-widget elementor-widget-text-editor\" data-id=\"3eab8309\" data-element_type=\"widget\" data-e-type=\"widget\" data-settings=\"{&quot;_animation&quot;:&quot;fadeInUp&quot;}\" data-widget_type=\"text-editor.default\">\n\t\t\t\t<div class=\"elementor-widget-container\">\n\t\t\t\t\t\t\t\t\t<p><strong>MISS\u00c3O<\/strong><\/p><p>Promover Educa\u00e7\u00e3o de Excel\u00eancia, que priorize a vida e a ci\u00eancia, contribuindo para a forma\u00e7\u00e3o de pessoas conscientes e solid\u00e1rias, comprometidas com a constru\u00e7\u00e3o de um mundo melhor.<\/p><p><strong>VIS\u00c3O<\/strong><\/p><p>Ser uma Rede de Escolas de Excel\u00eancia com pr\u00e1ticas e ambientes pedag\u00f3gicos criativos, que capacitem os estudantes a superarem os desafios da Sociedade do Conhecimento, da Cultura Digital e da Inova\u00e7\u00e3o.<\/p><p><strong>PRINC\u00cdPIOS DA GEST\u00c3O<\/strong><\/p><ul><li><strong>Qualifica\u00e7\u00e3o Profissional<\/strong><\/li><\/ul><p>Atuar com compet\u00eancia t\u00e9cnica e comportamental, desenvolver, permanentemente, conhecimentos, habilidades e atitudes, exercer suas fun\u00e7\u00f5es com profissionalismo, qualidade e efici\u00eancia.<\/p><ul><li><strong>Inova\u00e7\u00e3o<\/strong><\/li><\/ul><p>Manter-se aberto aos cen\u00e1rios e \u00e0s tend\u00eancias, acolhendo e criando novas ideias, implementando mudan\u00e7as para atualiza\u00e7\u00e3o e crescimento da institui\u00e7\u00e3o.<\/p><ul><li><strong>Lideran\u00e7a e Empreendedorismo<\/strong><\/li><\/ul><p>Mobilizar pessoas, desenvolver mentalidades e comportamentos, provocando paix\u00e3o pela causa da institui\u00e7\u00e3o, com foco na inova\u00e7\u00e3o e na cria\u00e7\u00e3o de valor, transformando ideias em oportunidades.<\/p><ul><li><strong>Trabalho em equipe<\/strong><\/li><\/ul><p>Garantir colabora\u00e7\u00e3o e participa\u00e7\u00e3o das pessoas tomadas de decis\u00f5es, compartilhando esfor\u00e7os coletivos, para atingir os objetivos e metas planejados.<\/p><ul><li><strong>Rela\u00e7\u00f5es humanas, \u00e9ticas e solid\u00e1rias<\/strong><\/li><\/ul><p>Garantir colabora\u00e7\u00e3o e participa\u00e7\u00e3o das pessoas nas tomadas de decis\u00f5es, compartilhando esfor\u00e7os coletivos, para atingir os objetivos e metas planejados.<\/p><ul><li><strong>Planejamento e organiza\u00e7\u00e3o<\/strong><\/li><\/ul><p>Definir prioridades, objetivos e estrat\u00e9gias de curto, m\u00e9dio e longo prazo, mobilizando pessoas, recursos f\u00edsicos e financeiros, de forma organizada e estruturada, para atingir metas e resultados previstos.<\/p><ul><li><strong>Sustentabilidade<\/strong><\/li><\/ul><p>Garantir a sustentabilidade social, econ\u00f4mica e ambiental da institui\u00e7\u00e3o, assegurando o cuidado, a defesa e a promo\u00e7\u00e3o da vida.<\/p>\t\t\t\t\t\t\t\t<\/div>\n\t\t\t\t<\/div>\n\t\t\t\t\t<\/div>\n\t\t\t\t<\/div>\n\t\t\t\t<\/div>\n\t\t\t\t<\/div>\n\t\t","protected":false},"excerpt":{"rendered":"<p>MISS\u00c3O Promover Educa\u00e7\u00e3o de Excel\u00eancia, que priorize a vida e a ci\u00eancia, contribuindo para a forma\u00e7\u00e3o de pessoas conscientes e solid\u00e1rias, comprometidas com a constru\u00e7\u00e3o de um mundo melhor. VIS\u00c3O Ser uma Rede de Escolas de Excel\u00eancia com pr\u00e1ticas e ambientes pedag\u00f3gicos criativos, que capacitem os estudantes a superarem os desafios da Sociedade do Conhecimento, [&hellip;]<\/p>\n","protected":false},"author":1,"featured_media":105,"parent":0,"menu_order":0,"comment_status":"closed","ping_status":"closed","template":"","meta":{"_acf_changed":false,"footnotes":""},"class_list":["post-324","page","type-page","status-publish","has-post-thumbnail","hentry"],"acf":[],"yoast_head":"<!-- This site is optimized with the Yoast SEO plugin v27.8 - https:\/\/yoast.com\/product\/yoast-seo-wordpress\/ -->\n<title>Rede - ICM - Escola N. Sra. do Carmo | Rede ICM de Educa\u00e7\u00e3o<\/title>\n<meta name=\"robots\" content=\"index, follow, max-snippet:-1, max-image-preview:large, max-video-preview:-1\" \/>\n<link rel=\"canonical\" href=\"https:\/\/redeicm.org.br\/carmo\/rede-icm\/\" \/>\n<meta property=\"og:locale\" content=\"pt_BR\" \/>\n<meta property=\"og:type\" content=\"article\" \/>\n<meta property=\"og:title\" content=\"Rede - ICM - Escola N. Sra. do Carmo | Rede ICM de Educa\u00e7\u00e3o\" \/>\n<meta property=\"og:description\" content=\"MISS\u00c3O Promover Educa\u00e7\u00e3o de Excel\u00eancia, que priorize a vida e a ci\u00eancia, contribuindo para a forma\u00e7\u00e3o de pessoas conscientes e solid\u00e1rias, comprometidas com a constru\u00e7\u00e3o de um mundo melhor. VIS\u00c3O Ser uma Rede de Escolas de Excel\u00eancia com pr\u00e1ticas e ambientes pedag\u00f3gicos criativos, que capacitem os estudantes a superarem os desafios da Sociedade do Conhecimento, [&hellip;]\" \/>\n<meta property=\"og:url\" content=\"https:\/\/redeicm.org.br\/carmo\/rede-icm\/\" \/>\n<meta property=\"og:site_name\" content=\"Escola N. Sra. do Carmo | Rede ICM de Educa\u00e7\u00e3o\" \/>\n<meta property=\"article:modified_time\" content=\"2026-08-28T14:44:35+00:00\" \/>\n<meta property=\"og:image\" content=\"https:\/\/redeicm.org.br\/carmo\/wp-content\/uploads\/sites\/5\/2024\/08\/banner-barbara-maix-1.jpg\" \/>\n\t<meta property=\"og:image:width\" content=\"1440\" \/>\n\t<meta property=\"og:image:height\" content=\"400\" \/>\n\t<meta property=\"og:image:type\" content=\"image\/jpeg\" \/>\n<meta name=\"twitter:card\" content=\"summary_large_image\" \/>\n<meta name=\"twitter:label1\" content=\"Est. tempo de leitura\" \/>\n\t<meta name=\"twitter:data1\" content=\"2 minutos\" \/>\n<script type=\"application\/ld+json\" class=\"yoast-schema-graph\">{\"@context\":\"https:\\\/\\\/schema.org\",\"@graph\":[{\"@type\":\"WebPage\",\"@id\":\"https:\\\/\\\/redeicm.org.br\\\/carmo\\\/rede-icm\\\/\",\"url\":\"https:\\\/\\\/redeicm.org.br\\\/carmo\\\/rede-icm\\\/\",\"name\":\"Rede - ICM - Escola N. Sra. do Carmo | Rede ICM de Educa\u00e7\u00e3o\",\"isPartOf\":{\"@id\":\"https:\\\/\\\/redeicm.org.br\\\/carmo\\\/#website\"},\"primaryImageOfPage\":{\"@id\":\"https:\\\/\\\/redeicm.org.br\\\/carmo\\\/rede-icm\\\/#primaryimage\"},\"image\":{\"@id\":\"https:\\\/\\\/redeicm.org.br\\\/carmo\\\/rede-icm\\\/#primaryimage\"},\"thumbnailUrl\":\"https:\\\/\\\/redeicm.org.br\\\/carmo\\\/wp-content\\\/uploads\\\/sites\\\/5\\\/2024\\\/08\\\/banner-barbara-maix-1.jpg\",\"datePublished\":\"2024-08-20T12:54:40+00:00\",\"dateModified\":\"2026-08-28T14:44:35+00:00\",\"breadcrumb\":{\"@id\":\"https:\\\/\\\/redeicm.org.br\\\/carmo\\\/rede-icm\\\/#breadcrumb\"},\"inLanguage\":\"pt-BR\",\"potentialAction\":[{\"@type\":\"ReadAction\",\"target\":[\"https:\\\/\\\/redeicm.org.br\\\/carmo\\\/rede-icm\\\/\"]}]},{\"@type\":\"ImageObject\",\"inLanguage\":\"pt-BR\",\"@id\":\"https:\\\/\\\/redeicm.org.br\\\/carmo\\\/rede-icm\\\/#primaryimage\",\"url\":\"https:\\\/\\\/redeicm.org.br\\\/carmo\\\/wp-content\\\/uploads\\\/sites\\\/5\\\/2024\\\/08\\\/banner-barbara-maix-1.jpg\",\"contentUrl\":\"https:\\\/\\\/redeicm.org.br\\\/carmo\\\/wp-content\\\/uploads\\\/sites\\\/5\\\/2024\\\/08\\\/banner-barbara-maix-1.jpg\",\"width\":1440,\"height\":400},{\"@type\":\"BreadcrumbList\",\"@id\":\"https:\\\/\\\/redeicm.org.br\\\/carmo\\\/rede-icm\\\/#breadcrumb\",\"itemListElement\":[{\"@type\":\"ListItem\",\"position\":1,\"name\":\"In\u00edcio\",\"item\":\"https:\\\/\\\/redeicm.org.br\\\/carmo\\\/\"},{\"@type\":\"ListItem\",\"position\":2,\"name\":\"Rede &#8211; ICM\"}]},{\"@type\":\"WebSite\",\"@id\":\"https:\\\/\\\/redeicm.org.br\\\/carmo\\\/#website\",\"url\":\"https:\\\/\\\/redeicm.org.br\\\/carmo\\\/\",\"name\":\"Escola N. Sra. do Carmo | Rede ICM de Educa\u00e7\u00e3o\",\"description\":\"\",\"publisher\":{\"@id\":\"https:\\\/\\\/redeicm.org.br\\\/carmo\\\/#organization\"},\"potentialAction\":[{\"@type\":\"SearchAction\",\"target\":{\"@type\":\"EntryPoint\",\"urlTemplate\":\"https:\\\/\\\/redeicm.org.br\\\/carmo\\\/?s={search_term_string}\"},\"query-input\":{\"@type\":\"PropertyValueSpecification\",\"valueRequired\":true,\"valueName\":\"search_term_string\"}}],\"inLanguage\":\"pt-BR\"},{\"@type\":\"Organization\",\"@id\":\"https:\\\/\\\/redeicm.org.br\\\/carmo\\\/#organization\",\"name\":\"Escola N. Sra. do Carmo | Rede ICM de Educa\u00e7\u00e3o\",\"url\":\"https:\\\/\\\/redeicm.org.br\\\/carmo\\\/\",\"logo\":{\"@type\":\"ImageObject\",\"inLanguage\":\"pt-BR\",\"@id\":\"https:\\\/\\\/redeicm.org.br\\\/carmo\\\/#\\\/schema\\\/logo\\\/image\\\/\",\"url\":\"https:\\\/\\\/redeicm.org.br\\\/carmo\\\/wp-content\\\/uploads\\\/sites\\\/5\\\/2024\\\/08\\\/logo_Carmo.png\",\"contentUrl\":\"https:\\\/\\\/redeicm.org.br\\\/carmo\\\/wp-content\\\/uploads\\\/sites\\\/5\\\/2024\\\/08\\\/logo_Carmo.png\",\"width\":1024,\"height\":512,\"caption\":\"Escola N. Sra. do Carmo | Rede ICM de Educa\u00e7\u00e3o\"},\"image\":{\"@id\":\"https:\\\/\\\/redeicm.org.br\\\/carmo\\\/#\\\/schema\\\/logo\\\/image\\\/\"}}]}<\/script>\n<!-- \/ Yoast SEO plugin. -->","yoast_head_json":{"title":"Rede - ICM - Escola N. Sra. do Carmo | Rede ICM de Educa\u00e7\u00e3o","robots":{"index":"index","follow":"follow","max-snippet":"max-snippet:-1","max-image-preview":"max-image-preview:large","max-video-preview":"max-video-preview:-1"},"canonical":"https:\/\/redeicm.org.br\/carmo\/rede-icm\/","og_locale":"pt_BR","og_type":"article","og_title":"Rede - ICM - Escola N. Sra. do Carmo | Rede ICM de Educa\u00e7\u00e3o","og_description":"MISS\u00c3O Promover Educa\u00e7\u00e3o de Excel\u00eancia, que priorize a vida e a ci\u00eancia, contribuindo para a forma\u00e7\u00e3o de pessoas conscientes e solid\u00e1rias, comprometidas com a constru\u00e7\u00e3o de um mundo melhor. VIS\u00c3O Ser uma Rede de Escolas de Excel\u00eancia com pr\u00e1ticas e ambientes pedag\u00f3gicos criativos, que capacitem os estudantes a superarem os desafios da Sociedade do Conhecimento, [&hellip;]","og_url":"https:\/\/redeicm.org.br\/carmo\/rede-icm\/","og_site_name":"Escola N. Sra. do Carmo | Rede ICM de Educa\u00e7\u00e3o","article_modified_time":"2026-08-28T14:44:35+00:00","og_image":[{"width":1440,"height":400,"url":"https:\/\/redeicm.org.br\/carmo\/wp-content\/uploads\/sites\/5\/2024\/08\/banner-barbara-maix-1.jpg","type":"image\/jpeg"}],"twitter_card":"summary_large_image","twitter_misc":{"Est. tempo de leitura":"2 minutos"},"schema":{"@context":"https:\/\/schema.org","@graph":[{"@type":"WebPage","@id":"https:\/\/redeicm.org.br\/carmo\/rede-icm\/","url":"https:\/\/redeicm.org.br\/carmo\/rede-icm\/","name":"Rede - ICM - Escola N. Sra. do Carmo | Rede ICM de Educa\u00e7\u00e3o","isPartOf":{"@id":"https:\/\/redeicm.org.br\/carmo\/#website"},"primaryImageOfPage":{"@id":"https:\/\/redeicm.org.br\/carmo\/rede-icm\/#primaryimage"},"image":{"@id":"https:\/\/redeicm.org.br\/carmo\/rede-icm\/#primaryimage"},"thumbnailUrl":"https:\/\/redeicm.org.br\/carmo\/wp-content\/uploads\/sites\/5\/2024\/08\/banner-barbara-maix-1.jpg","datePublished":"2024-08-20T12:54:40+00:00","dateModified":"2026-08-28T14:44:35+00:00","breadcrumb":{"@id":"https:\/\/redeicm.org.br\/carmo\/rede-icm\/#breadcrumb"},"inLanguage":"pt-BR","potentialAction":[{"@type":"ReadAction","target":["https:\/\/redeicm.org.br\/carmo\/rede-icm\/"]}]},{"@type":"ImageObject","inLanguage":"pt-BR","@id":"https:\/\/redeicm.org.br\/carmo\/rede-icm\/#primaryimage","url":"https:\/\/redeicm.org.br\/carmo\/wp-content\/uploads\/sites\/5\/2024\/08\/banner-barbara-maix-1.jpg","contentUrl":"https:\/\/redeicm.org.br\/carmo\/wp-content\/uploads\/sites\/5\/2024\/08\/banner-barbara-maix-1.jpg","width":1440,"height":400},{"@type":"BreadcrumbList","@id":"https:\/\/redeicm.org.br\/carmo\/rede-icm\/#breadcrumb","itemListElement":[{"@type":"ListItem","position":1,"name":"In\u00edcio","item":"https:\/\/redeicm.org.br\/carmo\/"},{"@type":"ListItem","position":2,"name":"Rede &#8211; ICM"}]},{"@type":"WebSite","@id":"https:\/\/redeicm.org.br\/carmo\/#website","url":"https:\/\/redeicm.org.br\/carmo\/","name":"Escola N. Sra. do Carmo | Rede ICM de Educa\u00e7\u00e3o","description":"","publisher":{"@id":"https:\/\/redeicm.org.br\/carmo\/#organization"},"potentialAction":[{"@type":"SearchAction","target":{"@type":"EntryPoint","urlTemplate":"https:\/\/redeicm.org.br\/carmo\/?s={search_term_string}"},"query-input":{"@type":"PropertyValueSpecification","valueRequired":true,"valueName":"search_term_string"}}],"inLanguage":"pt-BR"},{"@type":"Organization","@id":"https:\/\/redeicm.org.br\/carmo\/#organization","name":"Escola N. Sra. do Carmo | Rede ICM de Educa\u00e7\u00e3o","url":"https:\/\/redeicm.org.br\/carmo\/","logo":{"@type":"ImageObject","inLanguage":"pt-BR","@id":"https:\/\/redeicm.org.br\/carmo\/#\/schema\/logo\/image\/","url":"https:\/\/redeicm.org.br\/carmo\/wp-content\/uploads\/sites\/5\/2024\/08\/logo_Carmo.png","contentUrl":"https:\/\/redeicm.org.br\/carmo\/wp-content\/uploads\/sites\/5\/2024\/08\/logo_Carmo.png","width":1024,"height":512,"caption":"Escola N. Sra. do Carmo | Rede ICM de Educa\u00e7\u00e3o"},"image":{"@id":"https:\/\/redeicm.org.br\/carmo\/#\/schema\/logo\/image\/"}}]}},"_links":{"self":[{"href":"https:\/\/redeicm.org.br\/carmo\/wp-json\/wp\/v2\/pages\/324","targetHints":{"allow":["GET"]}}],"collection":[{"href":"https:\/\/redeicm.org.br\/carmo\/wp-json\/wp\/v2\/pages"}],"about":[{"href":"https:\/\/redeicm.org.br\/carmo\/wp-json\/wp\/v2\/types\/page"}],"author":[{"embeddable":true,"href":"https:\/\/redeicm.org.br\/carmo\/wp-json\/wp\/v2\/users\/1"}],"replies":[{"embeddable":true,"href":"https:\/\/redeicm.org.br\/carmo\/wp-json\/wp\/v2\/comments?post=324"}],"version-history":[{"count":3,"href":"https:\/\/redeicm.org.br\/carmo\/wp-json\/wp\/v2\/pages\/324\/revisions"}],"predecessor-version":[{"id":3463,"href":"https:\/\/redeicm.org.br\/carmo\/wp-json\/wp\/v2\/pages\/324\/revisions\/3463"}],"wp:featuredmedia":[{"embeddable":true,"href":"https:\/\/redeicm.org.br\/carmo\/wp-json\/wp\/v2\/media\/105"}],"wp:attachment":[{"href":"https:\/\/redeicm.org.br\/carmo\/wp-json\/wp\/v2\/media?parent=324"}],"curies":[{"name":"wp","href":"https:\/\/api.w.org\/{rel}","templated":true}]}}