{"id":110,"date":"2024-08-14T15:28:05","date_gmt":"2024-08-14T18:28:05","guid":{"rendered":"https:\/\/redeicm.org.br\/carmo\/ensino-fundamental-anos-finais\/"},"modified":"2026-08-28T11:15:05","modified_gmt":"2026-08-28T14:15:05","slug":"ensino-fundamental-anos-finais","status":"publish","type":"page","link":"https:\/\/redeicm.org.br\/carmo\/ensino-fundamental-anos-finais\/","title":{"rendered":"Ensino Fundamental \u2013 Anos finais"},"content":{"rendered":"\t\t<div data-elementor-type=\"wp-page\" data-elementor-id=\"110\" class=\"elementor elementor-110\" data-elementor-post-type=\"page\">\n\t\t\t\t<div class=\"elementor-element elementor-element-7d9f9446 e-flex e-con-boxed e-con e-parent\" data-id=\"7d9f9446\" data-element_type=\"container\" data-e-type=\"container\" data-settings=\"{&quot;background_background&quot;:&quot;classic&quot;}\">\n\t\t\t\t\t<div class=\"e-con-inner\">\n\t\t\t\t\t<\/div>\n\t\t\t\t<\/div>\n\t\t<div class=\"elementor-element elementor-element-1937eeec e-flex e-con-boxed e-con e-parent\" data-id=\"1937eeec\" data-element_type=\"container\" data-e-type=\"container\">\n\t\t\t\t\t<div class=\"e-con-inner\">\n\t\t\t\t<div class=\"elementor-element elementor-element-2fb7211d elementor-widget elementor-widget-heading\" data-id=\"2fb7211d\" data-element_type=\"widget\" data-e-type=\"widget\" data-widget_type=\"heading.default\">\n\t\t\t\t<div class=\"elementor-widget-container\">\n\t\t\t\t\t<h1 class=\"elementor-heading-title elementor-size-default\">Ensino Fundamental \u2013 Anos finais<\/h1>\t\t\t\t<\/div>\n\t\t\t\t<\/div>\n\t\t\t\t\t<\/div>\n\t\t\t\t<\/div>\n\t\t<div class=\"elementor-element elementor-element-3bc92487 e-con-full e-flex e-con e-parent\" data-id=\"3bc92487\" data-element_type=\"container\" data-e-type=\"container\">\n\t\t<div class=\"elementor-element elementor-element-31cd7a96 e-flex e-con-boxed e-con e-child\" data-id=\"31cd7a96\" data-element_type=\"container\" data-e-type=\"container\">\n\t\t\t\t\t<div class=\"e-con-inner\">\n\t\t\t\t<div class=\"elementor-element elementor-element-1a72e9a5 elementor-invisible elementor-widget elementor-widget-text-editor\" data-id=\"1a72e9a5\" data-element_type=\"widget\" data-e-type=\"widget\" data-settings=\"{&quot;_animation&quot;:&quot;fadeInUp&quot;}\" data-widget_type=\"text-editor.default\">\n\t\t\t\t<div class=\"elementor-widget-container\">\n\t\t\t\t\t\t\t\t\t<p style=\"text-align: justify\"><span style=\"font-size: 11.0pt;line-height: 115%\">Nos Anos Finais do Ensino<br \/>Fundamental, 6\u00ba ao 9\u00ba ano, a Escola Nossa Senhora do Carmo tem como princ\u00edpio b\u00e1sico a forma\u00e7\u00e3o<br \/>integral do ser humano, a fomenta\u00e7\u00e3o do protagonismo juvenil, aprendizagem<br \/>significativa e conex\u00e3o entre teoria e pr\u00e1tica para o desenvolvimento de<br \/>compet\u00eancias e habilidades cognitivas e socioemocionais, cujo objetivo central seja<br \/>preparar o estudante para atuar de forma consciente, aut\u00f4noma e \u00e9tica na<br \/>sociedade, capacitando-o a compreender a realidade, intervir positivamente em<br \/>seu meio e enfrentar os desafios do mundo contempor\u00e2neo com pensamento cr\u00edtico,<br \/>solidariedade, senso de justi\u00e7a e responsabilidade social.<\/span><\/p><p><b><span style=\"font-size: 11.0pt;line-height: 115%\">Eixos Estruturais da Proposta Pedag\u00f3gica:<\/span><\/b><\/p><p style=\"margin-left: 18.0pt;text-align: justify;text-indent: -18.0pt\"><!-- [if !supportLists]--><span style=\"font-size: 10.0pt;line-height: 115%;font-family: Symbol\">\u00b7<span style=\"font-style: normal;font-variant: normal;font-size: 7pt;line-height: normal\">\u00a0\u00a0\u00a0\u00a0\u00a0\u00a0\u00a0\u00a0<br \/><\/span><\/span><!--[endif]--><b><span style=\"font-size: 11.0pt;line-height: 115%\">Protagonismo Estudantil<\/span><\/b><span style=\"font-size: 11.0pt;line-height: 115%\">: o<br \/>aluno assume o papel central na busca pelo conhecimento, participando<br \/>ativamente das decis\u00f5es e da constru\u00e7\u00e3o de projetos.<\/span><\/p><p style=\"margin-left: 18.0pt;text-align: justify;text-indent: -18.0pt\"><!-- [if !supportLists]--><span style=\"font-size: 10.0pt;line-height: 115%;font-family: Symbol\">\u00b7<span style=\"font-style: normal;font-variant: normal;font-size: 7pt;line-height: normal\">\u00a0\u00a0\u00a0\u00a0\u00a0\u00a0\u00a0\u00a0<br \/><\/span><\/span><!--[endif]--><b><span style=\"font-size: 11.0pt;line-height: 115%\">Aprendizagem Significativa<\/span><\/b><span style=\"font-size: 11.0pt;line-height: 115%\">: os<br \/>conte\u00fados escolares conectam-se com a realidade do estudante e com situa\u00e7\u00f5es<br \/>reais do cotidiano.<\/span><\/p><p style=\"margin-left: 18.0pt;text-align: justify;text-indent: -18.0pt\"><!-- [if !supportLists]--><span style=\"font-size: 10.0pt;line-height: 115%;font-family: Symbol\">\u00b7<span style=\"font-style: normal;font-variant: normal;font-size: 7pt;line-height: normal\">\u00a0\u00a0\u00a0\u00a0\u00a0\u00a0\u00a0\u00a0<br \/><\/span><\/span><!--[endif]--><b><span style=\"font-size: 11.0pt;line-height: 115%\">Educa\u00e7\u00e3o Humanizadora<\/span><\/b><span style=\"font-size: 11.0pt;line-height: 115%\">: foco<br \/>no desenvolvimento \u00e9tico, emp\u00e1tico e socioemocional, valorizando o respeito<br \/>m\u00fatuo e a diversidade.<\/span><\/p><p style=\"margin-left: 18.0pt;text-align: justify;text-indent: -18.0pt\"><!-- [if !supportLists]--><span style=\"font-size: 10.0pt;line-height: 115%;font-family: Symbol\">\u00b7<span style=\"font-style: normal;font-variant: normal;font-size: 7pt;line-height: normal\">\u00a0\u00a0\u00a0\u00a0\u00a0\u00a0\u00a0\u00a0<br \/><\/span><\/span><!--[endif]--><b><span style=\"font-size: 11.0pt;line-height: 115%\">Inova\u00e7\u00e3o e Tecnologia<\/span><\/b><span style=\"font-size: 11.0pt;line-height: 115%\">: uso<br \/>de recursos digitais e metodologias ativas para engajar e transformar o ato de<br \/>aprender.<\/span><\/p><p style=\"text-align: justify\"><b><span style=\"font-size: 11.0pt;line-height: 115%\">\u00a0<\/span><\/b><\/p><p style=\"text-align: justify\"><b><span style=\"font-size: 11.0pt;line-height: 115%\">DIFERENCIAIS<br \/>DOS ANOS FINAIS<\/span><\/b><\/p><p style=\"margin-left: 18.0pt;text-align: justify;text-indent: -18.0pt\"><!-- [if !supportLists]--><span style=\"font-size: 10.0pt;line-height: 115%;font-family: Symbol\">\u00b7<span style=\"font-style: normal;font-variant: normal;font-size: 7pt;line-height: normal\">\u00a0\u00a0\u00a0\u00a0\u00a0\u00a0\u00a0\u00a0<br \/><\/span><\/span><!--[endif]--><b><span style=\"font-size: 11.0pt;line-height: 115%\">Projetos interdisciplinares<\/span><\/b><span style=\"font-size: 11.0pt;line-height: 115%\">: integra\u00e7\u00e3o<br \/>de diferentes \u00e1reas do conhecimento para investigar temas transversais da<br \/>sociedade contempor\u00e2nea.<\/span><\/p><p style=\"margin-left: 18.0pt;text-align: justify;text-indent: -18.0pt\"><!-- [if !supportLists]--><span style=\"font-size: 10.0pt;line-height: 115%;font-family: Symbol\">\u00b7<span style=\"font-style: normal;font-variant: normal;font-size: 7pt;line-height: normal\">\u00a0\u00a0\u00a0\u00a0\u00a0\u00a0\u00a0\u00a0<br \/><\/span><\/span><!--[endif]--><b><span style=\"font-size: 11.0pt;line-height: 115%\">Inicia\u00e7\u00e3o cient\u00edfica<\/span><\/b><span style=\"font-size: 11.0pt;line-height: 115%\">: est\u00edmulo<br \/>\u00e0 curiosidade investigativa, formula\u00e7\u00e3o de hip\u00f3teses, coleta de dados e<br \/>apresenta\u00e7\u00e3o de solu\u00e7\u00f5es criativas.<\/span><\/p><p style=\"margin-left: 18.0pt;text-align: justify;text-indent: -18.0pt\"><!-- [if !supportLists]--><span style=\"font-size: 10.0pt;line-height: 115%;font-family: Symbol\">\u00b7<span style=\"font-style: normal;font-variant: normal;font-size: 7pt;line-height: normal\">\u00a0\u00a0\u00a0\u00a0\u00a0\u00a0\u00a0\u00a0<br \/><\/span><\/span><!--[endif]--><b><span style=\"font-size: 11.0pt;line-height: 115%\">Conex\u00e3o entre a teoria e a pr\u00e1tica<\/span><\/b><span style=\"font-size: 11.0pt;line-height: 115%\">: aulas<br \/>pr\u00e1ticas no laborat\u00f3rio de Ci\u00eancias, sa\u00eddas culturais e rodas de conversas que<br \/>permitem ao estudante aplicar o conhecimento acad\u00eamico em a\u00e7\u00f5es concretas.<\/span><\/p><p style=\"margin-left: 18.0pt;text-align: justify;text-indent: -18.0pt\"><!-- [if !supportLists]--><span style=\"font-size: 10.0pt;line-height: 115%;font-family: Symbol\">\u00b7<span style=\"font-style: normal;font-variant: normal;font-size: 7pt;line-height: normal\">\u00a0\u00a0\u00a0\u00a0\u00a0\u00a0\u00a0\u00a0<br \/><\/span><\/span><!--[endif]--><b><span style=\"font-size: 11.0pt;line-height: 115%\">Desenvolvimento socioemocional<\/span><\/b><span style=\"font-size: 11.0pt;line-height: 115%\">: atividades<br \/>regulares voltadas para autogest\u00e3o, resili\u00eancia, colabora\u00e7\u00e3o e tomada de<br \/>decis\u00e3o respons\u00e1vel.<\/span><\/p><p style=\"margin-left: 18.0pt;text-align: justify;text-indent: -18.0pt\"><!-- [if !supportLists]--><span style=\"font-size: 10.0pt;line-height: 115%;font-family: Symbol\">\u00b7<span style=\"font-style: normal;font-variant: normal;font-size: 7pt;line-height: normal\">\u00a0\u00a0\u00a0\u00a0\u00a0\u00a0\u00a0\u00a0<br \/><\/span><\/span><!--[endif]--><b><span style=\"font-size: 11.0pt;line-height: 115%\">Avalia\u00e7\u00e3o formativa<\/span><\/b><span style=\"font-size: 11.0pt;line-height: 115%\">: acompanhamento<br \/>cont\u00ednuo do progresso do estudante, valorizando os erros como etapas do<br \/>aprendizado e ajustando rotas pedag\u00f3gicas.<\/span><\/p><p style=\"margin-left: 18.0pt;text-align: justify;text-indent: -18.0pt\"><!-- [if !supportLists]--><span style=\"font-size: 10.0pt;line-height: 115%;font-family: Symbol\">\u00b7<span style=\"font-style: normal;font-variant: normal;font-size: 7pt;line-height: normal\">\u00a0\u00a0\u00a0\u00a0\u00a0\u00a0\u00a0\u00a0<br \/><\/span><\/span><!--[endif]--><b><span style=\"font-size: 11.0pt;line-height: 115%\">Parceria com as Fam\u00edlias<\/span><\/b><span style=\"font-size: 11.0pt;line-height: 115%\">: di\u00e1logo<br \/>constante com os respons\u00e1veis para alinhar expectativas e apoiar o percurso<br \/>formativo do estudante.<\/span><\/p><p style=\"text-align: justify\"><span style=\"font-size: 11.0pt;line-height: 115%\">\u00a0<\/span><\/p><p style=\"text-align: justify\"><b><span style=\"font-size: 11.0pt;line-height: 115%\">PROPOSTA DE<br \/>VALOR<\/span><\/b><\/p><p style=\"text-align: justify\"><b><span style=\"font-size: 11.0pt;line-height: 115%\">PROTAGONISMO E LIDERAN\u00c7A:<\/span><\/b><span style=\"font-size: 11.0pt;line-height: 115%\">\u00a0Promovemos o crescimento pessoal e coletivo, o desenvolvimento da autonomia, a<br \/>iniciativa, a colabora\u00e7\u00e3o, a participa\u00e7\u00e3o, a amplia\u00e7\u00e3o de saberes e a<br \/>competitividade saud\u00e1vel com \u00e9tica e responsabilidade.<\/span><\/p><p style=\"text-align: justify\"><b><span style=\"font-size: 11.0pt;line-height: 115%\">CIENTIFICIDADE E LETRAMENTO<br \/>TECNOL\u00d3GICO:<\/span><\/b><span style=\"font-size: 11.0pt;line-height: 115%\">\u00a0Desafiamos o estudante a desenvolver o<br \/>letramento tecnol\u00f3gico e a pesquisa cient\u00edfica, com foco na interven\u00e7\u00e3o social.<br \/><\/span><\/p><p style=\"text-align: justify\"><b><span style=\"font-size: 11.0pt;line-height: 115%\">ESPA\u00c7OS COLABORATIVOS E<br \/>CONECTADOS:<\/span><\/b><span style=\"font-size: 11.0pt;line-height: 115%\"> Realizamos atividades e projetos em espa\u00e7os<br \/>h\u00edbridos, multimodais e inovadores que ressignificam a aprendizagem, com o<br \/>apoio de metodologias ativas e das tecnologias digitais. <\/span><\/p><p style=\"text-align: justify\"><b><span style=\"font-size: 11.0pt;line-height: 115%\">PRENDER A APRENDER:<\/span><\/b><span style=\"font-size: 11.0pt;line-height: 115%\"><br \/>Desenvolvemos compet\u00eancias e habilidades, com apoio de metodologias ativas,<br \/>permitindo ao estudante continuar aprendendo ao longo de sua vida. <\/span><\/p><p style=\"text-align: justify\"><b><span style=\"font-size: 11.0pt;line-height: 115%\">SUSTENTABILIDADE E CUIDADO<br \/>COM O MUNDO:<\/span><\/b><span style=\"font-size: 11.0pt;line-height: 115%\"> Enfatizamos e desenvolvemos o sentido de<br \/>pertencimento, a justi\u00e7a social e o compromisso cidad\u00e3o, atrav\u00e9s do<br \/>fortalecimento da criticidade e da solidariedade. <\/span><\/p><p style=\"text-align: justify\"><b><span style=\"font-size: 11.0pt;line-height: 115%\">AUTOGEST\u00c3O FINANCEIRA:<\/span><\/b><span style=\"font-size: 11.0pt;line-height: 115%\"><br \/>Desenvolvemos no estudante o pensar estrat\u00e9gico em rela\u00e7\u00e3o ao gerenciamento de<br \/>seus recursos, do tempo e da sua a\u00e7\u00e3o, construindo o senso \u00e9tico e sustent\u00e1vel<br \/>para a tomada de decis\u00f5es.\u00a0<\/span><\/p>\t\t\t\t\t\t\t\t<\/div>\n\t\t\t\t<\/div>\n\t\t\t\t\t<\/div>\n\t\t\t\t<\/div>\n\t\t\t\t<\/div>\n\t\t\t\t<\/div>\n\t\t","protected":false},"excerpt":{"rendered":"<p>Nos Anos Finais do EnsinoFundamental, 6\u00ba ao 9\u00ba ano, a Escola Nossa Senhora do Carmo tem como princ\u00edpio b\u00e1sico a forma\u00e7\u00e3ointegral do ser humano, a fomenta\u00e7\u00e3o do protagonismo juvenil, aprendizagemsignificativa e conex\u00e3o entre teoria e pr\u00e1tica para o desenvolvimento decompet\u00eancias e habilidades cognitivas e socioemocionais, cujo objetivo central sejapreparar o estudante para atuar de forma [&hellip;]<\/p>\n","protected":false},"author":1,"featured_media":3402,"parent":0,"menu_order":0,"comment_status":"closed","ping_status":"closed","template":"","meta":{"_acf_changed":false,"footnotes":""},"class_list":["post-110","page","type-page","status-publish","has-post-thumbnail","hentry"],"acf":[],"yoast_head":"<!-- This site is optimized with the Yoast SEO plugin v27.8 - https:\/\/yoast.com\/product\/yoast-seo-wordpress\/ -->\n<title>Ensino Fundamental \u2013 Anos finais - Escola N. Sra. do Carmo | Rede ICM de Educa\u00e7\u00e3o<\/title>\n<meta name=\"robots\" content=\"index, follow, max-snippet:-1, max-image-preview:large, max-video-preview:-1\" \/>\n<link rel=\"canonical\" href=\"https:\/\/redeicm.org.br\/carmo\/ensino-fundamental-anos-finais\/\" \/>\n<meta property=\"og:locale\" content=\"pt_BR\" \/>\n<meta property=\"og:type\" content=\"article\" \/>\n<meta property=\"og:title\" content=\"Ensino Fundamental \u2013 Anos finais - Escola N. Sra. do Carmo | Rede ICM de Educa\u00e7\u00e3o\" \/>\n<meta property=\"og:description\" content=\"Nos Anos Finais do EnsinoFundamental, 6\u00ba ao 9\u00ba ano, a Escola Nossa Senhora do Carmo tem como princ\u00edpio b\u00e1sico a forma\u00e7\u00e3ointegral do ser humano, a fomenta\u00e7\u00e3o do protagonismo juvenil, aprendizagemsignificativa e conex\u00e3o entre teoria e pr\u00e1tica para o desenvolvimento decompet\u00eancias e habilidades cognitivas e socioemocionais, cujo objetivo central sejapreparar o estudante para atuar de forma [&hellip;]\" \/>\n<meta property=\"og:url\" content=\"https:\/\/redeicm.org.br\/carmo\/ensino-fundamental-anos-finais\/\" \/>\n<meta property=\"og:site_name\" content=\"Escola N. Sra. do Carmo | Rede ICM de Educa\u00e7\u00e3o\" \/>\n<meta property=\"article:modified_time\" content=\"2026-08-28T14:15:05+00:00\" \/>\n<meta property=\"og:image\" content=\"https:\/\/redeicm.org.br\/carmo\/wp-content\/uploads\/sites\/5\/2026\/08\/fund-2-scaled.jpg\" \/>\n\t<meta property=\"og:image:width\" content=\"2560\" \/>\n\t<meta property=\"og:image:height\" content=\"568\" \/>\n\t<meta property=\"og:image:type\" content=\"image\/jpeg\" \/>\n<meta name=\"twitter:card\" content=\"summary_large_image\" \/>\n<meta name=\"twitter:label1\" content=\"Est. tempo de leitura\" \/>\n\t<meta name=\"twitter:data1\" content=\"3 minutos\" \/>\n<script type=\"application\/ld+json\" class=\"yoast-schema-graph\">{\"@context\":\"https:\\\/\\\/schema.org\",\"@graph\":[{\"@type\":\"WebPage\",\"@id\":\"https:\\\/\\\/redeicm.org.br\\\/carmo\\\/ensino-fundamental-anos-finais\\\/\",\"url\":\"https:\\\/\\\/redeicm.org.br\\\/carmo\\\/ensino-fundamental-anos-finais\\\/\",\"name\":\"Ensino Fundamental \u2013 Anos finais - Escola N. Sra. do Carmo | Rede ICM de Educa\u00e7\u00e3o\",\"isPartOf\":{\"@id\":\"https:\\\/\\\/redeicm.org.br\\\/carmo\\\/#website\"},\"primaryImageOfPage\":{\"@id\":\"https:\\\/\\\/redeicm.org.br\\\/carmo\\\/ensino-fundamental-anos-finais\\\/#primaryimage\"},\"image\":{\"@id\":\"https:\\\/\\\/redeicm.org.br\\\/carmo\\\/ensino-fundamental-anos-finais\\\/#primaryimage\"},\"thumbnailUrl\":\"https:\\\/\\\/redeicm.org.br\\\/carmo\\\/wp-content\\\/uploads\\\/sites\\\/5\\\/2026\\\/08\\\/fund-2-scaled.jpg\",\"datePublished\":\"2024-08-14T18:28:05+00:00\",\"dateModified\":\"2026-08-28T14:15:05+00:00\",\"breadcrumb\":{\"@id\":\"https:\\\/\\\/redeicm.org.br\\\/carmo\\\/ensino-fundamental-anos-finais\\\/#breadcrumb\"},\"inLanguage\":\"pt-BR\",\"potentialAction\":[{\"@type\":\"ReadAction\",\"target\":[\"https:\\\/\\\/redeicm.org.br\\\/carmo\\\/ensino-fundamental-anos-finais\\\/\"]}]},{\"@type\":\"ImageObject\",\"inLanguage\":\"pt-BR\",\"@id\":\"https:\\\/\\\/redeicm.org.br\\\/carmo\\\/ensino-fundamental-anos-finais\\\/#primaryimage\",\"url\":\"https:\\\/\\\/redeicm.org.br\\\/carmo\\\/wp-content\\\/uploads\\\/sites\\\/5\\\/2026\\\/08\\\/fund-2-scaled.jpg\",\"contentUrl\":\"https:\\\/\\\/redeicm.org.br\\\/carmo\\\/wp-content\\\/uploads\\\/sites\\\/5\\\/2026\\\/08\\\/fund-2-scaled.jpg\",\"width\":2560,\"height\":568},{\"@type\":\"BreadcrumbList\",\"@id\":\"https:\\\/\\\/redeicm.org.br\\\/carmo\\\/ensino-fundamental-anos-finais\\\/#breadcrumb\",\"itemListElement\":[{\"@type\":\"ListItem\",\"position\":1,\"name\":\"In\u00edcio\",\"item\":\"https:\\\/\\\/redeicm.org.br\\\/carmo\\\/\"},{\"@type\":\"ListItem\",\"position\":2,\"name\":\"Ensino Fundamental \u2013 Anos finais\"}]},{\"@type\":\"WebSite\",\"@id\":\"https:\\\/\\\/redeicm.org.br\\\/carmo\\\/#website\",\"url\":\"https:\\\/\\\/redeicm.org.br\\\/carmo\\\/\",\"name\":\"Escola N. Sra. do Carmo | Rede ICM de Educa\u00e7\u00e3o\",\"description\":\"\",\"publisher\":{\"@id\":\"https:\\\/\\\/redeicm.org.br\\\/carmo\\\/#organization\"},\"potentialAction\":[{\"@type\":\"SearchAction\",\"target\":{\"@type\":\"EntryPoint\",\"urlTemplate\":\"https:\\\/\\\/redeicm.org.br\\\/carmo\\\/?s={search_term_string}\"},\"query-input\":{\"@type\":\"PropertyValueSpecification\",\"valueRequired\":true,\"valueName\":\"search_term_string\"}}],\"inLanguage\":\"pt-BR\"},{\"@type\":\"Organization\",\"@id\":\"https:\\\/\\\/redeicm.org.br\\\/carmo\\\/#organization\",\"name\":\"Escola N. Sra. do Carmo | Rede ICM de Educa\u00e7\u00e3o\",\"url\":\"https:\\\/\\\/redeicm.org.br\\\/carmo\\\/\",\"logo\":{\"@type\":\"ImageObject\",\"inLanguage\":\"pt-BR\",\"@id\":\"https:\\\/\\\/redeicm.org.br\\\/carmo\\\/#\\\/schema\\\/logo\\\/image\\\/\",\"url\":\"https:\\\/\\\/redeicm.org.br\\\/carmo\\\/wp-content\\\/uploads\\\/sites\\\/5\\\/2024\\\/08\\\/logo_Carmo.png\",\"contentUrl\":\"https:\\\/\\\/redeicm.org.br\\\/carmo\\\/wp-content\\\/uploads\\\/sites\\\/5\\\/2024\\\/08\\\/logo_Carmo.png\",\"width\":1024,\"height\":512,\"caption\":\"Escola N. Sra. do Carmo | Rede ICM de Educa\u00e7\u00e3o\"},\"image\":{\"@id\":\"https:\\\/\\\/redeicm.org.br\\\/carmo\\\/#\\\/schema\\\/logo\\\/image\\\/\"}}]}<\/script>\n<!-- \/ Yoast SEO plugin. -->","yoast_head_json":{"title":"Ensino Fundamental \u2013 Anos finais - Escola N. Sra. do Carmo | Rede ICM de Educa\u00e7\u00e3o","robots":{"index":"index","follow":"follow","max-snippet":"max-snippet:-1","max-image-preview":"max-image-preview:large","max-video-preview":"max-video-preview:-1"},"canonical":"https:\/\/redeicm.org.br\/carmo\/ensino-fundamental-anos-finais\/","og_locale":"pt_BR","og_type":"article","og_title":"Ensino Fundamental \u2013 Anos finais - Escola N. Sra. do Carmo | Rede ICM de Educa\u00e7\u00e3o","og_description":"Nos Anos Finais do EnsinoFundamental, 6\u00ba ao 9\u00ba ano, a Escola Nossa Senhora do Carmo tem como princ\u00edpio b\u00e1sico a forma\u00e7\u00e3ointegral do ser humano, a fomenta\u00e7\u00e3o do protagonismo juvenil, aprendizagemsignificativa e conex\u00e3o entre teoria e pr\u00e1tica para o desenvolvimento decompet\u00eancias e habilidades cognitivas e socioemocionais, cujo objetivo central sejapreparar o estudante para atuar de forma [&hellip;]","og_url":"https:\/\/redeicm.org.br\/carmo\/ensino-fundamental-anos-finais\/","og_site_name":"Escola N. Sra. do Carmo | Rede ICM de Educa\u00e7\u00e3o","article_modified_time":"2026-08-28T14:15:05+00:00","og_image":[{"width":2560,"height":568,"url":"https:\/\/redeicm.org.br\/carmo\/wp-content\/uploads\/sites\/5\/2026\/08\/fund-2-scaled.jpg","type":"image\/jpeg"}],"twitter_card":"summary_large_image","twitter_misc":{"Est. tempo de leitura":"3 minutos"},"schema":{"@context":"https:\/\/schema.org","@graph":[{"@type":"WebPage","@id":"https:\/\/redeicm.org.br\/carmo\/ensino-fundamental-anos-finais\/","url":"https:\/\/redeicm.org.br\/carmo\/ensino-fundamental-anos-finais\/","name":"Ensino Fundamental \u2013 Anos finais - Escola N. Sra. do Carmo | Rede ICM de Educa\u00e7\u00e3o","isPartOf":{"@id":"https:\/\/redeicm.org.br\/carmo\/#website"},"primaryImageOfPage":{"@id":"https:\/\/redeicm.org.br\/carmo\/ensino-fundamental-anos-finais\/#primaryimage"},"image":{"@id":"https:\/\/redeicm.org.br\/carmo\/ensino-fundamental-anos-finais\/#primaryimage"},"thumbnailUrl":"https:\/\/redeicm.org.br\/carmo\/wp-content\/uploads\/sites\/5\/2026\/08\/fund-2-scaled.jpg","datePublished":"2024-08-14T18:28:05+00:00","dateModified":"2026-08-28T14:15:05+00:00","breadcrumb":{"@id":"https:\/\/redeicm.org.br\/carmo\/ensino-fundamental-anos-finais\/#breadcrumb"},"inLanguage":"pt-BR","potentialAction":[{"@type":"ReadAction","target":["https:\/\/redeicm.org.br\/carmo\/ensino-fundamental-anos-finais\/"]}]},{"@type":"ImageObject","inLanguage":"pt-BR","@id":"https:\/\/redeicm.org.br\/carmo\/ensino-fundamental-anos-finais\/#primaryimage","url":"https:\/\/redeicm.org.br\/carmo\/wp-content\/uploads\/sites\/5\/2026\/08\/fund-2-scaled.jpg","contentUrl":"https:\/\/redeicm.org.br\/carmo\/wp-content\/uploads\/sites\/5\/2026\/08\/fund-2-scaled.jpg","width":2560,"height":568},{"@type":"BreadcrumbList","@id":"https:\/\/redeicm.org.br\/carmo\/ensino-fundamental-anos-finais\/#breadcrumb","itemListElement":[{"@type":"ListItem","position":1,"name":"In\u00edcio","item":"https:\/\/redeicm.org.br\/carmo\/"},{"@type":"ListItem","position":2,"name":"Ensino Fundamental \u2013 Anos finais"}]},{"@type":"WebSite","@id":"https:\/\/redeicm.org.br\/carmo\/#website","url":"https:\/\/redeicm.org.br\/carmo\/","name":"Escola N. Sra. do Carmo | Rede ICM de Educa\u00e7\u00e3o","description":"","publisher":{"@id":"https:\/\/redeicm.org.br\/carmo\/#organization"},"potentialAction":[{"@type":"SearchAction","target":{"@type":"EntryPoint","urlTemplate":"https:\/\/redeicm.org.br\/carmo\/?s={search_term_string}"},"query-input":{"@type":"PropertyValueSpecification","valueRequired":true,"valueName":"search_term_string"}}],"inLanguage":"pt-BR"},{"@type":"Organization","@id":"https:\/\/redeicm.org.br\/carmo\/#organization","name":"Escola N. Sra. do Carmo | Rede ICM de Educa\u00e7\u00e3o","url":"https:\/\/redeicm.org.br\/carmo\/","logo":{"@type":"ImageObject","inLanguage":"pt-BR","@id":"https:\/\/redeicm.org.br\/carmo\/#\/schema\/logo\/image\/","url":"https:\/\/redeicm.org.br\/carmo\/wp-content\/uploads\/sites\/5\/2024\/08\/logo_Carmo.png","contentUrl":"https:\/\/redeicm.org.br\/carmo\/wp-content\/uploads\/sites\/5\/2024\/08\/logo_Carmo.png","width":1024,"height":512,"caption":"Escola N. Sra. do Carmo | Rede ICM de Educa\u00e7\u00e3o"},"image":{"@id":"https:\/\/redeicm.org.br\/carmo\/#\/schema\/logo\/image\/"}}]}},"_links":{"self":[{"href":"https:\/\/redeicm.org.br\/carmo\/wp-json\/wp\/v2\/pages\/110","targetHints":{"allow":["GET"]}}],"collection":[{"href":"https:\/\/redeicm.org.br\/carmo\/wp-json\/wp\/v2\/pages"}],"about":[{"href":"https:\/\/redeicm.org.br\/carmo\/wp-json\/wp\/v2\/types\/page"}],"author":[{"embeddable":true,"href":"https:\/\/redeicm.org.br\/carmo\/wp-json\/wp\/v2\/users\/1"}],"replies":[{"embeddable":true,"href":"https:\/\/redeicm.org.br\/carmo\/wp-json\/wp\/v2\/comments?post=110"}],"version-history":[{"count":13,"href":"https:\/\/redeicm.org.br\/carmo\/wp-json\/wp\/v2\/pages\/110\/revisions"}],"predecessor-version":[{"id":3453,"href":"https:\/\/redeicm.org.br\/carmo\/wp-json\/wp\/v2\/pages\/110\/revisions\/3453"}],"wp:featuredmedia":[{"embeddable":true,"href":"https:\/\/redeicm.org.br\/carmo\/wp-json\/wp\/v2\/media\/3402"}],"wp:attachment":[{"href":"https:\/\/redeicm.org.br\/carmo\/wp-json\/wp\/v2\/media?parent=110"}],"curies":[{"name":"wp","href":"https:\/\/api.w.org\/{rel}","templated":true}]}}