{"id":821,"date":"2024-08-13T19:34:13","date_gmt":"2024-08-13T22:34:13","guid":{"rendered":"https:\/\/redeicm.org.br\/auxiliadora\/?page_id=821"},"modified":"2026-04-09T15:01:12","modified_gmt":"2026-04-09T18:01:12","slug":"corpo-docente","status":"publish","type":"page","link":"https:\/\/redeicm.org.br\/auxiliadora\/corpo-docente\/","title":{"rendered":"Corpo Docente"},"content":{"rendered":"\t\t<div data-elementor-type=\"wp-page\" data-elementor-id=\"821\" class=\"elementor elementor-821\" data-elementor-post-type=\"page\">\n\t\t\t\t<div class=\"elementor-element elementor-element-4a231d89 e-flex e-con-boxed e-con e-parent\" data-id=\"4a231d89\" data-element_type=\"container\" data-e-type=\"container\" data-settings=\"{&quot;background_background&quot;:&quot;classic&quot;}\">\n\t\t\t\t\t<div class=\"e-con-inner\">\n\t\t\t\t\t<\/div>\n\t\t\t\t<\/div>\n\t\t<div class=\"elementor-element elementor-element-759d3e74 e-flex e-con-boxed e-con e-parent\" data-id=\"759d3e74\" data-element_type=\"container\" data-e-type=\"container\">\n\t\t\t\t\t<div class=\"e-con-inner\">\n\t\t\t\t<div class=\"elementor-element elementor-element-7e651a1b elementor-widget elementor-widget-heading\" data-id=\"7e651a1b\" data-element_type=\"widget\" data-e-type=\"widget\" data-widget_type=\"heading.default\">\n\t\t\t\t<div class=\"elementor-widget-container\">\n\t\t\t\t\t<h1 class=\"elementor-heading-title elementor-size-default\">Corpo Docente<\/h1>\t\t\t\t<\/div>\n\t\t\t\t<\/div>\n\t\t\t\t\t<\/div>\n\t\t\t\t<\/div>\n\t\t<div class=\"elementor-element elementor-element-2820d857 e-con-full e-flex e-con e-parent\" data-id=\"2820d857\" data-element_type=\"container\" data-e-type=\"container\">\n\t\t<div class=\"elementor-element elementor-element-1b1226aa e-flex e-con-boxed e-con e-child\" data-id=\"1b1226aa\" data-element_type=\"container\" data-e-type=\"container\">\n\t\t\t\t\t<div class=\"e-con-inner\">\n\t\t\t\t<div class=\"elementor-element elementor-element-3a85b2cc elementor-invisible elementor-widget elementor-widget-text-editor\" data-id=\"3a85b2cc\" data-element_type=\"widget\" data-e-type=\"widget\" data-settings=\"{&quot;_animation&quot;:&quot;fadeInUp&quot;}\" data-widget_type=\"text-editor.default\">\n\t\t\t\t<div class=\"elementor-widget-container\">\n\t\t\t\t\t\t\t\t\t<p>\u00a0<\/p><p><strong>Rela\u00e7\u00e3o do Corpo Docente \u2013 2026<\/strong><\/p><ul><li>Luciane Bonfanti\u00a0<strong>(Diretora)<\/strong><\/li><li>Grazieli\u00a0 Noro Grabowski\u00a0<strong>(Vice-diretora e Coordenadora Pedag\u00f3gica &#8211; Anos Iniciais)<\/strong><\/li><\/ul><ul><li>Emanuele Froner\u00a0<strong>(Coordenadora Pedag\u00f3gica &#8211; Educa\u00e7\u00e3o Infantil)<\/strong><\/li><li>Anilce Angela Arboit\u00a0<strong><strong>( Coordenadora Pedag\u00f3gica \u2013 Anos Finais )<\/strong><\/strong><\/li><\/ul><p>\u00a0<\/p><ol><li>Anderson Ioriati Colombelli <strong>(6\u00ba ao 9\u00ba ano)<\/strong><\/li><li>Andreza Alves Martins (<strong>Motricidade)<\/strong><\/li><li>Bruno Ficanha Basso\u00a0<strong>(2\u00b0 ano)<\/strong><\/li><li>Carlos Miguel Manfio Martins <strong>(Educa\u00e7\u00e3o F\u00edsica)<\/strong><\/li><li>Carine Busatto\u00a0<strong>(1\u00ba ano)<\/strong><\/li><li>Carine Ribeiro de Almeida <strong>(Ber\u00e7\u00e1rio)<\/strong><\/li><li>Casiane Vargas de Queiroz\u00a0<strong>(3\u00ba ano)<\/strong><\/li><li>Catiane Perlin\u00a0<strong>(Maternal I)<\/strong><\/li><li>Circe da Silva Rosauro <strong>(Espanhol)<\/strong><\/li><li>Claudia Marin da S. Cantarelli\u00a0<strong>(5\u00ba ano)<\/strong><\/li><li>Cristiane Souza\u00a0<strong>(TI, Marketing, Inform\u00e1tica Educativa e Coordenadora da Pastoral Escolar)<\/strong><\/li><li>Danielly Basso Dutra\u00a0<strong>(Pr\u00e9 2)<\/strong><\/li><li>Dayane Milani<strong> (AEE)<\/strong><\/li><li>Daniela Tur <strong>(Reda\u00e7\u00e3o)<\/strong><\/li><li>Edin\u00e9ia Samua\u00a0<strong>(Pr\u00e9 2)<\/strong><\/li><li>Elis\u00e2ngela Bertolotti\u00a0<strong>(6\u00ba ao 9\u00ba ano)<\/strong><\/li><li>Elisandra Regina Grassi <strong>(Matem\u00e1tica)<\/strong><\/li><li>Elisiane Magalski da Silva<strong>\u00a0(4\u00ba e 5\u00ba ano)<\/strong><\/li><li>Francini Leite da Silva <strong>(Pr\u00e9 2)<\/strong><\/li><li>Francisca Irislene Pac\u00edfico Rodrigues\u00a0<strong>(2\u00ba ano)<\/strong><\/li><li>Gabriela Andrighe Colombo\u00a0<strong>(6\u00ba ao 9\u00ba ano)<\/strong><\/li><li>Gracieli Krawczak <strong>(Ber\u00e7\u00e1rio)<\/strong><\/li><li>Helen Cristine Almeida\u00a0<strong>(6\u00ba ao 9\u00ba ano)<\/strong><\/li><li>Isadora Pereira da Rosa <strong>(Ber\u00e7\u00e1rio)<\/strong><\/li><li>J\u00e9ssica Garlet Vieira\u00a0<strong>(Pr\u00e9 2)<\/strong><\/li><li>Kelly Boeno\u00a0<strong>(Pr\u00e9 1)<\/strong><\/li><li>Larissa Duarte P. de Oliveira\u00a0<strong>(Ingl\u00eas)<\/strong><\/li><li>Let\u00edcia Bonaf\u00e9 Duarte\u00a0<strong>(1\u00ba ano)<\/strong><\/li><li>Lucilene Cristina Benis Bossa <strong>(Ensino Religioso e Educa\u00e7\u00e3o Socioemocional)<\/strong><\/li><li>Maira C. F. Pereira\u00a0<strong>(Ingl\u00eas)<\/strong><\/li><li>Ma\u00edra Francischete e Silva <strong>(Ingl\u00eas)<\/strong><\/li><li>Marcia da Silva\u00a0<strong>(Extracurricular)<\/strong><\/li><li>Maril\u00e9ia Bressan Copetti\u00a0<strong>(Artes)<\/strong><\/li><li>Marilene Pavan\u00a0<strong>(Pr\u00e9 1)<\/strong><\/li><li>Mateus Vargas de Azevedo\u00a0<strong>(6\u00ba ao 9\u00ba ano)<\/strong><\/li><li>Quielen Rosa S. Albarello <strong>(M\u00fasica)<\/strong><\/li><li>Salete da Silva<strong>\u00a0(Extracurricular Ber\u00e7\u00e1rio)<\/strong><\/li><li>Shauani Adriane Luiz da Silva <strong>(M\u00fasica)<\/strong><\/li><li>Silvana Argenta Biesek\u00a0<strong>(Maternal 1)<\/strong><\/li><li>Sueli da Rosa Kaufmann <strong>(Geografia e Hist\u00f3ria)<\/strong><\/li><li>Susana Lais Brondani\u00a0<strong>( 3\u00ba ano)<\/strong><\/li><li>Tatiane Vargas de Queiroz\u00a0<strong>(Maternal I)<\/strong><\/li><li>Ir. Vilma Terezinha <strong>(Pastoral Escolar)<\/strong><\/li><\/ol><div class=\"angwp_90620 _ning_cont _ning_hidden _ning_outer _align_center responsive _ning_visible\" data-size=\"customxundefined\" data-bid=\"90620\" data-aid=\"0\"><div class=\"_ning_label _left\">\u00a0<\/div><div class=\"_ning_inner\"><a class=\"strack_cli _ning_link\" href=\"https:\/\/www.redeicm.org.br\/auxiliadora?_dnlink=90620&amp;t=1723577594\" target=\"_blank\" rel=\"noopener\">\u00a0<\/a><\/div><\/div>\t\t\t\t\t\t\t\t<\/div>\n\t\t\t\t<\/div>\n\t\t\t\t\t<\/div>\n\t\t\t\t<\/div>\n\t\t\t\t<\/div>\n\t\t\t\t<\/div>\n\t\t","protected":false},"excerpt":{"rendered":"<p>Corpo Docente \u00a0 Rela\u00e7\u00e3o do Corpo Docente \u2013 2026 Luciane Bonfanti\u00a0(Diretora) Grazieli\u00a0 Noro Grabowski\u00a0(Vice-diretora e Coordenadora Pedag\u00f3gica &#8211; Anos Iniciais) Emanuele Froner\u00a0(Coordenadora Pedag\u00f3gica &#8211; Educa\u00e7\u00e3o Infantil) Anilce Angela Arboit\u00a0( Coordenadora Pedag\u00f3gica \u2013 Anos Finais ) \u00a0 Anderson Ioriati Colombelli (6\u00ba ao 9\u00ba ano) Andreza Alves Martins (Motricidade) Bruno Ficanha Basso\u00a0(2\u00b0 ano) Carlos Miguel Manfio Martins [&hellip;]<\/p>\n","protected":false},"author":1,"featured_media":145,"parent":0,"menu_order":0,"comment_status":"closed","ping_status":"closed","template":"","meta":{"_acf_changed":false,"footnotes":""},"class_list":["post-821","page","type-page","status-publish","has-post-thumbnail","hentry"],"acf":[],"yoast_head":"<!-- This site is optimized with the Yoast SEO plugin v26.3 - https:\/\/yoast.com\/wordpress\/plugins\/seo\/ -->\n<title>Corpo Docente - Escola Nossa Senhora Auxiliadora<\/title>\n<meta name=\"robots\" content=\"index, follow, max-snippet:-1, max-image-preview:large, max-video-preview:-1\" \/>\n<link rel=\"canonical\" href=\"https:\/\/redeicm.org.br\/auxiliadora\/corpo-docente\/\" \/>\n<meta property=\"og:locale\" content=\"pt_BR\" \/>\n<meta property=\"og:type\" content=\"article\" \/>\n<meta property=\"og:title\" content=\"Corpo Docente - Escola Nossa Senhora Auxiliadora\" \/>\n<meta property=\"og:description\" content=\"Corpo Docente \u00a0 Rela\u00e7\u00e3o do Corpo Docente \u2013 2026 Luciane Bonfanti\u00a0(Diretora) Grazieli\u00a0 Noro Grabowski\u00a0(Vice-diretora e Coordenadora Pedag\u00f3gica &#8211; Anos Iniciais) Emanuele Froner\u00a0(Coordenadora Pedag\u00f3gica &#8211; Educa\u00e7\u00e3o Infantil) Anilce Angela Arboit\u00a0( Coordenadora Pedag\u00f3gica \u2013 Anos Finais ) \u00a0 Anderson Ioriati Colombelli (6\u00ba ao 9\u00ba ano) Andreza Alves Martins (Motricidade) Bruno Ficanha Basso\u00a0(2\u00b0 ano) Carlos Miguel Manfio Martins [&hellip;]\" \/>\n<meta property=\"og:url\" content=\"https:\/\/redeicm.org.br\/auxiliadora\/corpo-docente\/\" \/>\n<meta property=\"og:site_name\" content=\"Escola Nossa Senhora Auxiliadora\" \/>\n<meta property=\"article:modified_time\" content=\"2026-04-09T18:01:12+00:00\" \/>\n<meta property=\"og:image\" content=\"https:\/\/redeicm.org.br\/auxiliadora\/wp-content\/uploads\/sites\/3\/2024\/08\/banner-educacao-infantil.jpg\" \/>\n\t<meta property=\"og:image:width\" content=\"1440\" \/>\n\t<meta property=\"og:image:height\" content=\"400\" \/>\n\t<meta property=\"og:image:type\" content=\"image\/jpeg\" \/>\n<meta name=\"twitter:card\" content=\"summary_large_image\" \/>\n<meta name=\"twitter:label1\" content=\"Est. tempo de leitura\" \/>\n\t<meta name=\"twitter:data1\" content=\"2 minutos\" \/>\n<script type=\"application\/ld+json\" class=\"yoast-schema-graph\">{\"@context\":\"https:\/\/schema.org\",\"@graph\":[{\"@type\":\"WebPage\",\"@id\":\"https:\/\/redeicm.org.br\/auxiliadora\/corpo-docente\/\",\"url\":\"https:\/\/redeicm.org.br\/auxiliadora\/corpo-docente\/\",\"name\":\"Corpo Docente - Escola Nossa Senhora Auxiliadora\",\"isPartOf\":{\"@id\":\"https:\/\/redeicm.org.br\/auxiliadora\/#website\"},\"primaryImageOfPage\":{\"@id\":\"https:\/\/redeicm.org.br\/auxiliadora\/corpo-docente\/#primaryimage\"},\"image\":{\"@id\":\"https:\/\/redeicm.org.br\/auxiliadora\/corpo-docente\/#primaryimage\"},\"thumbnailUrl\":\"https:\/\/redeicm.org.br\/auxiliadora\/wp-content\/uploads\/sites\/3\/2024\/08\/banner-educacao-infantil.jpg\",\"datePublished\":\"2024-08-13T22:34:13+00:00\",\"dateModified\":\"2026-04-09T18:01:12+00:00\",\"breadcrumb\":{\"@id\":\"https:\/\/redeicm.org.br\/auxiliadora\/corpo-docente\/#breadcrumb\"},\"inLanguage\":\"pt-BR\",\"potentialAction\":[{\"@type\":\"ReadAction\",\"target\":[\"https:\/\/redeicm.org.br\/auxiliadora\/corpo-docente\/\"]}]},{\"@type\":\"ImageObject\",\"inLanguage\":\"pt-BR\",\"@id\":\"https:\/\/redeicm.org.br\/auxiliadora\/corpo-docente\/#primaryimage\",\"url\":\"https:\/\/redeicm.org.br\/auxiliadora\/wp-content\/uploads\/sites\/3\/2024\/08\/banner-educacao-infantil.jpg\",\"contentUrl\":\"https:\/\/redeicm.org.br\/auxiliadora\/wp-content\/uploads\/sites\/3\/2024\/08\/banner-educacao-infantil.jpg\",\"width\":1440,\"height\":400},{\"@type\":\"BreadcrumbList\",\"@id\":\"https:\/\/redeicm.org.br\/auxiliadora\/corpo-docente\/#breadcrumb\",\"itemListElement\":[{\"@type\":\"ListItem\",\"position\":1,\"name\":\"In\u00edcio\",\"item\":\"https:\/\/redeicm.org.br\/auxiliadora\/\"},{\"@type\":\"ListItem\",\"position\":2,\"name\":\"Corpo Docente\"}]},{\"@type\":\"WebSite\",\"@id\":\"https:\/\/redeicm.org.br\/auxiliadora\/#website\",\"url\":\"https:\/\/redeicm.org.br\/auxiliadora\/\",\"name\":\"Escola Nossa Senhora Auxiliadora\",\"description\":\"\",\"publisher\":{\"@id\":\"https:\/\/redeicm.org.br\/auxiliadora\/#organization\"},\"potentialAction\":[{\"@type\":\"SearchAction\",\"target\":{\"@type\":\"EntryPoint\",\"urlTemplate\":\"https:\/\/redeicm.org.br\/auxiliadora\/?s={search_term_string}\"},\"query-input\":{\"@type\":\"PropertyValueSpecification\",\"valueRequired\":true,\"valueName\":\"search_term_string\"}}],\"inLanguage\":\"pt-BR\"},{\"@type\":\"Organization\",\"@id\":\"https:\/\/redeicm.org.br\/auxiliadora\/#organization\",\"name\":\"Escola Nossa Senhora Auxiliadora\",\"url\":\"https:\/\/redeicm.org.br\/auxiliadora\/\",\"logo\":{\"@type\":\"ImageObject\",\"inLanguage\":\"pt-BR\",\"@id\":\"https:\/\/redeicm.org.br\/auxiliadora\/#\/schema\/logo\/image\/\",\"url\":\"https:\/\/redeicm.org.br\/auxiliadora\/wp-content\/uploads\/sites\/3\/2024\/08\/ICM_Educacao_Auxiliadora_Preferencial_Cores-1024x401-1.png\",\"contentUrl\":\"https:\/\/redeicm.org.br\/auxiliadora\/wp-content\/uploads\/sites\/3\/2024\/08\/ICM_Educacao_Auxiliadora_Preferencial_Cores-1024x401-1.png\",\"width\":1024,\"height\":401,\"caption\":\"Escola Nossa Senhora Auxiliadora\"},\"image\":{\"@id\":\"https:\/\/redeicm.org.br\/auxiliadora\/#\/schema\/logo\/image\/\"}}]}<\/script>\n<!-- \/ Yoast SEO plugin. -->","yoast_head_json":{"title":"Corpo Docente - Escola Nossa Senhora Auxiliadora","robots":{"index":"index","follow":"follow","max-snippet":"max-snippet:-1","max-image-preview":"max-image-preview:large","max-video-preview":"max-video-preview:-1"},"canonical":"https:\/\/redeicm.org.br\/auxiliadora\/corpo-docente\/","og_locale":"pt_BR","og_type":"article","og_title":"Corpo Docente - Escola Nossa Senhora Auxiliadora","og_description":"Corpo Docente \u00a0 Rela\u00e7\u00e3o do Corpo Docente \u2013 2026 Luciane Bonfanti\u00a0(Diretora) Grazieli\u00a0 Noro Grabowski\u00a0(Vice-diretora e Coordenadora Pedag\u00f3gica &#8211; Anos Iniciais) Emanuele Froner\u00a0(Coordenadora Pedag\u00f3gica &#8211; Educa\u00e7\u00e3o Infantil) Anilce Angela Arboit\u00a0( Coordenadora Pedag\u00f3gica \u2013 Anos Finais ) \u00a0 Anderson Ioriati Colombelli (6\u00ba ao 9\u00ba ano) Andreza Alves Martins (Motricidade) Bruno Ficanha Basso\u00a0(2\u00b0 ano) Carlos Miguel Manfio Martins [&hellip;]","og_url":"https:\/\/redeicm.org.br\/auxiliadora\/corpo-docente\/","og_site_name":"Escola Nossa Senhora Auxiliadora","article_modified_time":"2026-04-09T18:01:12+00:00","og_image":[{"width":1440,"height":400,"url":"https:\/\/redeicm.org.br\/auxiliadora\/wp-content\/uploads\/sites\/3\/2024\/08\/banner-educacao-infantil.jpg","type":"image\/jpeg"}],"twitter_card":"summary_large_image","twitter_misc":{"Est. tempo de leitura":"2 minutos"},"schema":{"@context":"https:\/\/schema.org","@graph":[{"@type":"WebPage","@id":"https:\/\/redeicm.org.br\/auxiliadora\/corpo-docente\/","url":"https:\/\/redeicm.org.br\/auxiliadora\/corpo-docente\/","name":"Corpo Docente - Escola Nossa Senhora Auxiliadora","isPartOf":{"@id":"https:\/\/redeicm.org.br\/auxiliadora\/#website"},"primaryImageOfPage":{"@id":"https:\/\/redeicm.org.br\/auxiliadora\/corpo-docente\/#primaryimage"},"image":{"@id":"https:\/\/redeicm.org.br\/auxiliadora\/corpo-docente\/#primaryimage"},"thumbnailUrl":"https:\/\/redeicm.org.br\/auxiliadora\/wp-content\/uploads\/sites\/3\/2024\/08\/banner-educacao-infantil.jpg","datePublished":"2024-08-13T22:34:13+00:00","dateModified":"2026-04-09T18:01:12+00:00","breadcrumb":{"@id":"https:\/\/redeicm.org.br\/auxiliadora\/corpo-docente\/#breadcrumb"},"inLanguage":"pt-BR","potentialAction":[{"@type":"ReadAction","target":["https:\/\/redeicm.org.br\/auxiliadora\/corpo-docente\/"]}]},{"@type":"ImageObject","inLanguage":"pt-BR","@id":"https:\/\/redeicm.org.br\/auxiliadora\/corpo-docente\/#primaryimage","url":"https:\/\/redeicm.org.br\/auxiliadora\/wp-content\/uploads\/sites\/3\/2024\/08\/banner-educacao-infantil.jpg","contentUrl":"https:\/\/redeicm.org.br\/auxiliadora\/wp-content\/uploads\/sites\/3\/2024\/08\/banner-educacao-infantil.jpg","width":1440,"height":400},{"@type":"BreadcrumbList","@id":"https:\/\/redeicm.org.br\/auxiliadora\/corpo-docente\/#breadcrumb","itemListElement":[{"@type":"ListItem","position":1,"name":"In\u00edcio","item":"https:\/\/redeicm.org.br\/auxiliadora\/"},{"@type":"ListItem","position":2,"name":"Corpo Docente"}]},{"@type":"WebSite","@id":"https:\/\/redeicm.org.br\/auxiliadora\/#website","url":"https:\/\/redeicm.org.br\/auxiliadora\/","name":"Escola Nossa Senhora Auxiliadora","description":"","publisher":{"@id":"https:\/\/redeicm.org.br\/auxiliadora\/#organization"},"potentialAction":[{"@type":"SearchAction","target":{"@type":"EntryPoint","urlTemplate":"https:\/\/redeicm.org.br\/auxiliadora\/?s={search_term_string}"},"query-input":{"@type":"PropertyValueSpecification","valueRequired":true,"valueName":"search_term_string"}}],"inLanguage":"pt-BR"},{"@type":"Organization","@id":"https:\/\/redeicm.org.br\/auxiliadora\/#organization","name":"Escola Nossa Senhora Auxiliadora","url":"https:\/\/redeicm.org.br\/auxiliadora\/","logo":{"@type":"ImageObject","inLanguage":"pt-BR","@id":"https:\/\/redeicm.org.br\/auxiliadora\/#\/schema\/logo\/image\/","url":"https:\/\/redeicm.org.br\/auxiliadora\/wp-content\/uploads\/sites\/3\/2024\/08\/ICM_Educacao_Auxiliadora_Preferencial_Cores-1024x401-1.png","contentUrl":"https:\/\/redeicm.org.br\/auxiliadora\/wp-content\/uploads\/sites\/3\/2024\/08\/ICM_Educacao_Auxiliadora_Preferencial_Cores-1024x401-1.png","width":1024,"height":401,"caption":"Escola Nossa Senhora Auxiliadora"},"image":{"@id":"https:\/\/redeicm.org.br\/auxiliadora\/#\/schema\/logo\/image\/"}}]}},"_links":{"self":[{"href":"https:\/\/redeicm.org.br\/auxiliadora\/wp-json\/wp\/v2\/pages\/821","targetHints":{"allow":["GET"]}}],"collection":[{"href":"https:\/\/redeicm.org.br\/auxiliadora\/wp-json\/wp\/v2\/pages"}],"about":[{"href":"https:\/\/redeicm.org.br\/auxiliadora\/wp-json\/wp\/v2\/types\/page"}],"author":[{"embeddable":true,"href":"https:\/\/redeicm.org.br\/auxiliadora\/wp-json\/wp\/v2\/users\/1"}],"replies":[{"embeddable":true,"href":"https:\/\/redeicm.org.br\/auxiliadora\/wp-json\/wp\/v2\/comments?post=821"}],"version-history":[{"count":61,"href":"https:\/\/redeicm.org.br\/auxiliadora\/wp-json\/wp\/v2\/pages\/821\/revisions"}],"predecessor-version":[{"id":10303,"href":"https:\/\/redeicm.org.br\/auxiliadora\/wp-json\/wp\/v2\/pages\/821\/revisions\/10303"}],"wp:featuredmedia":[{"embeddable":true,"href":"https:\/\/redeicm.org.br\/auxiliadora\/wp-json\/wp\/v2\/media\/145"}],"wp:attachment":[{"href":"https:\/\/redeicm.org.br\/auxiliadora\/wp-json\/wp\/v2\/media?parent=821"}],"curies":[{"name":"wp","href":"https:\/\/api.w.org\/{rel}","templated":true}]}}