{"id":421,"date":"2024-08-15T14:52:07","date_gmt":"2024-08-15T17:52:07","guid":{"rendered":"https:\/\/redeicm.org.br\/aparecida\/?page_id=421"},"modified":"2024-08-15T14:54:32","modified_gmt":"2024-08-15T17:54:32","slug":"diferenciais","status":"publish","type":"page","link":"https:\/\/redeicm.org.br\/aparecida\/diferenciais\/","title":{"rendered":"Diferenciais"},"content":{"rendered":"\t\t<div data-elementor-type=\"wp-page\" data-elementor-id=\"421\" class=\"elementor elementor-421\" data-elementor-post-type=\"page\">\n\t\t\t\t<div class=\"elementor-element elementor-element-91fe847 e-flex e-con-boxed e-con e-parent\" data-id=\"91fe847\" data-element_type=\"container\" data-e-type=\"container\" data-settings=\"{&quot;background_background&quot;:&quot;classic&quot;}\">\n\t\t\t\t\t<div class=\"e-con-inner\">\n\t\t\t\t<div class=\"elementor-element elementor-element-e04750b elementor-widget elementor-widget-heading\" data-id=\"e04750b\" data-element_type=\"widget\" data-e-type=\"widget\" data-widget_type=\"heading.default\">\n\t\t\t\t<div class=\"elementor-widget-container\">\n\t\t\t\t\t<h1 class=\"elementor-heading-title elementor-size-default\">Diferenciais\n<\/h1>\t\t\t\t<\/div>\n\t\t\t\t<\/div>\n\t\t\t\t\t<\/div>\n\t\t\t\t<\/div>\n\t\t<div class=\"elementor-element elementor-element-12c77f8 e-flex e-con-boxed e-con e-parent\" data-id=\"12c77f8\" data-element_type=\"container\" data-e-type=\"container\">\n\t\t\t\t\t<div class=\"e-con-inner\">\n\t\t\t\t<div class=\"elementor-element elementor-element-b9f8fb3 elementor-widget elementor-widget-accordion\" data-id=\"b9f8fb3\" data-element_type=\"widget\" data-e-type=\"widget\" data-widget_type=\"accordion.default\">\n\t\t\t\t<div class=\"elementor-widget-container\">\n\t\t\t\t\t\t\t<div class=\"elementor-accordion\">\n\t\t\t\t\t\t\t<div class=\"elementor-accordion-item\">\n\t\t\t\t\t<div id=\"elementor-tab-title-1951\" class=\"elementor-tab-title\" data-tab=\"1\" role=\"button\" aria-controls=\"elementor-tab-content-1951\" aria-expanded=\"false\">\n\t\t\t\t\t\t\t\t\t\t\t\t\t<span class=\"elementor-accordion-icon elementor-accordion-icon-right\" aria-hidden=\"true\">\n\t\t\t\t\t\t\t\t\t\t\t\t\t\t\t<span class=\"elementor-accordion-icon-closed\"><svg class=\"e-font-icon-svg e-fas-chevron-down\" viewBox=\"0 0 448 512\" xmlns=\"http:\/\/www.w3.org\/2000\/svg\"><path d=\"M207.029 381.476L12.686 187.132c-9.373-9.373-9.373-24.569 0-33.941l22.667-22.667c9.357-9.357 24.522-9.375 33.901-.04L224 284.505l154.745-154.021c9.379-9.335 24.544-9.317 33.901.04l22.667 22.667c9.373 9.373 9.373 24.569 0 33.941L240.971 381.476c-9.373 9.372-24.569 9.372-33.942 0z\"><\/path><\/svg><\/span>\n\t\t\t\t\t\t\t\t<span class=\"elementor-accordion-icon-opened\"><svg class=\"e-font-icon-svg e-fas-chevron-up\" viewBox=\"0 0 448 512\" xmlns=\"http:\/\/www.w3.org\/2000\/svg\"><path d=\"M240.971 130.524l194.343 194.343c9.373 9.373 9.373 24.569 0 33.941l-22.667 22.667c-9.357 9.357-24.522 9.375-33.901.04L224 227.495 69.255 381.516c-9.379 9.335-24.544 9.317-33.901-.04l-22.667-22.667c-9.373-9.373-9.373-24.569 0-33.941L207.03 130.525c9.372-9.373 24.568-9.373 33.941-.001z\"><\/path><\/svg><\/span>\n\t\t\t\t\t\t\t\t\t\t\t\t\t\t<\/span>\n\t\t\t\t\t\t\t\t\t\t\t\t<a class=\"elementor-accordion-title\" tabindex=\"0\">Banda Musical<\/a>\n\t\t\t\t\t<\/div>\n\t\t\t\t\t<div id=\"elementor-tab-content-1951\" class=\"elementor-tab-content elementor-clearfix\" data-tab=\"1\" role=\"region\" aria-labelledby=\"elementor-tab-title-1951\"><p>A m\u00fasica \u00e9 a linguagem que se traduz em formas sonoras capazes de expressar e comunicar sensa\u00e7\u00f5es, sentimentos e pensamentos, por meio da organiza\u00e7\u00e3o e relacionamento expressivo entre o som e o sil\u00eancio.<\/p><p>\u00a0A fanfarra da Escola Nossa Senhora Aparecida foi criada em 1986, e durante mais de 30 anos vem demonstrando sua for\u00e7a por meio de seus participantes mirins, que empolga e encanta a todos.<\/p><p>Tem por objetivo desenvolver compet\u00eancias como: a lateralidade, a percep\u00e7\u00e3o de si mesmo e do espa\u00e7o, a aten\u00e7\u00e3o, a escuta, a \u00a0disciplina, entre outras.<\/p><\/div>\n\t\t\t\t<\/div>\n\t\t\t\t\t\t\t<div class=\"elementor-accordion-item\">\n\t\t\t\t\t<div id=\"elementor-tab-title-1952\" class=\"elementor-tab-title\" data-tab=\"2\" role=\"button\" aria-controls=\"elementor-tab-content-1952\" aria-expanded=\"false\">\n\t\t\t\t\t\t\t\t\t\t\t\t\t<span class=\"elementor-accordion-icon elementor-accordion-icon-right\" aria-hidden=\"true\">\n\t\t\t\t\t\t\t\t\t\t\t\t\t\t\t<span class=\"elementor-accordion-icon-closed\"><svg class=\"e-font-icon-svg e-fas-chevron-down\" viewBox=\"0 0 448 512\" xmlns=\"http:\/\/www.w3.org\/2000\/svg\"><path d=\"M207.029 381.476L12.686 187.132c-9.373-9.373-9.373-24.569 0-33.941l22.667-22.667c9.357-9.357 24.522-9.375 33.901-.04L224 284.505l154.745-154.021c9.379-9.335 24.544-9.317 33.901.04l22.667 22.667c9.373 9.373 9.373 24.569 0 33.941L240.971 381.476c-9.373 9.372-24.569 9.372-33.942 0z\"><\/path><\/svg><\/span>\n\t\t\t\t\t\t\t\t<span class=\"elementor-accordion-icon-opened\"><svg class=\"e-font-icon-svg e-fas-chevron-up\" viewBox=\"0 0 448 512\" xmlns=\"http:\/\/www.w3.org\/2000\/svg\"><path d=\"M240.971 130.524l194.343 194.343c9.373 9.373 9.373 24.569 0 33.941l-22.667 22.667c-9.357 9.357-24.522 9.375-33.901.04L224 227.495 69.255 381.516c-9.379 9.335-24.544 9.317-33.901-.04l-22.667-22.667c-9.373-9.373-9.373-24.569 0-33.941L207.03 130.525c9.372-9.373 24.568-9.373 33.941-.001z\"><\/path><\/svg><\/span>\n\t\t\t\t\t\t\t\t\t\t\t\t\t\t<\/span>\n\t\t\t\t\t\t\t\t\t\t\t\t<a class=\"elementor-accordion-title\" tabindex=\"0\">Escola de Futebol<\/a>\n\t\t\t\t\t<\/div>\n\t\t\t\t\t<div id=\"elementor-tab-content-1952\" class=\"elementor-tab-content elementor-clearfix\" data-tab=\"2\" role=\"region\" aria-labelledby=\"elementor-tab-title-1952\"><p>\u00c9 um projeto em parceria com a Secretaria Municipal de Educa\u00e7\u00e3o, Cultura e Desporto, em que os alunos s\u00e3o orientados e treinados por um profissional especializado.<\/p><p>Alunos interessados podem fazer sua inscri\u00e7\u00e3o junto \u00e0 secretaria da escola.<\/p><\/div>\n\t\t\t\t<\/div>\n\t\t\t\t\t\t\t<div class=\"elementor-accordion-item\">\n\t\t\t\t\t<div id=\"elementor-tab-title-1953\" class=\"elementor-tab-title\" data-tab=\"3\" role=\"button\" aria-controls=\"elementor-tab-content-1953\" aria-expanded=\"false\">\n\t\t\t\t\t\t\t\t\t\t\t\t\t<span class=\"elementor-accordion-icon elementor-accordion-icon-right\" aria-hidden=\"true\">\n\t\t\t\t\t\t\t\t\t\t\t\t\t\t\t<span class=\"elementor-accordion-icon-closed\"><svg class=\"e-font-icon-svg e-fas-chevron-down\" viewBox=\"0 0 448 512\" xmlns=\"http:\/\/www.w3.org\/2000\/svg\"><path d=\"M207.029 381.476L12.686 187.132c-9.373-9.373-9.373-24.569 0-33.941l22.667-22.667c9.357-9.357 24.522-9.375 33.901-.04L224 284.505l154.745-154.021c9.379-9.335 24.544-9.317 33.901.04l22.667 22.667c9.373 9.373 9.373 24.569 0 33.941L240.971 381.476c-9.373 9.372-24.569 9.372-33.942 0z\"><\/path><\/svg><\/span>\n\t\t\t\t\t\t\t\t<span class=\"elementor-accordion-icon-opened\"><svg class=\"e-font-icon-svg e-fas-chevron-up\" viewBox=\"0 0 448 512\" xmlns=\"http:\/\/www.w3.org\/2000\/svg\"><path d=\"M240.971 130.524l194.343 194.343c9.373 9.373 9.373 24.569 0 33.941l-22.667 22.667c-9.357 9.357-24.522 9.375-33.901.04L224 227.495 69.255 381.516c-9.379 9.335-24.544 9.317-33.901-.04l-22.667-22.667c-9.373-9.373-9.373-24.569 0-33.941L207.03 130.525c9.372-9.373 24.568-9.373 33.941-.001z\"><\/path><\/svg><\/span>\n\t\t\t\t\t\t\t\t\t\t\t\t\t\t<\/span>\n\t\t\t\t\t\t\t\t\t\t\t\t<a class=\"elementor-accordion-title\" tabindex=\"0\">Folclore<\/a>\n\t\t\t\t\t<\/div>\n\t\t\t\t\t<div id=\"elementor-tab-content-1953\" class=\"elementor-tab-content elementor-clearfix\" data-tab=\"3\" role=\"region\" aria-labelledby=\"elementor-tab-title-1953\"><p>O trabalho com o folclore permite o enriquecimento cultural, a oralidade, a express\u00e3o corporal, entre outros e tem como\u00a0 objetivo desenvolver valores e atitudes como: a escuta e o respeito ao outro, a import\u00e2ncia do trabalho coletivo e o respeito \u00e0s diferentes culturas.<\/p><\/div>\n\t\t\t\t<\/div>\n\t\t\t\t\t\t\t\t<\/div>\n\t\t\t\t\t\t<\/div>\n\t\t\t\t<\/div>\n\t\t\t\t\t<\/div>\n\t\t\t\t<\/div>\n\t\t\t\t<\/div>\n\t\t","protected":false},"excerpt":{"rendered":"<p>Diferenciais Banda Musical A m\u00fasica \u00e9 a linguagem que se traduz em formas sonoras capazes de expressar e comunicar sensa\u00e7\u00f5es, sentimentos e pensamentos, por meio da organiza\u00e7\u00e3o e relacionamento expressivo entre o som e o sil\u00eancio. \u00a0A fanfarra da Escola Nossa Senhora Aparecida foi criada em 1986, e durante mais de 30 anos vem demonstrando [&hellip;]<\/p>\n","protected":false},"author":1,"featured_media":0,"parent":0,"menu_order":0,"comment_status":"closed","ping_status":"closed","template":"","meta":{"_acf_changed":false,"footnotes":""},"class_list":["post-421","page","type-page","status-publish","hentry"],"acf":[],"yoast_head":"<!-- This site is optimized with the Yoast SEO plugin v26.3 - https:\/\/yoast.com\/wordpress\/plugins\/seo\/ -->\n<title>Diferenciais - Escola Nossa Senhora Aparecida | Rede ICM de Educa\u00e7\u00e3o<\/title>\n<meta name=\"robots\" content=\"index, follow, max-snippet:-1, max-image-preview:large, max-video-preview:-1\" \/>\n<link rel=\"canonical\" href=\"https:\/\/redeicm.org.br\/aparecida\/diferenciais\/\" \/>\n<meta property=\"og:locale\" content=\"pt_BR\" \/>\n<meta property=\"og:type\" content=\"article\" \/>\n<meta property=\"og:title\" content=\"Diferenciais - Escola Nossa Senhora Aparecida | Rede ICM de Educa\u00e7\u00e3o\" \/>\n<meta property=\"og:description\" content=\"Diferenciais Banda Musical A m\u00fasica \u00e9 a linguagem que se traduz em formas sonoras capazes de expressar e comunicar sensa\u00e7\u00f5es, sentimentos e pensamentos, por meio da organiza\u00e7\u00e3o e relacionamento expressivo entre o som e o sil\u00eancio. \u00a0A fanfarra da Escola Nossa Senhora Aparecida foi criada em 1986, e durante mais de 30 anos vem demonstrando [&hellip;]\" \/>\n<meta property=\"og:url\" content=\"https:\/\/redeicm.org.br\/aparecida\/diferenciais\/\" \/>\n<meta property=\"og:site_name\" content=\"Escola Nossa Senhora Aparecida | Rede ICM de Educa\u00e7\u00e3o\" \/>\n<meta property=\"article:modified_time\" content=\"2024-08-15T17:54:32+00:00\" \/>\n<meta name=\"twitter:card\" content=\"summary_large_image\" \/>\n<meta name=\"twitter:label1\" content=\"Est. tempo de leitura\" \/>\n\t<meta name=\"twitter:data1\" content=\"1 minuto\" \/>\n<script type=\"application\/ld+json\" class=\"yoast-schema-graph\">{\"@context\":\"https:\/\/schema.org\",\"@graph\":[{\"@type\":\"WebPage\",\"@id\":\"https:\/\/redeicm.org.br\/aparecida\/diferenciais\/\",\"url\":\"https:\/\/redeicm.org.br\/aparecida\/diferenciais\/\",\"name\":\"Diferenciais - Escola Nossa Senhora Aparecida | Rede ICM de Educa\u00e7\u00e3o\",\"isPartOf\":{\"@id\":\"https:\/\/redeicm.org.br\/aparecida\/#website\"},\"datePublished\":\"2024-08-15T17:52:07+00:00\",\"dateModified\":\"2024-08-15T17:54:32+00:00\",\"breadcrumb\":{\"@id\":\"https:\/\/redeicm.org.br\/aparecida\/diferenciais\/#breadcrumb\"},\"inLanguage\":\"pt-BR\",\"potentialAction\":[{\"@type\":\"ReadAction\",\"target\":[\"https:\/\/redeicm.org.br\/aparecida\/diferenciais\/\"]}]},{\"@type\":\"BreadcrumbList\",\"@id\":\"https:\/\/redeicm.org.br\/aparecida\/diferenciais\/#breadcrumb\",\"itemListElement\":[{\"@type\":\"ListItem\",\"position\":1,\"name\":\"In\u00edcio\",\"item\":\"https:\/\/redeicm.org.br\/aparecida\/\"},{\"@type\":\"ListItem\",\"position\":2,\"name\":\"Diferenciais\"}]},{\"@type\":\"WebSite\",\"@id\":\"https:\/\/redeicm.org.br\/aparecida\/#website\",\"url\":\"https:\/\/redeicm.org.br\/aparecida\/\",\"name\":\"Escola Nossa Senhora Aparecida | Rede ICM de Educa\u00e7\u00e3o\",\"description\":\"\",\"publisher\":{\"@id\":\"https:\/\/redeicm.org.br\/aparecida\/#organization\"},\"potentialAction\":[{\"@type\":\"SearchAction\",\"target\":{\"@type\":\"EntryPoint\",\"urlTemplate\":\"https:\/\/redeicm.org.br\/aparecida\/?s={search_term_string}\"},\"query-input\":{\"@type\":\"PropertyValueSpecification\",\"valueRequired\":true,\"valueName\":\"search_term_string\"}}],\"inLanguage\":\"pt-BR\"},{\"@type\":\"Organization\",\"@id\":\"https:\/\/redeicm.org.br\/aparecida\/#organization\",\"name\":\"Escola Nossa Senhora Aparecida | Rede ICM de Educa\u00e7\u00e3o\",\"url\":\"https:\/\/redeicm.org.br\/aparecida\/\",\"logo\":{\"@type\":\"ImageObject\",\"inLanguage\":\"pt-BR\",\"@id\":\"https:\/\/redeicm.org.br\/aparecida\/#\/schema\/logo\/image\/\",\"url\":\"https:\/\/redeicm.org.br\/aparecida\/wp-content\/uploads\/sites\/4\/2024\/08\/logo-aparecida-header4.png\",\"contentUrl\":\"https:\/\/redeicm.org.br\/aparecida\/wp-content\/uploads\/sites\/4\/2024\/08\/logo-aparecida-header4.png\",\"width\":2735,\"height\":772,\"caption\":\"Escola Nossa Senhora Aparecida | Rede ICM de Educa\u00e7\u00e3o\"},\"image\":{\"@id\":\"https:\/\/redeicm.org.br\/aparecida\/#\/schema\/logo\/image\/\"}}]}<\/script>\n<!-- \/ Yoast SEO plugin. -->","yoast_head_json":{"title":"Diferenciais - Escola Nossa Senhora Aparecida | Rede ICM de Educa\u00e7\u00e3o","robots":{"index":"index","follow":"follow","max-snippet":"max-snippet:-1","max-image-preview":"max-image-preview:large","max-video-preview":"max-video-preview:-1"},"canonical":"https:\/\/redeicm.org.br\/aparecida\/diferenciais\/","og_locale":"pt_BR","og_type":"article","og_title":"Diferenciais - Escola Nossa Senhora Aparecida | Rede ICM de Educa\u00e7\u00e3o","og_description":"Diferenciais Banda Musical A m\u00fasica \u00e9 a linguagem que se traduz em formas sonoras capazes de expressar e comunicar sensa\u00e7\u00f5es, sentimentos e pensamentos, por meio da organiza\u00e7\u00e3o e relacionamento expressivo entre o som e o sil\u00eancio. \u00a0A fanfarra da Escola Nossa Senhora Aparecida foi criada em 1986, e durante mais de 30 anos vem demonstrando [&hellip;]","og_url":"https:\/\/redeicm.org.br\/aparecida\/diferenciais\/","og_site_name":"Escola Nossa Senhora Aparecida | Rede ICM de Educa\u00e7\u00e3o","article_modified_time":"2024-08-15T17:54:32+00:00","twitter_card":"summary_large_image","twitter_misc":{"Est. tempo de leitura":"1 minuto"},"schema":{"@context":"https:\/\/schema.org","@graph":[{"@type":"WebPage","@id":"https:\/\/redeicm.org.br\/aparecida\/diferenciais\/","url":"https:\/\/redeicm.org.br\/aparecida\/diferenciais\/","name":"Diferenciais - Escola Nossa Senhora Aparecida | Rede ICM de Educa\u00e7\u00e3o","isPartOf":{"@id":"https:\/\/redeicm.org.br\/aparecida\/#website"},"datePublished":"2024-08-15T17:52:07+00:00","dateModified":"2024-08-15T17:54:32+00:00","breadcrumb":{"@id":"https:\/\/redeicm.org.br\/aparecida\/diferenciais\/#breadcrumb"},"inLanguage":"pt-BR","potentialAction":[{"@type":"ReadAction","target":["https:\/\/redeicm.org.br\/aparecida\/diferenciais\/"]}]},{"@type":"BreadcrumbList","@id":"https:\/\/redeicm.org.br\/aparecida\/diferenciais\/#breadcrumb","itemListElement":[{"@type":"ListItem","position":1,"name":"In\u00edcio","item":"https:\/\/redeicm.org.br\/aparecida\/"},{"@type":"ListItem","position":2,"name":"Diferenciais"}]},{"@type":"WebSite","@id":"https:\/\/redeicm.org.br\/aparecida\/#website","url":"https:\/\/redeicm.org.br\/aparecida\/","name":"Escola Nossa Senhora Aparecida | Rede ICM de Educa\u00e7\u00e3o","description":"","publisher":{"@id":"https:\/\/redeicm.org.br\/aparecida\/#organization"},"potentialAction":[{"@type":"SearchAction","target":{"@type":"EntryPoint","urlTemplate":"https:\/\/redeicm.org.br\/aparecida\/?s={search_term_string}"},"query-input":{"@type":"PropertyValueSpecification","valueRequired":true,"valueName":"search_term_string"}}],"inLanguage":"pt-BR"},{"@type":"Organization","@id":"https:\/\/redeicm.org.br\/aparecida\/#organization","name":"Escola Nossa Senhora Aparecida | Rede ICM de Educa\u00e7\u00e3o","url":"https:\/\/redeicm.org.br\/aparecida\/","logo":{"@type":"ImageObject","inLanguage":"pt-BR","@id":"https:\/\/redeicm.org.br\/aparecida\/#\/schema\/logo\/image\/","url":"https:\/\/redeicm.org.br\/aparecida\/wp-content\/uploads\/sites\/4\/2024\/08\/logo-aparecida-header4.png","contentUrl":"https:\/\/redeicm.org.br\/aparecida\/wp-content\/uploads\/sites\/4\/2024\/08\/logo-aparecida-header4.png","width":2735,"height":772,"caption":"Escola Nossa Senhora Aparecida | Rede ICM de Educa\u00e7\u00e3o"},"image":{"@id":"https:\/\/redeicm.org.br\/aparecida\/#\/schema\/logo\/image\/"}}]}},"_links":{"self":[{"href":"https:\/\/redeicm.org.br\/aparecida\/wp-json\/wp\/v2\/pages\/421","targetHints":{"allow":["GET"]}}],"collection":[{"href":"https:\/\/redeicm.org.br\/aparecida\/wp-json\/wp\/v2\/pages"}],"about":[{"href":"https:\/\/redeicm.org.br\/aparecida\/wp-json\/wp\/v2\/types\/page"}],"author":[{"embeddable":true,"href":"https:\/\/redeicm.org.br\/aparecida\/wp-json\/wp\/v2\/users\/1"}],"replies":[{"embeddable":true,"href":"https:\/\/redeicm.org.br\/aparecida\/wp-json\/wp\/v2\/comments?post=421"}],"version-history":[{"count":0,"href":"https:\/\/redeicm.org.br\/aparecida\/wp-json\/wp\/v2\/pages\/421\/revisions"}],"wp:attachment":[{"href":"https:\/\/redeicm.org.br\/aparecida\/wp-json\/wp\/v2\/media?parent=421"}],"curies":[{"name":"wp","href":"https:\/\/api.w.org\/{rel}","templated":true}]}}