{"id":141,"date":"2024-08-14T14:48:09","date_gmt":"2024-08-14T17:48:09","guid":{"rendered":"https:\/\/redeicm.org.br\/aparecida\/educacao-infantil\/"},"modified":"2025-07-17T12:12:38","modified_gmt":"2025-07-17T15:12:38","slug":"educacao-infantil","status":"publish","type":"page","link":"https:\/\/redeicm.org.br\/aparecida\/educacao-infantil\/","title":{"rendered":"Educa\u00e7\u00e3o Infantil"},"content":{"rendered":"\t\t<div data-elementor-type=\"wp-page\" data-elementor-id=\"141\" class=\"elementor elementor-141\" data-elementor-post-type=\"page\">\n\t\t\t\t<div class=\"elementor-element elementor-element-4a231d89 e-flex e-con-boxed e-con e-parent\" data-id=\"4a231d89\" data-element_type=\"container\" data-e-type=\"container\" data-settings=\"{&quot;background_background&quot;:&quot;classic&quot;}\">\n\t\t\t\t\t<div class=\"e-con-inner\">\n\t\t\t\t\t<\/div>\n\t\t\t\t<\/div>\n\t\t<div class=\"elementor-element elementor-element-759d3e74 e-flex e-con-boxed e-con e-parent\" data-id=\"759d3e74\" data-element_type=\"container\" data-e-type=\"container\">\n\t\t\t\t\t<div class=\"e-con-inner\">\n\t\t\t\t<div class=\"elementor-element elementor-element-7e651a1b elementor-widget elementor-widget-heading\" data-id=\"7e651a1b\" data-element_type=\"widget\" data-e-type=\"widget\" data-widget_type=\"heading.default\">\n\t\t\t\t<div class=\"elementor-widget-container\">\n\t\t\t\t\t<h1 class=\"elementor-heading-title elementor-size-default\">Educa\u00e7\u00e3o Infantil<\/h1>\t\t\t\t<\/div>\n\t\t\t\t<\/div>\n\t\t\t\t\t<\/div>\n\t\t\t\t<\/div>\n\t\t<div class=\"elementor-element elementor-element-2820d857 e-con-full e-flex e-con e-parent\" data-id=\"2820d857\" data-element_type=\"container\" data-e-type=\"container\">\n\t\t<div class=\"elementor-element elementor-element-1b1226aa e-flex e-con-boxed e-con e-child\" data-id=\"1b1226aa\" data-element_type=\"container\" data-e-type=\"container\">\n\t\t\t\t\t<div class=\"e-con-inner\">\n\t\t\t\t<div class=\"elementor-element elementor-element-3a85b2cc elementor-invisible elementor-widget elementor-widget-text-editor\" data-id=\"3a85b2cc\" data-element_type=\"widget\" data-e-type=\"widget\" data-settings=\"{&quot;_animation&quot;:&quot;fadeInUp&quot;}\" data-widget_type=\"text-editor.default\">\n\t\t\t\t<div class=\"elementor-widget-container\">\n\t\t\t\t\t\t\t\t\t<p>Na\u00a0<strong>Educa\u00e7\u00e3o Infantil<\/strong>\u00a0\u00e9 proporcionado \u00e0 crian\u00e7a a viv\u00eancia de valores humanos e crist\u00e3os, incentivando a criatividade e a socializa\u00e7\u00e3o, a busca de identidade e o desenvolvimento psico-motor e afetivo.<\/p><p>Temos como indicadores de sa\u00edda para a Educa\u00e7\u00e3o Infantil<br \/>\u2013 Expressar-se, comunicando-se atrav\u00e9s de diferentes formas.<br \/>\u2013 Expressar hip\u00f3teses.<br \/>\u2013 Reconhecer a fun\u00e7\u00e3o social da escrita e dos n\u00fameros.<br \/>\u2013 Desenvolver atitudes de cuidado com a vida.<\/p><p><span style=\"font-weight: 400;\">Equipe de Coordena\u00e7\u00e3o Pedag\u00f3gica &#8211; Educa\u00e7\u00e3o Infantil e Ensino Fundamental &#8211; anos iniciais: <\/span><\/p><p>\u2013 <span style=\"font-weight: 400;\">Silvia Helena Ara\u00fajo\u00a0<\/span><br \/>\u2013 <span style=\"font-weight: 400;\">Magda Marques Moretto\u00a0<\/span><br \/>\u2013 B<span style=\"font-weight: 400;\">et\u00e2nia Pedrotti de Oliveira<\/span><\/p>\t\t\t\t\t\t\t\t<\/div>\n\t\t\t\t<\/div>\n\t\t\t\t\t<\/div>\n\t\t\t\t<\/div>\n\t\t\t\t<\/div>\n\t\t\t\t<\/div>\n\t\t","protected":false},"excerpt":{"rendered":"<p>Na\u00a0Educa\u00e7\u00e3o Infantil\u00a0\u00e9 proporcionado \u00e0 crian\u00e7a a viv\u00eancia de valores humanos e crist\u00e3os, incentivando a criatividade e a socializa\u00e7\u00e3o, a busca de identidade e o desenvolvimento psico-motor e afetivo. Temos como indicadores de sa\u00edda para a Educa\u00e7\u00e3o Infantil\u2013 Expressar-se, comunicando-se atrav\u00e9s de diferentes formas.\u2013 Expressar hip\u00f3teses.\u2013 Reconhecer a fun\u00e7\u00e3o social da escrita e dos n\u00fameros.\u2013 Desenvolver [&hellip;]<\/p>\n","protected":false},"author":1,"featured_media":144,"parent":0,"menu_order":0,"comment_status":"closed","ping_status":"closed","template":"","meta":{"_acf_changed":false,"footnotes":""},"class_list":["post-141","page","type-page","status-publish","has-post-thumbnail","hentry"],"acf":[],"yoast_head":"<!-- This site is optimized with the Yoast SEO plugin v26.3 - https:\/\/yoast.com\/wordpress\/plugins\/seo\/ -->\n<title>Educa\u00e7\u00e3o Infantil - Escola Nossa Senhora Aparecida | Rede ICM de Educa\u00e7\u00e3o<\/title>\n<meta name=\"robots\" content=\"index, follow, max-snippet:-1, max-image-preview:large, max-video-preview:-1\" \/>\n<link rel=\"canonical\" href=\"https:\/\/redeicm.org.br\/aparecida\/educacao-infantil\/\" \/>\n<meta property=\"og:locale\" content=\"pt_BR\" \/>\n<meta property=\"og:type\" content=\"article\" \/>\n<meta property=\"og:title\" content=\"Educa\u00e7\u00e3o Infantil - Escola Nossa Senhora Aparecida | Rede ICM de Educa\u00e7\u00e3o\" \/>\n<meta property=\"og:description\" content=\"Na\u00a0Educa\u00e7\u00e3o Infantil\u00a0\u00e9 proporcionado \u00e0 crian\u00e7a a viv\u00eancia de valores humanos e crist\u00e3os, incentivando a criatividade e a socializa\u00e7\u00e3o, a busca de identidade e o desenvolvimento psico-motor e afetivo. Temos como indicadores de sa\u00edda para a Educa\u00e7\u00e3o Infantil\u2013 Expressar-se, comunicando-se atrav\u00e9s de diferentes formas.\u2013 Expressar hip\u00f3teses.\u2013 Reconhecer a fun\u00e7\u00e3o social da escrita e dos n\u00fameros.\u2013 Desenvolver [&hellip;]\" \/>\n<meta property=\"og:url\" content=\"https:\/\/redeicm.org.br\/aparecida\/educacao-infantil\/\" \/>\n<meta property=\"og:site_name\" content=\"Escola Nossa Senhora Aparecida | Rede ICM de Educa\u00e7\u00e3o\" \/>\n<meta property=\"article:modified_time\" content=\"2025-07-17T15:12:38+00:00\" \/>\n<meta property=\"og:image\" content=\"https:\/\/redeicm.org.br\/aparecida\/wp-content\/uploads\/sites\/4\/2024\/08\/banner-educacao-infantil.jpg\" \/>\n\t<meta property=\"og:image:width\" content=\"1440\" \/>\n\t<meta property=\"og:image:height\" content=\"400\" \/>\n\t<meta property=\"og:image:type\" content=\"image\/jpeg\" \/>\n<meta name=\"twitter:card\" content=\"summary_large_image\" \/>\n<meta name=\"twitter:label1\" content=\"Est. tempo de leitura\" \/>\n\t<meta name=\"twitter:data1\" content=\"1 minuto\" \/>\n<script type=\"application\/ld+json\" class=\"yoast-schema-graph\">{\"@context\":\"https:\/\/schema.org\",\"@graph\":[{\"@type\":\"WebPage\",\"@id\":\"https:\/\/redeicm.org.br\/aparecida\/educacao-infantil\/\",\"url\":\"https:\/\/redeicm.org.br\/aparecida\/educacao-infantil\/\",\"name\":\"Educa\u00e7\u00e3o Infantil - Escola Nossa Senhora Aparecida | Rede ICM de Educa\u00e7\u00e3o\",\"isPartOf\":{\"@id\":\"https:\/\/redeicm.org.br\/aparecida\/#website\"},\"primaryImageOfPage\":{\"@id\":\"https:\/\/redeicm.org.br\/aparecida\/educacao-infantil\/#primaryimage\"},\"image\":{\"@id\":\"https:\/\/redeicm.org.br\/aparecida\/educacao-infantil\/#primaryimage\"},\"thumbnailUrl\":\"https:\/\/redeicm.org.br\/aparecida\/wp-content\/uploads\/sites\/4\/2024\/08\/banner-educacao-infantil.jpg\",\"datePublished\":\"2024-08-14T17:48:09+00:00\",\"dateModified\":\"2025-07-17T15:12:38+00:00\",\"breadcrumb\":{\"@id\":\"https:\/\/redeicm.org.br\/aparecida\/educacao-infantil\/#breadcrumb\"},\"inLanguage\":\"pt-BR\",\"potentialAction\":[{\"@type\":\"ReadAction\",\"target\":[\"https:\/\/redeicm.org.br\/aparecida\/educacao-infantil\/\"]}]},{\"@type\":\"ImageObject\",\"inLanguage\":\"pt-BR\",\"@id\":\"https:\/\/redeicm.org.br\/aparecida\/educacao-infantil\/#primaryimage\",\"url\":\"https:\/\/redeicm.org.br\/aparecida\/wp-content\/uploads\/sites\/4\/2024\/08\/banner-educacao-infantil.jpg\",\"contentUrl\":\"https:\/\/redeicm.org.br\/aparecida\/wp-content\/uploads\/sites\/4\/2024\/08\/banner-educacao-infantil.jpg\",\"width\":1440,\"height\":400},{\"@type\":\"BreadcrumbList\",\"@id\":\"https:\/\/redeicm.org.br\/aparecida\/educacao-infantil\/#breadcrumb\",\"itemListElement\":[{\"@type\":\"ListItem\",\"position\":1,\"name\":\"In\u00edcio\",\"item\":\"https:\/\/redeicm.org.br\/aparecida\/\"},{\"@type\":\"ListItem\",\"position\":2,\"name\":\"Educa\u00e7\u00e3o Infantil\"}]},{\"@type\":\"WebSite\",\"@id\":\"https:\/\/redeicm.org.br\/aparecida\/#website\",\"url\":\"https:\/\/redeicm.org.br\/aparecida\/\",\"name\":\"Escola Nossa Senhora Aparecida | Rede ICM de Educa\u00e7\u00e3o\",\"description\":\"\",\"publisher\":{\"@id\":\"https:\/\/redeicm.org.br\/aparecida\/#organization\"},\"potentialAction\":[{\"@type\":\"SearchAction\",\"target\":{\"@type\":\"EntryPoint\",\"urlTemplate\":\"https:\/\/redeicm.org.br\/aparecida\/?s={search_term_string}\"},\"query-input\":{\"@type\":\"PropertyValueSpecification\",\"valueRequired\":true,\"valueName\":\"search_term_string\"}}],\"inLanguage\":\"pt-BR\"},{\"@type\":\"Organization\",\"@id\":\"https:\/\/redeicm.org.br\/aparecida\/#organization\",\"name\":\"Escola Nossa Senhora Aparecida | Rede ICM de Educa\u00e7\u00e3o\",\"url\":\"https:\/\/redeicm.org.br\/aparecida\/\",\"logo\":{\"@type\":\"ImageObject\",\"inLanguage\":\"pt-BR\",\"@id\":\"https:\/\/redeicm.org.br\/aparecida\/#\/schema\/logo\/image\/\",\"url\":\"https:\/\/redeicm.org.br\/aparecida\/wp-content\/uploads\/sites\/4\/2024\/08\/logo-aparecida-header4.png\",\"contentUrl\":\"https:\/\/redeicm.org.br\/aparecida\/wp-content\/uploads\/sites\/4\/2024\/08\/logo-aparecida-header4.png\",\"width\":2735,\"height\":772,\"caption\":\"Escola Nossa Senhora Aparecida | Rede ICM de Educa\u00e7\u00e3o\"},\"image\":{\"@id\":\"https:\/\/redeicm.org.br\/aparecida\/#\/schema\/logo\/image\/\"}}]}<\/script>\n<!-- \/ Yoast SEO plugin. -->","yoast_head_json":{"title":"Educa\u00e7\u00e3o Infantil - Escola Nossa Senhora Aparecida | Rede ICM de Educa\u00e7\u00e3o","robots":{"index":"index","follow":"follow","max-snippet":"max-snippet:-1","max-image-preview":"max-image-preview:large","max-video-preview":"max-video-preview:-1"},"canonical":"https:\/\/redeicm.org.br\/aparecida\/educacao-infantil\/","og_locale":"pt_BR","og_type":"article","og_title":"Educa\u00e7\u00e3o Infantil - Escola Nossa Senhora Aparecida | Rede ICM de Educa\u00e7\u00e3o","og_description":"Na\u00a0Educa\u00e7\u00e3o Infantil\u00a0\u00e9 proporcionado \u00e0 crian\u00e7a a viv\u00eancia de valores humanos e crist\u00e3os, incentivando a criatividade e a socializa\u00e7\u00e3o, a busca de identidade e o desenvolvimento psico-motor e afetivo. Temos como indicadores de sa\u00edda para a Educa\u00e7\u00e3o Infantil\u2013 Expressar-se, comunicando-se atrav\u00e9s de diferentes formas.\u2013 Expressar hip\u00f3teses.\u2013 Reconhecer a fun\u00e7\u00e3o social da escrita e dos n\u00fameros.\u2013 Desenvolver [&hellip;]","og_url":"https:\/\/redeicm.org.br\/aparecida\/educacao-infantil\/","og_site_name":"Escola Nossa Senhora Aparecida | Rede ICM de Educa\u00e7\u00e3o","article_modified_time":"2025-07-17T15:12:38+00:00","og_image":[{"width":1440,"height":400,"url":"https:\/\/redeicm.org.br\/aparecida\/wp-content\/uploads\/sites\/4\/2024\/08\/banner-educacao-infantil.jpg","type":"image\/jpeg"}],"twitter_card":"summary_large_image","twitter_misc":{"Est. tempo de leitura":"1 minuto"},"schema":{"@context":"https:\/\/schema.org","@graph":[{"@type":"WebPage","@id":"https:\/\/redeicm.org.br\/aparecida\/educacao-infantil\/","url":"https:\/\/redeicm.org.br\/aparecida\/educacao-infantil\/","name":"Educa\u00e7\u00e3o Infantil - Escola Nossa Senhora Aparecida | Rede ICM de Educa\u00e7\u00e3o","isPartOf":{"@id":"https:\/\/redeicm.org.br\/aparecida\/#website"},"primaryImageOfPage":{"@id":"https:\/\/redeicm.org.br\/aparecida\/educacao-infantil\/#primaryimage"},"image":{"@id":"https:\/\/redeicm.org.br\/aparecida\/educacao-infantil\/#primaryimage"},"thumbnailUrl":"https:\/\/redeicm.org.br\/aparecida\/wp-content\/uploads\/sites\/4\/2024\/08\/banner-educacao-infantil.jpg","datePublished":"2024-08-14T17:48:09+00:00","dateModified":"2025-07-17T15:12:38+00:00","breadcrumb":{"@id":"https:\/\/redeicm.org.br\/aparecida\/educacao-infantil\/#breadcrumb"},"inLanguage":"pt-BR","potentialAction":[{"@type":"ReadAction","target":["https:\/\/redeicm.org.br\/aparecida\/educacao-infantil\/"]}]},{"@type":"ImageObject","inLanguage":"pt-BR","@id":"https:\/\/redeicm.org.br\/aparecida\/educacao-infantil\/#primaryimage","url":"https:\/\/redeicm.org.br\/aparecida\/wp-content\/uploads\/sites\/4\/2024\/08\/banner-educacao-infantil.jpg","contentUrl":"https:\/\/redeicm.org.br\/aparecida\/wp-content\/uploads\/sites\/4\/2024\/08\/banner-educacao-infantil.jpg","width":1440,"height":400},{"@type":"BreadcrumbList","@id":"https:\/\/redeicm.org.br\/aparecida\/educacao-infantil\/#breadcrumb","itemListElement":[{"@type":"ListItem","position":1,"name":"In\u00edcio","item":"https:\/\/redeicm.org.br\/aparecida\/"},{"@type":"ListItem","position":2,"name":"Educa\u00e7\u00e3o Infantil"}]},{"@type":"WebSite","@id":"https:\/\/redeicm.org.br\/aparecida\/#website","url":"https:\/\/redeicm.org.br\/aparecida\/","name":"Escola Nossa Senhora Aparecida | Rede ICM de Educa\u00e7\u00e3o","description":"","publisher":{"@id":"https:\/\/redeicm.org.br\/aparecida\/#organization"},"potentialAction":[{"@type":"SearchAction","target":{"@type":"EntryPoint","urlTemplate":"https:\/\/redeicm.org.br\/aparecida\/?s={search_term_string}"},"query-input":{"@type":"PropertyValueSpecification","valueRequired":true,"valueName":"search_term_string"}}],"inLanguage":"pt-BR"},{"@type":"Organization","@id":"https:\/\/redeicm.org.br\/aparecida\/#organization","name":"Escola Nossa Senhora Aparecida | Rede ICM de Educa\u00e7\u00e3o","url":"https:\/\/redeicm.org.br\/aparecida\/","logo":{"@type":"ImageObject","inLanguage":"pt-BR","@id":"https:\/\/redeicm.org.br\/aparecida\/#\/schema\/logo\/image\/","url":"https:\/\/redeicm.org.br\/aparecida\/wp-content\/uploads\/sites\/4\/2024\/08\/logo-aparecida-header4.png","contentUrl":"https:\/\/redeicm.org.br\/aparecida\/wp-content\/uploads\/sites\/4\/2024\/08\/logo-aparecida-header4.png","width":2735,"height":772,"caption":"Escola Nossa Senhora Aparecida | Rede ICM de Educa\u00e7\u00e3o"},"image":{"@id":"https:\/\/redeicm.org.br\/aparecida\/#\/schema\/logo\/image\/"}}]}},"_links":{"self":[{"href":"https:\/\/redeicm.org.br\/aparecida\/wp-json\/wp\/v2\/pages\/141","targetHints":{"allow":["GET"]}}],"collection":[{"href":"https:\/\/redeicm.org.br\/aparecida\/wp-json\/wp\/v2\/pages"}],"about":[{"href":"https:\/\/redeicm.org.br\/aparecida\/wp-json\/wp\/v2\/types\/page"}],"author":[{"embeddable":true,"href":"https:\/\/redeicm.org.br\/aparecida\/wp-json\/wp\/v2\/users\/1"}],"replies":[{"embeddable":true,"href":"https:\/\/redeicm.org.br\/aparecida\/wp-json\/wp\/v2\/comments?post=141"}],"version-history":[{"count":9,"href":"https:\/\/redeicm.org.br\/aparecida\/wp-json\/wp\/v2\/pages\/141\/revisions"}],"predecessor-version":[{"id":3460,"href":"https:\/\/redeicm.org.br\/aparecida\/wp-json\/wp\/v2\/pages\/141\/revisions\/3460"}],"wp:featuredmedia":[{"embeddable":true,"href":"https:\/\/redeicm.org.br\/aparecida\/wp-json\/wp\/v2\/media\/144"}],"wp:attachment":[{"href":"https:\/\/redeicm.org.br\/aparecida\/wp-json\/wp\/v2\/media?parent=141"}],"curies":[{"name":"wp","href":"https:\/\/api.w.org\/{rel}","templated":true}]}}