{"id":141,"date":"2024-08-14T14:48:09","date_gmt":"2024-08-14T17:48:09","guid":{"rendered":"https:\/\/redeicm.org.br\/aparecida\/educacao-infantil\/"},"modified":"2026-08-18T13:52:50","modified_gmt":"2026-08-18T16:52:50","slug":"educacao-infantil","status":"publish","type":"page","link":"https:\/\/redeicm.org.br\/aparecida\/educacao-infantil\/","title":{"rendered":"Educa\u00e7\u00e3o Infantil"},"content":{"rendered":"\t\t<div data-elementor-type=\"wp-page\" data-elementor-id=\"141\" class=\"elementor elementor-141\" data-elementor-post-type=\"page\">\n\t\t\t\t<div class=\"elementor-element elementor-element-4a231d89 e-flex e-con-boxed e-con e-parent\" data-id=\"4a231d89\" data-element_type=\"container\" data-e-type=\"container\" data-settings=\"{&quot;background_background&quot;:&quot;classic&quot;}\">\n\t\t\t\t\t<div class=\"e-con-inner\">\n\t\t\t\t\t<\/div>\n\t\t\t\t<\/div>\n\t\t<div class=\"elementor-element elementor-element-759d3e74 e-flex e-con-boxed e-con e-parent\" data-id=\"759d3e74\" data-element_type=\"container\" data-e-type=\"container\">\n\t\t\t\t\t<div class=\"e-con-inner\">\n\t\t\t\t<div class=\"elementor-element elementor-element-7e651a1b elementor-widget elementor-widget-heading\" data-id=\"7e651a1b\" data-element_type=\"widget\" data-e-type=\"widget\" data-widget_type=\"heading.default\">\n\t\t\t\t<div class=\"elementor-widget-container\">\n\t\t\t\t\t<h1 class=\"elementor-heading-title elementor-size-default\">Educa\u00e7\u00e3o Infantil<\/h1>\t\t\t\t<\/div>\n\t\t\t\t<\/div>\n\t\t\t\t\t<\/div>\n\t\t\t\t<\/div>\n\t\t<div class=\"elementor-element elementor-element-2820d857 e-con-full e-flex e-con e-parent\" data-id=\"2820d857\" data-element_type=\"container\" data-e-type=\"container\">\n\t\t<div class=\"elementor-element elementor-element-1b1226aa e-flex e-con-boxed e-con e-child\" data-id=\"1b1226aa\" data-element_type=\"container\" data-e-type=\"container\">\n\t\t\t\t\t<div class=\"e-con-inner\">\n\t\t\t\t<div class=\"elementor-element elementor-element-3a85b2cc elementor-invisible elementor-widget elementor-widget-text-editor\" data-id=\"3a85b2cc\" data-element_type=\"widget\" data-e-type=\"widget\" data-settings=\"{&quot;_animation&quot;:&quot;fadeInUp&quot;}\" data-widget_type=\"text-editor.default\">\n\t\t\t\t<div class=\"elementor-widget-container\">\n\t\t\t\t\t\t\t\t\t<h4><b>Educa\u00e7\u00e3o Infantil (3 a 5 anos)<\/b><\/h4>\n<p><span style=\"font-weight: 400\">A Educa\u00e7\u00e3o Infantil da Escola Nossa Senhora Aparecida acolhe e estimula o desenvolvimento das diferentes linguagens da crian\u00e7a. Nossa proposta pedag\u00f3gica alinha os objetivos de aprendizagem e os direitos fundamentais estabelecidos pela BNCC com a sensibilidade aos valores crist\u00e3os.<\/span><\/p>\n<h4><b>Metodologia e Cotidiano<\/b><\/h4>\n<ul>\n<li style=\"font-weight: 400\"><b>Intera\u00e7\u00f5es e Brincadeiras:<\/b><span style=\"font-weight: 400\"> Eixos norteadores que respeitam a individualidade e a realidade de cada crian\u00e7a.<\/span><\/li>\n<li style=\"font-weight: 400\"><b>Projetos de Aprendizagem:<\/b><span style=\"font-weight: 400\"> Surgem da escuta ativa, do protagonismo infantil, da curiosidade e das rodas de conversa.<\/span><\/li>\n<li style=\"font-weight: 400\"><b>Ambientes Intencionais:<\/b><span style=\"font-weight: 400\"> Espa\u00e7os organizados pedag\u00f3gica e afetuosamente para potencializar descobertas.<\/span><\/li>\n<li style=\"font-weight: 400\"><b>Corpo Docente:<\/b><span style=\"font-weight: 400\"> Acompanhamento cont\u00ednuo por uma professora refer\u00eancia de turma e professores especialistas.<\/span><\/li>\n<\/ul>\n<h4><b>Nossa Proposta de Valor<\/b><\/h4>\n<p><span style=\"font-weight: 400\">Desenvolvida na pr\u00e1tica atrav\u00e9s dos Campos de Experi\u00eancia:<\/span><\/p>\n<ul>\n<li style=\"font-weight: 400\"><b>Identidade e Autonomia:<\/b><span style=\"font-weight: 400\"> Constru\u00e7\u00e3o do &#8220;eu&#8221; por meio da afetividade, da diversidade e das rela\u00e7\u00f5es interpessoais.<\/span><\/li>\n<li style=\"font-weight: 400\"><b>Criatividade e Imagina\u00e7\u00e3o:<\/b><span style=\"font-weight: 400\"> Est\u00edmulo constante ao pensamento reflexivo e inventivo.<\/span><\/li>\n<li style=\"font-weight: 400\"><b>Espa\u00e7os L\u00fadicos:<\/b><span style=\"font-weight: 400\"> Ambientes planejados para que o brincar promova descobertas e respeite os direitos de aprendizagem.<\/span><\/li>\n<li style=\"font-weight: 400\"><b>Linguagens Integradas:<\/b><span style=\"font-weight: 400\"> Incentivo \u00e0 comunica\u00e7\u00e3o e \u00e0 express\u00e3o em suas mais diversas formas.<\/span><\/li>\n<li style=\"font-weight: 400\"><b>Cuidado, Conviv\u00eancia e Afeto:<\/b><span style=\"font-weight: 400\"> Ambiente seguro e acolhedor fundado na coopera\u00e7\u00e3o, na partilha e na solidariedade.<\/span><\/li>\n<li style=\"font-weight: 400\"><b>Viv\u00eancia de Valores Crist\u00e3os e Espiritualidade:<\/b><span style=\"font-weight: 400\"> A Pastoral Escolar se faz presente atrav\u00e9s do acolhimento, de momentos de ora\u00e7\u00e3o simples e de rodas de conversa que cultivam a gratid\u00e3o, o amor, o respeito e a sensibilidade perante a vida e as cria\u00e7\u00f5es de Deus.&nbsp;<\/span><\/li>\n<\/ul>\n<h4><b>Educa\u00e7\u00e3o digital na Educa\u00e7\u00e3o Infantil<\/b><\/h4>\n<h6><span style=\"font-weight: 400\">Na Educa\u00e7\u00e3o Infantil, a Educa\u00e7\u00e3o Digital \u00e9 trabalhada de forma l\u00fadica, segura e sem excesso de telas, focando em:<\/span><\/h6>\n<ul>\n<li style=\"font-weight: 400\">\n<h6><span style=\"font-weight: 400\">Computa\u00e7\u00e3o Desplugada: Desenvolvimento do racioc\u00ednio l\u00f3gico, no\u00e7\u00e3o espacial e resolu\u00e7\u00e3o de problemas por meio de brincadeiras corporais, blocos e jogos de montar.<\/span><\/h6>\n<\/li>\n<li style=\"font-weight: 400\">\n<h6><span style=\"font-weight: 400\">Uso Consciente e Guiado: A tecnologia \u00e9 apresentada com intencionalidade pedag\u00f3gica (pesquisas de imagens, sons e hist\u00f3rias), promovendo a cria\u00e7\u00e3o em vez do consumo passivo.<\/span><\/h6>\n<\/li>\n<li style=\"font-weight: 400\">\n<h6><span style=\"font-weight: 400\">Primeiras No\u00e7\u00f5es de Cidadania Digital: Est\u00edmulo \u00e0 conviv\u00eancia respeitosa, empatia e seguran\u00e7a no uso de m\u00eddias desde cedo.<\/span><\/h6>\n<\/li>\n<li style=\"font-weight: 400\">\n<h6><span style=\"font-weight: 400\">Express\u00e3o e M\u00faltiplas Linguagens: Explora\u00e7\u00e3o da criatividade atrav\u00e9s de fotos, \u00e1udios e arte digital integrada aos projetos da turma.<\/span><span style=\"color: inherit;font-family: inherit;font-size: 1.5rem;text-align: justify;text-indent: 36pt\">&nbsp;<\/span><\/h6><\/li><\/ul>\n<h4><b>DIFERENCIAIS<\/b><\/h4>\n<ul>\n<li style=\"font-weight: 400\"><span style=\"font-weight: 400\">Metodologia de Projetos trimestrais: <\/span><span style=\"font-weight: 400\">Projetos por N\u00edvel de Ensino: Propostas pedag\u00f3gicas espec\u00edficas e adequadas para cada faixa et\u00e1ria.<\/span><\/li>\n<li style=\"font-weight: 400\"><span style=\"font-weight: 400\">Aulas Especializadas: Educa\u00e7\u00e3o F\u00edsica, Ingl\u00eas e M\u00fasica, ministradas por professores especialistas.<\/span><\/li>\n<li style=\"font-weight: 400\"><span style=\"font-weight: 400\">Hora do Conto: Momentos dedicados a estimular a imagina\u00e7\u00e3o, o gosto pela leitura e a oralidade.<\/span><\/li>\n<li style=\"font-weight: 400\"><span style=\"font-weight: 400\">Inicia\u00e7\u00e3o Cient\u00edfica: Pr\u00e1ticas investigativas que despertam a curiosidade e o pensamento cient\u00edfico desde cedo.<\/span><\/li>\n<li style=\"font-weight: 400\"><span style=\"font-weight: 400\">Laborat\u00f3rio de Inform\u00e1tica M\u00f3vel: Acesso \u00e0 tecnologia educacional com o uso Chromebooks.<\/span><\/li>\n<li style=\"font-weight: 400\"><span style=\"font-weight: 400\">Pastoral Escolar: Viv\u00eancia de valores humanos e crist\u00e3os atrav\u00e9s de atividades l\u00fadicas e reflexivas.<\/span><\/li>\n<li style=\"font-weight: 400\"><span style=\"font-weight: 400\">Projetos Solid\u00e1rios: Primeiros passos na forma\u00e7\u00e3o da cidadania e do cuidado com o pr\u00f3ximo.<\/span><\/li>\n<\/ul>\n<h4><b>DEMANDA<\/b><\/h4>\n<p><span style=\"font-weight: 400\">Jardim I (maternal): 3 anos completos at\u00e9 31 de mar\u00e7o&nbsp;<\/span><\/p>\n<p><span style=\"font-weight: 400\">Jardim II (Pr\u00e9 I): 4 anos completos at\u00e9 31 de mar\u00e7o<\/span><\/p>\n<p><span style=\"font-weight: 400\">Jardim III (Pr\u00e9 II): 5 anos completos at\u00e9 31 de mar\u00e7o<\/span><\/p>\n<p><\/p>\n<h4><b>HOR\u00c1RIO<\/b><\/h4>\n<ul>\n<li style=\"font-weight: 400\"><span style=\"font-weight: 400\">Turno Matutino: 08h \u00e0s 12h.<\/span><\/li>\n<li style=\"font-weight: 400\"><span style=\"font-weight: 400\">Turno Vespertino: 13h \u00e0s 17h.<\/span><\/li>\n<\/ul>\n<h4><b>ATIVIDADE EXTRACURRICULAR<\/b><span style=\"font-weight: 400\">&nbsp;<\/span><\/h4>\n<ul>\n<li style=\"font-weight: 400\"><span style=\"font-weight: 400\">Xadrez<\/span><\/li>\n<\/ul>\n<h4><b>PLATAFORMAS DIGITAIS<\/b><\/h4>\n<ul>\n<li style=\"font-weight: 400\"><span style=\"font-weight: 400\">Aplicativo Rede ICM: Canal de comunica\u00e7\u00e3o oficial entre a Escola e as fam\u00edlias.<\/span><\/li>\n<li style=\"font-weight: 400\"><span style=\"font-weight: 400\">Elefante Letrado: Plataforma de leitura digital que desenvolve o h\u00e1bito e a compreens\u00e3o leitora.<\/span><\/li>\n<\/ul>\n<h4><b>ESTRUTURA F\u00cdSICA<\/b><\/h4>\n<ul>\n<li style=\"font-weight: 400\"><span style=\"font-weight: 400\">Ambientes Climatizados: Salas de aula e espa\u00e7os de conviv\u00eancia com temperatura controlada para maior conforto.<\/span><\/li>\n<li style=\"font-weight: 400\"><span style=\"font-weight: 400\">Biblioteca Exclusiva: Acervo adequado \u00e0 faixa et\u00e1ria, incentivando o contato com os livros desde cedo.<\/span><\/li>\n<li style=\"font-weight: 400\"><span style=\"font-weight: 400\">Refeit\u00f3rio: Espa\u00e7o organizado para as refei\u00e7\u00f5es oferecidas gratuitamente para os alunos.<\/span><\/li>\n<li style=\"font-weight: 400\"><span style=\"font-weight: 400\">Quadra de Esportes: Amplo espa\u00e7o para atividades f\u00edsicas e eventos.<\/span><\/li>\n<li style=\"font-weight: 400\"><span style=\"font-weight: 400\">Horta: Contato com a natureza e aprendizado sobre o cultivo de alimentos.<\/span><\/li>\n<li style=\"font-weight: 400\"><span style=\"font-weight: 400\">Parques\/p\u00e1tio: \u00c1reas de lazer seguras e equipadas para a divers\u00e3o e o desenvolvimento motor.<\/span><\/li>\n<li style=\"font-weight: 400\"><span style=\"font-weight: 400\">Seguran\u00e7a 24h: Monitoramento por meio de c\u00e2meras para garantir a prote\u00e7\u00e3o de toda a comunidade escolar<\/span><\/li>\n<\/ul>\t\t\t\t\t\t\t\t<\/div>\n\t\t\t\t<\/div>\n\t\t\t\t\t<\/div>\n\t\t\t\t<\/div>\n\t\t\t\t<\/div>\n\t\t\t\t<\/div>\n\t\t","protected":false},"excerpt":{"rendered":"<p>Educa\u00e7\u00e3o Infantil (3 a 5 anos) A Educa\u00e7\u00e3o Infantil da Escola Nossa Senhora Aparecida acolhe e estimula o desenvolvimento das diferentes linguagens da crian\u00e7a. Nossa proposta pedag\u00f3gica alinha os objetivos de aprendizagem e os direitos fundamentais estabelecidos pela BNCC com a sensibilidade aos valores crist\u00e3os. Metodologia e Cotidiano Intera\u00e7\u00f5es e Brincadeiras: Eixos norteadores que respeitam [&hellip;]<\/p>\n","protected":false},"author":1,"featured_media":144,"parent":0,"menu_order":0,"comment_status":"closed","ping_status":"closed","template":"","meta":{"_acf_changed":false,"footnotes":""},"class_list":["post-141","page","type-page","status-publish","has-post-thumbnail","hentry"],"acf":[],"yoast_head":"<!-- This site is optimized with the Yoast SEO plugin v27.8 - https:\/\/yoast.com\/product\/yoast-seo-wordpress\/ -->\n<title>Educa\u00e7\u00e3o Infantil - Escola Nossa Senhora Aparecida | Rede ICM de Educa\u00e7\u00e3o<\/title>\n<meta name=\"robots\" content=\"index, follow, max-snippet:-1, max-image-preview:large, max-video-preview:-1\" \/>\n<link rel=\"canonical\" href=\"https:\/\/redeicm.org.br\/aparecida\/educacao-infantil\/\" \/>\n<meta property=\"og:locale\" content=\"pt_BR\" \/>\n<meta property=\"og:type\" content=\"article\" \/>\n<meta property=\"og:title\" content=\"Educa\u00e7\u00e3o Infantil - Escola Nossa Senhora Aparecida | Rede ICM de Educa\u00e7\u00e3o\" \/>\n<meta property=\"og:description\" content=\"Educa\u00e7\u00e3o Infantil (3 a 5 anos) A Educa\u00e7\u00e3o Infantil da Escola Nossa Senhora Aparecida acolhe e estimula o desenvolvimento das diferentes linguagens da crian\u00e7a. Nossa proposta pedag\u00f3gica alinha os objetivos de aprendizagem e os direitos fundamentais estabelecidos pela BNCC com a sensibilidade aos valores crist\u00e3os. Metodologia e Cotidiano Intera\u00e7\u00f5es e Brincadeiras: Eixos norteadores que respeitam [&hellip;]\" \/>\n<meta property=\"og:url\" content=\"https:\/\/redeicm.org.br\/aparecida\/educacao-infantil\/\" \/>\n<meta property=\"og:site_name\" content=\"Escola Nossa Senhora Aparecida | Rede ICM de Educa\u00e7\u00e3o\" \/>\n<meta property=\"article:modified_time\" content=\"2026-08-18T16:52:50+00:00\" \/>\n<meta property=\"og:image\" content=\"https:\/\/redeicm.org.br\/aparecida\/wp-content\/uploads\/sites\/4\/2024\/08\/banner-educacao-infantil.jpg\" \/>\n\t<meta property=\"og:image:width\" content=\"1440\" \/>\n\t<meta property=\"og:image:height\" content=\"400\" \/>\n\t<meta property=\"og:image:type\" content=\"image\/jpeg\" \/>\n<meta name=\"twitter:card\" content=\"summary_large_image\" \/>\n<meta name=\"twitter:label1\" content=\"Est. tempo de leitura\" \/>\n\t<meta name=\"twitter:data1\" content=\"4 minutos\" \/>\n<script type=\"application\/ld+json\" class=\"yoast-schema-graph\">{\"@context\":\"https:\\\/\\\/schema.org\",\"@graph\":[{\"@type\":\"WebPage\",\"@id\":\"https:\\\/\\\/redeicm.org.br\\\/aparecida\\\/educacao-infantil\\\/\",\"url\":\"https:\\\/\\\/redeicm.org.br\\\/aparecida\\\/educacao-infantil\\\/\",\"name\":\"Educa\u00e7\u00e3o Infantil - Escola Nossa Senhora Aparecida | Rede ICM de Educa\u00e7\u00e3o\",\"isPartOf\":{\"@id\":\"https:\\\/\\\/redeicm.org.br\\\/aparecida\\\/#website\"},\"primaryImageOfPage\":{\"@id\":\"https:\\\/\\\/redeicm.org.br\\\/aparecida\\\/educacao-infantil\\\/#primaryimage\"},\"image\":{\"@id\":\"https:\\\/\\\/redeicm.org.br\\\/aparecida\\\/educacao-infantil\\\/#primaryimage\"},\"thumbnailUrl\":\"https:\\\/\\\/redeicm.org.br\\\/aparecida\\\/wp-content\\\/uploads\\\/sites\\\/4\\\/2024\\\/08\\\/banner-educacao-infantil.jpg\",\"datePublished\":\"2024-08-14T17:48:09+00:00\",\"dateModified\":\"2026-08-18T16:52:50+00:00\",\"breadcrumb\":{\"@id\":\"https:\\\/\\\/redeicm.org.br\\\/aparecida\\\/educacao-infantil\\\/#breadcrumb\"},\"inLanguage\":\"pt-BR\",\"potentialAction\":[{\"@type\":\"ReadAction\",\"target\":[\"https:\\\/\\\/redeicm.org.br\\\/aparecida\\\/educacao-infantil\\\/\"]}]},{\"@type\":\"ImageObject\",\"inLanguage\":\"pt-BR\",\"@id\":\"https:\\\/\\\/redeicm.org.br\\\/aparecida\\\/educacao-infantil\\\/#primaryimage\",\"url\":\"https:\\\/\\\/redeicm.org.br\\\/aparecida\\\/wp-content\\\/uploads\\\/sites\\\/4\\\/2024\\\/08\\\/banner-educacao-infantil.jpg\",\"contentUrl\":\"https:\\\/\\\/redeicm.org.br\\\/aparecida\\\/wp-content\\\/uploads\\\/sites\\\/4\\\/2024\\\/08\\\/banner-educacao-infantil.jpg\",\"width\":1440,\"height\":400},{\"@type\":\"BreadcrumbList\",\"@id\":\"https:\\\/\\\/redeicm.org.br\\\/aparecida\\\/educacao-infantil\\\/#breadcrumb\",\"itemListElement\":[{\"@type\":\"ListItem\",\"position\":1,\"name\":\"In\u00edcio\",\"item\":\"https:\\\/\\\/redeicm.org.br\\\/aparecida\\\/\"},{\"@type\":\"ListItem\",\"position\":2,\"name\":\"Educa\u00e7\u00e3o Infantil\"}]},{\"@type\":\"WebSite\",\"@id\":\"https:\\\/\\\/redeicm.org.br\\\/aparecida\\\/#website\",\"url\":\"https:\\\/\\\/redeicm.org.br\\\/aparecida\\\/\",\"name\":\"Escola Nossa Senhora Aparecida | Rede ICM de Educa\u00e7\u00e3o\",\"description\":\"\",\"publisher\":{\"@id\":\"https:\\\/\\\/redeicm.org.br\\\/aparecida\\\/#organization\"},\"potentialAction\":[{\"@type\":\"SearchAction\",\"target\":{\"@type\":\"EntryPoint\",\"urlTemplate\":\"https:\\\/\\\/redeicm.org.br\\\/aparecida\\\/?s={search_term_string}\"},\"query-input\":{\"@type\":\"PropertyValueSpecification\",\"valueRequired\":true,\"valueName\":\"search_term_string\"}}],\"inLanguage\":\"pt-BR\"},{\"@type\":\"Organization\",\"@id\":\"https:\\\/\\\/redeicm.org.br\\\/aparecida\\\/#organization\",\"name\":\"Escola Nossa Senhora Aparecida | Rede ICM de Educa\u00e7\u00e3o\",\"url\":\"https:\\\/\\\/redeicm.org.br\\\/aparecida\\\/\",\"logo\":{\"@type\":\"ImageObject\",\"inLanguage\":\"pt-BR\",\"@id\":\"https:\\\/\\\/redeicm.org.br\\\/aparecida\\\/#\\\/schema\\\/logo\\\/image\\\/\",\"url\":\"https:\\\/\\\/redeicm.org.br\\\/aparecida\\\/wp-content\\\/uploads\\\/sites\\\/4\\\/2024\\\/08\\\/logo-aparecida-header4.png\",\"contentUrl\":\"https:\\\/\\\/redeicm.org.br\\\/aparecida\\\/wp-content\\\/uploads\\\/sites\\\/4\\\/2024\\\/08\\\/logo-aparecida-header4.png\",\"width\":2735,\"height\":772,\"caption\":\"Escola Nossa Senhora Aparecida | Rede ICM de Educa\u00e7\u00e3o\"},\"image\":{\"@id\":\"https:\\\/\\\/redeicm.org.br\\\/aparecida\\\/#\\\/schema\\\/logo\\\/image\\\/\"}}]}<\/script>\n<!-- \/ Yoast SEO plugin. -->","yoast_head_json":{"title":"Educa\u00e7\u00e3o Infantil - Escola Nossa Senhora Aparecida | Rede ICM de Educa\u00e7\u00e3o","robots":{"index":"index","follow":"follow","max-snippet":"max-snippet:-1","max-image-preview":"max-image-preview:large","max-video-preview":"max-video-preview:-1"},"canonical":"https:\/\/redeicm.org.br\/aparecida\/educacao-infantil\/","og_locale":"pt_BR","og_type":"article","og_title":"Educa\u00e7\u00e3o Infantil - Escola Nossa Senhora Aparecida | Rede ICM de Educa\u00e7\u00e3o","og_description":"Educa\u00e7\u00e3o Infantil (3 a 5 anos) A Educa\u00e7\u00e3o Infantil da Escola Nossa Senhora Aparecida acolhe e estimula o desenvolvimento das diferentes linguagens da crian\u00e7a. Nossa proposta pedag\u00f3gica alinha os objetivos de aprendizagem e os direitos fundamentais estabelecidos pela BNCC com a sensibilidade aos valores crist\u00e3os. Metodologia e Cotidiano Intera\u00e7\u00f5es e Brincadeiras: Eixos norteadores que respeitam [&hellip;]","og_url":"https:\/\/redeicm.org.br\/aparecida\/educacao-infantil\/","og_site_name":"Escola Nossa Senhora Aparecida | Rede ICM de Educa\u00e7\u00e3o","article_modified_time":"2026-08-18T16:52:50+00:00","og_image":[{"width":1440,"height":400,"url":"https:\/\/redeicm.org.br\/aparecida\/wp-content\/uploads\/sites\/4\/2024\/08\/banner-educacao-infantil.jpg","type":"image\/jpeg"}],"twitter_card":"summary_large_image","twitter_misc":{"Est. tempo de leitura":"4 minutos"},"schema":{"@context":"https:\/\/schema.org","@graph":[{"@type":"WebPage","@id":"https:\/\/redeicm.org.br\/aparecida\/educacao-infantil\/","url":"https:\/\/redeicm.org.br\/aparecida\/educacao-infantil\/","name":"Educa\u00e7\u00e3o Infantil - Escola Nossa Senhora Aparecida | Rede ICM de Educa\u00e7\u00e3o","isPartOf":{"@id":"https:\/\/redeicm.org.br\/aparecida\/#website"},"primaryImageOfPage":{"@id":"https:\/\/redeicm.org.br\/aparecida\/educacao-infantil\/#primaryimage"},"image":{"@id":"https:\/\/redeicm.org.br\/aparecida\/educacao-infantil\/#primaryimage"},"thumbnailUrl":"https:\/\/redeicm.org.br\/aparecida\/wp-content\/uploads\/sites\/4\/2024\/08\/banner-educacao-infantil.jpg","datePublished":"2024-08-14T17:48:09+00:00","dateModified":"2026-08-18T16:52:50+00:00","breadcrumb":{"@id":"https:\/\/redeicm.org.br\/aparecida\/educacao-infantil\/#breadcrumb"},"inLanguage":"pt-BR","potentialAction":[{"@type":"ReadAction","target":["https:\/\/redeicm.org.br\/aparecida\/educacao-infantil\/"]}]},{"@type":"ImageObject","inLanguage":"pt-BR","@id":"https:\/\/redeicm.org.br\/aparecida\/educacao-infantil\/#primaryimage","url":"https:\/\/redeicm.org.br\/aparecida\/wp-content\/uploads\/sites\/4\/2024\/08\/banner-educacao-infantil.jpg","contentUrl":"https:\/\/redeicm.org.br\/aparecida\/wp-content\/uploads\/sites\/4\/2024\/08\/banner-educacao-infantil.jpg","width":1440,"height":400},{"@type":"BreadcrumbList","@id":"https:\/\/redeicm.org.br\/aparecida\/educacao-infantil\/#breadcrumb","itemListElement":[{"@type":"ListItem","position":1,"name":"In\u00edcio","item":"https:\/\/redeicm.org.br\/aparecida\/"},{"@type":"ListItem","position":2,"name":"Educa\u00e7\u00e3o Infantil"}]},{"@type":"WebSite","@id":"https:\/\/redeicm.org.br\/aparecida\/#website","url":"https:\/\/redeicm.org.br\/aparecida\/","name":"Escola Nossa Senhora Aparecida | Rede ICM de Educa\u00e7\u00e3o","description":"","publisher":{"@id":"https:\/\/redeicm.org.br\/aparecida\/#organization"},"potentialAction":[{"@type":"SearchAction","target":{"@type":"EntryPoint","urlTemplate":"https:\/\/redeicm.org.br\/aparecida\/?s={search_term_string}"},"query-input":{"@type":"PropertyValueSpecification","valueRequired":true,"valueName":"search_term_string"}}],"inLanguage":"pt-BR"},{"@type":"Organization","@id":"https:\/\/redeicm.org.br\/aparecida\/#organization","name":"Escola Nossa Senhora Aparecida | Rede ICM de Educa\u00e7\u00e3o","url":"https:\/\/redeicm.org.br\/aparecida\/","logo":{"@type":"ImageObject","inLanguage":"pt-BR","@id":"https:\/\/redeicm.org.br\/aparecida\/#\/schema\/logo\/image\/","url":"https:\/\/redeicm.org.br\/aparecida\/wp-content\/uploads\/sites\/4\/2024\/08\/logo-aparecida-header4.png","contentUrl":"https:\/\/redeicm.org.br\/aparecida\/wp-content\/uploads\/sites\/4\/2024\/08\/logo-aparecida-header4.png","width":2735,"height":772,"caption":"Escola Nossa Senhora Aparecida | Rede ICM de Educa\u00e7\u00e3o"},"image":{"@id":"https:\/\/redeicm.org.br\/aparecida\/#\/schema\/logo\/image\/"}}]}},"_links":{"self":[{"href":"https:\/\/redeicm.org.br\/aparecida\/wp-json\/wp\/v2\/pages\/141","targetHints":{"allow":["GET"]}}],"collection":[{"href":"https:\/\/redeicm.org.br\/aparecida\/wp-json\/wp\/v2\/pages"}],"about":[{"href":"https:\/\/redeicm.org.br\/aparecida\/wp-json\/wp\/v2\/types\/page"}],"author":[{"embeddable":true,"href":"https:\/\/redeicm.org.br\/aparecida\/wp-json\/wp\/v2\/users\/1"}],"replies":[{"embeddable":true,"href":"https:\/\/redeicm.org.br\/aparecida\/wp-json\/wp\/v2\/comments?post=141"}],"version-history":[{"count":15,"href":"https:\/\/redeicm.org.br\/aparecida\/wp-json\/wp\/v2\/pages\/141\/revisions"}],"predecessor-version":[{"id":4630,"href":"https:\/\/redeicm.org.br\/aparecida\/wp-json\/wp\/v2\/pages\/141\/revisions\/4630"}],"wp:featuredmedia":[{"embeddable":true,"href":"https:\/\/redeicm.org.br\/aparecida\/wp-json\/wp\/v2\/media\/144"}],"wp:attachment":[{"href":"https:\/\/redeicm.org.br\/aparecida\/wp-json\/wp\/v2\/media?parent=141"}],"curies":[{"name":"wp","href":"https:\/\/api.w.org\/{rel}","templated":true}]}}