{"id":137,"date":"2024-08-14T14:48:08","date_gmt":"2024-08-14T17:48:08","guid":{"rendered":"https:\/\/redeicm.org.br\/aparecida\/ensino-fundamental-anos-iniciais\/"},"modified":"2026-08-18T14:05:38","modified_gmt":"2026-08-18T17:05:38","slug":"ensino-fundamental-anos-iniciais","status":"publish","type":"page","link":"https:\/\/redeicm.org.br\/aparecida\/ensino-fundamental-anos-iniciais\/","title":{"rendered":"Ensino Fundamental \u2013 Anos Iniciais"},"content":{"rendered":"\t\t<div data-elementor-type=\"wp-page\" data-elementor-id=\"137\" class=\"elementor elementor-137\" data-elementor-post-type=\"page\">\n\t\t\t\t<div class=\"elementor-element elementor-element-635b1515 e-flex e-con-boxed e-con e-parent\" data-id=\"635b1515\" data-element_type=\"container\" data-e-type=\"container\" data-settings=\"{&quot;background_background&quot;:&quot;classic&quot;}\">\n\t\t\t\t\t<div class=\"e-con-inner\">\n\t\t\t\t\t<\/div>\n\t\t\t\t<\/div>\n\t\t<div class=\"elementor-element elementor-element-301d9d84 e-flex e-con-boxed e-con e-parent\" data-id=\"301d9d84\" data-element_type=\"container\" data-e-type=\"container\">\n\t\t\t\t\t<div class=\"e-con-inner\">\n\t\t\t\t<div class=\"elementor-element elementor-element-5c70769 elementor-widget elementor-widget-heading\" data-id=\"5c70769\" data-element_type=\"widget\" data-e-type=\"widget\" data-widget_type=\"heading.default\">\n\t\t\t\t<div class=\"elementor-widget-container\">\n\t\t\t\t\t<h1 class=\"elementor-heading-title elementor-size-default\">Ensino Fundamental \u2013 Anos Iniciais<\/h1>\t\t\t\t<\/div>\n\t\t\t\t<\/div>\n\t\t\t\t\t<\/div>\n\t\t\t\t<\/div>\n\t\t<div class=\"elementor-element elementor-element-55b6420d e-con-full e-flex e-con e-parent\" data-id=\"55b6420d\" data-element_type=\"container\" data-e-type=\"container\">\n\t\t<div class=\"elementor-element elementor-element-3c360790 e-flex e-con-boxed e-con e-child\" data-id=\"3c360790\" data-element_type=\"container\" data-e-type=\"container\">\n\t\t\t\t\t<div class=\"e-con-inner\">\n\t\t\t\t<div class=\"elementor-element elementor-element-22b6bae0 elementor-invisible elementor-widget elementor-widget-text-editor\" data-id=\"22b6bae0\" data-element_type=\"widget\" data-e-type=\"widget\" data-settings=\"{&quot;_animation&quot;:&quot;fadeInUp&quot;}\" data-widget_type=\"text-editor.default\">\n\t\t\t\t<div class=\"elementor-widget-container\">\n\t\t\t\t\t\t\t\t\t<h4><b>Ensino Fundamental \u2013 Anos Iniciais<\/b><\/h4>\n<h6><span style=\"font-weight: 400\">Na Escola Nossa Senhora Aparecida, os Anos Iniciais do Ensino Fundamental promovem a forma\u00e7\u00e3o integral do estudante, unindo acolhimento, desenvolvimento socioemocional e s\u00f3lida constru\u00e7\u00e3o de conhecimento. Nossa proposta pedag\u00f3gica fundamenta-se na abordagem interacionista, colocando a crian\u00e7a como protagonista da sua aprendizagem a partir de intera\u00e7\u00f5es com as pessoas e o meio.<\/span><\/h6>\n<h4><b>Proposta Pedag\u00f3gica e Metodologia<\/b><\/h4>\n<h6><span style=\"font-weight: 400\">Atrav\u00e9s de metodologias ativas, projetos investigativos e o suporte do sistema de ensino, estimulamos compet\u00eancias essenciais para o crescimento cognitivo e humano dos estudantes:<\/span><\/h6>\n<ul>\n<li style=\"font-weight: 400\">\n<h6><b>Eixos de Aprendizagem<\/b><span style=\"font-weight: 400\">: Leitura e escrita refinadas, c\u00e1lculo mental, lideran\u00e7a, resolu\u00e7\u00e3o de situa\u00e7\u00f5es-problema, consci\u00eancia temporal e espacial.<\/span><\/h6>\n<\/li>\n<li style=\"font-weight: 400\">\n<h6><b>Cultura e Valores<\/b><span style=\"font-weight: 400\">: Cuidado com a natureza, consumo consciente, respeito \u00e0s culturas religiosas e o cultivo da espiritualidade crist\u00e3.<\/span><\/h6>\n<\/li>\n<li style=\"font-weight: 400\">\n<h6><b>M\u00faltiplas Linguagens<\/b><span style=\"font-weight: 400\">: Integra\u00e7\u00e3o do pensamento l\u00f3gico, art\u00edstico e comunicativo no cotidiano escolar.<\/span><\/h6>\n<\/li>\n<\/ul>\n<h4><b>Tecnologia e Plataformas Digitais<\/b><\/h4>\n<h6><span style=\"font-weight: 400\">Com um ecossistema digital que apoia o desenvolvimento de habilidades pr\u00f3prias de cada \u00e1rea do conhecimento, nossos alunos utilizam ferramentas que potencializam a autonomia e o aprendizado gamificado:<\/span><\/h6>\n<ul>\n<li style=\"font-weight: 400\">\n<h6><b>Matific (1\u00ba ao 5\u00ba ano):<\/b><span style=\"font-weight: 400\"> Plataforma gamificada para o ensino de Matem\u00e1tica que estimula o pensamento cr\u00edtico, a tentativa e erro e a resolu\u00e7\u00e3o de desafios reais.<\/span><\/h6>\n<\/li>\n<li style=\"font-weight: 400\">\n<h6><b>Elefante Letrado (1\u00ba ao 5\u00ba ano)<\/b><span style=\"font-weight: 400\">: Biblioteca digital com mais de 700 obras, focada no incentivo \u00e0 leitura di\u00e1ria e no amplo desenvolvimento da compreens\u00e3o leitora.<\/span><\/h6>\n<\/li>\n<\/ul>\n<h4><b>Educa\u00e7\u00e3o Digital<\/b><\/h4>\n<h6><span style=\"font-weight: 400\">N\u00e3o se trata apenas de ensinar a usar ferramentas tecnol\u00f3gicas, mas de desenvolver o letramento digital e a cidadania digital. A proposta abrange:<\/span><\/h6>\n<ul>\n<li style=\"font-weight: 400\">\n<h6><span style=\"font-weight: 400\">Pensamento Computacional e Programa\u00e7\u00e3o: Exerc\u00edcio do racioc\u00ednio l\u00f3gico, decomposi\u00e7\u00e3o de problemas e cria\u00e7\u00e3o de solu\u00e7\u00f5es passo a passo (algoritmos e jogos).<\/span><\/h6>\n<\/li>\n<li style=\"font-weight: 400\">\n<h6><span style=\"font-weight: 400\">Cidadania Digital e Seguran\u00e7a: Orienta\u00e7\u00e3o \u00e9tica e segura sobre presen\u00e7a online, prote\u00e7\u00e3o de dados, preven\u00e7\u00e3o ao <\/span><i><span style=\"font-weight: 400\">cyberbullying<\/span><\/i><span style=\"font-weight: 400\"> e respeito nas redes.<\/span><\/h6>\n<\/li>\n<li style=\"font-weight: 400\">\n<h6><span style=\"font-weight: 400\">Letramento Midi\u00e1tico e Vis\u00e3o Cr\u00edtica: Capacidade de analisar informa\u00e7\u00f5es, identificar conte\u00fados falsos (<\/span><i><span style=\"font-weight: 400\">fake news<\/span><\/i><span style=\"font-weight: 400\">) e fazer uso consciente do ambiente virtual.<\/span><\/h6>\n<\/li>\n<li style=\"font-weight: 400\">\n<h6><span style=\"font-weight: 400\">Uso Respons\u00e1vel da Intelig\u00eancia Artificial: Introdu\u00e7\u00e3o aos conceitos b\u00e1sicos e reflex\u00e3o \u00e9tica sobre a utiliza\u00e7\u00e3o da IA como ferramenta de aprendizagem e cria\u00e7\u00e3o.<\/span><\/h6>\n<\/li>\n<\/ul>\n<h4><b>Educa\u00e7\u00e3o Financeira<\/b><\/h4>\n<h6><span style=\"font-weight: 400\">Alinhada \u00e0 BNCC (Base Nacional Comum Curricular), a Educa\u00e7\u00e3o Financeira \u00e9 abordada de forma transdisciplinar e pr\u00e1tica desde a inf\u00e2ncia, ultrapassando o simples ato de contar dinheiro. Os principais pontos trabalhados s\u00e3o:<\/span><\/h6>\n<ul>\n<li style=\"font-weight: 400\">\n<h6><span style=\"font-weight: 400\">Consumo Consciente: Compreens\u00e3o da diferen\u00e7a entre necessidade e desejo, estimulando escolhas sustent\u00e1veis e reflexivas.<\/span><\/h6>\n<\/li>\n<li style=\"font-weight: 400\">\n<h6><span style=\"font-weight: 400\">Planejamento e Gest\u00e3o de Recursos: No\u00e7\u00f5es de organiza\u00e7\u00e3o, economia de recursos (materiais, tempo e dinheiro), e alcance de metas de curto e longo prazo.<\/span><\/h6>\n<\/li>\n<li style=\"font-weight: 400\">\n<h6><span style=\"font-weight: 400\">Sustentabilidade e Vis\u00e3o Coletiva: Conex\u00e3o entre o uso do dinheiro, o impacto ambiental e a responsabilidade social.<\/span><\/h6>\n<\/li>\n<li style=\"font-weight: 400\">\n<h6><span style=\"font-weight: 400\">Racioc\u00ednio Matem\u00e1tico Aplicado: Aplica\u00e7\u00e3o de conceitos matem\u00e1ticos b\u00e1sicos a situa\u00e7\u00f5es reais do cotidiano, promovendo a autonomia financeira.<\/span><\/h6>\n<\/li>\n<\/ul>\n<h4><b>Estrutura Curricular e Corpo Docente<\/b><\/h4>\n<h6><span style=\"font-weight: 400\">Nossa equipe \u00e9 formada por educadores altamente qualificados que atuam de forma alinhada \u00e0s \u00e1reas de conhecimento: Linguagens, Matem\u00e1tica, Ci\u00eancias Humanas e Ci\u00eancias Naturais.<\/span><\/h6>\n<h6><span style=\"font-weight: 400\">Professores Titulares: Acompanham a turma nos componentes de Portugu\u00eas, Matem\u00e1tica, Educa\u00e7\u00e3o Financeira, Hist\u00f3ria, Geografia e Ensino Religioso, garantindo v\u00ednculo afetuoso e continuidade pedag\u00f3gica.<\/span><\/h6>\n<h6><span style=\"font-weight: 400\">Professores Especialistas: Ministram componentes especializados em todas as s\u00e9ries:<\/span><\/h6>\n<ul>\n<li style=\"font-weight: 400\">\n<h6><span style=\"font-weight: 400\">Educa\u00e7\u00e3o F\u00edsica: Desenvolvimento da corporeidade por meio de esportes, gin\u00e1stica, dan\u00e7a e jogos dirigidos.<\/span><\/h6>\n<\/li>\n<li style=\"font-weight: 400\">\n<h6><span style=\"font-weight: 400\">L\u00edngua Inglesa: Foco na compet\u00eancia comunicativa, no di\u00e1logo e na valoriza\u00e7\u00e3o da diversidade cultural.<\/span><\/h6>\n<\/li>\n<\/ul>\n<h4><b>Sistema de Avalia\u00e7\u00e3o<\/b><\/h4>\n<h6><span style=\"font-weight: 400\">O processo avaliativo \u00e9 cont\u00ednuo, contextualizado e focado no acompanhamento di\u00e1rio do progresso de cada crian\u00e7a. S\u00e3o utilizados m\u00faltiplos instrumentos como trabalhos, testes, avalia\u00e7\u00f5es escritas, projetos, simulados e olimp\u00edadas.<\/span><\/h6>\n<ul>\n<li style=\"font-weight: 400\">\n<h6><span style=\"font-weight: 400\">1\u00ba ao 5\u00ba ano: Avalia\u00e7\u00e3o expressa por meio de Boletim com notas por componente curricular.<\/span><\/h6>\n<\/li>\n<\/ul>\n<h4><b>Proposta de Valor<\/b><\/h4>\n<h6><span style=\"font-weight: 400\">Nossas a\u00e7\u00f5es educativas convergem para a forma\u00e7\u00e3o de seres humanos cr\u00edticos, aut\u00f4nomos, respeitosos e criativos. Tudo isso vivenciado em espa\u00e7os l\u00fadicos, alegres e inovadores:<\/span><\/h6>\n<ul>\n<li style=\"font-weight: 400\">\n<h6><b>Coopera\u00e7\u00e3o e Consci\u00eancia Coletiva<\/b><span style=\"font-weight: 400\">: Desenvolvimento socioemocional, trabalho em equipe, di\u00e1logo e empatia.<\/span><\/h6>\n<\/li>\n<li style=\"font-weight: 400\">\n<h6><b>Inicia\u00e7\u00e3o Cient\u00edfica<\/b><span style=\"font-weight: 400\">: Est\u00edmulo \u00e0 curiosidade, pesquisa e olhar investigativo.<\/span><\/h6>\n<\/li>\n<li style=\"font-weight: 400\">\n<h6><b>Compet\u00eancia Comunicativa<\/b><span style=\"font-weight: 400\">: Autoria, an\u00e1lise cr\u00edtica e dom\u00ednio da compreens\u00e3o leitora.<\/span><\/h6>\n<\/li>\n<li style=\"font-weight: 400\">\n<h6><b>Consci\u00eancia Ecol\u00f3gica<\/b><span style=\"font-weight: 400\">: H\u00e1bitos sustent\u00e1veis, cuidado com a vida e equil\u00edbrio no planeta.<\/span><\/h6>\n<\/li>\n<li style=\"font-weight: 400\">\n<h6><b>Educa\u00e7\u00e3o Financeira<\/b><span style=\"font-weight: 400\">: Senso de organiza\u00e7\u00e3o, gest\u00e3o respons\u00e1vel dos recursos e consumo consciente.<\/span><\/h6>\n<\/li>\n<li style=\"font-weight: 400\"><b>Cultivo da Espiritualidade e Valores Crist\u00e3os<\/b><span style=\"font-weight: 400\">: A Pastoral Escolar atua de forma transversal, promovendo encontros, momentos de reflex\u00e3o, a\u00e7\u00f5es solid\u00e1rias e celebra\u00e7\u00f5es que fortalecem o respeito, a empatia, a \u00e9tica e a conviv\u00eancia humana.&nbsp;<\/span><\/li>\n<\/ul>\n<h4><b>Diferenciais do Segmento\/Plataformas digitais<\/b><\/h4>\n<ul>\n<li style=\"font-weight: 400\">\n<h6><span style=\"font-weight: 400\">Matific: 1\u00ba ao 5\u00ba ano<\/span><\/h6>\n<\/li>\n<li style=\"font-weight: 400\">\n<h6><span style=\"font-weight: 400\">Elefante Letrado: 1\u00ba ao 5\u00ba ano<\/span><\/h6>\n<\/li>\n<li style=\"font-weight: 400\"><span style=\"font-weight: 400\">Aplicativo Rede ICM: Canal de comunica\u00e7\u00e3o oficial entre a Escola e as fam\u00edlias.<\/span><\/li>\n<li style=\"font-weight: 400\"><span style=\"font-weight: 400\">Avalia\u00e7\u00e3o Evolucional: 5\u00ba Ano<\/span><\/li>\n<\/ul>\n<h4><b>ATIVIDADES EXTRACURRICULARES<\/b> <b>GRATUITAS<\/b><\/h4>\n<ul>\n<li style=\"font-weight: 400\"><span style=\"font-weight: 400\">Dan\u00e7a<\/span><\/li>\n<li style=\"font-weight: 400\"><span style=\"font-weight: 400\">Xadrez<\/span><\/li>\n<li style=\"font-weight: 400\"><span style=\"font-weight: 400\">Futsal<\/span><\/li>\n<\/ul>\n<h4><b>HOR\u00c1RIO<\/b><\/h4>\n<ul>\n<li style=\"font-weight: 400\"><span style=\"font-weight: 400\">Turno Matutino: 08h \u00e0s 12h.<\/span><\/li>\n<li style=\"font-weight: 400\"><span style=\"font-weight: 400\">Turno Vespertino: 13h \u00e0s 17h.<\/span><\/li>\n<\/ul>\t\t\t\t\t\t\t\t<\/div>\n\t\t\t\t<\/div>\n\t\t\t\t\t<\/div>\n\t\t\t\t<\/div>\n\t\t\t\t<\/div>\n\t\t\t\t<\/div>\n\t\t","protected":false},"excerpt":{"rendered":"<p>Ensino Fundamental \u2013 Anos Iniciais Na Escola Nossa Senhora Aparecida, os Anos Iniciais do Ensino Fundamental promovem a forma\u00e7\u00e3o integral do estudante, unindo acolhimento, desenvolvimento socioemocional e s\u00f3lida constru\u00e7\u00e3o de conhecimento. Nossa proposta pedag\u00f3gica fundamenta-se na abordagem interacionista, colocando a crian\u00e7a como protagonista da sua aprendizagem a partir de intera\u00e7\u00f5es com as pessoas e o [&hellip;]<\/p>\n","protected":false},"author":1,"featured_media":140,"parent":0,"menu_order":0,"comment_status":"closed","ping_status":"closed","template":"","meta":{"_acf_changed":false,"footnotes":""},"class_list":["post-137","page","type-page","status-publish","has-post-thumbnail","hentry"],"acf":[],"yoast_head":"<!-- This site is optimized with the Yoast SEO plugin v27.8 - https:\/\/yoast.com\/product\/yoast-seo-wordpress\/ -->\n<title>Ensino Fundamental \u2013 Anos Iniciais - Escola Nossa Senhora Aparecida | Rede ICM de Educa\u00e7\u00e3o<\/title>\n<meta name=\"robots\" content=\"index, follow, max-snippet:-1, max-image-preview:large, max-video-preview:-1\" \/>\n<link rel=\"canonical\" href=\"https:\/\/redeicm.org.br\/aparecida\/ensino-fundamental-anos-iniciais\/\" \/>\n<meta property=\"og:locale\" content=\"pt_BR\" \/>\n<meta property=\"og:type\" content=\"article\" \/>\n<meta property=\"og:title\" content=\"Ensino Fundamental \u2013 Anos Iniciais - Escola Nossa Senhora Aparecida | Rede ICM de Educa\u00e7\u00e3o\" \/>\n<meta property=\"og:description\" content=\"Ensino Fundamental \u2013 Anos Iniciais Na Escola Nossa Senhora Aparecida, os Anos Iniciais do Ensino Fundamental promovem a forma\u00e7\u00e3o integral do estudante, unindo acolhimento, desenvolvimento socioemocional e s\u00f3lida constru\u00e7\u00e3o de conhecimento. Nossa proposta pedag\u00f3gica fundamenta-se na abordagem interacionista, colocando a crian\u00e7a como protagonista da sua aprendizagem a partir de intera\u00e7\u00f5es com as pessoas e o [&hellip;]\" \/>\n<meta property=\"og:url\" content=\"https:\/\/redeicm.org.br\/aparecida\/ensino-fundamental-anos-iniciais\/\" \/>\n<meta property=\"og:site_name\" content=\"Escola Nossa Senhora Aparecida | Rede ICM de Educa\u00e7\u00e3o\" \/>\n<meta property=\"article:modified_time\" content=\"2026-08-18T17:05:38+00:00\" \/>\n<meta property=\"og:image\" content=\"https:\/\/redeicm.org.br\/aparecida\/wp-content\/uploads\/sites\/4\/2024\/08\/banner-ensino-fundamental-iniciais.jpg\" \/>\n\t<meta property=\"og:image:width\" content=\"1440\" \/>\n\t<meta property=\"og:image:height\" content=\"400\" \/>\n\t<meta property=\"og:image:type\" content=\"image\/jpeg\" \/>\n<meta name=\"twitter:card\" content=\"summary_large_image\" \/>\n<meta name=\"twitter:label1\" content=\"Est. tempo de leitura\" \/>\n\t<meta name=\"twitter:data1\" content=\"5 minutos\" \/>\n<script type=\"application\/ld+json\" class=\"yoast-schema-graph\">{\"@context\":\"https:\\\/\\\/schema.org\",\"@graph\":[{\"@type\":\"WebPage\",\"@id\":\"https:\\\/\\\/redeicm.org.br\\\/aparecida\\\/ensino-fundamental-anos-iniciais\\\/\",\"url\":\"https:\\\/\\\/redeicm.org.br\\\/aparecida\\\/ensino-fundamental-anos-iniciais\\\/\",\"name\":\"Ensino Fundamental \u2013 Anos Iniciais - Escola Nossa Senhora Aparecida | Rede ICM de Educa\u00e7\u00e3o\",\"isPartOf\":{\"@id\":\"https:\\\/\\\/redeicm.org.br\\\/aparecida\\\/#website\"},\"primaryImageOfPage\":{\"@id\":\"https:\\\/\\\/redeicm.org.br\\\/aparecida\\\/ensino-fundamental-anos-iniciais\\\/#primaryimage\"},\"image\":{\"@id\":\"https:\\\/\\\/redeicm.org.br\\\/aparecida\\\/ensino-fundamental-anos-iniciais\\\/#primaryimage\"},\"thumbnailUrl\":\"https:\\\/\\\/redeicm.org.br\\\/aparecida\\\/wp-content\\\/uploads\\\/sites\\\/4\\\/2024\\\/08\\\/banner-ensino-fundamental-iniciais.jpg\",\"datePublished\":\"2024-08-14T17:48:08+00:00\",\"dateModified\":\"2026-08-18T17:05:38+00:00\",\"breadcrumb\":{\"@id\":\"https:\\\/\\\/redeicm.org.br\\\/aparecida\\\/ensino-fundamental-anos-iniciais\\\/#breadcrumb\"},\"inLanguage\":\"pt-BR\",\"potentialAction\":[{\"@type\":\"ReadAction\",\"target\":[\"https:\\\/\\\/redeicm.org.br\\\/aparecida\\\/ensino-fundamental-anos-iniciais\\\/\"]}]},{\"@type\":\"ImageObject\",\"inLanguage\":\"pt-BR\",\"@id\":\"https:\\\/\\\/redeicm.org.br\\\/aparecida\\\/ensino-fundamental-anos-iniciais\\\/#primaryimage\",\"url\":\"https:\\\/\\\/redeicm.org.br\\\/aparecida\\\/wp-content\\\/uploads\\\/sites\\\/4\\\/2024\\\/08\\\/banner-ensino-fundamental-iniciais.jpg\",\"contentUrl\":\"https:\\\/\\\/redeicm.org.br\\\/aparecida\\\/wp-content\\\/uploads\\\/sites\\\/4\\\/2024\\\/08\\\/banner-ensino-fundamental-iniciais.jpg\",\"width\":1440,\"height\":400},{\"@type\":\"BreadcrumbList\",\"@id\":\"https:\\\/\\\/redeicm.org.br\\\/aparecida\\\/ensino-fundamental-anos-iniciais\\\/#breadcrumb\",\"itemListElement\":[{\"@type\":\"ListItem\",\"position\":1,\"name\":\"In\u00edcio\",\"item\":\"https:\\\/\\\/redeicm.org.br\\\/aparecida\\\/\"},{\"@type\":\"ListItem\",\"position\":2,\"name\":\"Ensino Fundamental \u2013 Anos Iniciais\"}]},{\"@type\":\"WebSite\",\"@id\":\"https:\\\/\\\/redeicm.org.br\\\/aparecida\\\/#website\",\"url\":\"https:\\\/\\\/redeicm.org.br\\\/aparecida\\\/\",\"name\":\"Escola Nossa Senhora Aparecida | Rede ICM de Educa\u00e7\u00e3o\",\"description\":\"\",\"publisher\":{\"@id\":\"https:\\\/\\\/redeicm.org.br\\\/aparecida\\\/#organization\"},\"potentialAction\":[{\"@type\":\"SearchAction\",\"target\":{\"@type\":\"EntryPoint\",\"urlTemplate\":\"https:\\\/\\\/redeicm.org.br\\\/aparecida\\\/?s={search_term_string}\"},\"query-input\":{\"@type\":\"PropertyValueSpecification\",\"valueRequired\":true,\"valueName\":\"search_term_string\"}}],\"inLanguage\":\"pt-BR\"},{\"@type\":\"Organization\",\"@id\":\"https:\\\/\\\/redeicm.org.br\\\/aparecida\\\/#organization\",\"name\":\"Escola Nossa Senhora Aparecida | Rede ICM de Educa\u00e7\u00e3o\",\"url\":\"https:\\\/\\\/redeicm.org.br\\\/aparecida\\\/\",\"logo\":{\"@type\":\"ImageObject\",\"inLanguage\":\"pt-BR\",\"@id\":\"https:\\\/\\\/redeicm.org.br\\\/aparecida\\\/#\\\/schema\\\/logo\\\/image\\\/\",\"url\":\"https:\\\/\\\/redeicm.org.br\\\/aparecida\\\/wp-content\\\/uploads\\\/sites\\\/4\\\/2024\\\/08\\\/logo-aparecida-header4.png\",\"contentUrl\":\"https:\\\/\\\/redeicm.org.br\\\/aparecida\\\/wp-content\\\/uploads\\\/sites\\\/4\\\/2024\\\/08\\\/logo-aparecida-header4.png\",\"width\":2735,\"height\":772,\"caption\":\"Escola Nossa Senhora Aparecida | Rede ICM de Educa\u00e7\u00e3o\"},\"image\":{\"@id\":\"https:\\\/\\\/redeicm.org.br\\\/aparecida\\\/#\\\/schema\\\/logo\\\/image\\\/\"}}]}<\/script>\n<!-- \/ Yoast SEO plugin. -->","yoast_head_json":{"title":"Ensino Fundamental \u2013 Anos Iniciais - Escola Nossa Senhora Aparecida | Rede ICM de Educa\u00e7\u00e3o","robots":{"index":"index","follow":"follow","max-snippet":"max-snippet:-1","max-image-preview":"max-image-preview:large","max-video-preview":"max-video-preview:-1"},"canonical":"https:\/\/redeicm.org.br\/aparecida\/ensino-fundamental-anos-iniciais\/","og_locale":"pt_BR","og_type":"article","og_title":"Ensino Fundamental \u2013 Anos Iniciais - Escola Nossa Senhora Aparecida | Rede ICM de Educa\u00e7\u00e3o","og_description":"Ensino Fundamental \u2013 Anos Iniciais Na Escola Nossa Senhora Aparecida, os Anos Iniciais do Ensino Fundamental promovem a forma\u00e7\u00e3o integral do estudante, unindo acolhimento, desenvolvimento socioemocional e s\u00f3lida constru\u00e7\u00e3o de conhecimento. Nossa proposta pedag\u00f3gica fundamenta-se na abordagem interacionista, colocando a crian\u00e7a como protagonista da sua aprendizagem a partir de intera\u00e7\u00f5es com as pessoas e o [&hellip;]","og_url":"https:\/\/redeicm.org.br\/aparecida\/ensino-fundamental-anos-iniciais\/","og_site_name":"Escola Nossa Senhora Aparecida | Rede ICM de Educa\u00e7\u00e3o","article_modified_time":"2026-08-18T17:05:38+00:00","og_image":[{"width":1440,"height":400,"url":"https:\/\/redeicm.org.br\/aparecida\/wp-content\/uploads\/sites\/4\/2024\/08\/banner-ensino-fundamental-iniciais.jpg","type":"image\/jpeg"}],"twitter_card":"summary_large_image","twitter_misc":{"Est. tempo de leitura":"5 minutos"},"schema":{"@context":"https:\/\/schema.org","@graph":[{"@type":"WebPage","@id":"https:\/\/redeicm.org.br\/aparecida\/ensino-fundamental-anos-iniciais\/","url":"https:\/\/redeicm.org.br\/aparecida\/ensino-fundamental-anos-iniciais\/","name":"Ensino Fundamental \u2013 Anos Iniciais - Escola Nossa Senhora Aparecida | Rede ICM de Educa\u00e7\u00e3o","isPartOf":{"@id":"https:\/\/redeicm.org.br\/aparecida\/#website"},"primaryImageOfPage":{"@id":"https:\/\/redeicm.org.br\/aparecida\/ensino-fundamental-anos-iniciais\/#primaryimage"},"image":{"@id":"https:\/\/redeicm.org.br\/aparecida\/ensino-fundamental-anos-iniciais\/#primaryimage"},"thumbnailUrl":"https:\/\/redeicm.org.br\/aparecida\/wp-content\/uploads\/sites\/4\/2024\/08\/banner-ensino-fundamental-iniciais.jpg","datePublished":"2024-08-14T17:48:08+00:00","dateModified":"2026-08-18T17:05:38+00:00","breadcrumb":{"@id":"https:\/\/redeicm.org.br\/aparecida\/ensino-fundamental-anos-iniciais\/#breadcrumb"},"inLanguage":"pt-BR","potentialAction":[{"@type":"ReadAction","target":["https:\/\/redeicm.org.br\/aparecida\/ensino-fundamental-anos-iniciais\/"]}]},{"@type":"ImageObject","inLanguage":"pt-BR","@id":"https:\/\/redeicm.org.br\/aparecida\/ensino-fundamental-anos-iniciais\/#primaryimage","url":"https:\/\/redeicm.org.br\/aparecida\/wp-content\/uploads\/sites\/4\/2024\/08\/banner-ensino-fundamental-iniciais.jpg","contentUrl":"https:\/\/redeicm.org.br\/aparecida\/wp-content\/uploads\/sites\/4\/2024\/08\/banner-ensino-fundamental-iniciais.jpg","width":1440,"height":400},{"@type":"BreadcrumbList","@id":"https:\/\/redeicm.org.br\/aparecida\/ensino-fundamental-anos-iniciais\/#breadcrumb","itemListElement":[{"@type":"ListItem","position":1,"name":"In\u00edcio","item":"https:\/\/redeicm.org.br\/aparecida\/"},{"@type":"ListItem","position":2,"name":"Ensino Fundamental \u2013 Anos Iniciais"}]},{"@type":"WebSite","@id":"https:\/\/redeicm.org.br\/aparecida\/#website","url":"https:\/\/redeicm.org.br\/aparecida\/","name":"Escola Nossa Senhora Aparecida | Rede ICM de Educa\u00e7\u00e3o","description":"","publisher":{"@id":"https:\/\/redeicm.org.br\/aparecida\/#organization"},"potentialAction":[{"@type":"SearchAction","target":{"@type":"EntryPoint","urlTemplate":"https:\/\/redeicm.org.br\/aparecida\/?s={search_term_string}"},"query-input":{"@type":"PropertyValueSpecification","valueRequired":true,"valueName":"search_term_string"}}],"inLanguage":"pt-BR"},{"@type":"Organization","@id":"https:\/\/redeicm.org.br\/aparecida\/#organization","name":"Escola Nossa Senhora Aparecida | Rede ICM de Educa\u00e7\u00e3o","url":"https:\/\/redeicm.org.br\/aparecida\/","logo":{"@type":"ImageObject","inLanguage":"pt-BR","@id":"https:\/\/redeicm.org.br\/aparecida\/#\/schema\/logo\/image\/","url":"https:\/\/redeicm.org.br\/aparecida\/wp-content\/uploads\/sites\/4\/2024\/08\/logo-aparecida-header4.png","contentUrl":"https:\/\/redeicm.org.br\/aparecida\/wp-content\/uploads\/sites\/4\/2024\/08\/logo-aparecida-header4.png","width":2735,"height":772,"caption":"Escola Nossa Senhora Aparecida | Rede ICM de Educa\u00e7\u00e3o"},"image":{"@id":"https:\/\/redeicm.org.br\/aparecida\/#\/schema\/logo\/image\/"}}]}},"_links":{"self":[{"href":"https:\/\/redeicm.org.br\/aparecida\/wp-json\/wp\/v2\/pages\/137","targetHints":{"allow":["GET"]}}],"collection":[{"href":"https:\/\/redeicm.org.br\/aparecida\/wp-json\/wp\/v2\/pages"}],"about":[{"href":"https:\/\/redeicm.org.br\/aparecida\/wp-json\/wp\/v2\/types\/page"}],"author":[{"embeddable":true,"href":"https:\/\/redeicm.org.br\/aparecida\/wp-json\/wp\/v2\/users\/1"}],"replies":[{"embeddable":true,"href":"https:\/\/redeicm.org.br\/aparecida\/wp-json\/wp\/v2\/comments?post=137"}],"version-history":[{"count":9,"href":"https:\/\/redeicm.org.br\/aparecida\/wp-json\/wp\/v2\/pages\/137\/revisions"}],"predecessor-version":[{"id":4634,"href":"https:\/\/redeicm.org.br\/aparecida\/wp-json\/wp\/v2\/pages\/137\/revisions\/4634"}],"wp:featuredmedia":[{"embeddable":true,"href":"https:\/\/redeicm.org.br\/aparecida\/wp-json\/wp\/v2\/media\/140"}],"wp:attachment":[{"href":"https:\/\/redeicm.org.br\/aparecida\/wp-json\/wp\/v2\/media?parent=137"}],"curies":[{"name":"wp","href":"https:\/\/api.w.org\/{rel}","templated":true}]}}